{"id":55168,"date":"2026-04-26T09:17:08","date_gmt":"2026-04-26T09:17:08","guid":{"rendered":""},"modified":"2026-04-26T09:17:08","modified_gmt":"2026-04-26T09:17:08","slug":"znackovy-p-m-h-rosendal-r1w-6-420-950-55168","status":"publish","type":"product","link":"https:\/\/www.koupelnapro.com\/index.php\/produkt\/znackovy-p-m-h-rosendal-r1w-6-420-950-55168\/","title":{"rendered":"Zna\u010dkov\u00fd P.M.H. ROSENDAL R1W\/6 420\/ 950"},"content":{"rendered":"<div id=\"e19026388\" class=\"pages\">\n<div>\n<div id=\"PDDescription\" class=\"UserContentView userContent v1a v1 bs-view dcon dc159 PDDescription\" ><dc-con><dc-con><bs-empty><\/bs-empty><\/dc-con><dc-con>        <\/p>\n<div class=\"customDescription\">\n<p> <strong>Obr\u00e1zek radi\u00e1toru je pouze ilustra\u010dn\u00ed, radi\u00e1tor je dod\u00e1v\u00e1n bez p\u0159ipojen\u00ed, armatury a termostatick\u00e9 hlavice!!<\/strong><\/p>\n<\/p><\/div>\n<p><\/dc-con><dc-con><\/p>\n<p>Rovn\u00e9<\/p>\n<p><span style=\"color: #ff0000;\"><strong>Na v\u0161echny koupelnov\u00e9 radi\u00e1tory zna\u010dky P.M.H. po\u017eadujeme 50% z\u00e1lohu!!<\/strong><\/span><\/p>\n<p><\/dc-con><\/dc-con><\/div>\n<div id=\"PDDescription2\" class=\"UserContentView userContent v1a v1 bs-view dcon dc160 PDDescription2\" >\n<p><span style=\"font-weight: bold;\">Rosendal\u00a0420 x 950 mm &#8211; B\u00edl\u00fd<\/span><\/p>\n<p>Nov\u00fd, prostorov\u011b nen\u00e1ro\u010dn\u00fd radi\u00e1tor pro koupelny , kuchyn\u011b , chodby a p\u0159eds\u00edn\u011b. Toto otopn\u00e9 t\u011bleso <br \/>je neju\u017e\u0161\u00ed (nejni\u017e\u0161\u00ed) na \u010desk\u00e9m trhu a vyr\u00e1b\u00ed se v proveden\u00ed na \u0161\u00ed\u0159ku a na v\u00fd\u0161ku.<br \/>U proveden\u00ed na v\u00fd\u0161ku je radi\u00e1tor Rosendal nav\u00edc vybaven h\u00e1\u010dky pro snadn\u011bj\u0161\u00ed zav\u011b\u0161en\u00ed.<br \/>V povrchov\u00e9 \u00faprav\u011b nerez, chrom a b\u00edl\u00fd lak uspokoj\u00ed i n\u00e1ro\u010dn\u00e9 u\u017eivatele.<\/p>\n<p>Uv\u00e1d\u011bn\u00fd v\u00fdkon p\u0159i 75\/65\u00b0C (W)<\/p>\n<p><img decoding=\"async\" title=\"\" style=\"width: 692px; height: 425px;\" src=\"\/\/cdn.topenilevne.cz\/data\/user-content\/tabulky radiatory\/rosendal rozkres1.jpg\"><\/p>\n<p><img decoding=\"async\" title=\"\" style=\"width: 696px; height: 690px;\" src=\"\/\/cdn.topenilevne.cz\/data\/user-content\/tabulky radiatory\/rosendal rozkres2.jpg\"><\/p>\n<p><img decoding=\"async\" title=\"\" style=\"width: 695px; height: 304px;\" src=\"\/\/cdn.topenilevne.cz\/data\/user-content\/tabulky radiatory\/rosendal tabulka.jpg\"><\/p>\n<\/div><\/div>\n<div id=\"PDTable3\" class=\"ProductDetailTableView v3a v3 bs-view dcon dc180 PDTable3\" >\n<table>\n<thead><\/thead>\n<tbody>\n<tr class=\"attribute attr_sirka\">\n<td class=\"caption\">\u0160\u00ed\u0159ka v mm<\/td>\n<td class=\"value\">420<\/td>\n<\/tr>\n<tr class=\"attribute attr_Vyska\">\n<td class=\"caption\">V\u00fd\u0161ka v mm<\/td>\n<td class=\"value\">950<\/td>\n<\/tr>\n<tr class=\"attribute attr_pripojeni\">\n<td class=\"caption\">P\u0159ipojen\u00ed<\/td>\n<td class=\"value\">Spodn\u00ed<\/td>\n<\/tr>\n<tr class=\"attribute attr_vyrobce\">\n<td class=\"caption\">V\u00fdrobce<\/td>\n<td class=\"value\">PMH<\/td>\n<\/tr>\n<tr class=\"attribute attr_bsshop_e1_VPrBsVykonRad\">\n<td class=\"caption\">V\u00fdkon<\/td>\n<td class=\"value\">381 W<\/td>\n<\/tr>\n<tr class=\"weight\">\n<td class=\"caption\"><span>Hmotnost<\/span><\/td>\n<td class=\"value\"><span>8,25 kg<\/span><\/td>\n<\/tr>\n<\/tbody>\n<\/table>\n<\/div>\n<div id=\"PdProductGpsr\" class=\"ProductGpsrView v1a v1 bs-view dcon dc212 PdProductGpsr\" >\n<div class=\"subject\"><dc-root class=\"dcon dc214\"><span class=\"title\">Zodpov\u011bdn&#253; subjekt:<\/span><dc-con><dc-con><span class=\"company\">P.M.H. Design s.r.o.<\/span><span class=\"name\">P.M.H. Design<\/span><\/dc-con><dc-con><span class=\"street\">P\u0159&#237;se\u010dn&#225; 556<\/span><span class=\"city\">\u010cesk&#253; Krumlov<\/span><span class=\"zip\">381 01<\/span><span class=\"country\">\u010cesko<\/span><\/dc-con><span class=\"email\">info@pmh-co.cz<\/span><span class=\"phone\">380 711 237<\/span><bs-empty><\/bs-empty><a href=\"https:\/\/www.pmh-co.eu\/\" class=\"link\" target=\"_blank\">https:\/\/www.pmh-co.eu\/<\/a><\/dc-con><bs-empty><\/bs-empty><\/dc-root><\/div>\n<p><bs-empty><\/bs-empty><\/div>\n<\/div>\n<div id=\"e19026389\" class=\"tabs\">\n","protected":false},"excerpt":{"rendered":"<p>Obr\u00e1zek radi\u00e1toru je pouze ilustra\u010dn\u00ed, radi\u00e1tor je dod\u00e1v\u00e1n bez p\u0159ipojen\u00ed, armatury a termostatick\u00e9 hlavice!! Rovn\u00e9 Na v\u0161echny koupelnov\u00e9 radi\u00e1tory zna\u010dky P.M.H. po\u017eadujeme 50% z\u00e1lohu!! Rosendal\u00a0420 x 950 mm &#8211; B\u00edl\u00fd Nov\u00fd, prostorov\u011b nen\u00e1ro\u010dn\u00fd radi\u00e1tor pro koupelny , kuchyn\u011b , chodby a p\u0159eds\u00edn\u011b. Toto otopn\u00e9 t\u011bleso je neju\u017e\u0161\u00ed (nejni\u017e\u0161\u00ed) na \u010desk\u00e9m trhu a vyr\u00e1b\u00ed se v [&hellip;]<\/p>\n","protected":false},"featured_media":55268,"comment_status":"open","ping_status":"open","template":"","meta":[],"product_brand":[],"product_cat":[173],"product_tag":[],"class_list":{"0":"post-55168","1":"product","2":"type-product","3":"status-publish","4":"has-post-thumbnail","6":"product_cat-radi-225-tory","8":"first","9":"instock","10":"sale","11":"shipping-taxable","12":"purchasable","13":"product-type-simple"},"yoast_head":"<!-- This site is optimized with the Yoast SEO plugin v26.8 - https:\/\/yoast.com\/product\/yoast-seo-wordpress\/ -->\n<title>Zna\u010dkov\u00fd P.M.H. ROSENDAL R1W\/6 420\/ 950 -<\/title>\n<meta name=\"robots\" content=\"index, follow, max-snippet:-1, max-image-preview:large, max-video-preview:-1\" \/>\n<link rel=\"canonical\" href=\"https:\/\/www.koupelnapro.com\/index.php\/produkt\/znackovy-p-m-h-rosendal-r1w-6-420-950-55168\/\" \/>\n<meta property=\"og:locale\" content=\"cs_CZ\" \/>\n<meta property=\"og:type\" content=\"article\" \/>\n<meta property=\"og:title\" content=\"Zna\u010dkov\u00fd P.M.H. ROSENDAL R1W\/6 420\/ 950 -\" \/>\n<meta property=\"og:description\" content=\"Obr\u00e1zek radi\u00e1toru je pouze ilustra\u010dn\u00ed, radi\u00e1tor je dod\u00e1v\u00e1n bez p\u0159ipojen\u00ed, armatury a termostatick\u00e9 hlavice!! Rovn\u00e9 Na v\u0161echny koupelnov\u00e9 radi\u00e1tory zna\u010dky P.M.H. po\u017eadujeme 50% z\u00e1lohu!! Rosendal\u00a0420 x 950 mm &#8211; B\u00edl\u00fd Nov\u00fd, prostorov\u011b nen\u00e1ro\u010dn\u00fd radi\u00e1tor pro koupelny , kuchyn\u011b , chodby a p\u0159eds\u00edn\u011b. Toto otopn\u00e9 t\u011bleso je neju\u017e\u0161\u00ed (nejni\u017e\u0161\u00ed) na \u010desk\u00e9m trhu a vyr\u00e1b\u00ed se v [&hellip;]\" \/>\n<meta property=\"og:url\" content=\"https:\/\/www.koupelnapro.com\/index.php\/produkt\/znackovy-p-m-h-rosendal-r1w-6-420-950-55168\/\" \/>\n<meta property=\"og:image\" content=\"https:\/\/www.koupelnapro.com\/wp-content\/uploads\/2026\/SK0004011-CZ20260425-093449-0-1777080895-p-m-h-rosendal-r1w-6-420-950.webp\" \/>\n\t<meta property=\"og:image:width\" content=\"1000\" \/>\n\t<meta property=\"og:image:height\" content=\"525\" \/>\n\t<meta property=\"og:image:type\" content=\"image\/webp\" \/>\n<meta name=\"twitter:card\" content=\"summary_large_image\" \/>\n<meta name=\"twitter:label1\" content=\"Odhadovan\u00e1 doba \u010dten\u00ed\" \/>\n\t<meta name=\"twitter:data1\" content=\"1 minuta\" \/>\n<script type=\"application\/ld+json\" class=\"yoast-schema-graph\">{\"@context\":\"https:\/\/schema.org\",\"@graph\":[{\"@type\":\"WebPage\",\"@id\":\"https:\/\/www.koupelnapro.com\/index.php\/produkt\/znackovy-p-m-h-rosendal-r1w-6-420-950-55168\/\",\"url\":\"https:\/\/www.koupelnapro.com\/index.php\/produkt\/znackovy-p-m-h-rosendal-r1w-6-420-950-55168\/\",\"name\":\"Zna\u010dkov\u00fd P.M.H. ROSENDAL R1W\/6 420\/ 950 -\",\"isPartOf\":{\"@id\":\"https:\/\/www.koupelnapro.com\/#website\"},\"primaryImageOfPage\":{\"@id\":\"https:\/\/www.koupelnapro.com\/index.php\/produkt\/znackovy-p-m-h-rosendal-r1w-6-420-950-55168\/#primaryimage\"},\"image\":{\"@id\":\"https:\/\/www.koupelnapro.com\/index.php\/produkt\/znackovy-p-m-h-rosendal-r1w-6-420-950-55168\/#primaryimage\"},\"thumbnailUrl\":\"https:\/\/www.koupelnapro.com\/wp-content\/uploads\/2026\/SK0004011-CZ20260425-093449-0-1777080895-p-m-h-rosendal-r1w-6-420-950.webp\",\"datePublished\":\"2026-04-26T09:17:08+00:00\",\"breadcrumb\":{\"@id\":\"https:\/\/www.koupelnapro.com\/index.php\/produkt\/znackovy-p-m-h-rosendal-r1w-6-420-950-55168\/#breadcrumb\"},\"inLanguage\":\"cs\",\"potentialAction\":[{\"@type\":\"ReadAction\",\"target\":[\"https:\/\/www.koupelnapro.com\/index.php\/produkt\/znackovy-p-m-h-rosendal-r1w-6-420-950-55168\/\"]}]},{\"@type\":\"ImageObject\",\"inLanguage\":\"cs\",\"@id\":\"https:\/\/www.koupelnapro.com\/index.php\/produkt\/znackovy-p-m-h-rosendal-r1w-6-420-950-55168\/#primaryimage\",\"url\":\"https:\/\/www.koupelnapro.com\/wp-content\/uploads\/2026\/SK0004011-CZ20260425-093449-0-1777080895-p-m-h-rosendal-r1w-6-420-950.webp\",\"contentUrl\":\"https:\/\/www.koupelnapro.com\/wp-content\/uploads\/2026\/SK0004011-CZ20260425-093449-0-1777080895-p-m-h-rosendal-r1w-6-420-950.webp\",\"width\":1000,\"height\":525},{\"@type\":\"BreadcrumbList\",\"@id\":\"https:\/\/www.koupelnapro.com\/index.php\/produkt\/znackovy-p-m-h-rosendal-r1w-6-420-950-55168\/#breadcrumb\",\"itemListElement\":[{\"@type\":\"ListItem\",\"position\":1,\"name\":\"Home\",\"item\":\"https:\/\/www.koupelnapro.com\/\"},{\"@type\":\"ListItem\",\"position\":2,\"name\":\"Products\",\"item\":\"https:\/\/www.koupelnapro.com\/index.php\/products\/\"},{\"@type\":\"ListItem\",\"position\":3,\"name\":\"Zna\u010dkov\u00fd P.M.H. ROSENDAL R1W\/6 420\/ 950\"}]},{\"@type\":\"WebSite\",\"@id\":\"https:\/\/www.koupelnapro.com\/#website\",\"url\":\"https:\/\/www.koupelnapro.com\/\",\"name\":\"\",\"description\":\"\",\"potentialAction\":[{\"@type\":\"SearchAction\",\"target\":{\"@type\":\"EntryPoint\",\"urlTemplate\":\"https:\/\/www.koupelnapro.com\/?s={search_term_string}\"},\"query-input\":{\"@type\":\"PropertyValueSpecification\",\"valueRequired\":true,\"valueName\":\"search_term_string\"}}],\"inLanguage\":\"cs\"}]}<\/script>\n<!-- \/ Yoast SEO plugin. -->","yoast_head_json":{"title":"Zna\u010dkov\u00fd P.M.H. ROSENDAL R1W\/6 420\/ 950 -","robots":{"index":"index","follow":"follow","max-snippet":"max-snippet:-1","max-image-preview":"max-image-preview:large","max-video-preview":"max-video-preview:-1"},"canonical":"https:\/\/www.koupelnapro.com\/index.php\/produkt\/znackovy-p-m-h-rosendal-r1w-6-420-950-55168\/","og_locale":"cs_CZ","og_type":"article","og_title":"Zna\u010dkov\u00fd P.M.H. ROSENDAL R1W\/6 420\/ 950 -","og_description":"Obr\u00e1zek radi\u00e1toru je pouze ilustra\u010dn\u00ed, radi\u00e1tor je dod\u00e1v\u00e1n bez p\u0159ipojen\u00ed, armatury a termostatick\u00e9 hlavice!! Rovn\u00e9 Na v\u0161echny koupelnov\u00e9 radi\u00e1tory zna\u010dky P.M.H. po\u017eadujeme 50% z\u00e1lohu!! Rosendal\u00a0420 x 950 mm &#8211; B\u00edl\u00fd Nov\u00fd, prostorov\u011b nen\u00e1ro\u010dn\u00fd radi\u00e1tor pro koupelny , kuchyn\u011b , chodby a p\u0159eds\u00edn\u011b. Toto otopn\u00e9 t\u011bleso je neju\u017e\u0161\u00ed (nejni\u017e\u0161\u00ed) na \u010desk\u00e9m trhu a vyr\u00e1b\u00ed se v [&hellip;]","og_url":"https:\/\/www.koupelnapro.com\/index.php\/produkt\/znackovy-p-m-h-rosendal-r1w-6-420-950-55168\/","og_image":[{"width":1000,"height":525,"url":"https:\/\/www.koupelnapro.com\/wp-content\/uploads\/2026\/SK0004011-CZ20260425-093449-0-1777080895-p-m-h-rosendal-r1w-6-420-950.webp","type":"image\/webp"}],"twitter_card":"summary_large_image","twitter_misc":{"Odhadovan\u00e1 doba \u010dten\u00ed":"1 minuta"},"schema":{"@context":"https:\/\/schema.org","@graph":[{"@type":"WebPage","@id":"https:\/\/www.koupelnapro.com\/index.php\/produkt\/znackovy-p-m-h-rosendal-r1w-6-420-950-55168\/","url":"https:\/\/www.koupelnapro.com\/index.php\/produkt\/znackovy-p-m-h-rosendal-r1w-6-420-950-55168\/","name":"Zna\u010dkov\u00fd P.M.H. ROSENDAL R1W\/6 420\/ 950 -","isPartOf":{"@id":"https:\/\/www.koupelnapro.com\/#website"},"primaryImageOfPage":{"@id":"https:\/\/www.koupelnapro.com\/index.php\/produkt\/znackovy-p-m-h-rosendal-r1w-6-420-950-55168\/#primaryimage"},"image":{"@id":"https:\/\/www.koupelnapro.com\/index.php\/produkt\/znackovy-p-m-h-rosendal-r1w-6-420-950-55168\/#primaryimage"},"thumbnailUrl":"https:\/\/www.koupelnapro.com\/wp-content\/uploads\/2026\/SK0004011-CZ20260425-093449-0-1777080895-p-m-h-rosendal-r1w-6-420-950.webp","datePublished":"2026-04-26T09:17:08+00:00","breadcrumb":{"@id":"https:\/\/www.koupelnapro.com\/index.php\/produkt\/znackovy-p-m-h-rosendal-r1w-6-420-950-55168\/#breadcrumb"},"inLanguage":"cs","potentialAction":[{"@type":"ReadAction","target":["https:\/\/www.koupelnapro.com\/index.php\/produkt\/znackovy-p-m-h-rosendal-r1w-6-420-950-55168\/"]}]},{"@type":"ImageObject","inLanguage":"cs","@id":"https:\/\/www.koupelnapro.com\/index.php\/produkt\/znackovy-p-m-h-rosendal-r1w-6-420-950-55168\/#primaryimage","url":"https:\/\/www.koupelnapro.com\/wp-content\/uploads\/2026\/SK0004011-CZ20260425-093449-0-1777080895-p-m-h-rosendal-r1w-6-420-950.webp","contentUrl":"https:\/\/www.koupelnapro.com\/wp-content\/uploads\/2026\/SK0004011-CZ20260425-093449-0-1777080895-p-m-h-rosendal-r1w-6-420-950.webp","width":1000,"height":525},{"@type":"BreadcrumbList","@id":"https:\/\/www.koupelnapro.com\/index.php\/produkt\/znackovy-p-m-h-rosendal-r1w-6-420-950-55168\/#breadcrumb","itemListElement":[{"@type":"ListItem","position":1,"name":"Home","item":"https:\/\/www.koupelnapro.com\/"},{"@type":"ListItem","position":2,"name":"Products","item":"https:\/\/www.koupelnapro.com\/index.php\/products\/"},{"@type":"ListItem","position":3,"name":"Zna\u010dkov\u00fd P.M.H. ROSENDAL R1W\/6 420\/ 950"}]},{"@type":"WebSite","@id":"https:\/\/www.koupelnapro.com\/#website","url":"https:\/\/www.koupelnapro.com\/","name":"","description":"","potentialAction":[{"@type":"SearchAction","target":{"@type":"EntryPoint","urlTemplate":"https:\/\/www.koupelnapro.com\/?s={search_term_string}"},"query-input":{"@type":"PropertyValueSpecification","valueRequired":true,"valueName":"search_term_string"}}],"inLanguage":"cs"}]}},"_links":{"self":[{"href":"https:\/\/www.koupelnapro.com\/index.php\/wp-json\/wp\/v2\/product\/55168","targetHints":{"allow":["GET"]}}],"collection":[{"href":"https:\/\/www.koupelnapro.com\/index.php\/wp-json\/wp\/v2\/product"}],"about":[{"href":"https:\/\/www.koupelnapro.com\/index.php\/wp-json\/wp\/v2\/types\/product"}],"replies":[{"embeddable":true,"href":"https:\/\/www.koupelnapro.com\/index.php\/wp-json\/wp\/v2\/comments?post=55168"}],"wp:featuredmedia":[{"embeddable":true,"href":"https:\/\/www.koupelnapro.com\/index.php\/wp-json\/wp\/v2\/media\/55268"}],"wp:attachment":[{"href":"https:\/\/www.koupelnapro.com\/index.php\/wp-json\/wp\/v2\/media?parent=55168"}],"wp:term":[{"taxonomy":"product_brand","embeddable":true,"href":"https:\/\/www.koupelnapro.com\/index.php\/wp-json\/wp\/v2\/product_brand?post=55168"},{"taxonomy":"product_cat","embeddable":true,"href":"https:\/\/www.koupelnapro.com\/index.php\/wp-json\/wp\/v2\/product_cat?post=55168"},{"taxonomy":"product_tag","embeddable":true,"href":"https:\/\/www.koupelnapro.com\/index.php\/wp-json\/wp\/v2\/product_tag?post=55168"}],"curies":[{"name":"wp","href":"https:\/\/api.w.org\/{rel}","templated":true}]}}