{"id":53733,"date":"2026-04-26T09:17:01","date_gmt":"2026-04-26T09:17:01","guid":{"rendered":""},"modified":"2026-04-26T09:17:01","modified_gmt":"2026-04-26T09:17:01","slug":"korado-koralux-linear-comfort-klt-750-1220-sezonni-sleva-53733","status":"publish","type":"product","link":"https:\/\/www.koupelnapro.com\/produkt\/korado-koralux-linear-comfort-klt-750-1220-sezonni-sleva-53733\/","title":{"rendered":"Korado Koralux Linear Comfort KLT 750\/1220 Sez\u00f3nn\u00ed Sleva"},"content":{"rendered":"<div id=\"e7185714\" class=\"pages\">\n<div>\n<div id=\"PDDescription\" class=\"UserContentView userContent v1a v1 bs-view dcon dc159 PDDescription\" ><dc-con><dc-con><bs-empty><\/bs-empty><\/dc-con><dc-con>        <\/p>\n<div class=\"customDescription\">                    <\/div>\n<p><\/dc-con><dc-con><\/p>\n<p>Rovn\u00e9 proveden\u00ed<\/p>\n<p><\/dc-con><\/dc-con><\/div>\n<div id=\"PDDescription2\" class=\"UserContentView userContent v1a v1 bs-view dcon dc160 PDDescription2\" >\n<div id=\"content\">\n<p class=\"first\">Trubkov\u00e1 otopn\u00e1 t\u011blesa <span style=\"font-weight: bold;\">KORALUX LINEAR COMFORT<\/span> jsou vyrobena z\u00a0uzav\u0159en\u00fdch ocelov\u00fdch profil\u016f s\u00a0pr\u016f\u0159ezem ve tvaru \u201cD\u201d a\u00a0rovn\u00fdch profil\u016f s\u00a0kruhov\u00fdm pr\u016f\u0159ezem. Rozte\u010d p\u0159ipojen\u00ed na otopnou soustavu je odvozena z\u00a0d\u00e9lky otopn\u00e9ho t\u011blesa. Otopn\u00e1 t\u011blesa jsou dod\u00e1van\u00e1 se sadou pro upevn\u011bn\u00ed na st\u011bnu v\u010detn\u011b odvzdu\u0161\u0148ovac\u00ed a\u00a0zaslepovac\u00ed z\u00e1tky.<\/p>\n<p>Lze je rovn\u011b\u017e pou\u017e\u00edt pro kombinovan\u00e9 vyt\u00e1p\u011bn\u00ed.<\/p>\n<p>Konstruk\u010dn\u00ed \u0159e\u0161en\u00ed umo\u017e\u0148uje dosou\u0161en\u00ed textili\u00ed. V\u00a0na\u0161\u00ed nab\u00eddce nyn\u00ed naleznete <a href=\"http:\/\/www.korado.cz\/cs\/vyrobky\/koralux\/prislusenstvi-koralux.shtml\"><span style=\"color: #0066cc;\">su\u0161\u00e1ky a\u00a0v\u011b\u0161\u00e1ky<\/span><\/a>, kter\u00e9 roz\u0161\u00ed\u0159\u00ed praktick\u00e9 vyu\u017eit\u00ed trubkov\u00fdch otopn\u00fdch t\u011bles KORALUX.<\/p>\n<p><img decoding=\"async\" title=\"\" style=\"width: 667px; height: 377px;\" src=\"\/\/cdn.topenilevne.cz\/data\/user-content\/tabulky radiatory\/vykres klt.jpg\"><\/p>\n<p><img decoding=\"async\" title=\"\" style=\"width: 720px; height: 260px;\" src=\"\/\/cdn.topenilevne.cz\/data\/user-content\/tabulky radiatory\/tabulka klt.jpg\"><\/p>\n<p><img decoding=\"async\" title=\"\" src=\"\/\/cdn.topenilevne.cz\/data\/user-content\/tabulky radiatory\/pripojeni klt.jpg\"><\/p>\n<\/div>\n<\/div><\/div>\n<div id=\"PDTable3\" class=\"ProductDetailTableView v3a v3 bs-view dcon dc180 PDTable3\" >\n<table>\n<thead><\/thead>\n<tbody>\n<tr class=\"attribute attr_sirka\">\n<td class=\"caption\">\u0160\u00ed\u0159ka v mm<\/td>\n<td class=\"value\">750<\/td>\n<\/tr>\n<tr class=\"attribute attr_Vyska\">\n<td class=\"caption\">V\u00fd\u0161ka v mm<\/td>\n<td class=\"value\">1220<\/td>\n<\/tr>\n<tr class=\"attribute attr_pripojeni\">\n<td class=\"caption\">P\u0159ipojen\u00ed<\/td>\n<td class=\"value\">Spodn\u00ed<\/td>\n<\/tr>\n<tr class=\"attribute attr_vyrobce\">\n<td class=\"caption\">V\u00fdrobce<\/td>\n<td class=\"value\">Korado &#8211; Koralux<\/td>\n<\/tr>\n<tr class=\"attribute attr_bsshop_e1_VPrBsVykonRad\">\n<td class=\"caption\">V\u00fdkon<\/td>\n<td class=\"value\">944 W<\/td>\n<\/tr>\n<tr class=\"weight\">\n<td class=\"caption\"><span>Hmotnost<\/span><\/td>\n<td class=\"value\"><span>13,16 kg<\/span><\/td>\n<\/tr>\n<\/tbody>\n<\/table>\n<\/div>\n<div id=\"PdProductGpsr\" class=\"ProductGpsrView v1a v1 bs-view dcon dc212 PdProductGpsr\" >\n<div class=\"subject\"><dc-root class=\"dcon dc214\"><span class=\"title\">Zodpov\u011bdn&#253; subjekt:<\/span><dc-con><dc-con><span class=\"company\">KORADO, a.s.<\/span><span class=\"name\">Korado<\/span><\/dc-con><dc-con><span class=\"street\">B\u0159&#237; Hub&#225;lk\u016f 869<\/span><span class=\"city\">\u010cesk&#225; T\u0159ebov&#225;<\/span><span class=\"zip\">560 02<\/span><span class=\"country\">\u010cesko<\/span><\/dc-con><span class=\"email\">info@korado.cz<\/span><span class=\"phone\">800 111 506<\/span><bs-empty><\/bs-empty><a href=\"https:\/\/www.korado.cz\/\" class=\"link\" target=\"_blank\">https:\/\/www.korado.cz\/<\/a><\/dc-con><bs-empty><\/bs-empty><\/dc-root><\/div>\n<p><bs-empty><\/bs-empty><\/div>\n<\/div>\n<div id=\"e7185715\" class=\"tabs\">\n","protected":false},"excerpt":{"rendered":"<p>Rovn\u00e9 proveden\u00ed Trubkov\u00e1 otopn\u00e1 t\u011blesa KORALUX LINEAR COMFORT jsou vyrobena z\u00a0uzav\u0159en\u00fdch ocelov\u00fdch profil\u016f s\u00a0pr\u016f\u0159ezem ve tvaru \u201cD\u201d a\u00a0rovn\u00fdch profil\u016f s\u00a0kruhov\u00fdm pr\u016f\u0159ezem. Rozte\u010d p\u0159ipojen\u00ed na otopnou soustavu je odvozena z\u00a0d\u00e9lky otopn\u00e9ho t\u011blesa. Otopn\u00e1 t\u011blesa jsou dod\u00e1van\u00e1 se sadou pro upevn\u011bn\u00ed na st\u011bnu v\u010detn\u011b odvzdu\u0161\u0148ovac\u00ed a\u00a0zaslepovac\u00ed z\u00e1tky. Lze je rovn\u011b\u017e pou\u017e\u00edt pro kombinovan\u00e9 vyt\u00e1p\u011bn\u00ed. Konstruk\u010dn\u00ed \u0159e\u0161en\u00ed umo\u017e\u0148uje [&hellip;]<\/p>\n","protected":false},"featured_media":53833,"comment_status":"open","ping_status":"open","template":"","meta":[],"product_brand":[],"product_cat":[173],"product_tag":[],"class_list":{"0":"post-53733","1":"product","2":"type-product","3":"status-publish","4":"has-post-thumbnail","6":"product_cat-radi-225-tory","8":"first","9":"instock","10":"sale","11":"shipping-taxable","12":"purchasable","13":"product-type-simple"},"yoast_head":"<!-- This site is optimized with the Yoast SEO plugin v26.8 - https:\/\/yoast.com\/product\/yoast-seo-wordpress\/ -->\n<title>Korado Koralux Linear Comfort KLT 750\/1220 Sez\u00f3nn\u00ed Sleva -<\/title>\n<meta name=\"robots\" content=\"index, follow, max-snippet:-1, max-image-preview:large, max-video-preview:-1\" \/>\n<link rel=\"canonical\" href=\"https:\/\/www.koupelnapro.com\/index.php\/produkt\/korado-koralux-linear-comfort-klt-750-1220-sezonni-sleva-53733\/\" \/>\n<meta property=\"og:locale\" content=\"cs_CZ\" \/>\n<meta property=\"og:type\" content=\"article\" \/>\n<meta property=\"og:title\" content=\"Korado Koralux Linear Comfort KLT 750\/1220 Sez\u00f3nn\u00ed Sleva -\" \/>\n<meta property=\"og:description\" content=\"Rovn\u00e9 proveden\u00ed Trubkov\u00e1 otopn\u00e1 t\u011blesa KORALUX LINEAR COMFORT jsou vyrobena z\u00a0uzav\u0159en\u00fdch ocelov\u00fdch profil\u016f s\u00a0pr\u016f\u0159ezem ve tvaru \u201cD\u201d a\u00a0rovn\u00fdch profil\u016f s\u00a0kruhov\u00fdm pr\u016f\u0159ezem. Rozte\u010d p\u0159ipojen\u00ed na otopnou soustavu je odvozena z\u00a0d\u00e9lky otopn\u00e9ho t\u011blesa. Otopn\u00e1 t\u011blesa jsou dod\u00e1van\u00e1 se sadou pro upevn\u011bn\u00ed na st\u011bnu v\u010detn\u011b odvzdu\u0161\u0148ovac\u00ed a\u00a0zaslepovac\u00ed z\u00e1tky. Lze je rovn\u011b\u017e pou\u017e\u00edt pro kombinovan\u00e9 vyt\u00e1p\u011bn\u00ed. Konstruk\u010dn\u00ed \u0159e\u0161en\u00ed umo\u017e\u0148uje [&hellip;]\" \/>\n<meta property=\"og:url\" content=\"https:\/\/www.koupelnapro.com\/index.php\/produkt\/korado-koralux-linear-comfort-klt-750-1220-sezonni-sleva-53733\/\" \/>\n<meta property=\"og:image\" content=\"https:\/\/www.koupelnapro.com\/wp-content\/uploads\/2026\/SK0003167-CZ20260425-093449-0-1777080895-korado-koralux-linear-comfort-klt-750-1220.webp\" \/>\n\t<meta property=\"og:image:width\" content=\"1000\" \/>\n\t<meta property=\"og:image:height\" content=\"525\" \/>\n\t<meta property=\"og:image:type\" content=\"image\/webp\" \/>\n<meta name=\"twitter:card\" content=\"summary_large_image\" \/>\n<meta name=\"twitter:label1\" content=\"Odhadovan\u00e1 doba \u010dten\u00ed\" \/>\n\t<meta name=\"twitter:data1\" content=\"1 minuta\" \/>\n<script type=\"application\/ld+json\" class=\"yoast-schema-graph\">{\"@context\":\"https:\/\/schema.org\",\"@graph\":[{\"@type\":\"WebPage\",\"@id\":\"https:\/\/www.koupelnapro.com\/index.php\/produkt\/korado-koralux-linear-comfort-klt-750-1220-sezonni-sleva-53733\/\",\"url\":\"https:\/\/www.koupelnapro.com\/index.php\/produkt\/korado-koralux-linear-comfort-klt-750-1220-sezonni-sleva-53733\/\",\"name\":\"Korado Koralux Linear Comfort KLT 750\/1220 Sez\u00f3nn\u00ed Sleva -\",\"isPartOf\":{\"@id\":\"https:\/\/www.koupelnapro.com\/#website\"},\"primaryImageOfPage\":{\"@id\":\"https:\/\/www.koupelnapro.com\/index.php\/produkt\/korado-koralux-linear-comfort-klt-750-1220-sezonni-sleva-53733\/#primaryimage\"},\"image\":{\"@id\":\"https:\/\/www.koupelnapro.com\/index.php\/produkt\/korado-koralux-linear-comfort-klt-750-1220-sezonni-sleva-53733\/#primaryimage\"},\"thumbnailUrl\":\"https:\/\/www.koupelnapro.com\/wp-content\/uploads\/2026\/SK0003167-CZ20260425-093449-0-1777080895-korado-koralux-linear-comfort-klt-750-1220.webp\",\"datePublished\":\"2026-04-26T09:17:01+00:00\",\"breadcrumb\":{\"@id\":\"https:\/\/www.koupelnapro.com\/index.php\/produkt\/korado-koralux-linear-comfort-klt-750-1220-sezonni-sleva-53733\/#breadcrumb\"},\"inLanguage\":\"cs\",\"potentialAction\":[{\"@type\":\"ReadAction\",\"target\":[\"https:\/\/www.koupelnapro.com\/index.php\/produkt\/korado-koralux-linear-comfort-klt-750-1220-sezonni-sleva-53733\/\"]}]},{\"@type\":\"ImageObject\",\"inLanguage\":\"cs\",\"@id\":\"https:\/\/www.koupelnapro.com\/index.php\/produkt\/korado-koralux-linear-comfort-klt-750-1220-sezonni-sleva-53733\/#primaryimage\",\"url\":\"https:\/\/www.koupelnapro.com\/wp-content\/uploads\/2026\/SK0003167-CZ20260425-093449-0-1777080895-korado-koralux-linear-comfort-klt-750-1220.webp\",\"contentUrl\":\"https:\/\/www.koupelnapro.com\/wp-content\/uploads\/2026\/SK0003167-CZ20260425-093449-0-1777080895-korado-koralux-linear-comfort-klt-750-1220.webp\",\"width\":1000,\"height\":525},{\"@type\":\"BreadcrumbList\",\"@id\":\"https:\/\/www.koupelnapro.com\/index.php\/produkt\/korado-koralux-linear-comfort-klt-750-1220-sezonni-sleva-53733\/#breadcrumb\",\"itemListElement\":[{\"@type\":\"ListItem\",\"position\":1,\"name\":\"Home\",\"item\":\"https:\/\/www.koupelnapro.com\/\"},{\"@type\":\"ListItem\",\"position\":2,\"name\":\"Products\",\"item\":\"https:\/\/www.koupelnapro.com\/products\/\"},{\"@type\":\"ListItem\",\"position\":3,\"name\":\"Korado Koralux Linear Comfort KLT 750\/1220 Sez\u00f3nn\u00ed Sleva\"}]},{\"@type\":\"WebSite\",\"@id\":\"https:\/\/www.koupelnapro.com\/#website\",\"url\":\"https:\/\/www.koupelnapro.com\/\",\"name\":\"\",\"description\":\"\",\"potentialAction\":[{\"@type\":\"SearchAction\",\"target\":{\"@type\":\"EntryPoint\",\"urlTemplate\":\"https:\/\/www.koupelnapro.com\/?s={search_term_string}\"},\"query-input\":{\"@type\":\"PropertyValueSpecification\",\"valueRequired\":true,\"valueName\":\"search_term_string\"}}],\"inLanguage\":\"cs\"}]}<\/script>\n<!-- \/ Yoast SEO plugin. -->","yoast_head_json":{"title":"Korado Koralux Linear Comfort KLT 750\/1220 Sez\u00f3nn\u00ed Sleva -","robots":{"index":"index","follow":"follow","max-snippet":"max-snippet:-1","max-image-preview":"max-image-preview:large","max-video-preview":"max-video-preview:-1"},"canonical":"https:\/\/www.koupelnapro.com\/index.php\/produkt\/korado-koralux-linear-comfort-klt-750-1220-sezonni-sleva-53733\/","og_locale":"cs_CZ","og_type":"article","og_title":"Korado Koralux Linear Comfort KLT 750\/1220 Sez\u00f3nn\u00ed Sleva -","og_description":"Rovn\u00e9 proveden\u00ed Trubkov\u00e1 otopn\u00e1 t\u011blesa KORALUX LINEAR COMFORT jsou vyrobena z\u00a0uzav\u0159en\u00fdch ocelov\u00fdch profil\u016f s\u00a0pr\u016f\u0159ezem ve tvaru \u201cD\u201d a\u00a0rovn\u00fdch profil\u016f s\u00a0kruhov\u00fdm pr\u016f\u0159ezem. Rozte\u010d p\u0159ipojen\u00ed na otopnou soustavu je odvozena z\u00a0d\u00e9lky otopn\u00e9ho t\u011blesa. Otopn\u00e1 t\u011blesa jsou dod\u00e1van\u00e1 se sadou pro upevn\u011bn\u00ed na st\u011bnu v\u010detn\u011b odvzdu\u0161\u0148ovac\u00ed a\u00a0zaslepovac\u00ed z\u00e1tky. Lze je rovn\u011b\u017e pou\u017e\u00edt pro kombinovan\u00e9 vyt\u00e1p\u011bn\u00ed. Konstruk\u010dn\u00ed \u0159e\u0161en\u00ed umo\u017e\u0148uje [&hellip;]","og_url":"https:\/\/www.koupelnapro.com\/index.php\/produkt\/korado-koralux-linear-comfort-klt-750-1220-sezonni-sleva-53733\/","og_image":[{"width":1000,"height":525,"url":"https:\/\/www.koupelnapro.com\/wp-content\/uploads\/2026\/SK0003167-CZ20260425-093449-0-1777080895-korado-koralux-linear-comfort-klt-750-1220.webp","type":"image\/webp"}],"twitter_card":"summary_large_image","twitter_misc":{"Odhadovan\u00e1 doba \u010dten\u00ed":"1 minuta"},"schema":{"@context":"https:\/\/schema.org","@graph":[{"@type":"WebPage","@id":"https:\/\/www.koupelnapro.com\/index.php\/produkt\/korado-koralux-linear-comfort-klt-750-1220-sezonni-sleva-53733\/","url":"https:\/\/www.koupelnapro.com\/index.php\/produkt\/korado-koralux-linear-comfort-klt-750-1220-sezonni-sleva-53733\/","name":"Korado Koralux Linear Comfort KLT 750\/1220 Sez\u00f3nn\u00ed Sleva -","isPartOf":{"@id":"https:\/\/www.koupelnapro.com\/#website"},"primaryImageOfPage":{"@id":"https:\/\/www.koupelnapro.com\/index.php\/produkt\/korado-koralux-linear-comfort-klt-750-1220-sezonni-sleva-53733\/#primaryimage"},"image":{"@id":"https:\/\/www.koupelnapro.com\/index.php\/produkt\/korado-koralux-linear-comfort-klt-750-1220-sezonni-sleva-53733\/#primaryimage"},"thumbnailUrl":"https:\/\/www.koupelnapro.com\/wp-content\/uploads\/2026\/SK0003167-CZ20260425-093449-0-1777080895-korado-koralux-linear-comfort-klt-750-1220.webp","datePublished":"2026-04-26T09:17:01+00:00","breadcrumb":{"@id":"https:\/\/www.koupelnapro.com\/index.php\/produkt\/korado-koralux-linear-comfort-klt-750-1220-sezonni-sleva-53733\/#breadcrumb"},"inLanguage":"cs","potentialAction":[{"@type":"ReadAction","target":["https:\/\/www.koupelnapro.com\/index.php\/produkt\/korado-koralux-linear-comfort-klt-750-1220-sezonni-sleva-53733\/"]}]},{"@type":"ImageObject","inLanguage":"cs","@id":"https:\/\/www.koupelnapro.com\/index.php\/produkt\/korado-koralux-linear-comfort-klt-750-1220-sezonni-sleva-53733\/#primaryimage","url":"https:\/\/www.koupelnapro.com\/wp-content\/uploads\/2026\/SK0003167-CZ20260425-093449-0-1777080895-korado-koralux-linear-comfort-klt-750-1220.webp","contentUrl":"https:\/\/www.koupelnapro.com\/wp-content\/uploads\/2026\/SK0003167-CZ20260425-093449-0-1777080895-korado-koralux-linear-comfort-klt-750-1220.webp","width":1000,"height":525},{"@type":"BreadcrumbList","@id":"https:\/\/www.koupelnapro.com\/index.php\/produkt\/korado-koralux-linear-comfort-klt-750-1220-sezonni-sleva-53733\/#breadcrumb","itemListElement":[{"@type":"ListItem","position":1,"name":"Home","item":"https:\/\/www.koupelnapro.com\/"},{"@type":"ListItem","position":2,"name":"Products","item":"https:\/\/www.koupelnapro.com\/products\/"},{"@type":"ListItem","position":3,"name":"Korado Koralux Linear Comfort KLT 750\/1220 Sez\u00f3nn\u00ed Sleva"}]},{"@type":"WebSite","@id":"https:\/\/www.koupelnapro.com\/#website","url":"https:\/\/www.koupelnapro.com\/","name":"","description":"","potentialAction":[{"@type":"SearchAction","target":{"@type":"EntryPoint","urlTemplate":"https:\/\/www.koupelnapro.com\/?s={search_term_string}"},"query-input":{"@type":"PropertyValueSpecification","valueRequired":true,"valueName":"search_term_string"}}],"inLanguage":"cs"}]}},"_links":{"self":[{"href":"https:\/\/www.koupelnapro.com\/wp-json\/wp\/v2\/product\/53733","targetHints":{"allow":["GET"]}}],"collection":[{"href":"https:\/\/www.koupelnapro.com\/wp-json\/wp\/v2\/product"}],"about":[{"href":"https:\/\/www.koupelnapro.com\/wp-json\/wp\/v2\/types\/product"}],"replies":[{"embeddable":true,"href":"https:\/\/www.koupelnapro.com\/wp-json\/wp\/v2\/comments?post=53733"}],"wp:featuredmedia":[{"embeddable":true,"href":"https:\/\/www.koupelnapro.com\/wp-json\/wp\/v2\/media\/53833"}],"wp:attachment":[{"href":"https:\/\/www.koupelnapro.com\/wp-json\/wp\/v2\/media?parent=53733"}],"wp:term":[{"taxonomy":"product_brand","embeddable":true,"href":"https:\/\/www.koupelnapro.com\/wp-json\/wp\/v2\/product_brand?post=53733"},{"taxonomy":"product_cat","embeddable":true,"href":"https:\/\/www.koupelnapro.com\/wp-json\/wp\/v2\/product_cat?post=53733"},{"taxonomy":"product_tag","embeddable":true,"href":"https:\/\/www.koupelnapro.com\/wp-json\/wp\/v2\/product_tag?post=53733"}],"curies":[{"name":"wp","href":"https:\/\/api.w.org\/{rel}","templated":true}]}}