{"id":5312,"date":"2026-04-26T09:13:09","date_gmt":"2026-04-26T09:13:09","guid":{"rendered":""},"modified":"2026-04-26T09:13:09","modified_gmt":"2026-04-26T09:13:09","slug":"1barva-spojka-pro-led-pasek-bez-pajeni-s-kabelem-8-mm-overeny-5312","status":"publish","type":"product","link":"https:\/\/www.koupelnapro.com\/index.php\/produkt\/1barva-spojka-pro-led-pasek-bez-pajeni-s-kabelem-8-mm-overeny-5312\/","title":{"rendered":"1barva spojka pro LED p\u00e1sek bez p\u00e1jen\u00ed s kabelem 8 mm Ov\u011b\u0159en\u00fd"},"content":{"rendered":"<div id=\"e9234318\" class=\"pages\">\n<div id=\"PDDescription\" class=\"UserContentView userContent v1a v1 bs-view dcon dc150 PDDescription\" >\n<p>Tabulka n\u00ed\u017ee v\u00e1m porad\u00ed, jestli se spojka do profilu vejde.<\/p>\n<p>D\u00e9lka spojky v\u010detn\u011b kabelu je 15-17cm.<\/p>\n<p>\u00a0<\/p>\n<table dir=\"ltr\" border=\"1\" frame=\"border\" rules=\"all\" align=\"center\">\n<tbody>\n<tr>\n<td colspan=\"3\">P\u0159ehled pou\u017eit\u00ed spojek pro profily<\/td>\n<\/tr>\n<tr>\n<td>\u00a0<\/td>\n<td>Spojka 8mm<\/td>\n<td>Spojka 10mm<\/td>\n<\/tr>\n<tr>\n<td>K<\/td>\n<td>ANO<\/td>\n<td>NE<\/td>\n<\/tr>\n<tr>\n<td>\n<p>Mikro<\/p>\n<\/td>\n<td>NE<\/td>\n<td>NE<\/td>\n<\/tr>\n<tr>\n<td>Mikro 2<\/td>\n<td>NE<\/td>\n<td>NE<\/td>\n<\/tr>\n<tr>\n<td>N2<\/td>\n<td>ANO<\/td>\n<td>NE<\/td>\n<\/tr>\n<tr>\n<td>N3<\/td>\n<td>ANO<\/td>\n<td>NE<\/td>\n<\/tr>\n<tr>\n<td>N4<\/td>\n<td>ANO<\/td>\n<td>NE<\/td>\n<\/tr>\n<tr>\n<td>N5<\/td>\n<td>ANO<\/td>\n<td>NE<\/td>\n<\/tr>\n<tr>\n<td>N6B<\/td>\n<td>ANO<\/td>\n<td>NE<\/td>\n<\/tr>\n<tr>\n<td>N7<\/td>\n<td>NE<\/td>\n<td>NE<\/td>\n<\/tr>\n<tr>\n<td>N8<\/td>\n<td>ANO<\/td>\n<td>NE<\/td>\n<\/tr>\n<tr>\n<td>Pochoz\u00ed HR<\/td>\n<td>NE<\/td>\n<td>NE<\/td>\n<\/tr>\n<tr>\n<td>R1<\/td>\n<td>NE<\/td>\n<td>NE<\/td>\n<\/tr>\n<tr>\n<td>R4<\/td>\n<td>ANO<\/td>\n<td>ANO<\/td>\n<\/tr>\n<tr>\n<td>S<\/td>\n<td>NE<\/td>\n<td>NE<\/td>\n<\/tr>\n<tr>\n<td>TRIANGEL<\/td>\n<td>ANO<\/td>\n<td>NE<\/td>\n<\/tr>\n<tr>\n<td>TUBE<\/td>\n<td>NE<\/td>\n<td>NE<\/td>\n<\/tr>\n<tr>\n<td>V3B<\/td>\n<td>ANO<\/td>\n<td>NE<\/td>\n<\/tr>\n<tr>\n<td>V4 mini<\/td>\n<td>NE<\/td>\n<td>NE<\/td>\n<\/tr>\n<tr>\n<td>V5<\/td>\n<td>ANO<\/td>\n<td>NE<\/td>\n<\/tr>\n<\/tbody>\n<\/table>\n<p>\u00a0<\/p>\n<div id=\"PDTable3\" class=\"ProductDetailTableView v3a v3 bs-view dcon dc175 PDTable3\" >\n<table>\n<thead><\/thead>\n<tbody>\n<tr class=\"attribute attr_bsshop_maker\">\n<td class=\"caption\">V\u00fdrobce<\/td>\n<td class=\"value\">T-LED s.r.o.<\/td>\n<\/tr>\n<\/tbody>\n<\/table><\/div>\n<\/div>\n<\/div>\n<div id=\"e9234319\" class=\"tabs\">\n","protected":false},"excerpt":{"rendered":"<p>Tabulka n\u00ed\u017ee v\u00e1m porad\u00ed, jestli se spojka do profilu vejde. D\u00e9lka spojky v\u010detn\u011b kabelu je 15-17cm. \u00a0 P\u0159ehled pou\u017eit\u00ed spojek pro profily \u00a0 Spojka 8mm Spojka 10mm K ANO NE Mikro NE NE Mikro 2 NE NE N2 ANO NE N3 ANO NE N4 ANO NE N5 ANO NE N6B ANO NE N7 NE NE [&hellip;]<\/p>\n","protected":false},"featured_media":5412,"comment_status":"open","ping_status":"open","template":"","meta":[],"product_brand":[],"product_cat":[37],"product_tag":[],"class_list":{"0":"post-5312","1":"product","2":"type-product","3":"status-publish","4":"has-post-thumbnail","6":"product_cat-sv-237-tidla-a-led","8":"first","9":"instock","10":"sale","11":"shipping-taxable","12":"purchasable","13":"product-type-simple"},"yoast_head":"<!-- This site is optimized with the Yoast SEO plugin v26.8 - https:\/\/yoast.com\/product\/yoast-seo-wordpress\/ -->\n<title>1barva spojka pro LED p\u00e1sek bez p\u00e1jen\u00ed s kabelem 8 mm Ov\u011b\u0159en\u00fd -<\/title>\n<meta name=\"robots\" content=\"index, follow, max-snippet:-1, max-image-preview:large, max-video-preview:-1\" \/>\n<link rel=\"canonical\" href=\"https:\/\/www.koupelnapro.com\/index.php\/produkt\/1barva-spojka-pro-led-pasek-bez-pajeni-s-kabelem-8-mm-overeny-5312\/\" \/>\n<meta property=\"og:locale\" content=\"cs_CZ\" \/>\n<meta property=\"og:type\" content=\"article\" \/>\n<meta property=\"og:title\" content=\"1barva spojka pro LED p\u00e1sek bez p\u00e1jen\u00ed s kabelem 8 mm Ov\u011b\u0159en\u00fd -\" \/>\n<meta property=\"og:description\" content=\"Tabulka n\u00ed\u017ee v\u00e1m porad\u00ed, jestli se spojka do profilu vejde. D\u00e9lka spojky v\u010detn\u011b kabelu je 15-17cm. \u00a0 P\u0159ehled pou\u017eit\u00ed spojek pro profily \u00a0 Spojka 8mm Spojka 10mm K ANO NE Mikro NE NE Mikro 2 NE NE N2 ANO NE N3 ANO NE N4 ANO NE N5 ANO NE N6B ANO NE N7 NE NE [&hellip;]\" \/>\n<meta property=\"og:url\" content=\"https:\/\/www.koupelnapro.com\/index.php\/produkt\/1barva-spojka-pro-led-pasek-bez-pajeni-s-kabelem-8-mm-overeny-5312\/\" \/>\n<meta property=\"og:image\" content=\"https:\/\/www.koupelnapro.com\/wp-content\/uploads\/2026\/SK0003886-CZ20260425-091623-0-1777079785-1barva-spojka-pro-led-pasek-bez-pajeni-s-kabelem-8-mm.webp\" \/>\n\t<meta property=\"og:image:width\" content=\"1000\" \/>\n\t<meta property=\"og:image:height\" content=\"525\" \/>\n\t<meta property=\"og:image:type\" content=\"image\/webp\" \/>\n<meta name=\"twitter:card\" content=\"summary_large_image\" \/>\n<script type=\"application\/ld+json\" class=\"yoast-schema-graph\">{\"@context\":\"https:\/\/schema.org\",\"@graph\":[{\"@type\":\"WebPage\",\"@id\":\"https:\/\/www.koupelnapro.com\/index.php\/produkt\/1barva-spojka-pro-led-pasek-bez-pajeni-s-kabelem-8-mm-overeny-5312\/\",\"url\":\"https:\/\/www.koupelnapro.com\/index.php\/produkt\/1barva-spojka-pro-led-pasek-bez-pajeni-s-kabelem-8-mm-overeny-5312\/\",\"name\":\"1barva spojka pro LED p\u00e1sek bez p\u00e1jen\u00ed s kabelem 8 mm Ov\u011b\u0159en\u00fd -\",\"isPartOf\":{\"@id\":\"https:\/\/www.koupelnapro.com\/#website\"},\"primaryImageOfPage\":{\"@id\":\"https:\/\/www.koupelnapro.com\/index.php\/produkt\/1barva-spojka-pro-led-pasek-bez-pajeni-s-kabelem-8-mm-overeny-5312\/#primaryimage\"},\"image\":{\"@id\":\"https:\/\/www.koupelnapro.com\/index.php\/produkt\/1barva-spojka-pro-led-pasek-bez-pajeni-s-kabelem-8-mm-overeny-5312\/#primaryimage\"},\"thumbnailUrl\":\"https:\/\/www.koupelnapro.com\/wp-content\/uploads\/2026\/SK0003886-CZ20260425-091623-0-1777079785-1barva-spojka-pro-led-pasek-bez-pajeni-s-kabelem-8-mm.webp\",\"datePublished\":\"2026-04-26T09:13:09+00:00\",\"breadcrumb\":{\"@id\":\"https:\/\/www.koupelnapro.com\/index.php\/produkt\/1barva-spojka-pro-led-pasek-bez-pajeni-s-kabelem-8-mm-overeny-5312\/#breadcrumb\"},\"inLanguage\":\"cs\",\"potentialAction\":[{\"@type\":\"ReadAction\",\"target\":[\"https:\/\/www.koupelnapro.com\/index.php\/produkt\/1barva-spojka-pro-led-pasek-bez-pajeni-s-kabelem-8-mm-overeny-5312\/\"]}]},{\"@type\":\"ImageObject\",\"inLanguage\":\"cs\",\"@id\":\"https:\/\/www.koupelnapro.com\/index.php\/produkt\/1barva-spojka-pro-led-pasek-bez-pajeni-s-kabelem-8-mm-overeny-5312\/#primaryimage\",\"url\":\"https:\/\/www.koupelnapro.com\/wp-content\/uploads\/2026\/SK0003886-CZ20260425-091623-0-1777079785-1barva-spojka-pro-led-pasek-bez-pajeni-s-kabelem-8-mm.webp\",\"contentUrl\":\"https:\/\/www.koupelnapro.com\/wp-content\/uploads\/2026\/SK0003886-CZ20260425-091623-0-1777079785-1barva-spojka-pro-led-pasek-bez-pajeni-s-kabelem-8-mm.webp\",\"width\":1000,\"height\":525},{\"@type\":\"BreadcrumbList\",\"@id\":\"https:\/\/www.koupelnapro.com\/index.php\/produkt\/1barva-spojka-pro-led-pasek-bez-pajeni-s-kabelem-8-mm-overeny-5312\/#breadcrumb\",\"itemListElement\":[{\"@type\":\"ListItem\",\"position\":1,\"name\":\"Home\",\"item\":\"https:\/\/www.koupelnapro.com\/\"},{\"@type\":\"ListItem\",\"position\":2,\"name\":\"Products\",\"item\":\"https:\/\/www.koupelnapro.com\/index.php\/products\/\"},{\"@type\":\"ListItem\",\"position\":3,\"name\":\"1barva spojka pro LED p\u00e1sek bez p\u00e1jen\u00ed s kabelem 8 mm Ov\u011b\u0159en\u00fd\"}]},{\"@type\":\"WebSite\",\"@id\":\"https:\/\/www.koupelnapro.com\/#website\",\"url\":\"https:\/\/www.koupelnapro.com\/\",\"name\":\"\",\"description\":\"\",\"potentialAction\":[{\"@type\":\"SearchAction\",\"target\":{\"@type\":\"EntryPoint\",\"urlTemplate\":\"https:\/\/www.koupelnapro.com\/?s={search_term_string}\"},\"query-input\":{\"@type\":\"PropertyValueSpecification\",\"valueRequired\":true,\"valueName\":\"search_term_string\"}}],\"inLanguage\":\"cs\"}]}<\/script>\n<!-- \/ Yoast SEO plugin. -->","yoast_head_json":{"title":"1barva spojka pro LED p\u00e1sek bez p\u00e1jen\u00ed s kabelem 8 mm Ov\u011b\u0159en\u00fd -","robots":{"index":"index","follow":"follow","max-snippet":"max-snippet:-1","max-image-preview":"max-image-preview:large","max-video-preview":"max-video-preview:-1"},"canonical":"https:\/\/www.koupelnapro.com\/index.php\/produkt\/1barva-spojka-pro-led-pasek-bez-pajeni-s-kabelem-8-mm-overeny-5312\/","og_locale":"cs_CZ","og_type":"article","og_title":"1barva spojka pro LED p\u00e1sek bez p\u00e1jen\u00ed s kabelem 8 mm Ov\u011b\u0159en\u00fd -","og_description":"Tabulka n\u00ed\u017ee v\u00e1m porad\u00ed, jestli se spojka do profilu vejde. D\u00e9lka spojky v\u010detn\u011b kabelu je 15-17cm. \u00a0 P\u0159ehled pou\u017eit\u00ed spojek pro profily \u00a0 Spojka 8mm Spojka 10mm K ANO NE Mikro NE NE Mikro 2 NE NE N2 ANO NE N3 ANO NE N4 ANO NE N5 ANO NE N6B ANO NE N7 NE NE [&hellip;]","og_url":"https:\/\/www.koupelnapro.com\/index.php\/produkt\/1barva-spojka-pro-led-pasek-bez-pajeni-s-kabelem-8-mm-overeny-5312\/","og_image":[{"width":1000,"height":525,"url":"https:\/\/www.koupelnapro.com\/wp-content\/uploads\/2026\/SK0003886-CZ20260425-091623-0-1777079785-1barva-spojka-pro-led-pasek-bez-pajeni-s-kabelem-8-mm.webp","type":"image\/webp"}],"twitter_card":"summary_large_image","schema":{"@context":"https:\/\/schema.org","@graph":[{"@type":"WebPage","@id":"https:\/\/www.koupelnapro.com\/index.php\/produkt\/1barva-spojka-pro-led-pasek-bez-pajeni-s-kabelem-8-mm-overeny-5312\/","url":"https:\/\/www.koupelnapro.com\/index.php\/produkt\/1barva-spojka-pro-led-pasek-bez-pajeni-s-kabelem-8-mm-overeny-5312\/","name":"1barva spojka pro LED p\u00e1sek bez p\u00e1jen\u00ed s kabelem 8 mm Ov\u011b\u0159en\u00fd -","isPartOf":{"@id":"https:\/\/www.koupelnapro.com\/#website"},"primaryImageOfPage":{"@id":"https:\/\/www.koupelnapro.com\/index.php\/produkt\/1barva-spojka-pro-led-pasek-bez-pajeni-s-kabelem-8-mm-overeny-5312\/#primaryimage"},"image":{"@id":"https:\/\/www.koupelnapro.com\/index.php\/produkt\/1barva-spojka-pro-led-pasek-bez-pajeni-s-kabelem-8-mm-overeny-5312\/#primaryimage"},"thumbnailUrl":"https:\/\/www.koupelnapro.com\/wp-content\/uploads\/2026\/SK0003886-CZ20260425-091623-0-1777079785-1barva-spojka-pro-led-pasek-bez-pajeni-s-kabelem-8-mm.webp","datePublished":"2026-04-26T09:13:09+00:00","breadcrumb":{"@id":"https:\/\/www.koupelnapro.com\/index.php\/produkt\/1barva-spojka-pro-led-pasek-bez-pajeni-s-kabelem-8-mm-overeny-5312\/#breadcrumb"},"inLanguage":"cs","potentialAction":[{"@type":"ReadAction","target":["https:\/\/www.koupelnapro.com\/index.php\/produkt\/1barva-spojka-pro-led-pasek-bez-pajeni-s-kabelem-8-mm-overeny-5312\/"]}]},{"@type":"ImageObject","inLanguage":"cs","@id":"https:\/\/www.koupelnapro.com\/index.php\/produkt\/1barva-spojka-pro-led-pasek-bez-pajeni-s-kabelem-8-mm-overeny-5312\/#primaryimage","url":"https:\/\/www.koupelnapro.com\/wp-content\/uploads\/2026\/SK0003886-CZ20260425-091623-0-1777079785-1barva-spojka-pro-led-pasek-bez-pajeni-s-kabelem-8-mm.webp","contentUrl":"https:\/\/www.koupelnapro.com\/wp-content\/uploads\/2026\/SK0003886-CZ20260425-091623-0-1777079785-1barva-spojka-pro-led-pasek-bez-pajeni-s-kabelem-8-mm.webp","width":1000,"height":525},{"@type":"BreadcrumbList","@id":"https:\/\/www.koupelnapro.com\/index.php\/produkt\/1barva-spojka-pro-led-pasek-bez-pajeni-s-kabelem-8-mm-overeny-5312\/#breadcrumb","itemListElement":[{"@type":"ListItem","position":1,"name":"Home","item":"https:\/\/www.koupelnapro.com\/"},{"@type":"ListItem","position":2,"name":"Products","item":"https:\/\/www.koupelnapro.com\/index.php\/products\/"},{"@type":"ListItem","position":3,"name":"1barva spojka pro LED p\u00e1sek bez p\u00e1jen\u00ed s kabelem 8 mm Ov\u011b\u0159en\u00fd"}]},{"@type":"WebSite","@id":"https:\/\/www.koupelnapro.com\/#website","url":"https:\/\/www.koupelnapro.com\/","name":"","description":"","potentialAction":[{"@type":"SearchAction","target":{"@type":"EntryPoint","urlTemplate":"https:\/\/www.koupelnapro.com\/?s={search_term_string}"},"query-input":{"@type":"PropertyValueSpecification","valueRequired":true,"valueName":"search_term_string"}}],"inLanguage":"cs"}]}},"_links":{"self":[{"href":"https:\/\/www.koupelnapro.com\/index.php\/wp-json\/wp\/v2\/product\/5312","targetHints":{"allow":["GET"]}}],"collection":[{"href":"https:\/\/www.koupelnapro.com\/index.php\/wp-json\/wp\/v2\/product"}],"about":[{"href":"https:\/\/www.koupelnapro.com\/index.php\/wp-json\/wp\/v2\/types\/product"}],"replies":[{"embeddable":true,"href":"https:\/\/www.koupelnapro.com\/index.php\/wp-json\/wp\/v2\/comments?post=5312"}],"wp:featuredmedia":[{"embeddable":true,"href":"https:\/\/www.koupelnapro.com\/index.php\/wp-json\/wp\/v2\/media\/5412"}],"wp:attachment":[{"href":"https:\/\/www.koupelnapro.com\/index.php\/wp-json\/wp\/v2\/media?parent=5312"}],"wp:term":[{"taxonomy":"product_brand","embeddable":true,"href":"https:\/\/www.koupelnapro.com\/index.php\/wp-json\/wp\/v2\/product_brand?post=5312"},{"taxonomy":"product_cat","embeddable":true,"href":"https:\/\/www.koupelnapro.com\/index.php\/wp-json\/wp\/v2\/product_cat?post=5312"},{"taxonomy":"product_tag","embeddable":true,"href":"https:\/\/www.koupelnapro.com\/index.php\/wp-json\/wp\/v2\/product_tag?post=5312"}],"curies":[{"name":"wp","href":"https:\/\/api.w.org\/{rel}","templated":true}]}}