{"id":46175,"date":"2026-04-26T09:16:26","date_gmt":"2026-04-26T09:16:26","guid":{"rendered":""},"modified":"2026-04-26T09:16:26","modified_gmt":"2026-04-26T09:16:26","slug":"trail-beige-2-0cm-60x60-01s-rekt-r11-b-akcni-nabidka-46175","status":"publish","type":"product","link":"https:\/\/www.koupelnapro.com\/index.php\/produkt\/trail-beige-2-0cm-60x60-01s-rekt-r11-b-akcni-nabidka-46175\/","title":{"rendered":"TRAIL beige 2.0cm | 60&#215;60 | 01S | rekt | R11-B Ak\u010dn\u00ed Nab\u00eddka"},"content":{"rendered":"<p><!-- More info -->\t\t\t\t\t<\/p>\n<section id=\"idTab1\" class=\"page-product-box tab-pane active\" role=\"tabpanel\" aria-labelledby=\"idTab1\">\t\t\t\t\t\t<!-- full description -->\t\t\t\t\t\t<\/p>\n<div class=\"rte\">venkovn\u00ed slinut\u00e1 keramick\u00e1 dla\u017eba ur\u010den\u00e1 pro ve\u0161ker\u00e9 venkovn\u00ed prostory.<\/p>\n<p>Dla\u017eba je ur\u010den\u00e1 p\u0159edev\u0161\u00edm pro suchou pokl\u00e1dku, kter\u00e1 je pro na\u0161e klimatick\u00e9 prost\u0159ed\u00ed v\u00edce vhodn\u00e1. D\u016fvody jsou zcela jasn\u00e9, snadn\u00e1 pokl\u00e1dka do \u0161t\u011brku, p\u00edsku nebo klidn\u011b jen do hl\u00edny zvl\u00e1dne ka\u017ed\u00fd s\u00e1m, t\u00edm \u0161et\u0159\u00ed na instalaci. Lze pokl\u00e1dat na distan\u010dn\u00ed PVC ter\u010de, ale tato pokl\u00e1dka je ji\u017e n\u00e1ro\u010dn\u011bj\u0161\u00ed. Dal\u0161\u00edm d\u016fvodem pro\u010d vybrat tuto dla\u017ebu je jej\u00ed nenas\u00e1kavost. Co\u017e b\u011b\u017en\u00e9 betonov\u00e9 dla\u017edice neum\u00ed, tedy pokud nemaj\u00ed n\u011bjakou speci\u00e1ln\u00ed \u00fapravu. Dla\u017eba snese vysok\u00e9 zat\u00ed\u017een\u00ed, kter\u00e9 je d\u00e1no jej\u00ed masivn\u00ed tlou\u0161\u0165kou 2cm.<\/p><\/div>\n<\/section>\n<p>\t\t\t\t\t<!--end  More info -->\t\t\t\t\t\t\t\t\t\t\t\t\t<!-- Data sheet -->\t\t\t\t\t<\/p>\n<section id=\"idTab2\" class=\"page-product-box tab-pane\" role=\"tabpanel\" aria-labelledby=\"idTab2\">\n<table class=\"table-data-sheet\">\n<tr class=\"odd\">\n<td>Novinka<\/td>\n<td>Ano <\/td>\n<\/tr>\n<tr class=\"even\">\n<td>POVRCHOV\u00c1 \u00daPRAVA<\/td>\n<td>mat <\/td>\n<\/tr>\n<tr class=\"odd\">\n<td>FORM\u00c1T | ROZM\u011aR<\/td>\n<td>OUTDOOR = 2CM, VF = velk\u00fd form\u00e1t = XL <\/td>\n<\/tr>\n<tr class=\"even\">\n<td>ODOLNOST | ZAT\u00cd\u017dEN\u00cd<\/td>\n<td>PEI 5 <\/td>\n<\/tr>\n<tr class=\"odd\">\n<td>PROTISKLUZNOST | HRUBOST<\/td>\n<td>R11 <\/td>\n<\/tr>\n<tr class=\"even\">\n<td>TYP | POU\u017dIT\u00cd<\/td>\n<td>dla\u017eba | 2 cm | OUTDOOR <\/td>\n<\/tr>\n<tr class=\"odd\">\n<td>REKTIFIKACE<\/td>\n<td>Ano <\/td>\n<\/tr>\n<tr class=\"even\">\n<td>JAKOST<\/td>\n<td>01S <\/td>\n<\/tr>\n<tr class=\"odd\">\n<td>VARIABILITA | ROZD\u00cdLNOST<\/td>\n<td>V3 <\/td>\n<\/tr>\n<tr class=\"even\">\n<td>VZHLED | IMITACE<\/td>\n<td>k\u00e1men <\/td>\n<\/tr>\n<tr class=\"odd\">\n<td>MRAZUVZDORNOST | EXTERI\u00c9R<\/td>\n<td>Ano <\/td>\n<\/tr>\n<\/table>\n<\/section>\n<p>\t\t\t\t\t<!--end Data sheet -->\t\t\t\t\t\t\t\t\t\t\t\t\t\t\t\t\t\t\t\t\t\t\t\t\t\t\t<\/div>\n<\/p><\/div>\n<p><!--QTR Accessories --><\/p>\n","protected":false},"excerpt":{"rendered":"<p>venkovn\u00ed slinut\u00e1 keramick\u00e1 dla\u017eba ur\u010den\u00e1 pro ve\u0161ker\u00e9 venkovn\u00ed prostory. Dla\u017eba je ur\u010den\u00e1 p\u0159edev\u0161\u00edm pro suchou pokl\u00e1dku, kter\u00e1 je pro na\u0161e klimatick\u00e9 prost\u0159ed\u00ed v\u00edce vhodn\u00e1. D\u016fvody jsou zcela jasn\u00e9, snadn\u00e1 pokl\u00e1dka do \u0161t\u011brku, p\u00edsku nebo klidn\u011b jen do hl\u00edny zvl\u00e1dne ka\u017ed\u00fd s\u00e1m, t\u00edm \u0161et\u0159\u00ed na instalaci. Lze pokl\u00e1dat na distan\u010dn\u00ed PVC ter\u010de, ale tato pokl\u00e1dka je [&hellip;]<\/p>\n","protected":false},"featured_media":46275,"comment_status":"open","ping_status":"open","template":"","meta":[],"product_brand":[],"product_cat":[162,161],"product_tag":[],"class_list":{"0":"post-46175","1":"product","2":"type-product","3":"status-publish","4":"has-post-thumbnail","6":"product_cat-dlazby","7":"product_cat-obklady","9":"first","10":"instock","11":"sale","12":"shipping-taxable","13":"purchasable","14":"product-type-simple"},"yoast_head":"<!-- This site is optimized with the Yoast SEO plugin v26.8 - https:\/\/yoast.com\/product\/yoast-seo-wordpress\/ -->\n<title>TRAIL beige 2.0cm | 60x60 | 01S | rekt | R11-B Ak\u010dn\u00ed Nab\u00eddka -<\/title>\n<meta name=\"robots\" content=\"index, follow, max-snippet:-1, max-image-preview:large, max-video-preview:-1\" \/>\n<link rel=\"canonical\" href=\"https:\/\/www.koupelnapro.com\/index.php\/produkt\/trail-beige-2-0cm-60x60-01s-rekt-r11-b-akcni-nabidka-46175\/\" \/>\n<meta property=\"og:locale\" content=\"cs_CZ\" \/>\n<meta property=\"og:type\" content=\"article\" \/>\n<meta property=\"og:title\" content=\"TRAIL beige 2.0cm | 60x60 | 01S | rekt | R11-B Ak\u010dn\u00ed Nab\u00eddka -\" \/>\n<meta property=\"og:description\" content=\"venkovn\u00ed slinut\u00e1 keramick\u00e1 dla\u017eba ur\u010den\u00e1 pro ve\u0161ker\u00e9 venkovn\u00ed prostory. Dla\u017eba je ur\u010den\u00e1 p\u0159edev\u0161\u00edm pro suchou pokl\u00e1dku, kter\u00e1 je pro na\u0161e klimatick\u00e9 prost\u0159ed\u00ed v\u00edce vhodn\u00e1. D\u016fvody jsou zcela jasn\u00e9, snadn\u00e1 pokl\u00e1dka do \u0161t\u011brku, p\u00edsku nebo klidn\u011b jen do hl\u00edny zvl\u00e1dne ka\u017ed\u00fd s\u00e1m, t\u00edm \u0161et\u0159\u00ed na instalaci. Lze pokl\u00e1dat na distan\u010dn\u00ed PVC ter\u010de, ale tato pokl\u00e1dka je [&hellip;]\" \/>\n<meta property=\"og:url\" content=\"https:\/\/www.koupelnapro.com\/index.php\/produkt\/trail-beige-2-0cm-60x60-01s-rekt-r11-b-akcni-nabidka-46175\/\" \/>\n<meta property=\"og:image\" content=\"https:\/\/www.koupelnapro.com\/wp-content\/uploads\/2026\/SK0002961-CZ20260425-093107-0-1777080667-63028-large_default.webp\" \/>\n\t<meta property=\"og:image:width\" content=\"470\" \/>\n\t<meta property=\"og:image:height\" content=\"470\" \/>\n\t<meta property=\"og:image:type\" content=\"image\/webp\" \/>\n<meta name=\"twitter:card\" content=\"summary_large_image\" \/>\n<meta name=\"twitter:label1\" content=\"Odhadovan\u00e1 doba \u010dten\u00ed\" \/>\n\t<meta name=\"twitter:data1\" content=\"1 minuta\" \/>\n<script type=\"application\/ld+json\" class=\"yoast-schema-graph\">{\"@context\":\"https:\/\/schema.org\",\"@graph\":[{\"@type\":\"WebPage\",\"@id\":\"https:\/\/www.koupelnapro.com\/index.php\/produkt\/trail-beige-2-0cm-60x60-01s-rekt-r11-b-akcni-nabidka-46175\/\",\"url\":\"https:\/\/www.koupelnapro.com\/index.php\/produkt\/trail-beige-2-0cm-60x60-01s-rekt-r11-b-akcni-nabidka-46175\/\",\"name\":\"TRAIL beige 2.0cm | 60x60 | 01S | rekt | R11-B Ak\u010dn\u00ed Nab\u00eddka -\",\"isPartOf\":{\"@id\":\"https:\/\/www.koupelnapro.com\/#website\"},\"primaryImageOfPage\":{\"@id\":\"https:\/\/www.koupelnapro.com\/index.php\/produkt\/trail-beige-2-0cm-60x60-01s-rekt-r11-b-akcni-nabidka-46175\/#primaryimage\"},\"image\":{\"@id\":\"https:\/\/www.koupelnapro.com\/index.php\/produkt\/trail-beige-2-0cm-60x60-01s-rekt-r11-b-akcni-nabidka-46175\/#primaryimage\"},\"thumbnailUrl\":\"https:\/\/www.koupelnapro.com\/wp-content\/uploads\/2026\/SK0002961-CZ20260425-093107-0-1777080667-63028-large_default.webp\",\"datePublished\":\"2026-04-26T09:16:26+00:00\",\"breadcrumb\":{\"@id\":\"https:\/\/www.koupelnapro.com\/index.php\/produkt\/trail-beige-2-0cm-60x60-01s-rekt-r11-b-akcni-nabidka-46175\/#breadcrumb\"},\"inLanguage\":\"cs\",\"potentialAction\":[{\"@type\":\"ReadAction\",\"target\":[\"https:\/\/www.koupelnapro.com\/index.php\/produkt\/trail-beige-2-0cm-60x60-01s-rekt-r11-b-akcni-nabidka-46175\/\"]}]},{\"@type\":\"ImageObject\",\"inLanguage\":\"cs\",\"@id\":\"https:\/\/www.koupelnapro.com\/index.php\/produkt\/trail-beige-2-0cm-60x60-01s-rekt-r11-b-akcni-nabidka-46175\/#primaryimage\",\"url\":\"https:\/\/www.koupelnapro.com\/wp-content\/uploads\/2026\/SK0002961-CZ20260425-093107-0-1777080667-63028-large_default.webp\",\"contentUrl\":\"https:\/\/www.koupelnapro.com\/wp-content\/uploads\/2026\/SK0002961-CZ20260425-093107-0-1777080667-63028-large_default.webp\",\"width\":470,\"height\":470},{\"@type\":\"BreadcrumbList\",\"@id\":\"https:\/\/www.koupelnapro.com\/index.php\/produkt\/trail-beige-2-0cm-60x60-01s-rekt-r11-b-akcni-nabidka-46175\/#breadcrumb\",\"itemListElement\":[{\"@type\":\"ListItem\",\"position\":1,\"name\":\"Home\",\"item\":\"https:\/\/www.koupelnapro.com\/\"},{\"@type\":\"ListItem\",\"position\":2,\"name\":\"Products\",\"item\":\"https:\/\/www.koupelnapro.com\/index.php\/products\/\"},{\"@type\":\"ListItem\",\"position\":3,\"name\":\"TRAIL beige 2.0cm | 60&#215;60 | 01S | rekt | R11-B Ak\u010dn\u00ed Nab\u00eddka\"}]},{\"@type\":\"WebSite\",\"@id\":\"https:\/\/www.koupelnapro.com\/#website\",\"url\":\"https:\/\/www.koupelnapro.com\/\",\"name\":\"\",\"description\":\"\",\"potentialAction\":[{\"@type\":\"SearchAction\",\"target\":{\"@type\":\"EntryPoint\",\"urlTemplate\":\"https:\/\/www.koupelnapro.com\/?s={search_term_string}\"},\"query-input\":{\"@type\":\"PropertyValueSpecification\",\"valueRequired\":true,\"valueName\":\"search_term_string\"}}],\"inLanguage\":\"cs\"}]}<\/script>\n<!-- \/ Yoast SEO plugin. -->","yoast_head_json":{"title":"TRAIL beige 2.0cm | 60x60 | 01S | rekt | R11-B Ak\u010dn\u00ed Nab\u00eddka -","robots":{"index":"index","follow":"follow","max-snippet":"max-snippet:-1","max-image-preview":"max-image-preview:large","max-video-preview":"max-video-preview:-1"},"canonical":"https:\/\/www.koupelnapro.com\/index.php\/produkt\/trail-beige-2-0cm-60x60-01s-rekt-r11-b-akcni-nabidka-46175\/","og_locale":"cs_CZ","og_type":"article","og_title":"TRAIL beige 2.0cm | 60x60 | 01S | rekt | R11-B Ak\u010dn\u00ed Nab\u00eddka -","og_description":"venkovn\u00ed slinut\u00e1 keramick\u00e1 dla\u017eba ur\u010den\u00e1 pro ve\u0161ker\u00e9 venkovn\u00ed prostory. Dla\u017eba je ur\u010den\u00e1 p\u0159edev\u0161\u00edm pro suchou pokl\u00e1dku, kter\u00e1 je pro na\u0161e klimatick\u00e9 prost\u0159ed\u00ed v\u00edce vhodn\u00e1. D\u016fvody jsou zcela jasn\u00e9, snadn\u00e1 pokl\u00e1dka do \u0161t\u011brku, p\u00edsku nebo klidn\u011b jen do hl\u00edny zvl\u00e1dne ka\u017ed\u00fd s\u00e1m, t\u00edm \u0161et\u0159\u00ed na instalaci. Lze pokl\u00e1dat na distan\u010dn\u00ed PVC ter\u010de, ale tato pokl\u00e1dka je [&hellip;]","og_url":"https:\/\/www.koupelnapro.com\/index.php\/produkt\/trail-beige-2-0cm-60x60-01s-rekt-r11-b-akcni-nabidka-46175\/","og_image":[{"width":470,"height":470,"url":"https:\/\/www.koupelnapro.com\/wp-content\/uploads\/2026\/SK0002961-CZ20260425-093107-0-1777080667-63028-large_default.webp","type":"image\/webp"}],"twitter_card":"summary_large_image","twitter_misc":{"Odhadovan\u00e1 doba \u010dten\u00ed":"1 minuta"},"schema":{"@context":"https:\/\/schema.org","@graph":[{"@type":"WebPage","@id":"https:\/\/www.koupelnapro.com\/index.php\/produkt\/trail-beige-2-0cm-60x60-01s-rekt-r11-b-akcni-nabidka-46175\/","url":"https:\/\/www.koupelnapro.com\/index.php\/produkt\/trail-beige-2-0cm-60x60-01s-rekt-r11-b-akcni-nabidka-46175\/","name":"TRAIL beige 2.0cm | 60x60 | 01S | rekt | R11-B Ak\u010dn\u00ed Nab\u00eddka -","isPartOf":{"@id":"https:\/\/www.koupelnapro.com\/#website"},"primaryImageOfPage":{"@id":"https:\/\/www.koupelnapro.com\/index.php\/produkt\/trail-beige-2-0cm-60x60-01s-rekt-r11-b-akcni-nabidka-46175\/#primaryimage"},"image":{"@id":"https:\/\/www.koupelnapro.com\/index.php\/produkt\/trail-beige-2-0cm-60x60-01s-rekt-r11-b-akcni-nabidka-46175\/#primaryimage"},"thumbnailUrl":"https:\/\/www.koupelnapro.com\/wp-content\/uploads\/2026\/SK0002961-CZ20260425-093107-0-1777080667-63028-large_default.webp","datePublished":"2026-04-26T09:16:26+00:00","breadcrumb":{"@id":"https:\/\/www.koupelnapro.com\/index.php\/produkt\/trail-beige-2-0cm-60x60-01s-rekt-r11-b-akcni-nabidka-46175\/#breadcrumb"},"inLanguage":"cs","potentialAction":[{"@type":"ReadAction","target":["https:\/\/www.koupelnapro.com\/index.php\/produkt\/trail-beige-2-0cm-60x60-01s-rekt-r11-b-akcni-nabidka-46175\/"]}]},{"@type":"ImageObject","inLanguage":"cs","@id":"https:\/\/www.koupelnapro.com\/index.php\/produkt\/trail-beige-2-0cm-60x60-01s-rekt-r11-b-akcni-nabidka-46175\/#primaryimage","url":"https:\/\/www.koupelnapro.com\/wp-content\/uploads\/2026\/SK0002961-CZ20260425-093107-0-1777080667-63028-large_default.webp","contentUrl":"https:\/\/www.koupelnapro.com\/wp-content\/uploads\/2026\/SK0002961-CZ20260425-093107-0-1777080667-63028-large_default.webp","width":470,"height":470},{"@type":"BreadcrumbList","@id":"https:\/\/www.koupelnapro.com\/index.php\/produkt\/trail-beige-2-0cm-60x60-01s-rekt-r11-b-akcni-nabidka-46175\/#breadcrumb","itemListElement":[{"@type":"ListItem","position":1,"name":"Home","item":"https:\/\/www.koupelnapro.com\/"},{"@type":"ListItem","position":2,"name":"Products","item":"https:\/\/www.koupelnapro.com\/index.php\/products\/"},{"@type":"ListItem","position":3,"name":"TRAIL beige 2.0cm | 60&#215;60 | 01S | rekt | R11-B Ak\u010dn\u00ed Nab\u00eddka"}]},{"@type":"WebSite","@id":"https:\/\/www.koupelnapro.com\/#website","url":"https:\/\/www.koupelnapro.com\/","name":"","description":"","potentialAction":[{"@type":"SearchAction","target":{"@type":"EntryPoint","urlTemplate":"https:\/\/www.koupelnapro.com\/?s={search_term_string}"},"query-input":{"@type":"PropertyValueSpecification","valueRequired":true,"valueName":"search_term_string"}}],"inLanguage":"cs"}]}},"_links":{"self":[{"href":"https:\/\/www.koupelnapro.com\/index.php\/wp-json\/wp\/v2\/product\/46175","targetHints":{"allow":["GET"]}}],"collection":[{"href":"https:\/\/www.koupelnapro.com\/index.php\/wp-json\/wp\/v2\/product"}],"about":[{"href":"https:\/\/www.koupelnapro.com\/index.php\/wp-json\/wp\/v2\/types\/product"}],"replies":[{"embeddable":true,"href":"https:\/\/www.koupelnapro.com\/index.php\/wp-json\/wp\/v2\/comments?post=46175"}],"wp:featuredmedia":[{"embeddable":true,"href":"https:\/\/www.koupelnapro.com\/index.php\/wp-json\/wp\/v2\/media\/46275"}],"wp:attachment":[{"href":"https:\/\/www.koupelnapro.com\/index.php\/wp-json\/wp\/v2\/media?parent=46175"}],"wp:term":[{"taxonomy":"product_brand","embeddable":true,"href":"https:\/\/www.koupelnapro.com\/index.php\/wp-json\/wp\/v2\/product_brand?post=46175"},{"taxonomy":"product_cat","embeddable":true,"href":"https:\/\/www.koupelnapro.com\/index.php\/wp-json\/wp\/v2\/product_cat?post=46175"},{"taxonomy":"product_tag","embeddable":true,"href":"https:\/\/www.koupelnapro.com\/index.php\/wp-json\/wp\/v2\/product_tag?post=46175"}],"curies":[{"name":"wp","href":"https:\/\/api.w.org\/{rel}","templated":true}]}}