{"id":45903,"date":"2026-04-26T09:16:25","date_gmt":"2026-04-26T09:16:25","guid":{"rendered":""},"modified":"2026-04-26T09:16:25","modified_gmt":"2026-04-26T09:16:25","slug":"posledni-sance-31145-hlad-iacute-tko-zuby-e12-nerez-280x130-gumov-aacute-ru-269-ka-festa-45903","status":"publish","type":"product","link":"https:\/\/www.koupelnapro.com\/index.php\/produkt\/posledni-sance-31145-hlad-iacute-tko-zuby-e12-nerez-280x130-gumov-aacute-ru-269-ka-festa-45903\/","title":{"rendered":"Posledn\u00ed \u0160ance 31145 | hlad&iacute;tko zuby E12 | nerez | 280&#215;130 | gumov&aacute; ru&#269;ka | FESTA"},"content":{"rendered":"<p><!-- More info -->\t\t\t\t\t<\/p>\n<section id=\"idTab1\" class=\"page-product-box tab-pane active\" role=\"tabpanel\" aria-labelledby=\"idTab1\">\t\t\t\t\t\t<!-- full description -->\t\t\t\t\t\t<\/p>\n<div class=\"rte\">Hlad\u00edtko nerezov\u00e9 zubov\u00e9 FESTA 280&#215;130 mm, zub e12, s gumovou ru\u010dkou, tl.plechu 0,8mm. Pou\u017e\u00edv\u00e1 se zejm\u00e9na k nan\u00e1\u0161en\u00ed lepidel pod obklady a dla\u017eby, d\u00e1le pak k nan\u00e1\u0161en\u00ed st\u011brek, \u0161tuk\u016f, om\u00edtek, tmel\u016f a dal\u0161\u00edch stavebn\u00edch hmot. Hlad\u00edtko nerezov\u00e9 zubov\u00e9 umo\u017en\u00ed nat\u00e1hnout lepidlo \u010di stavebn\u00ed hmotu v pruz\u00edch a v\u00fd\u0161ce dle zubu hlad\u00edtka.<\/div>\n<\/section>\n<p>\t\t\t\t\t<!--end  More info -->\t\t\t\t\t\t\t\t\t\t\t\t\t\t\t\t\t\t\t\t\t\t\t\t\t\t\t\t\t\t\t<\/div>\n<\/p><\/div>\n<p><!--QTR Accessories --><\/p>\n","protected":false},"excerpt":{"rendered":"<p>Hlad\u00edtko nerezov\u00e9 zubov\u00e9 FESTA 280&#215;130 mm, zub e12, s gumovou ru\u010dkou, tl.plechu 0,8mm. Pou\u017e\u00edv\u00e1 se zejm\u00e9na k nan\u00e1\u0161en\u00ed lepidel pod obklady a dla\u017eby, d\u00e1le pak k nan\u00e1\u0161en\u00ed st\u011brek, \u0161tuk\u016f, om\u00edtek, tmel\u016f a dal\u0161\u00edch stavebn\u00edch hmot. Hlad\u00edtko nerezov\u00e9 zubov\u00e9 umo\u017en\u00ed nat\u00e1hnout lepidlo \u010di stavebn\u00ed hmotu v pruz\u00edch a v\u00fd\u0161ce dle zubu hlad\u00edtka.<\/p>\n","protected":false},"featured_media":46003,"comment_status":"open","ping_status":"open","template":"","meta":[],"product_brand":[],"product_cat":[153],"product_tag":[],"class_list":{"0":"post-45903","1":"product","2":"type-product","3":"status-publish","4":"has-post-thumbnail","6":"product_cat-n-aacute-rad-iacute","8":"first","9":"instock","10":"sale","11":"shipping-taxable","12":"purchasable","13":"product-type-simple"},"yoast_head":"<!-- This site is optimized with the Yoast SEO plugin v26.8 - https:\/\/yoast.com\/product\/yoast-seo-wordpress\/ -->\n<title>Posledn\u00ed \u0160ance 31145 | hlad&iacute;tko zuby E12 | nerez | 280x130 | gumov&aacute; ru&#269;ka | FESTA -<\/title>\n<meta name=\"robots\" content=\"index, follow, max-snippet:-1, max-image-preview:large, max-video-preview:-1\" \/>\n<link rel=\"canonical\" href=\"https:\/\/www.koupelnapro.com\/index.php\/produkt\/posledni-sance-31145-hlad-iacute-tko-zuby-e12-nerez-280x130-gumov-aacute-ru-269-ka-festa-45903\/\" \/>\n<meta property=\"og:locale\" content=\"cs_CZ\" \/>\n<meta property=\"og:type\" content=\"article\" \/>\n<meta property=\"og:title\" content=\"Posledn\u00ed \u0160ance 31145 | hlad&iacute;tko zuby E12 | nerez | 280x130 | gumov&aacute; ru&#269;ka | FESTA -\" \/>\n<meta property=\"og:description\" content=\"Hlad\u00edtko nerezov\u00e9 zubov\u00e9 FESTA 280&#215;130 mm, zub e12, s gumovou ru\u010dkou, tl.plechu 0,8mm. Pou\u017e\u00edv\u00e1 se zejm\u00e9na k nan\u00e1\u0161en\u00ed lepidel pod obklady a dla\u017eby, d\u00e1le pak k nan\u00e1\u0161en\u00ed st\u011brek, \u0161tuk\u016f, om\u00edtek, tmel\u016f a dal\u0161\u00edch stavebn\u00edch hmot. Hlad\u00edtko nerezov\u00e9 zubov\u00e9 umo\u017en\u00ed nat\u00e1hnout lepidlo \u010di stavebn\u00ed hmotu v pruz\u00edch a v\u00fd\u0161ce dle zubu hlad\u00edtka.\" \/>\n<meta property=\"og:url\" content=\"https:\/\/www.koupelnapro.com\/index.php\/produkt\/posledni-sance-31145-hlad-iacute-tko-zuby-e12-nerez-280x130-gumov-aacute-ru-269-ka-festa-45903\/\" \/>\n<meta property=\"og:image\" content=\"https:\/\/www.koupelnapro.com\/wp-content\/uploads\/2026\/SK0002701-CZ20260425-093107-0-1777080667-60744-large_default.webp\" \/>\n\t<meta property=\"og:image:width\" content=\"470\" \/>\n\t<meta property=\"og:image:height\" content=\"470\" \/>\n\t<meta property=\"og:image:type\" content=\"image\/webp\" \/>\n<meta name=\"twitter:card\" content=\"summary_large_image\" \/>\n<script type=\"application\/ld+json\" class=\"yoast-schema-graph\">{\"@context\":\"https:\/\/schema.org\",\"@graph\":[{\"@type\":\"WebPage\",\"@id\":\"https:\/\/www.koupelnapro.com\/index.php\/produkt\/posledni-sance-31145-hlad-iacute-tko-zuby-e12-nerez-280x130-gumov-aacute-ru-269-ka-festa-45903\/\",\"url\":\"https:\/\/www.koupelnapro.com\/index.php\/produkt\/posledni-sance-31145-hlad-iacute-tko-zuby-e12-nerez-280x130-gumov-aacute-ru-269-ka-festa-45903\/\",\"name\":\"Posledn\u00ed \u0160ance 31145 | hlad&iacute;tko zuby E12 | nerez | 280x130 | gumov&aacute; ru&#269;ka | FESTA -\",\"isPartOf\":{\"@id\":\"https:\/\/www.koupelnapro.com\/#website\"},\"primaryImageOfPage\":{\"@id\":\"https:\/\/www.koupelnapro.com\/index.php\/produkt\/posledni-sance-31145-hlad-iacute-tko-zuby-e12-nerez-280x130-gumov-aacute-ru-269-ka-festa-45903\/#primaryimage\"},\"image\":{\"@id\":\"https:\/\/www.koupelnapro.com\/index.php\/produkt\/posledni-sance-31145-hlad-iacute-tko-zuby-e12-nerez-280x130-gumov-aacute-ru-269-ka-festa-45903\/#primaryimage\"},\"thumbnailUrl\":\"https:\/\/www.koupelnapro.com\/wp-content\/uploads\/2026\/SK0002701-CZ20260425-093107-0-1777080667-60744-large_default.webp\",\"datePublished\":\"2026-04-26T09:16:25+00:00\",\"breadcrumb\":{\"@id\":\"https:\/\/www.koupelnapro.com\/index.php\/produkt\/posledni-sance-31145-hlad-iacute-tko-zuby-e12-nerez-280x130-gumov-aacute-ru-269-ka-festa-45903\/#breadcrumb\"},\"inLanguage\":\"cs\",\"potentialAction\":[{\"@type\":\"ReadAction\",\"target\":[\"https:\/\/www.koupelnapro.com\/index.php\/produkt\/posledni-sance-31145-hlad-iacute-tko-zuby-e12-nerez-280x130-gumov-aacute-ru-269-ka-festa-45903\/\"]}]},{\"@type\":\"ImageObject\",\"inLanguage\":\"cs\",\"@id\":\"https:\/\/www.koupelnapro.com\/index.php\/produkt\/posledni-sance-31145-hlad-iacute-tko-zuby-e12-nerez-280x130-gumov-aacute-ru-269-ka-festa-45903\/#primaryimage\",\"url\":\"https:\/\/www.koupelnapro.com\/wp-content\/uploads\/2026\/SK0002701-CZ20260425-093107-0-1777080667-60744-large_default.webp\",\"contentUrl\":\"https:\/\/www.koupelnapro.com\/wp-content\/uploads\/2026\/SK0002701-CZ20260425-093107-0-1777080667-60744-large_default.webp\",\"width\":470,\"height\":470},{\"@type\":\"BreadcrumbList\",\"@id\":\"https:\/\/www.koupelnapro.com\/index.php\/produkt\/posledni-sance-31145-hlad-iacute-tko-zuby-e12-nerez-280x130-gumov-aacute-ru-269-ka-festa-45903\/#breadcrumb\",\"itemListElement\":[{\"@type\":\"ListItem\",\"position\":1,\"name\":\"Home\",\"item\":\"https:\/\/www.koupelnapro.com\/\"},{\"@type\":\"ListItem\",\"position\":2,\"name\":\"Products\",\"item\":\"https:\/\/www.koupelnapro.com\/index.php\/products\/\"},{\"@type\":\"ListItem\",\"position\":3,\"name\":\"Posledn\u00ed \u0160ance 31145 | hlad&iacute;tko zuby E12 | nerez | 280&#215;130 | gumov&aacute; ru&#269;ka | FESTA\"}]},{\"@type\":\"WebSite\",\"@id\":\"https:\/\/www.koupelnapro.com\/#website\",\"url\":\"https:\/\/www.koupelnapro.com\/\",\"name\":\"\",\"description\":\"\",\"potentialAction\":[{\"@type\":\"SearchAction\",\"target\":{\"@type\":\"EntryPoint\",\"urlTemplate\":\"https:\/\/www.koupelnapro.com\/?s={search_term_string}\"},\"query-input\":{\"@type\":\"PropertyValueSpecification\",\"valueRequired\":true,\"valueName\":\"search_term_string\"}}],\"inLanguage\":\"cs\"}]}<\/script>\n<!-- \/ Yoast SEO plugin. -->","yoast_head_json":{"title":"Posledn\u00ed \u0160ance 31145 | hlad&iacute;tko zuby E12 | nerez | 280x130 | gumov&aacute; ru&#269;ka | FESTA -","robots":{"index":"index","follow":"follow","max-snippet":"max-snippet:-1","max-image-preview":"max-image-preview:large","max-video-preview":"max-video-preview:-1"},"canonical":"https:\/\/www.koupelnapro.com\/index.php\/produkt\/posledni-sance-31145-hlad-iacute-tko-zuby-e12-nerez-280x130-gumov-aacute-ru-269-ka-festa-45903\/","og_locale":"cs_CZ","og_type":"article","og_title":"Posledn\u00ed \u0160ance 31145 | hlad&iacute;tko zuby E12 | nerez | 280x130 | gumov&aacute; ru&#269;ka | FESTA -","og_description":"Hlad\u00edtko nerezov\u00e9 zubov\u00e9 FESTA 280&#215;130 mm, zub e12, s gumovou ru\u010dkou, tl.plechu 0,8mm. Pou\u017e\u00edv\u00e1 se zejm\u00e9na k nan\u00e1\u0161en\u00ed lepidel pod obklady a dla\u017eby, d\u00e1le pak k nan\u00e1\u0161en\u00ed st\u011brek, \u0161tuk\u016f, om\u00edtek, tmel\u016f a dal\u0161\u00edch stavebn\u00edch hmot. Hlad\u00edtko nerezov\u00e9 zubov\u00e9 umo\u017en\u00ed nat\u00e1hnout lepidlo \u010di stavebn\u00ed hmotu v pruz\u00edch a v\u00fd\u0161ce dle zubu hlad\u00edtka.","og_url":"https:\/\/www.koupelnapro.com\/index.php\/produkt\/posledni-sance-31145-hlad-iacute-tko-zuby-e12-nerez-280x130-gumov-aacute-ru-269-ka-festa-45903\/","og_image":[{"width":470,"height":470,"url":"https:\/\/www.koupelnapro.com\/wp-content\/uploads\/2026\/SK0002701-CZ20260425-093107-0-1777080667-60744-large_default.webp","type":"image\/webp"}],"twitter_card":"summary_large_image","schema":{"@context":"https:\/\/schema.org","@graph":[{"@type":"WebPage","@id":"https:\/\/www.koupelnapro.com\/index.php\/produkt\/posledni-sance-31145-hlad-iacute-tko-zuby-e12-nerez-280x130-gumov-aacute-ru-269-ka-festa-45903\/","url":"https:\/\/www.koupelnapro.com\/index.php\/produkt\/posledni-sance-31145-hlad-iacute-tko-zuby-e12-nerez-280x130-gumov-aacute-ru-269-ka-festa-45903\/","name":"Posledn\u00ed \u0160ance 31145 | hlad&iacute;tko zuby E12 | nerez | 280x130 | gumov&aacute; ru&#269;ka | FESTA -","isPartOf":{"@id":"https:\/\/www.koupelnapro.com\/#website"},"primaryImageOfPage":{"@id":"https:\/\/www.koupelnapro.com\/index.php\/produkt\/posledni-sance-31145-hlad-iacute-tko-zuby-e12-nerez-280x130-gumov-aacute-ru-269-ka-festa-45903\/#primaryimage"},"image":{"@id":"https:\/\/www.koupelnapro.com\/index.php\/produkt\/posledni-sance-31145-hlad-iacute-tko-zuby-e12-nerez-280x130-gumov-aacute-ru-269-ka-festa-45903\/#primaryimage"},"thumbnailUrl":"https:\/\/www.koupelnapro.com\/wp-content\/uploads\/2026\/SK0002701-CZ20260425-093107-0-1777080667-60744-large_default.webp","datePublished":"2026-04-26T09:16:25+00:00","breadcrumb":{"@id":"https:\/\/www.koupelnapro.com\/index.php\/produkt\/posledni-sance-31145-hlad-iacute-tko-zuby-e12-nerez-280x130-gumov-aacute-ru-269-ka-festa-45903\/#breadcrumb"},"inLanguage":"cs","potentialAction":[{"@type":"ReadAction","target":["https:\/\/www.koupelnapro.com\/index.php\/produkt\/posledni-sance-31145-hlad-iacute-tko-zuby-e12-nerez-280x130-gumov-aacute-ru-269-ka-festa-45903\/"]}]},{"@type":"ImageObject","inLanguage":"cs","@id":"https:\/\/www.koupelnapro.com\/index.php\/produkt\/posledni-sance-31145-hlad-iacute-tko-zuby-e12-nerez-280x130-gumov-aacute-ru-269-ka-festa-45903\/#primaryimage","url":"https:\/\/www.koupelnapro.com\/wp-content\/uploads\/2026\/SK0002701-CZ20260425-093107-0-1777080667-60744-large_default.webp","contentUrl":"https:\/\/www.koupelnapro.com\/wp-content\/uploads\/2026\/SK0002701-CZ20260425-093107-0-1777080667-60744-large_default.webp","width":470,"height":470},{"@type":"BreadcrumbList","@id":"https:\/\/www.koupelnapro.com\/index.php\/produkt\/posledni-sance-31145-hlad-iacute-tko-zuby-e12-nerez-280x130-gumov-aacute-ru-269-ka-festa-45903\/#breadcrumb","itemListElement":[{"@type":"ListItem","position":1,"name":"Home","item":"https:\/\/www.koupelnapro.com\/"},{"@type":"ListItem","position":2,"name":"Products","item":"https:\/\/www.koupelnapro.com\/index.php\/products\/"},{"@type":"ListItem","position":3,"name":"Posledn\u00ed \u0160ance 31145 | hlad&iacute;tko zuby E12 | nerez | 280&#215;130 | gumov&aacute; ru&#269;ka | FESTA"}]},{"@type":"WebSite","@id":"https:\/\/www.koupelnapro.com\/#website","url":"https:\/\/www.koupelnapro.com\/","name":"","description":"","potentialAction":[{"@type":"SearchAction","target":{"@type":"EntryPoint","urlTemplate":"https:\/\/www.koupelnapro.com\/?s={search_term_string}"},"query-input":{"@type":"PropertyValueSpecification","valueRequired":true,"valueName":"search_term_string"}}],"inLanguage":"cs"}]}},"_links":{"self":[{"href":"https:\/\/www.koupelnapro.com\/index.php\/wp-json\/wp\/v2\/product\/45903","targetHints":{"allow":["GET"]}}],"collection":[{"href":"https:\/\/www.koupelnapro.com\/index.php\/wp-json\/wp\/v2\/product"}],"about":[{"href":"https:\/\/www.koupelnapro.com\/index.php\/wp-json\/wp\/v2\/types\/product"}],"replies":[{"embeddable":true,"href":"https:\/\/www.koupelnapro.com\/index.php\/wp-json\/wp\/v2\/comments?post=45903"}],"wp:featuredmedia":[{"embeddable":true,"href":"https:\/\/www.koupelnapro.com\/index.php\/wp-json\/wp\/v2\/media\/46003"}],"wp:attachment":[{"href":"https:\/\/www.koupelnapro.com\/index.php\/wp-json\/wp\/v2\/media?parent=45903"}],"wp:term":[{"taxonomy":"product_brand","embeddable":true,"href":"https:\/\/www.koupelnapro.com\/index.php\/wp-json\/wp\/v2\/product_brand?post=45903"},{"taxonomy":"product_cat","embeddable":true,"href":"https:\/\/www.koupelnapro.com\/index.php\/wp-json\/wp\/v2\/product_cat?post=45903"},{"taxonomy":"product_tag","embeddable":true,"href":"https:\/\/www.koupelnapro.com\/index.php\/wp-json\/wp\/v2\/product_tag?post=45903"}],"curies":[{"name":"wp","href":"https:\/\/api.w.org\/{rel}","templated":true}]}}