{"id":45893,"date":"2026-04-26T09:16:25","date_gmt":"2026-04-26T09:16:25","guid":{"rendered":""},"modified":"2026-04-26T09:16:25","modified_gmt":"2026-04-26T09:16:25","slug":"24176-pila-na-porobeton-34t-17sk-zub-367-dl-75cm-festa-vyprodej-45893","status":"publish","type":"product","link":"https:\/\/www.koupelnapro.com\/index.php\/produkt\/24176-pila-na-porobeton-34t-17sk-zub-367-dl-75cm-festa-vyprodej-45893\/","title":{"rendered":"24176 | pila na porobeton | 34T\/17SK zub&#367; | dl.75cm | FESTA V\u00fdprodej"},"content":{"rendered":"<p><!-- More info -->\t\t\t\t\t<\/p>\n<section id=\"idTab1\" class=\"page-product-box tab-pane active\" role=\"tabpanel\" aria-labelledby=\"idTab1\">\t\t\t\t\t\t<!-- full description -->\t\t\t\t\t\t<\/p>\n<div class=\"rte\">Ergonomick\u00e1 ABS rukojet s m\u011bk\u010denou TPR gumou. Tuh\u00fd ocelov\u00fd list s b\u0159itov\u00fdmi desti\u010dky ze slinut\u00fdch karbid\u016f zaru\u010duj\u00edc\u00ed dlouhodob\u00fd \u0159ezn\u00fd v\u00fdkon. Po\u010det osazen\u00fdch zub\u016f: 17 Pracovn\u00ed d\u00e9lka: 750mm Pou\u017eit\u00ed: profesion\u00e1ln\u00ed pila pro \u0159ez\u00e1n\u00ed p\u00f3robetonov\u00fdch blok\u016f.<\/div>\n<\/section>\n<p>\t\t\t\t\t<!--end  More info -->\t\t\t\t\t\t\t\t\t\t\t\t\t\t\t\t\t\t\t\t\t\t\t\t\t\t\t\t\t\t\t<\/div>\n<\/p><\/div>\n<p><!--QTR Accessories --><\/p>\n","protected":false},"excerpt":{"rendered":"<p>Ergonomick\u00e1 ABS rukojet s m\u011bk\u010denou TPR gumou. Tuh\u00fd ocelov\u00fd list s b\u0159itov\u00fdmi desti\u010dky ze slinut\u00fdch karbid\u016f zaru\u010duj\u00edc\u00ed dlouhodob\u00fd \u0159ezn\u00fd v\u00fdkon. Po\u010det osazen\u00fdch zub\u016f: 17 Pracovn\u00ed d\u00e9lka: 750mm Pou\u017eit\u00ed: profesion\u00e1ln\u00ed pila pro \u0159ez\u00e1n\u00ed p\u00f3robetonov\u00fdch blok\u016f.<\/p>\n","protected":false},"featured_media":45993,"comment_status":"open","ping_status":"open","template":"","meta":[],"product_brand":[],"product_cat":[153],"product_tag":[],"class_list":{"0":"post-45893","1":"product","2":"type-product","3":"status-publish","4":"has-post-thumbnail","6":"product_cat-n-aacute-rad-iacute","8":"first","9":"instock","10":"sale","11":"shipping-taxable","12":"purchasable","13":"product-type-simple"},"yoast_head":"<!-- This site is optimized with the Yoast SEO plugin v26.8 - https:\/\/yoast.com\/product\/yoast-seo-wordpress\/ -->\n<title>24176 | pila na porobeton | 34T\/17SK zub&#367; | dl.75cm | FESTA V\u00fdprodej -<\/title>\n<meta name=\"robots\" content=\"index, follow, max-snippet:-1, max-image-preview:large, max-video-preview:-1\" \/>\n<link rel=\"canonical\" href=\"https:\/\/www.koupelnapro.com\/index.php\/produkt\/24176-pila-na-porobeton-34t-17sk-zub-367-dl-75cm-festa-vyprodej-45893\/\" \/>\n<meta property=\"og:locale\" content=\"cs_CZ\" \/>\n<meta property=\"og:type\" content=\"article\" \/>\n<meta property=\"og:title\" content=\"24176 | pila na porobeton | 34T\/17SK zub&#367; | dl.75cm | FESTA V\u00fdprodej -\" \/>\n<meta property=\"og:description\" content=\"Ergonomick\u00e1 ABS rukojet s m\u011bk\u010denou TPR gumou. Tuh\u00fd ocelov\u00fd list s b\u0159itov\u00fdmi desti\u010dky ze slinut\u00fdch karbid\u016f zaru\u010duj\u00edc\u00ed dlouhodob\u00fd \u0159ezn\u00fd v\u00fdkon. Po\u010det osazen\u00fdch zub\u016f: 17 Pracovn\u00ed d\u00e9lka: 750mm Pou\u017eit\u00ed: profesion\u00e1ln\u00ed pila pro \u0159ez\u00e1n\u00ed p\u00f3robetonov\u00fdch blok\u016f.\" \/>\n<meta property=\"og:url\" content=\"https:\/\/www.koupelnapro.com\/index.php\/produkt\/24176-pila-na-porobeton-34t-17sk-zub-367-dl-75cm-festa-vyprodej-45893\/\" \/>\n<meta property=\"og:image\" content=\"https:\/\/www.koupelnapro.com\/wp-content\/uploads\/2026\/SK0002686-CZ20260425-093107-0-1777080667-60728-large_default.webp\" \/>\n\t<meta property=\"og:image:width\" content=\"470\" \/>\n\t<meta property=\"og:image:height\" content=\"470\" \/>\n\t<meta property=\"og:image:type\" content=\"image\/webp\" \/>\n<meta name=\"twitter:card\" content=\"summary_large_image\" \/>\n<script type=\"application\/ld+json\" class=\"yoast-schema-graph\">{\"@context\":\"https:\/\/schema.org\",\"@graph\":[{\"@type\":\"WebPage\",\"@id\":\"https:\/\/www.koupelnapro.com\/index.php\/produkt\/24176-pila-na-porobeton-34t-17sk-zub-367-dl-75cm-festa-vyprodej-45893\/\",\"url\":\"https:\/\/www.koupelnapro.com\/index.php\/produkt\/24176-pila-na-porobeton-34t-17sk-zub-367-dl-75cm-festa-vyprodej-45893\/\",\"name\":\"24176 | pila na porobeton | 34T\/17SK zub&#367; | dl.75cm | FESTA V\u00fdprodej -\",\"isPartOf\":{\"@id\":\"https:\/\/www.koupelnapro.com\/#website\"},\"primaryImageOfPage\":{\"@id\":\"https:\/\/www.koupelnapro.com\/index.php\/produkt\/24176-pila-na-porobeton-34t-17sk-zub-367-dl-75cm-festa-vyprodej-45893\/#primaryimage\"},\"image\":{\"@id\":\"https:\/\/www.koupelnapro.com\/index.php\/produkt\/24176-pila-na-porobeton-34t-17sk-zub-367-dl-75cm-festa-vyprodej-45893\/#primaryimage\"},\"thumbnailUrl\":\"https:\/\/www.koupelnapro.com\/wp-content\/uploads\/2026\/SK0002686-CZ20260425-093107-0-1777080667-60728-large_default.webp\",\"datePublished\":\"2026-04-26T09:16:25+00:00\",\"breadcrumb\":{\"@id\":\"https:\/\/www.koupelnapro.com\/index.php\/produkt\/24176-pila-na-porobeton-34t-17sk-zub-367-dl-75cm-festa-vyprodej-45893\/#breadcrumb\"},\"inLanguage\":\"cs\",\"potentialAction\":[{\"@type\":\"ReadAction\",\"target\":[\"https:\/\/www.koupelnapro.com\/index.php\/produkt\/24176-pila-na-porobeton-34t-17sk-zub-367-dl-75cm-festa-vyprodej-45893\/\"]}]},{\"@type\":\"ImageObject\",\"inLanguage\":\"cs\",\"@id\":\"https:\/\/www.koupelnapro.com\/index.php\/produkt\/24176-pila-na-porobeton-34t-17sk-zub-367-dl-75cm-festa-vyprodej-45893\/#primaryimage\",\"url\":\"https:\/\/www.koupelnapro.com\/wp-content\/uploads\/2026\/SK0002686-CZ20260425-093107-0-1777080667-60728-large_default.webp\",\"contentUrl\":\"https:\/\/www.koupelnapro.com\/wp-content\/uploads\/2026\/SK0002686-CZ20260425-093107-0-1777080667-60728-large_default.webp\",\"width\":470,\"height\":470},{\"@type\":\"BreadcrumbList\",\"@id\":\"https:\/\/www.koupelnapro.com\/index.php\/produkt\/24176-pila-na-porobeton-34t-17sk-zub-367-dl-75cm-festa-vyprodej-45893\/#breadcrumb\",\"itemListElement\":[{\"@type\":\"ListItem\",\"position\":1,\"name\":\"Home\",\"item\":\"https:\/\/www.koupelnapro.com\/\"},{\"@type\":\"ListItem\",\"position\":2,\"name\":\"Products\",\"item\":\"https:\/\/www.koupelnapro.com\/index.php\/products\/\"},{\"@type\":\"ListItem\",\"position\":3,\"name\":\"24176 | pila na porobeton | 34T\/17SK zub&#367; | dl.75cm | FESTA V\u00fdprodej\"}]},{\"@type\":\"WebSite\",\"@id\":\"https:\/\/www.koupelnapro.com\/#website\",\"url\":\"https:\/\/www.koupelnapro.com\/\",\"name\":\"\",\"description\":\"\",\"potentialAction\":[{\"@type\":\"SearchAction\",\"target\":{\"@type\":\"EntryPoint\",\"urlTemplate\":\"https:\/\/www.koupelnapro.com\/?s={search_term_string}\"},\"query-input\":{\"@type\":\"PropertyValueSpecification\",\"valueRequired\":true,\"valueName\":\"search_term_string\"}}],\"inLanguage\":\"cs\"}]}<\/script>\n<!-- \/ Yoast SEO plugin. -->","yoast_head_json":{"title":"24176 | pila na porobeton | 34T\/17SK zub&#367; | dl.75cm | FESTA V\u00fdprodej -","robots":{"index":"index","follow":"follow","max-snippet":"max-snippet:-1","max-image-preview":"max-image-preview:large","max-video-preview":"max-video-preview:-1"},"canonical":"https:\/\/www.koupelnapro.com\/index.php\/produkt\/24176-pila-na-porobeton-34t-17sk-zub-367-dl-75cm-festa-vyprodej-45893\/","og_locale":"cs_CZ","og_type":"article","og_title":"24176 | pila na porobeton | 34T\/17SK zub&#367; | dl.75cm | FESTA V\u00fdprodej -","og_description":"Ergonomick\u00e1 ABS rukojet s m\u011bk\u010denou TPR gumou. Tuh\u00fd ocelov\u00fd list s b\u0159itov\u00fdmi desti\u010dky ze slinut\u00fdch karbid\u016f zaru\u010duj\u00edc\u00ed dlouhodob\u00fd \u0159ezn\u00fd v\u00fdkon. Po\u010det osazen\u00fdch zub\u016f: 17 Pracovn\u00ed d\u00e9lka: 750mm Pou\u017eit\u00ed: profesion\u00e1ln\u00ed pila pro \u0159ez\u00e1n\u00ed p\u00f3robetonov\u00fdch blok\u016f.","og_url":"https:\/\/www.koupelnapro.com\/index.php\/produkt\/24176-pila-na-porobeton-34t-17sk-zub-367-dl-75cm-festa-vyprodej-45893\/","og_image":[{"width":470,"height":470,"url":"https:\/\/www.koupelnapro.com\/wp-content\/uploads\/2026\/SK0002686-CZ20260425-093107-0-1777080667-60728-large_default.webp","type":"image\/webp"}],"twitter_card":"summary_large_image","schema":{"@context":"https:\/\/schema.org","@graph":[{"@type":"WebPage","@id":"https:\/\/www.koupelnapro.com\/index.php\/produkt\/24176-pila-na-porobeton-34t-17sk-zub-367-dl-75cm-festa-vyprodej-45893\/","url":"https:\/\/www.koupelnapro.com\/index.php\/produkt\/24176-pila-na-porobeton-34t-17sk-zub-367-dl-75cm-festa-vyprodej-45893\/","name":"24176 | pila na porobeton | 34T\/17SK zub&#367; | dl.75cm | FESTA V\u00fdprodej -","isPartOf":{"@id":"https:\/\/www.koupelnapro.com\/#website"},"primaryImageOfPage":{"@id":"https:\/\/www.koupelnapro.com\/index.php\/produkt\/24176-pila-na-porobeton-34t-17sk-zub-367-dl-75cm-festa-vyprodej-45893\/#primaryimage"},"image":{"@id":"https:\/\/www.koupelnapro.com\/index.php\/produkt\/24176-pila-na-porobeton-34t-17sk-zub-367-dl-75cm-festa-vyprodej-45893\/#primaryimage"},"thumbnailUrl":"https:\/\/www.koupelnapro.com\/wp-content\/uploads\/2026\/SK0002686-CZ20260425-093107-0-1777080667-60728-large_default.webp","datePublished":"2026-04-26T09:16:25+00:00","breadcrumb":{"@id":"https:\/\/www.koupelnapro.com\/index.php\/produkt\/24176-pila-na-porobeton-34t-17sk-zub-367-dl-75cm-festa-vyprodej-45893\/#breadcrumb"},"inLanguage":"cs","potentialAction":[{"@type":"ReadAction","target":["https:\/\/www.koupelnapro.com\/index.php\/produkt\/24176-pila-na-porobeton-34t-17sk-zub-367-dl-75cm-festa-vyprodej-45893\/"]}]},{"@type":"ImageObject","inLanguage":"cs","@id":"https:\/\/www.koupelnapro.com\/index.php\/produkt\/24176-pila-na-porobeton-34t-17sk-zub-367-dl-75cm-festa-vyprodej-45893\/#primaryimage","url":"https:\/\/www.koupelnapro.com\/wp-content\/uploads\/2026\/SK0002686-CZ20260425-093107-0-1777080667-60728-large_default.webp","contentUrl":"https:\/\/www.koupelnapro.com\/wp-content\/uploads\/2026\/SK0002686-CZ20260425-093107-0-1777080667-60728-large_default.webp","width":470,"height":470},{"@type":"BreadcrumbList","@id":"https:\/\/www.koupelnapro.com\/index.php\/produkt\/24176-pila-na-porobeton-34t-17sk-zub-367-dl-75cm-festa-vyprodej-45893\/#breadcrumb","itemListElement":[{"@type":"ListItem","position":1,"name":"Home","item":"https:\/\/www.koupelnapro.com\/"},{"@type":"ListItem","position":2,"name":"Products","item":"https:\/\/www.koupelnapro.com\/index.php\/products\/"},{"@type":"ListItem","position":3,"name":"24176 | pila na porobeton | 34T\/17SK zub&#367; | dl.75cm | FESTA V\u00fdprodej"}]},{"@type":"WebSite","@id":"https:\/\/www.koupelnapro.com\/#website","url":"https:\/\/www.koupelnapro.com\/","name":"","description":"","potentialAction":[{"@type":"SearchAction","target":{"@type":"EntryPoint","urlTemplate":"https:\/\/www.koupelnapro.com\/?s={search_term_string}"},"query-input":{"@type":"PropertyValueSpecification","valueRequired":true,"valueName":"search_term_string"}}],"inLanguage":"cs"}]}},"_links":{"self":[{"href":"https:\/\/www.koupelnapro.com\/index.php\/wp-json\/wp\/v2\/product\/45893","targetHints":{"allow":["GET"]}}],"collection":[{"href":"https:\/\/www.koupelnapro.com\/index.php\/wp-json\/wp\/v2\/product"}],"about":[{"href":"https:\/\/www.koupelnapro.com\/index.php\/wp-json\/wp\/v2\/types\/product"}],"replies":[{"embeddable":true,"href":"https:\/\/www.koupelnapro.com\/index.php\/wp-json\/wp\/v2\/comments?post=45893"}],"wp:featuredmedia":[{"embeddable":true,"href":"https:\/\/www.koupelnapro.com\/index.php\/wp-json\/wp\/v2\/media\/45993"}],"wp:attachment":[{"href":"https:\/\/www.koupelnapro.com\/index.php\/wp-json\/wp\/v2\/media?parent=45893"}],"wp:term":[{"taxonomy":"product_brand","embeddable":true,"href":"https:\/\/www.koupelnapro.com\/index.php\/wp-json\/wp\/v2\/product_brand?post=45893"},{"taxonomy":"product_cat","embeddable":true,"href":"https:\/\/www.koupelnapro.com\/index.php\/wp-json\/wp\/v2\/product_cat?post=45893"},{"taxonomy":"product_tag","embeddable":true,"href":"https:\/\/www.koupelnapro.com\/index.php\/wp-json\/wp\/v2\/product_tag?post=45893"}],"curies":[{"name":"wp","href":"https:\/\/api.w.org\/{rel}","templated":true}]}}