{"id":45786,"date":"2026-04-26T09:16:24","date_gmt":"2026-04-26T09:16:24","guid":{"rendered":""},"modified":"2026-04-26T09:16:24","modified_gmt":"2026-04-26T09:16:24","slug":"akcni-cena-24783-vrt-aacute-k-na-sklo-a-keramiku-pr-8-0mm-festa-drill-45786","status":"publish","type":"product","link":"https:\/\/www.koupelnapro.com\/index.php\/produkt\/akcni-cena-24783-vrt-aacute-k-na-sklo-a-keramiku-pr-8-0mm-festa-drill-45786\/","title":{"rendered":"Ak\u010dn\u00ed Cena 24783 | vrt&aacute;k na sklo a keramiku | pr.8,0mm | FESTA DRILL"},"content":{"rendered":"<p><!-- More info -->\t\t\t\t\t<\/p>\n<section id=\"idTab1\" class=\"page-product-box tab-pane active\" role=\"tabpanel\" aria-labelledby=\"idTab1\">\t\t\t\t\t\t<!-- full description -->\t\t\t\t\t\t<\/p>\n<div class=\"rte\">speci\u00e1ln\u00ed vrt\u00e1k pro p\u0159esn\u00e9 a rychl\u00e9 vrt\u00e1n\u00ed do skla, keramiky, tvrd\u00e9 dla\u017eby a obklad\u016f a jin\u00fdch extr\u00e9mn\u011b tvrd\u00fdch materi\u00e1l\u016f nejen ve stavebnictv\u00ed<br \/>\u010dty\u0159hrann\u00fd karbidov\u00fd hrot, t\u011blo z u\u0161lechtil\u00e9 oceli a \u0161estihrann\u00e1 stopka 1\/4&#8243;<br \/>p\u0159i vrt\u00e1n\u00ed do tvrd\u00e9 dla\u017eby doporu\u010dujeme chladit &#8211; sta\u010d\u00ed pono\u0159it do n\u00e1doby s vodou v pr\u016fb\u011bhu vrt\u00e1n\u00ed<br \/>vynikaj\u00edc\u00ed a v praxi prov\u011b\u0159en\u00e1 kvalita vrt\u00e1k\u016f nab\u00edz\u00ed pomoc v\u0161ude tam, kde se b\u011b\u017en\u00e9 vrt\u00e1ky do zdiva ne\u00faplatn\u00ed !<\/div>\n<\/section>\n<p>\t\t\t\t\t<!--end  More info -->\t\t\t\t\t\t\t\t\t\t\t\t\t\t\t\t\t\t\t\t\t\t\t\t\t\t\t\t\t\t\t<\/div>\n<\/p><\/div>\n<p><!--QTR Accessories --><\/p>\n","protected":false},"excerpt":{"rendered":"<p>speci\u00e1ln\u00ed vrt\u00e1k pro p\u0159esn\u00e9 a rychl\u00e9 vrt\u00e1n\u00ed do skla, keramiky, tvrd\u00e9 dla\u017eby a obklad\u016f a jin\u00fdch extr\u00e9mn\u011b tvrd\u00fdch materi\u00e1l\u016f nejen ve stavebnictv\u00ed\u010dty\u0159hrann\u00fd karbidov\u00fd hrot, t\u011blo z u\u0161lechtil\u00e9 oceli a \u0161estihrann\u00e1 stopka 1\/4&#8243;p\u0159i vrt\u00e1n\u00ed do tvrd\u00e9 dla\u017eby doporu\u010dujeme chladit &#8211; sta\u010d\u00ed pono\u0159it do n\u00e1doby s vodou v pr\u016fb\u011bhu vrt\u00e1n\u00edvynikaj\u00edc\u00ed a v praxi prov\u011b\u0159en\u00e1 kvalita vrt\u00e1k\u016f nab\u00edz\u00ed [&hellip;]<\/p>\n","protected":false},"featured_media":45886,"comment_status":"open","ping_status":"open","template":"","meta":[],"product_brand":[],"product_cat":[153],"product_tag":[],"class_list":{"0":"post-45786","1":"product","2":"type-product","3":"status-publish","4":"has-post-thumbnail","6":"product_cat-n-aacute-rad-iacute","8":"first","9":"instock","10":"sale","11":"shipping-taxable","12":"purchasable","13":"product-type-simple"},"yoast_head":"<!-- This site is optimized with the Yoast SEO plugin v26.8 - https:\/\/yoast.com\/product\/yoast-seo-wordpress\/ -->\n<title>Ak\u010dn\u00ed Cena 24783 | vrt&aacute;k na sklo a keramiku | pr.8,0mm | FESTA DRILL -<\/title>\n<meta name=\"robots\" content=\"index, follow, max-snippet:-1, max-image-preview:large, max-video-preview:-1\" \/>\n<link rel=\"canonical\" href=\"https:\/\/www.koupelnapro.com\/index.php\/produkt\/akcni-cena-24783-vrt-aacute-k-na-sklo-a-keramiku-pr-8-0mm-festa-drill-45786\/\" \/>\n<meta property=\"og:locale\" content=\"cs_CZ\" \/>\n<meta property=\"og:type\" content=\"article\" \/>\n<meta property=\"og:title\" content=\"Ak\u010dn\u00ed Cena 24783 | vrt&aacute;k na sklo a keramiku | pr.8,0mm | FESTA DRILL -\" \/>\n<meta property=\"og:description\" content=\"speci\u00e1ln\u00ed vrt\u00e1k pro p\u0159esn\u00e9 a rychl\u00e9 vrt\u00e1n\u00ed do skla, keramiky, tvrd\u00e9 dla\u017eby a obklad\u016f a jin\u00fdch extr\u00e9mn\u011b tvrd\u00fdch materi\u00e1l\u016f nejen ve stavebnictv\u00ed\u010dty\u0159hrann\u00fd karbidov\u00fd hrot, t\u011blo z u\u0161lechtil\u00e9 oceli a \u0161estihrann\u00e1 stopka 1\/4&#8243;p\u0159i vrt\u00e1n\u00ed do tvrd\u00e9 dla\u017eby doporu\u010dujeme chladit &#8211; sta\u010d\u00ed pono\u0159it do n\u00e1doby s vodou v pr\u016fb\u011bhu vrt\u00e1n\u00edvynikaj\u00edc\u00ed a v praxi prov\u011b\u0159en\u00e1 kvalita vrt\u00e1k\u016f nab\u00edz\u00ed [&hellip;]\" \/>\n<meta property=\"og:url\" content=\"https:\/\/www.koupelnapro.com\/index.php\/produkt\/akcni-cena-24783-vrt-aacute-k-na-sklo-a-keramiku-pr-8-0mm-festa-drill-45786\/\" \/>\n<meta property=\"og:image\" content=\"https:\/\/www.koupelnapro.com\/wp-content\/uploads\/2026\/SK0002676-CZ20260425-093107-0-1777080667-60716-large_default.webp\" \/>\n\t<meta property=\"og:image:width\" content=\"470\" \/>\n\t<meta property=\"og:image:height\" content=\"470\" \/>\n\t<meta property=\"og:image:type\" content=\"image\/webp\" \/>\n<meta name=\"twitter:card\" content=\"summary_large_image\" \/>\n<script type=\"application\/ld+json\" class=\"yoast-schema-graph\">{\"@context\":\"https:\/\/schema.org\",\"@graph\":[{\"@type\":\"WebPage\",\"@id\":\"https:\/\/www.koupelnapro.com\/index.php\/produkt\/akcni-cena-24783-vrt-aacute-k-na-sklo-a-keramiku-pr-8-0mm-festa-drill-45786\/\",\"url\":\"https:\/\/www.koupelnapro.com\/index.php\/produkt\/akcni-cena-24783-vrt-aacute-k-na-sklo-a-keramiku-pr-8-0mm-festa-drill-45786\/\",\"name\":\"Ak\u010dn\u00ed Cena 24783 | vrt&aacute;k na sklo a keramiku | pr.8,0mm | FESTA DRILL -\",\"isPartOf\":{\"@id\":\"https:\/\/www.koupelnapro.com\/#website\"},\"primaryImageOfPage\":{\"@id\":\"https:\/\/www.koupelnapro.com\/index.php\/produkt\/akcni-cena-24783-vrt-aacute-k-na-sklo-a-keramiku-pr-8-0mm-festa-drill-45786\/#primaryimage\"},\"image\":{\"@id\":\"https:\/\/www.koupelnapro.com\/index.php\/produkt\/akcni-cena-24783-vrt-aacute-k-na-sklo-a-keramiku-pr-8-0mm-festa-drill-45786\/#primaryimage\"},\"thumbnailUrl\":\"https:\/\/www.koupelnapro.com\/wp-content\/uploads\/2026\/SK0002676-CZ20260425-093107-0-1777080667-60716-large_default.webp\",\"datePublished\":\"2026-04-26T09:16:24+00:00\",\"breadcrumb\":{\"@id\":\"https:\/\/www.koupelnapro.com\/index.php\/produkt\/akcni-cena-24783-vrt-aacute-k-na-sklo-a-keramiku-pr-8-0mm-festa-drill-45786\/#breadcrumb\"},\"inLanguage\":\"cs\",\"potentialAction\":[{\"@type\":\"ReadAction\",\"target\":[\"https:\/\/www.koupelnapro.com\/index.php\/produkt\/akcni-cena-24783-vrt-aacute-k-na-sklo-a-keramiku-pr-8-0mm-festa-drill-45786\/\"]}]},{\"@type\":\"ImageObject\",\"inLanguage\":\"cs\",\"@id\":\"https:\/\/www.koupelnapro.com\/index.php\/produkt\/akcni-cena-24783-vrt-aacute-k-na-sklo-a-keramiku-pr-8-0mm-festa-drill-45786\/#primaryimage\",\"url\":\"https:\/\/www.koupelnapro.com\/wp-content\/uploads\/2026\/SK0002676-CZ20260425-093107-0-1777080667-60716-large_default.webp\",\"contentUrl\":\"https:\/\/www.koupelnapro.com\/wp-content\/uploads\/2026\/SK0002676-CZ20260425-093107-0-1777080667-60716-large_default.webp\",\"width\":470,\"height\":470},{\"@type\":\"BreadcrumbList\",\"@id\":\"https:\/\/www.koupelnapro.com\/index.php\/produkt\/akcni-cena-24783-vrt-aacute-k-na-sklo-a-keramiku-pr-8-0mm-festa-drill-45786\/#breadcrumb\",\"itemListElement\":[{\"@type\":\"ListItem\",\"position\":1,\"name\":\"Home\",\"item\":\"https:\/\/www.koupelnapro.com\/\"},{\"@type\":\"ListItem\",\"position\":2,\"name\":\"Products\",\"item\":\"https:\/\/www.koupelnapro.com\/index.php\/products\/\"},{\"@type\":\"ListItem\",\"position\":3,\"name\":\"Ak\u010dn\u00ed Cena 24783 | vrt&aacute;k na sklo a keramiku | pr.8,0mm | FESTA DRILL\"}]},{\"@type\":\"WebSite\",\"@id\":\"https:\/\/www.koupelnapro.com\/#website\",\"url\":\"https:\/\/www.koupelnapro.com\/\",\"name\":\"\",\"description\":\"\",\"potentialAction\":[{\"@type\":\"SearchAction\",\"target\":{\"@type\":\"EntryPoint\",\"urlTemplate\":\"https:\/\/www.koupelnapro.com\/?s={search_term_string}\"},\"query-input\":{\"@type\":\"PropertyValueSpecification\",\"valueRequired\":true,\"valueName\":\"search_term_string\"}}],\"inLanguage\":\"cs\"}]}<\/script>\n<!-- \/ Yoast SEO plugin. -->","yoast_head_json":{"title":"Ak\u010dn\u00ed Cena 24783 | vrt&aacute;k na sklo a keramiku | pr.8,0mm | FESTA DRILL -","robots":{"index":"index","follow":"follow","max-snippet":"max-snippet:-1","max-image-preview":"max-image-preview:large","max-video-preview":"max-video-preview:-1"},"canonical":"https:\/\/www.koupelnapro.com\/index.php\/produkt\/akcni-cena-24783-vrt-aacute-k-na-sklo-a-keramiku-pr-8-0mm-festa-drill-45786\/","og_locale":"cs_CZ","og_type":"article","og_title":"Ak\u010dn\u00ed Cena 24783 | vrt&aacute;k na sklo a keramiku | pr.8,0mm | FESTA DRILL -","og_description":"speci\u00e1ln\u00ed vrt\u00e1k pro p\u0159esn\u00e9 a rychl\u00e9 vrt\u00e1n\u00ed do skla, keramiky, tvrd\u00e9 dla\u017eby a obklad\u016f a jin\u00fdch extr\u00e9mn\u011b tvrd\u00fdch materi\u00e1l\u016f nejen ve stavebnictv\u00ed\u010dty\u0159hrann\u00fd karbidov\u00fd hrot, t\u011blo z u\u0161lechtil\u00e9 oceli a \u0161estihrann\u00e1 stopka 1\/4&#8243;p\u0159i vrt\u00e1n\u00ed do tvrd\u00e9 dla\u017eby doporu\u010dujeme chladit &#8211; sta\u010d\u00ed pono\u0159it do n\u00e1doby s vodou v pr\u016fb\u011bhu vrt\u00e1n\u00edvynikaj\u00edc\u00ed a v praxi prov\u011b\u0159en\u00e1 kvalita vrt\u00e1k\u016f nab\u00edz\u00ed [&hellip;]","og_url":"https:\/\/www.koupelnapro.com\/index.php\/produkt\/akcni-cena-24783-vrt-aacute-k-na-sklo-a-keramiku-pr-8-0mm-festa-drill-45786\/","og_image":[{"width":470,"height":470,"url":"https:\/\/www.koupelnapro.com\/wp-content\/uploads\/2026\/SK0002676-CZ20260425-093107-0-1777080667-60716-large_default.webp","type":"image\/webp"}],"twitter_card":"summary_large_image","schema":{"@context":"https:\/\/schema.org","@graph":[{"@type":"WebPage","@id":"https:\/\/www.koupelnapro.com\/index.php\/produkt\/akcni-cena-24783-vrt-aacute-k-na-sklo-a-keramiku-pr-8-0mm-festa-drill-45786\/","url":"https:\/\/www.koupelnapro.com\/index.php\/produkt\/akcni-cena-24783-vrt-aacute-k-na-sklo-a-keramiku-pr-8-0mm-festa-drill-45786\/","name":"Ak\u010dn\u00ed Cena 24783 | vrt&aacute;k na sklo a keramiku | pr.8,0mm | FESTA DRILL -","isPartOf":{"@id":"https:\/\/www.koupelnapro.com\/#website"},"primaryImageOfPage":{"@id":"https:\/\/www.koupelnapro.com\/index.php\/produkt\/akcni-cena-24783-vrt-aacute-k-na-sklo-a-keramiku-pr-8-0mm-festa-drill-45786\/#primaryimage"},"image":{"@id":"https:\/\/www.koupelnapro.com\/index.php\/produkt\/akcni-cena-24783-vrt-aacute-k-na-sklo-a-keramiku-pr-8-0mm-festa-drill-45786\/#primaryimage"},"thumbnailUrl":"https:\/\/www.koupelnapro.com\/wp-content\/uploads\/2026\/SK0002676-CZ20260425-093107-0-1777080667-60716-large_default.webp","datePublished":"2026-04-26T09:16:24+00:00","breadcrumb":{"@id":"https:\/\/www.koupelnapro.com\/index.php\/produkt\/akcni-cena-24783-vrt-aacute-k-na-sklo-a-keramiku-pr-8-0mm-festa-drill-45786\/#breadcrumb"},"inLanguage":"cs","potentialAction":[{"@type":"ReadAction","target":["https:\/\/www.koupelnapro.com\/index.php\/produkt\/akcni-cena-24783-vrt-aacute-k-na-sklo-a-keramiku-pr-8-0mm-festa-drill-45786\/"]}]},{"@type":"ImageObject","inLanguage":"cs","@id":"https:\/\/www.koupelnapro.com\/index.php\/produkt\/akcni-cena-24783-vrt-aacute-k-na-sklo-a-keramiku-pr-8-0mm-festa-drill-45786\/#primaryimage","url":"https:\/\/www.koupelnapro.com\/wp-content\/uploads\/2026\/SK0002676-CZ20260425-093107-0-1777080667-60716-large_default.webp","contentUrl":"https:\/\/www.koupelnapro.com\/wp-content\/uploads\/2026\/SK0002676-CZ20260425-093107-0-1777080667-60716-large_default.webp","width":470,"height":470},{"@type":"BreadcrumbList","@id":"https:\/\/www.koupelnapro.com\/index.php\/produkt\/akcni-cena-24783-vrt-aacute-k-na-sklo-a-keramiku-pr-8-0mm-festa-drill-45786\/#breadcrumb","itemListElement":[{"@type":"ListItem","position":1,"name":"Home","item":"https:\/\/www.koupelnapro.com\/"},{"@type":"ListItem","position":2,"name":"Products","item":"https:\/\/www.koupelnapro.com\/index.php\/products\/"},{"@type":"ListItem","position":3,"name":"Ak\u010dn\u00ed Cena 24783 | vrt&aacute;k na sklo a keramiku | pr.8,0mm | FESTA DRILL"}]},{"@type":"WebSite","@id":"https:\/\/www.koupelnapro.com\/#website","url":"https:\/\/www.koupelnapro.com\/","name":"","description":"","potentialAction":[{"@type":"SearchAction","target":{"@type":"EntryPoint","urlTemplate":"https:\/\/www.koupelnapro.com\/?s={search_term_string}"},"query-input":{"@type":"PropertyValueSpecification","valueRequired":true,"valueName":"search_term_string"}}],"inLanguage":"cs"}]}},"_links":{"self":[{"href":"https:\/\/www.koupelnapro.com\/index.php\/wp-json\/wp\/v2\/product\/45786","targetHints":{"allow":["GET"]}}],"collection":[{"href":"https:\/\/www.koupelnapro.com\/index.php\/wp-json\/wp\/v2\/product"}],"about":[{"href":"https:\/\/www.koupelnapro.com\/index.php\/wp-json\/wp\/v2\/types\/product"}],"replies":[{"embeddable":true,"href":"https:\/\/www.koupelnapro.com\/index.php\/wp-json\/wp\/v2\/comments?post=45786"}],"wp:featuredmedia":[{"embeddable":true,"href":"https:\/\/www.koupelnapro.com\/index.php\/wp-json\/wp\/v2\/media\/45886"}],"wp:attachment":[{"href":"https:\/\/www.koupelnapro.com\/index.php\/wp-json\/wp\/v2\/media?parent=45786"}],"wp:term":[{"taxonomy":"product_brand","embeddable":true,"href":"https:\/\/www.koupelnapro.com\/index.php\/wp-json\/wp\/v2\/product_brand?post=45786"},{"taxonomy":"product_cat","embeddable":true,"href":"https:\/\/www.koupelnapro.com\/index.php\/wp-json\/wp\/v2\/product_cat?post=45786"},{"taxonomy":"product_tag","embeddable":true,"href":"https:\/\/www.koupelnapro.com\/index.php\/wp-json\/wp\/v2\/product_tag?post=45786"}],"curies":[{"name":"wp","href":"https:\/\/api.w.org\/{rel}","templated":true}]}}