{"id":45124,"date":"2026-04-26T09:16:22","date_gmt":"2026-04-26T09:16:22","guid":{"rendered":""},"modified":"2026-04-26T09:16:22","modified_gmt":"2026-04-26T09:16:22","slug":"zrcadlo-60x100-cm-s-led-osvetlenim-gera-sezonni-sleva-45124","status":"publish","type":"product","link":"https:\/\/www.koupelnapro.com\/index.php\/produkt\/zrcadlo-60x100-cm-s-led-osvetlenim-gera-sezonni-sleva-45124\/","title":{"rendered":"Zrcadlo 60&#215;100 cm s LED osv\u011btlen\u00edm GERA Sez\u00f3nn\u00ed Sleva"},"content":{"rendered":"<div class=\"tabs__content-outer\" id=\"tab_description\" data-hash=\"description\" data-tabindex=\"-1\">\n<div class=\"tabs__content toggle_description\" id=\"content_description\">\n<div class=\"wysiwyg-content\">\n<div class=\"product__tab product__description full-width\">\n<div class=\"container\">\n<div >\n<h3>Zrcadlo 60&#215;100 cm s LED osv\u011btlen\u00edm GERA<\/h3>\n<p><strong>Zrcadlo GERA s LED osv\u011btlen\u00edm<\/strong>, je vhodn\u00e9 do p\u0159eds\u00edn\u00ed a koupelen a je v<strong> hlin\u00edkov\u00e9m le\u0161t\u011bn\u00e9m r\u00e1me\u010dku<\/strong>. Lze osadit jak na v\u00fd\u0161ku, tak i na \u0161\u00ed\u0159ku<strong>. <\/strong>P\u00edskovan\u00fd obvod je osv\u011btlen kvalitn\u00edmi<strong> LED p\u00e1sky. Zrcadlo bez vyp\u00edna\u010de.<\/strong><\/p>\n<p><strong>Interi\u00e9rov\u00e9 zrcadlo GERA\u00a0<\/strong>je skv\u011bl\u00fd zp\u016fsob, jak optim\u00e1ln\u011b vyu\u017e\u00edt prostor a prosv\u011btlit interi\u00e9r. Energeticky \u00fasporn\u00e9 vestav\u011bn\u00e9 LED osv\u011btlen\u00ed se vyzna\u010duje dlouhou \u017eivotnost\u00ed. Absence klinker\u016f a z\u00e1\u0159ivek usnad\u0148uje \u010di\u0161t\u011bn\u00ed povrchu zrcadla. Zrcadlo pot\u011b\u0161\u00ed oko vysok\u00fdmi estetick\u00fdmi hodnotami. Uchv\u00e1t\u00ed v\u00e1s svou jemnou lini\u00ed, uk\u00e1\u017ee v\u00edce ne\u017e kulat\u00fd model a z\u00e1rove\u0148 vytvo\u0159\u00ed vynikaj\u00edc\u00ed duo s aerodynamickou v\u00fdbavou.<\/p>\n<p>Zrcadlo GERA do koupelny spln\u00ed nejen dekorativn\u00ed funkci, ale usnadn\u00ed i ka\u017edodenn\u00ed p\u00e9\u010di. Opticky zv\u011bt\u0161\u00ed prostor a umo\u017en\u00ed pohodln\u00e9 nan\u00e1\u0161en\u00ed make-upu a dal\u0161\u00edch pe\u010duj\u00edc\u00edch \u010dinnost\u00ed. Zav\u011bste je nad umyvadlo nebo na jin\u00e9 m\u00edsto, ve v\u00fd\u0161ce p\u0159izp\u016fsoben\u00e9 v\u00fd\u0161ce \u010dlen\u016f dom\u00e1cnosti.<\/p>\n<p>Nov\u00e9 zrcadlo do p\u0159eds\u00edn\u011b v\u00e1m umo\u017en\u00ed rychle zkontrolovat sv\u016fj vzhled a upravit styling do posledn\u00edho detailu. Zrcadlo GERA opticky zv\u011bt\u0161\u00ed prostor a bude zaj\u00edmav\u00fdm aran\u017e\u00e9rsk\u00fdm akcentem.<\/p>\n<p>Zrcadlo v lo\u017enici je osv\u011bd\u010den\u00fd zp\u016fsob, jak interi\u00e9r opticky zv\u011bt\u0161it a dodat mu \u00fa\u017easn\u00e9 kouzlo. Vyu\u017eijete je mnoha zp\u016fsoby \u2013 jako alternativu k obraz\u016fm, fotografi\u00edm v r\u00e1mech i jako m\u00edsto nap\u0159\u00edklad pro kosmetick\u00e1 o\u0161et\u0159en\u00ed. Zav\u011bste nebo um\u00edst\u011bte zrcadlo GERA pro snadn\u00e9 vizu\u00e1ln\u00ed modelov\u00e1n\u00ed interi\u00e9ru.<\/p>\n<p>Tento model dopln\u00ed aran\u017em\u00e1 v mal\u00e9m i v\u011bt\u0161\u00edm ob\u00fdvac\u00edm pokoji. M\u016f\u017eete je zav\u011bsit nad seda\u010dku, komodu nebo na volnou st\u011bnu, stejn\u011b jako experimentovat a vyu\u017e\u00edt je k osv\u011btlen\u00ed interi\u00e9ru. Zrcadlo GERA bude odr\u00e1\u017eet vybaven\u00ed a dekorace, d\u00edky \u010demu\u017e bude m\u00edstnost je\u0161t\u011b okouzluj\u00edc\u00ed. Nov\u00e9 zrcadlo bude fungovat v \u0161atn\u011b a bude slou\u017eit jako dokonal\u00e9 m\u00edsto, kde se m\u016f\u017eete pod\u00edvat, ne\u017e vyjdete ven a zkontrolovat sv\u016fj vzhled a styl. S jeho pomoc\u00ed m\u016f\u017eete p\u0159esn\u011b posoudit sv\u016fj outfit, vybrat dopl\u0148ky a ovl\u00e1dat sv\u016fj \u00fa\u010des.<\/p>\n<h4><strong>P\u0159ednosti zrcadla GERA:<\/strong><\/h4>\n<ul>\n<li>Zrcadlo\u00a0<strong>podsv\u00edcen\u00e9 LED p\u00e1skem (p\u0159\u00edkon 32W)<\/strong><\/li>\n<li><strong>Barva podsv\u00edcen\u00ed:\u00a0<\/strong>neutr\u00e1ln\u00ed\u00a0b\u00edl\u00e1<\/li>\n<li>Zrcadlo dod\u00e1 prostoru<strong>\u00a0v\u00edce sv\u011btla<\/strong><\/li>\n<li>\u0160pi\u010dkov\u00e1 povrchov\u00e1 \u00faprava =\u00a0<strong>velmi snadn\u00e1 \u00fadr\u017eba<\/strong><\/li>\n<li><strong>Rozm\u011br:<\/strong>\u00a060 x 100 cm, hloubka 2,6 cm<\/li>\n<\/ul>\n<p><b>Vlastnosti<\/b><\/p>\n<ul>\n<li><span>Rozm\u011br_C:<\/span> 100 cm<\/li>\n<li><span>Osv\u011btlen\u00ed:<\/span> LED<\/li>\n<li><span>Stupe\u0148_kryt\u00ed:<\/span> IP44<\/li>\n<li><span>Instalace:<\/span> Z\u00e1v\u011bsn\u00e1<\/li>\n<li><span>Rozm\u011br_A:<\/span> 60 cm<\/li>\n<li><span>Skupina_artiklu:<\/span> S18A<\/li>\n<li><span>Katalog:<\/span> Olsen-Spa,HOPA Koupelny<\/li>\n<li><span>Barva:<\/span> B\u00edl\u00e1<\/li>\n<li><span>Rozm\u011br_B:<\/span> 2.6 cm<\/li>\n<li><span>Materi\u00e1l:<\/span> Plast,Sklo<\/li>\n<\/ul>\n<\/div><\/div>\n<\/p><\/div>\n<\/p><\/div>\n<\/p><\/div>\n","protected":false},"excerpt":{"rendered":"<p>Zrcadlo 60&#215;100 cm s LED osv\u011btlen\u00edm GERA Zrcadlo GERA s LED osv\u011btlen\u00edm, je vhodn\u00e9 do p\u0159eds\u00edn\u00ed a koupelen a je v hlin\u00edkov\u00e9m le\u0161t\u011bn\u00e9m r\u00e1me\u010dku. Lze osadit jak na v\u00fd\u0161ku, tak i na \u0161\u00ed\u0159ku. P\u00edskovan\u00fd obvod je osv\u011btlen kvalitn\u00edmi LED p\u00e1sky. Zrcadlo bez vyp\u00edna\u010de. Interi\u00e9rov\u00e9 zrcadlo GERA\u00a0je skv\u011bl\u00fd zp\u016fsob, jak optim\u00e1ln\u011b vyu\u017e\u00edt prostor a prosv\u011btlit interi\u00e9r. [&hellip;]<\/p>\n","protected":false},"featured_media":45224,"comment_status":"open","ping_status":"open","template":"","meta":[],"product_brand":[],"product_cat":[152],"product_tag":[],"class_list":{"0":"post-45124","1":"product","2":"type-product","3":"status-publish","4":"has-post-thumbnail","6":"product_cat-koupelna","8":"first","9":"instock","10":"sale","11":"shipping-taxable","12":"purchasable","13":"product-type-simple"},"yoast_head":"<!-- This site is optimized with the Yoast SEO plugin v26.8 - https:\/\/yoast.com\/product\/yoast-seo-wordpress\/ -->\n<title>Zrcadlo 60x100 cm s LED osv\u011btlen\u00edm GERA Sez\u00f3nn\u00ed Sleva -<\/title>\n<meta name=\"robots\" content=\"index, follow, max-snippet:-1, max-image-preview:large, max-video-preview:-1\" \/>\n<link rel=\"canonical\" href=\"https:\/\/www.koupelnapro.com\/index.php\/produkt\/zrcadlo-60x100-cm-s-led-osvetlenim-gera-sezonni-sleva-45124\/\" \/>\n<meta property=\"og:locale\" content=\"cs_CZ\" \/>\n<meta property=\"og:type\" content=\"article\" \/>\n<meta property=\"og:title\" content=\"Zrcadlo 60x100 cm s LED osv\u011btlen\u00edm GERA Sez\u00f3nn\u00ed Sleva -\" \/>\n<meta property=\"og:description\" content=\"Zrcadlo 60&#215;100 cm s LED osv\u011btlen\u00edm GERA Zrcadlo GERA s LED osv\u011btlen\u00edm, je vhodn\u00e9 do p\u0159eds\u00edn\u00ed a koupelen a je v hlin\u00edkov\u00e9m le\u0161t\u011bn\u00e9m r\u00e1me\u010dku. Lze osadit jak na v\u00fd\u0161ku, tak i na \u0161\u00ed\u0159ku. P\u00edskovan\u00fd obvod je osv\u011btlen kvalitn\u00edmi LED p\u00e1sky. Zrcadlo bez vyp\u00edna\u010de. Interi\u00e9rov\u00e9 zrcadlo GERA\u00a0je skv\u011bl\u00fd zp\u016fsob, jak optim\u00e1ln\u011b vyu\u017e\u00edt prostor a prosv\u011btlit interi\u00e9r. [&hellip;]\" \/>\n<meta property=\"og:url\" content=\"https:\/\/www.koupelnapro.com\/index.php\/produkt\/zrcadlo-60x100-cm-s-led-osvetlenim-gera-sezonni-sleva-45124\/\" \/>\n<meta property=\"og:image\" content=\"https:\/\/www.koupelnapro.com\/wp-content\/uploads\/2026\/SK0003655-CZ20260425-093041-0-1777080643-zrcadlo-s-led-osvetlenim-gera.webp\" \/>\n\t<meta property=\"og:image:width\" content=\"479\" \/>\n\t<meta property=\"og:image:height\" content=\"800\" \/>\n\t<meta property=\"og:image:type\" content=\"image\/webp\" \/>\n<meta name=\"twitter:card\" content=\"summary_large_image\" \/>\n<meta name=\"twitter:label1\" content=\"Odhadovan\u00e1 doba \u010dten\u00ed\" \/>\n\t<meta name=\"twitter:data1\" content=\"2 minuty\" \/>\n<script type=\"application\/ld+json\" class=\"yoast-schema-graph\">{\"@context\":\"https:\/\/schema.org\",\"@graph\":[{\"@type\":\"WebPage\",\"@id\":\"https:\/\/www.koupelnapro.com\/index.php\/produkt\/zrcadlo-60x100-cm-s-led-osvetlenim-gera-sezonni-sleva-45124\/\",\"url\":\"https:\/\/www.koupelnapro.com\/index.php\/produkt\/zrcadlo-60x100-cm-s-led-osvetlenim-gera-sezonni-sleva-45124\/\",\"name\":\"Zrcadlo 60x100 cm s LED osv\u011btlen\u00edm GERA Sez\u00f3nn\u00ed Sleva -\",\"isPartOf\":{\"@id\":\"https:\/\/www.koupelnapro.com\/#website\"},\"primaryImageOfPage\":{\"@id\":\"https:\/\/www.koupelnapro.com\/index.php\/produkt\/zrcadlo-60x100-cm-s-led-osvetlenim-gera-sezonni-sleva-45124\/#primaryimage\"},\"image\":{\"@id\":\"https:\/\/www.koupelnapro.com\/index.php\/produkt\/zrcadlo-60x100-cm-s-led-osvetlenim-gera-sezonni-sleva-45124\/#primaryimage\"},\"thumbnailUrl\":\"https:\/\/www.koupelnapro.com\/wp-content\/uploads\/2026\/SK0003655-CZ20260425-093041-0-1777080643-zrcadlo-s-led-osvetlenim-gera.webp\",\"datePublished\":\"2026-04-26T09:16:22+00:00\",\"breadcrumb\":{\"@id\":\"https:\/\/www.koupelnapro.com\/index.php\/produkt\/zrcadlo-60x100-cm-s-led-osvetlenim-gera-sezonni-sleva-45124\/#breadcrumb\"},\"inLanguage\":\"cs\",\"potentialAction\":[{\"@type\":\"ReadAction\",\"target\":[\"https:\/\/www.koupelnapro.com\/index.php\/produkt\/zrcadlo-60x100-cm-s-led-osvetlenim-gera-sezonni-sleva-45124\/\"]}]},{\"@type\":\"ImageObject\",\"inLanguage\":\"cs\",\"@id\":\"https:\/\/www.koupelnapro.com\/index.php\/produkt\/zrcadlo-60x100-cm-s-led-osvetlenim-gera-sezonni-sleva-45124\/#primaryimage\",\"url\":\"https:\/\/www.koupelnapro.com\/wp-content\/uploads\/2026\/SK0003655-CZ20260425-093041-0-1777080643-zrcadlo-s-led-osvetlenim-gera.webp\",\"contentUrl\":\"https:\/\/www.koupelnapro.com\/wp-content\/uploads\/2026\/SK0003655-CZ20260425-093041-0-1777080643-zrcadlo-s-led-osvetlenim-gera.webp\",\"width\":479,\"height\":800},{\"@type\":\"BreadcrumbList\",\"@id\":\"https:\/\/www.koupelnapro.com\/index.php\/produkt\/zrcadlo-60x100-cm-s-led-osvetlenim-gera-sezonni-sleva-45124\/#breadcrumb\",\"itemListElement\":[{\"@type\":\"ListItem\",\"position\":1,\"name\":\"Home\",\"item\":\"https:\/\/www.koupelnapro.com\/\"},{\"@type\":\"ListItem\",\"position\":2,\"name\":\"Products\",\"item\":\"https:\/\/www.koupelnapro.com\/index.php\/products\/\"},{\"@type\":\"ListItem\",\"position\":3,\"name\":\"Zrcadlo 60&#215;100 cm s LED osv\u011btlen\u00edm GERA Sez\u00f3nn\u00ed Sleva\"}]},{\"@type\":\"WebSite\",\"@id\":\"https:\/\/www.koupelnapro.com\/#website\",\"url\":\"https:\/\/www.koupelnapro.com\/\",\"name\":\"\",\"description\":\"\",\"potentialAction\":[{\"@type\":\"SearchAction\",\"target\":{\"@type\":\"EntryPoint\",\"urlTemplate\":\"https:\/\/www.koupelnapro.com\/?s={search_term_string}\"},\"query-input\":{\"@type\":\"PropertyValueSpecification\",\"valueRequired\":true,\"valueName\":\"search_term_string\"}}],\"inLanguage\":\"cs\"}]}<\/script>\n<!-- \/ Yoast SEO plugin. -->","yoast_head_json":{"title":"Zrcadlo 60x100 cm s LED osv\u011btlen\u00edm GERA Sez\u00f3nn\u00ed Sleva -","robots":{"index":"index","follow":"follow","max-snippet":"max-snippet:-1","max-image-preview":"max-image-preview:large","max-video-preview":"max-video-preview:-1"},"canonical":"https:\/\/www.koupelnapro.com\/index.php\/produkt\/zrcadlo-60x100-cm-s-led-osvetlenim-gera-sezonni-sleva-45124\/","og_locale":"cs_CZ","og_type":"article","og_title":"Zrcadlo 60x100 cm s LED osv\u011btlen\u00edm GERA Sez\u00f3nn\u00ed Sleva -","og_description":"Zrcadlo 60&#215;100 cm s LED osv\u011btlen\u00edm GERA Zrcadlo GERA s LED osv\u011btlen\u00edm, je vhodn\u00e9 do p\u0159eds\u00edn\u00ed a koupelen a je v hlin\u00edkov\u00e9m le\u0161t\u011bn\u00e9m r\u00e1me\u010dku. Lze osadit jak na v\u00fd\u0161ku, tak i na \u0161\u00ed\u0159ku. P\u00edskovan\u00fd obvod je osv\u011btlen kvalitn\u00edmi LED p\u00e1sky. Zrcadlo bez vyp\u00edna\u010de. Interi\u00e9rov\u00e9 zrcadlo GERA\u00a0je skv\u011bl\u00fd zp\u016fsob, jak optim\u00e1ln\u011b vyu\u017e\u00edt prostor a prosv\u011btlit interi\u00e9r. [&hellip;]","og_url":"https:\/\/www.koupelnapro.com\/index.php\/produkt\/zrcadlo-60x100-cm-s-led-osvetlenim-gera-sezonni-sleva-45124\/","og_image":[{"width":479,"height":800,"url":"https:\/\/www.koupelnapro.com\/wp-content\/uploads\/2026\/SK0003655-CZ20260425-093041-0-1777080643-zrcadlo-s-led-osvetlenim-gera.webp","type":"image\/webp"}],"twitter_card":"summary_large_image","twitter_misc":{"Odhadovan\u00e1 doba \u010dten\u00ed":"2 minuty"},"schema":{"@context":"https:\/\/schema.org","@graph":[{"@type":"WebPage","@id":"https:\/\/www.koupelnapro.com\/index.php\/produkt\/zrcadlo-60x100-cm-s-led-osvetlenim-gera-sezonni-sleva-45124\/","url":"https:\/\/www.koupelnapro.com\/index.php\/produkt\/zrcadlo-60x100-cm-s-led-osvetlenim-gera-sezonni-sleva-45124\/","name":"Zrcadlo 60x100 cm s LED osv\u011btlen\u00edm GERA Sez\u00f3nn\u00ed Sleva -","isPartOf":{"@id":"https:\/\/www.koupelnapro.com\/#website"},"primaryImageOfPage":{"@id":"https:\/\/www.koupelnapro.com\/index.php\/produkt\/zrcadlo-60x100-cm-s-led-osvetlenim-gera-sezonni-sleva-45124\/#primaryimage"},"image":{"@id":"https:\/\/www.koupelnapro.com\/index.php\/produkt\/zrcadlo-60x100-cm-s-led-osvetlenim-gera-sezonni-sleva-45124\/#primaryimage"},"thumbnailUrl":"https:\/\/www.koupelnapro.com\/wp-content\/uploads\/2026\/SK0003655-CZ20260425-093041-0-1777080643-zrcadlo-s-led-osvetlenim-gera.webp","datePublished":"2026-04-26T09:16:22+00:00","breadcrumb":{"@id":"https:\/\/www.koupelnapro.com\/index.php\/produkt\/zrcadlo-60x100-cm-s-led-osvetlenim-gera-sezonni-sleva-45124\/#breadcrumb"},"inLanguage":"cs","potentialAction":[{"@type":"ReadAction","target":["https:\/\/www.koupelnapro.com\/index.php\/produkt\/zrcadlo-60x100-cm-s-led-osvetlenim-gera-sezonni-sleva-45124\/"]}]},{"@type":"ImageObject","inLanguage":"cs","@id":"https:\/\/www.koupelnapro.com\/index.php\/produkt\/zrcadlo-60x100-cm-s-led-osvetlenim-gera-sezonni-sleva-45124\/#primaryimage","url":"https:\/\/www.koupelnapro.com\/wp-content\/uploads\/2026\/SK0003655-CZ20260425-093041-0-1777080643-zrcadlo-s-led-osvetlenim-gera.webp","contentUrl":"https:\/\/www.koupelnapro.com\/wp-content\/uploads\/2026\/SK0003655-CZ20260425-093041-0-1777080643-zrcadlo-s-led-osvetlenim-gera.webp","width":479,"height":800},{"@type":"BreadcrumbList","@id":"https:\/\/www.koupelnapro.com\/index.php\/produkt\/zrcadlo-60x100-cm-s-led-osvetlenim-gera-sezonni-sleva-45124\/#breadcrumb","itemListElement":[{"@type":"ListItem","position":1,"name":"Home","item":"https:\/\/www.koupelnapro.com\/"},{"@type":"ListItem","position":2,"name":"Products","item":"https:\/\/www.koupelnapro.com\/index.php\/products\/"},{"@type":"ListItem","position":3,"name":"Zrcadlo 60&#215;100 cm s LED osv\u011btlen\u00edm GERA Sez\u00f3nn\u00ed Sleva"}]},{"@type":"WebSite","@id":"https:\/\/www.koupelnapro.com\/#website","url":"https:\/\/www.koupelnapro.com\/","name":"","description":"","potentialAction":[{"@type":"SearchAction","target":{"@type":"EntryPoint","urlTemplate":"https:\/\/www.koupelnapro.com\/?s={search_term_string}"},"query-input":{"@type":"PropertyValueSpecification","valueRequired":true,"valueName":"search_term_string"}}],"inLanguage":"cs"}]}},"_links":{"self":[{"href":"https:\/\/www.koupelnapro.com\/index.php\/wp-json\/wp\/v2\/product\/45124","targetHints":{"allow":["GET"]}}],"collection":[{"href":"https:\/\/www.koupelnapro.com\/index.php\/wp-json\/wp\/v2\/product"}],"about":[{"href":"https:\/\/www.koupelnapro.com\/index.php\/wp-json\/wp\/v2\/types\/product"}],"replies":[{"embeddable":true,"href":"https:\/\/www.koupelnapro.com\/index.php\/wp-json\/wp\/v2\/comments?post=45124"}],"wp:featuredmedia":[{"embeddable":true,"href":"https:\/\/www.koupelnapro.com\/index.php\/wp-json\/wp\/v2\/media\/45224"}],"wp:attachment":[{"href":"https:\/\/www.koupelnapro.com\/index.php\/wp-json\/wp\/v2\/media?parent=45124"}],"wp:term":[{"taxonomy":"product_brand","embeddable":true,"href":"https:\/\/www.koupelnapro.com\/index.php\/wp-json\/wp\/v2\/product_brand?post=45124"},{"taxonomy":"product_cat","embeddable":true,"href":"https:\/\/www.koupelnapro.com\/index.php\/wp-json\/wp\/v2\/product_cat?post=45124"},{"taxonomy":"product_tag","embeddable":true,"href":"https:\/\/www.koupelnapro.com\/index.php\/wp-json\/wp\/v2\/product_tag?post=45124"}],"curies":[{"name":"wp","href":"https:\/\/api.w.org\/{rel}","templated":true}]}}