{"id":44737,"date":"2026-04-26T09:16:20","date_gmt":"2026-04-26T09:16:20","guid":{"rendered":""},"modified":"2026-04-26T09:16:20","modified_gmt":"2026-04-26T09:16:20","slug":"zrcadlo-s-led-osvetlenim-houx-originalni-44737","status":"publish","type":"product","link":"https:\/\/www.koupelnapro.com\/index.php\/produkt\/zrcadlo-s-led-osvetlenim-houx-originalni-44737\/","title":{"rendered":"Zrcadlo s LED osv\u011btlen\u00edm Houx Origin\u00e1ln\u00ed"},"content":{"rendered":"<div class=\"tabs__content-outer\" id=\"tab_description\" data-hash=\"description\" data-tabindex=\"-1\">\n<div class=\"tabs__content toggle_description\" id=\"content_description\">\n<div class=\"wysiwyg-content\">\n<div class=\"product__tab product__description full-width\">\n<div class=\"container\">\n<div >\n<h3>Zrcadlo s LED osv\u011btlen\u00edm Houx<\/h3>\n<p><strong>Interi\u00e9rov\u00e9 zrcadlo Houx s LED podsv\u00edcen\u00edm<\/strong> p\u0159i horn\u00ed hran\u011b, vnese do va\u0161\u00ed koupelny kousek luxusu, kter\u00fd si m\u016f\u017eete u\u017e\u00edvat ka\u017ed\u00fd den. P\u0159i v\u00fdrob\u011b byly pou\u017eity<strong> prvot\u0159\u00eddn\u00ed materi\u00e1ly a nejmodern\u011bj\u0161\u00ed technologie<\/strong>. Povrch zrcadla je speci\u00e1ln\u011b upraven pro <strong>snadnou \u00fadr\u017ebu a vysokou odolnost.<\/strong><\/p>\n<p><strong>Interi\u00e9rov\u00e9 zrcadlo Houx\u00a0<\/strong>vynik\u00e1 vysoce kvalitn\u00edm zpracov\u00e1n\u00edm a spolehlivou funk\u010dnost\u00ed v\u0161ech sou\u010d\u00e1st\u00ed a materi\u00e1l\u016f.\u00a0<\/p>\n<p><strong>P\u0159ednosti zrcadla Houx<\/strong><\/p>\n<ul>\n<li>zrcadlo podsv\u00edcen\u00e9 LED p\u00e1skem<\/li>\n<li>barva podsv\u00edcen\u00ed studen\u00e1 b\u00edl\u00e1<\/li>\n<li>zrcadlo dod\u00e1 prostoru v\u00edce sv\u011btla<\/li>\n<li>zrcadlo bez vyp\u00edna\u010de<\/li>\n<li>\u0161pi\u010dkov\u00e1 povrchov\u00e1 \u00faprava = velmi snadn\u00e1 \u00fadr\u017eba<\/li>\n<li>dod\u00e1v\u00e1no ve smontovan\u00e9m stavu, p\u0159ipraveno k okam\u017eit\u00e9 instalaci<\/li>\n<\/ul>\n<p><strong>Rozm\u011bry:\u00a0<\/strong><\/p>\n<p>70 x 55 cm<\/p>\n<p>100 x 65 cm<\/p>\n<p>120 x 65 cm<\/p>\n<p><b>Vlastnosti<\/b><\/p>\n<ul>\n<li><span>Materi\u00e1l:<\/span> Sklo<\/li>\n<li><span>Barva:<\/span> B\u00edl\u00e1<\/li>\n<li><span>S\u00e9rie:<\/span> HOUX<\/li>\n<li><span>Rozm\u011br_C:<\/span> 65 cm,55 cm<\/li>\n<li><span>Osv\u011btlen\u00ed:<\/span> LED<\/li>\n<li><span>Stupe\u0148_kryt\u00ed:<\/span> IP20<\/li>\n<li><span>Instalace:<\/span> Z\u00e1v\u011bsn\u00e1<\/li>\n<li><span>Rozm\u011br_A:<\/span> 100 cm,120 cm,70 cm<\/li>\n<li><span>Rozm\u011br C:<\/span> 100 cm, 65 cm, 120 cm, 65 cm, 70 cm, 55 cm<\/li>\n<\/ul>\n<\/div><\/div>\n<\/p><\/div>\n<\/p><\/div>\n<\/p><\/div>\n","protected":false},"excerpt":{"rendered":"<p>Zrcadlo s LED osv\u011btlen\u00edm Houx Interi\u00e9rov\u00e9 zrcadlo Houx s LED podsv\u00edcen\u00edm p\u0159i horn\u00ed hran\u011b, vnese do va\u0161\u00ed koupelny kousek luxusu, kter\u00fd si m\u016f\u017eete u\u017e\u00edvat ka\u017ed\u00fd den. P\u0159i v\u00fdrob\u011b byly pou\u017eity prvot\u0159\u00eddn\u00ed materi\u00e1ly a nejmodern\u011bj\u0161\u00ed technologie. Povrch zrcadla je speci\u00e1ln\u011b upraven pro snadnou \u00fadr\u017ebu a vysokou odolnost. Interi\u00e9rov\u00e9 zrcadlo Houx\u00a0vynik\u00e1 vysoce kvalitn\u00edm zpracov\u00e1n\u00edm a spolehlivou funk\u010dnost\u00ed [&hellip;]<\/p>\n","protected":false},"featured_media":44837,"comment_status":"open","ping_status":"open","template":"","meta":[],"product_brand":[],"product_cat":[152],"product_tag":[],"class_list":{"0":"post-44737","1":"product","2":"type-product","3":"status-publish","4":"has-post-thumbnail","6":"product_cat-koupelna","8":"first","9":"instock","10":"sale","11":"shipping-taxable","12":"purchasable","13":"product-type-simple"},"yoast_head":"<!-- This site is optimized with the Yoast SEO plugin v26.8 - https:\/\/yoast.com\/product\/yoast-seo-wordpress\/ -->\n<title>Zrcadlo s LED osv\u011btlen\u00edm Houx Origin\u00e1ln\u00ed -<\/title>\n<meta name=\"robots\" content=\"index, follow, max-snippet:-1, max-image-preview:large, max-video-preview:-1\" \/>\n<link rel=\"canonical\" href=\"https:\/\/www.koupelnapro.com\/index.php\/produkt\/zrcadlo-s-led-osvetlenim-houx-originalni-44737\/\" \/>\n<meta property=\"og:locale\" content=\"cs_CZ\" \/>\n<meta property=\"og:type\" content=\"article\" \/>\n<meta property=\"og:title\" content=\"Zrcadlo s LED osv\u011btlen\u00edm Houx Origin\u00e1ln\u00ed -\" \/>\n<meta property=\"og:description\" content=\"Zrcadlo s LED osv\u011btlen\u00edm Houx Interi\u00e9rov\u00e9 zrcadlo Houx s LED podsv\u00edcen\u00edm p\u0159i horn\u00ed hran\u011b, vnese do va\u0161\u00ed koupelny kousek luxusu, kter\u00fd si m\u016f\u017eete u\u017e\u00edvat ka\u017ed\u00fd den. P\u0159i v\u00fdrob\u011b byly pou\u017eity prvot\u0159\u00eddn\u00ed materi\u00e1ly a nejmodern\u011bj\u0161\u00ed technologie. Povrch zrcadla je speci\u00e1ln\u011b upraven pro snadnou \u00fadr\u017ebu a vysokou odolnost. Interi\u00e9rov\u00e9 zrcadlo Houx\u00a0vynik\u00e1 vysoce kvalitn\u00edm zpracov\u00e1n\u00edm a spolehlivou funk\u010dnost\u00ed [&hellip;]\" \/>\n<meta property=\"og:url\" content=\"https:\/\/www.koupelnapro.com\/index.php\/produkt\/zrcadlo-s-led-osvetlenim-houx-originalni-44737\/\" \/>\n<meta property=\"og:image\" content=\"https:\/\/www.koupelnapro.com\/wp-content\/uploads\/2026\/SK0003466-CZ20260425-093041-0-1777080643-zrcadlo-s-led-osvetlenim-houx_j92m-14.webp\" \/>\n\t<meta property=\"og:image:width\" content=\"720\" \/>\n\t<meta property=\"og:image:height\" content=\"468\" \/>\n\t<meta property=\"og:image:type\" content=\"image\/webp\" \/>\n<meta name=\"twitter:card\" content=\"summary_large_image\" \/>\n<meta name=\"twitter:label1\" content=\"Odhadovan\u00e1 doba \u010dten\u00ed\" \/>\n\t<meta name=\"twitter:data1\" content=\"1 minuta\" \/>\n<script type=\"application\/ld+json\" class=\"yoast-schema-graph\">{\"@context\":\"https:\/\/schema.org\",\"@graph\":[{\"@type\":\"WebPage\",\"@id\":\"https:\/\/www.koupelnapro.com\/index.php\/produkt\/zrcadlo-s-led-osvetlenim-houx-originalni-44737\/\",\"url\":\"https:\/\/www.koupelnapro.com\/index.php\/produkt\/zrcadlo-s-led-osvetlenim-houx-originalni-44737\/\",\"name\":\"Zrcadlo s LED osv\u011btlen\u00edm Houx Origin\u00e1ln\u00ed -\",\"isPartOf\":{\"@id\":\"https:\/\/www.koupelnapro.com\/#website\"},\"primaryImageOfPage\":{\"@id\":\"https:\/\/www.koupelnapro.com\/index.php\/produkt\/zrcadlo-s-led-osvetlenim-houx-originalni-44737\/#primaryimage\"},\"image\":{\"@id\":\"https:\/\/www.koupelnapro.com\/index.php\/produkt\/zrcadlo-s-led-osvetlenim-houx-originalni-44737\/#primaryimage\"},\"thumbnailUrl\":\"https:\/\/www.koupelnapro.com\/wp-content\/uploads\/2026\/SK0003466-CZ20260425-093041-0-1777080643-zrcadlo-s-led-osvetlenim-houx_j92m-14.webp\",\"datePublished\":\"2026-04-26T09:16:20+00:00\",\"breadcrumb\":{\"@id\":\"https:\/\/www.koupelnapro.com\/index.php\/produkt\/zrcadlo-s-led-osvetlenim-houx-originalni-44737\/#breadcrumb\"},\"inLanguage\":\"cs\",\"potentialAction\":[{\"@type\":\"ReadAction\",\"target\":[\"https:\/\/www.koupelnapro.com\/index.php\/produkt\/zrcadlo-s-led-osvetlenim-houx-originalni-44737\/\"]}]},{\"@type\":\"ImageObject\",\"inLanguage\":\"cs\",\"@id\":\"https:\/\/www.koupelnapro.com\/index.php\/produkt\/zrcadlo-s-led-osvetlenim-houx-originalni-44737\/#primaryimage\",\"url\":\"https:\/\/www.koupelnapro.com\/wp-content\/uploads\/2026\/SK0003466-CZ20260425-093041-0-1777080643-zrcadlo-s-led-osvetlenim-houx_j92m-14.webp\",\"contentUrl\":\"https:\/\/www.koupelnapro.com\/wp-content\/uploads\/2026\/SK0003466-CZ20260425-093041-0-1777080643-zrcadlo-s-led-osvetlenim-houx_j92m-14.webp\",\"width\":720,\"height\":468},{\"@type\":\"BreadcrumbList\",\"@id\":\"https:\/\/www.koupelnapro.com\/index.php\/produkt\/zrcadlo-s-led-osvetlenim-houx-originalni-44737\/#breadcrumb\",\"itemListElement\":[{\"@type\":\"ListItem\",\"position\":1,\"name\":\"Home\",\"item\":\"https:\/\/www.koupelnapro.com\/\"},{\"@type\":\"ListItem\",\"position\":2,\"name\":\"Products\",\"item\":\"https:\/\/www.koupelnapro.com\/index.php\/products\/\"},{\"@type\":\"ListItem\",\"position\":3,\"name\":\"Zrcadlo s LED osv\u011btlen\u00edm Houx Origin\u00e1ln\u00ed\"}]},{\"@type\":\"WebSite\",\"@id\":\"https:\/\/www.koupelnapro.com\/#website\",\"url\":\"https:\/\/www.koupelnapro.com\/\",\"name\":\"\",\"description\":\"\",\"potentialAction\":[{\"@type\":\"SearchAction\",\"target\":{\"@type\":\"EntryPoint\",\"urlTemplate\":\"https:\/\/www.koupelnapro.com\/?s={search_term_string}\"},\"query-input\":{\"@type\":\"PropertyValueSpecification\",\"valueRequired\":true,\"valueName\":\"search_term_string\"}}],\"inLanguage\":\"cs\"}]}<\/script>\n<!-- \/ Yoast SEO plugin. -->","yoast_head_json":{"title":"Zrcadlo s LED osv\u011btlen\u00edm Houx Origin\u00e1ln\u00ed -","robots":{"index":"index","follow":"follow","max-snippet":"max-snippet:-1","max-image-preview":"max-image-preview:large","max-video-preview":"max-video-preview:-1"},"canonical":"https:\/\/www.koupelnapro.com\/index.php\/produkt\/zrcadlo-s-led-osvetlenim-houx-originalni-44737\/","og_locale":"cs_CZ","og_type":"article","og_title":"Zrcadlo s LED osv\u011btlen\u00edm Houx Origin\u00e1ln\u00ed -","og_description":"Zrcadlo s LED osv\u011btlen\u00edm Houx Interi\u00e9rov\u00e9 zrcadlo Houx s LED podsv\u00edcen\u00edm p\u0159i horn\u00ed hran\u011b, vnese do va\u0161\u00ed koupelny kousek luxusu, kter\u00fd si m\u016f\u017eete u\u017e\u00edvat ka\u017ed\u00fd den. P\u0159i v\u00fdrob\u011b byly pou\u017eity prvot\u0159\u00eddn\u00ed materi\u00e1ly a nejmodern\u011bj\u0161\u00ed technologie. Povrch zrcadla je speci\u00e1ln\u011b upraven pro snadnou \u00fadr\u017ebu a vysokou odolnost. Interi\u00e9rov\u00e9 zrcadlo Houx\u00a0vynik\u00e1 vysoce kvalitn\u00edm zpracov\u00e1n\u00edm a spolehlivou funk\u010dnost\u00ed [&hellip;]","og_url":"https:\/\/www.koupelnapro.com\/index.php\/produkt\/zrcadlo-s-led-osvetlenim-houx-originalni-44737\/","og_image":[{"width":720,"height":468,"url":"https:\/\/www.koupelnapro.com\/wp-content\/uploads\/2026\/SK0003466-CZ20260425-093041-0-1777080643-zrcadlo-s-led-osvetlenim-houx_j92m-14.webp","type":"image\/webp"}],"twitter_card":"summary_large_image","twitter_misc":{"Odhadovan\u00e1 doba \u010dten\u00ed":"1 minuta"},"schema":{"@context":"https:\/\/schema.org","@graph":[{"@type":"WebPage","@id":"https:\/\/www.koupelnapro.com\/index.php\/produkt\/zrcadlo-s-led-osvetlenim-houx-originalni-44737\/","url":"https:\/\/www.koupelnapro.com\/index.php\/produkt\/zrcadlo-s-led-osvetlenim-houx-originalni-44737\/","name":"Zrcadlo s LED osv\u011btlen\u00edm Houx Origin\u00e1ln\u00ed -","isPartOf":{"@id":"https:\/\/www.koupelnapro.com\/#website"},"primaryImageOfPage":{"@id":"https:\/\/www.koupelnapro.com\/index.php\/produkt\/zrcadlo-s-led-osvetlenim-houx-originalni-44737\/#primaryimage"},"image":{"@id":"https:\/\/www.koupelnapro.com\/index.php\/produkt\/zrcadlo-s-led-osvetlenim-houx-originalni-44737\/#primaryimage"},"thumbnailUrl":"https:\/\/www.koupelnapro.com\/wp-content\/uploads\/2026\/SK0003466-CZ20260425-093041-0-1777080643-zrcadlo-s-led-osvetlenim-houx_j92m-14.webp","datePublished":"2026-04-26T09:16:20+00:00","breadcrumb":{"@id":"https:\/\/www.koupelnapro.com\/index.php\/produkt\/zrcadlo-s-led-osvetlenim-houx-originalni-44737\/#breadcrumb"},"inLanguage":"cs","potentialAction":[{"@type":"ReadAction","target":["https:\/\/www.koupelnapro.com\/index.php\/produkt\/zrcadlo-s-led-osvetlenim-houx-originalni-44737\/"]}]},{"@type":"ImageObject","inLanguage":"cs","@id":"https:\/\/www.koupelnapro.com\/index.php\/produkt\/zrcadlo-s-led-osvetlenim-houx-originalni-44737\/#primaryimage","url":"https:\/\/www.koupelnapro.com\/wp-content\/uploads\/2026\/SK0003466-CZ20260425-093041-0-1777080643-zrcadlo-s-led-osvetlenim-houx_j92m-14.webp","contentUrl":"https:\/\/www.koupelnapro.com\/wp-content\/uploads\/2026\/SK0003466-CZ20260425-093041-0-1777080643-zrcadlo-s-led-osvetlenim-houx_j92m-14.webp","width":720,"height":468},{"@type":"BreadcrumbList","@id":"https:\/\/www.koupelnapro.com\/index.php\/produkt\/zrcadlo-s-led-osvetlenim-houx-originalni-44737\/#breadcrumb","itemListElement":[{"@type":"ListItem","position":1,"name":"Home","item":"https:\/\/www.koupelnapro.com\/"},{"@type":"ListItem","position":2,"name":"Products","item":"https:\/\/www.koupelnapro.com\/index.php\/products\/"},{"@type":"ListItem","position":3,"name":"Zrcadlo s LED osv\u011btlen\u00edm Houx Origin\u00e1ln\u00ed"}]},{"@type":"WebSite","@id":"https:\/\/www.koupelnapro.com\/#website","url":"https:\/\/www.koupelnapro.com\/","name":"","description":"","potentialAction":[{"@type":"SearchAction","target":{"@type":"EntryPoint","urlTemplate":"https:\/\/www.koupelnapro.com\/?s={search_term_string}"},"query-input":{"@type":"PropertyValueSpecification","valueRequired":true,"valueName":"search_term_string"}}],"inLanguage":"cs"}]}},"_links":{"self":[{"href":"https:\/\/www.koupelnapro.com\/index.php\/wp-json\/wp\/v2\/product\/44737","targetHints":{"allow":["GET"]}}],"collection":[{"href":"https:\/\/www.koupelnapro.com\/index.php\/wp-json\/wp\/v2\/product"}],"about":[{"href":"https:\/\/www.koupelnapro.com\/index.php\/wp-json\/wp\/v2\/types\/product"}],"replies":[{"embeddable":true,"href":"https:\/\/www.koupelnapro.com\/index.php\/wp-json\/wp\/v2\/comments?post=44737"}],"wp:featuredmedia":[{"embeddable":true,"href":"https:\/\/www.koupelnapro.com\/index.php\/wp-json\/wp\/v2\/media\/44837"}],"wp:attachment":[{"href":"https:\/\/www.koupelnapro.com\/index.php\/wp-json\/wp\/v2\/media?parent=44737"}],"wp:term":[{"taxonomy":"product_brand","embeddable":true,"href":"https:\/\/www.koupelnapro.com\/index.php\/wp-json\/wp\/v2\/product_brand?post=44737"},{"taxonomy":"product_cat","embeddable":true,"href":"https:\/\/www.koupelnapro.com\/index.php\/wp-json\/wp\/v2\/product_cat?post=44737"},{"taxonomy":"product_tag","embeddable":true,"href":"https:\/\/www.koupelnapro.com\/index.php\/wp-json\/wp\/v2\/product_tag?post=44737"}],"curies":[{"name":"wp","href":"https:\/\/api.w.org\/{rel}","templated":true}]}}