{"id":43172,"date":"2026-04-26T09:16:12","date_gmt":"2026-04-26T09:16:12","guid":{"rendered":""},"modified":"2026-04-26T09:16:12","modified_gmt":"2026-04-26T09:16:12","slug":"kulate-zrcadlo-mexen-gobi-60-cm-s-led-podsvicenim-a-vyhrivanim-9801-060-060-611-00-sezonni-sleva-43172","status":"publish","type":"product","link":"https:\/\/www.koupelnapro.com\/index.php\/produkt\/kulate-zrcadlo-mexen-gobi-60-cm-s-led-podsvicenim-a-vyhrivanim-9801-060-060-611-00-sezonni-sleva-43172\/","title":{"rendered":"Kulat\u00e9 zrcadlo MEXEN GOBI 60 cm &#8211; s LED podsv\u00edcen\u00edm a vyh\u0159\u00edv\u00e1n\u00edm, 9801-060-060-611-00 Sez\u00f3nn\u00ed Sleva"},"content":{"rendered":"<div class=\"tabs__content-outer\" id=\"tab_description\" data-hash=\"description\" data-tabindex=\"-1\">\n<div class=\"tabs__content toggle_description\" id=\"content_description\">\n<div class=\"wysiwyg-content\">\n<div class=\"product__tab product__description full-width\">\n<div class=\"container\">\n<div >\n<h3>Kulat\u00e9 zrcadlo GOBI 60 cm &#8211; s LED podsv\u00edcen\u00edm a vyh\u0159\u00edv\u00e1n\u00edm<\/h3>\n<p><span><span>Elegantn\u00ed a jednoduch\u00e9 kulat\u00e9 zrcadlo kolekce GOBI je vybaveno LED podsv\u00edcen\u00edm, kter\u00e9 se snadno ovl\u00e1d\u00e1 pomoc\u00ed dotykov\u00e9ho tla\u010d\u00edtka p\u0159\u00edmo na plo\u0161e zrcadla. Zrcadlo je vybaveno vyh\u0159\u00edvac\u00ed podlo\u017ekou, kter\u00e1 eliminuje zaml\u017een\u00ed skla.\u00a0<\/span><\/span><\/p>\n<p><strong>Parametry:\u00a0<\/strong><\/p>\n<ul>\n<li>rozm\u011br: 60 x 60 cm\u00a0<\/li>\n<li>hloubka: 25 mm\u00a0<\/li>\n<li>s\u00edla skla: 4 mm\u00a0<\/li>\n<li>stupe\u0148 kryt\u00ed: IP44\u00a0<\/li>\n<li>60 LED\/m, teplota 6000K (studen\u00e1 b\u00edl\u00e1), \u017eivotnost a\u017e 30 000 hodin\u00a0<\/li>\n<li>p\u0159ipojen\u00ed: (AC) 210-250 V 50-60Hz\u00a0<\/li>\n<li>spot\u0159eba: 4,8 W\/bm<span>\u00a0<\/span><\/li>\n<\/ul>\n<\/div><\/div>\n<\/p><\/div>\n<\/p><\/div>\n<\/p><\/div>\n","protected":false},"excerpt":{"rendered":"<p>Kulat\u00e9 zrcadlo GOBI 60 cm &#8211; s LED podsv\u00edcen\u00edm a vyh\u0159\u00edv\u00e1n\u00edm Elegantn\u00ed a jednoduch\u00e9 kulat\u00e9 zrcadlo kolekce GOBI je vybaveno LED podsv\u00edcen\u00edm, kter\u00e9 se snadno ovl\u00e1d\u00e1 pomoc\u00ed dotykov\u00e9ho tla\u010d\u00edtka p\u0159\u00edmo na plo\u0161e zrcadla. Zrcadlo je vybaveno vyh\u0159\u00edvac\u00ed podlo\u017ekou, kter\u00e1 eliminuje zaml\u017een\u00ed skla.\u00a0 Parametry:\u00a0 rozm\u011br: 60 x 60 cm\u00a0 hloubka: 25 mm\u00a0 s\u00edla skla: 4 mm\u00a0 [&hellip;]<\/p>\n","protected":false},"featured_media":43272,"comment_status":"open","ping_status":"open","template":"","meta":[],"product_brand":[],"product_cat":[152],"product_tag":[],"class_list":{"0":"post-43172","1":"product","2":"type-product","3":"status-publish","4":"has-post-thumbnail","6":"product_cat-koupelna","8":"first","9":"instock","10":"sale","11":"shipping-taxable","12":"purchasable","13":"product-type-simple"},"yoast_head":"<!-- This site is optimized with the Yoast SEO plugin v26.8 - https:\/\/yoast.com\/product\/yoast-seo-wordpress\/ -->\n<title>Kulat\u00e9 zrcadlo MEXEN GOBI 60 cm - s LED podsv\u00edcen\u00edm a vyh\u0159\u00edv\u00e1n\u00edm, 9801-060-060-611-00 Sez\u00f3nn\u00ed Sleva -<\/title>\n<meta name=\"robots\" content=\"index, follow, max-snippet:-1, max-image-preview:large, max-video-preview:-1\" \/>\n<link rel=\"canonical\" href=\"https:\/\/www.koupelnapro.com\/index.php\/produkt\/kulate-zrcadlo-mexen-gobi-60-cm-s-led-podsvicenim-a-vyhrivanim-9801-060-060-611-00-sezonni-sleva-43172\/\" \/>\n<meta property=\"og:locale\" content=\"cs_CZ\" \/>\n<meta property=\"og:type\" content=\"article\" \/>\n<meta property=\"og:title\" content=\"Kulat\u00e9 zrcadlo MEXEN GOBI 60 cm - s LED podsv\u00edcen\u00edm a vyh\u0159\u00edv\u00e1n\u00edm, 9801-060-060-611-00 Sez\u00f3nn\u00ed Sleva -\" \/>\n<meta property=\"og:description\" content=\"Kulat\u00e9 zrcadlo GOBI 60 cm &#8211; s LED podsv\u00edcen\u00edm a vyh\u0159\u00edv\u00e1n\u00edm Elegantn\u00ed a jednoduch\u00e9 kulat\u00e9 zrcadlo kolekce GOBI je vybaveno LED podsv\u00edcen\u00edm, kter\u00e9 se snadno ovl\u00e1d\u00e1 pomoc\u00ed dotykov\u00e9ho tla\u010d\u00edtka p\u0159\u00edmo na plo\u0161e zrcadla. Zrcadlo je vybaveno vyh\u0159\u00edvac\u00ed podlo\u017ekou, kter\u00e1 eliminuje zaml\u017een\u00ed skla.\u00a0 Parametry:\u00a0 rozm\u011br: 60 x 60 cm\u00a0 hloubka: 25 mm\u00a0 s\u00edla skla: 4 mm\u00a0 [&hellip;]\" \/>\n<meta property=\"og:url\" content=\"https:\/\/www.koupelnapro.com\/index.php\/produkt\/kulate-zrcadlo-mexen-gobi-60-cm-s-led-podsvicenim-a-vyhrivanim-9801-060-060-611-00-sezonni-sleva-43172\/\" \/>\n<meta property=\"og:image\" content=\"https:\/\/www.koupelnapro.com\/wp-content\/uploads\/2026\/SK0002695-CZ20260425-093041-0-1777080643-kulate-zrcadlo-mexen-gobi-60-cm-s-led-podsvicenim-a-vyhriva.webp\" \/>\n\t<meta property=\"og:image:width\" content=\"1000\" \/>\n\t<meta property=\"og:image:height\" content=\"750\" \/>\n\t<meta property=\"og:image:type\" content=\"image\/webp\" \/>\n<meta name=\"twitter:card\" content=\"summary_large_image\" \/>\n<script type=\"application\/ld+json\" class=\"yoast-schema-graph\">{\"@context\":\"https:\/\/schema.org\",\"@graph\":[{\"@type\":\"WebPage\",\"@id\":\"https:\/\/www.koupelnapro.com\/index.php\/produkt\/kulate-zrcadlo-mexen-gobi-60-cm-s-led-podsvicenim-a-vyhrivanim-9801-060-060-611-00-sezonni-sleva-43172\/\",\"url\":\"https:\/\/www.koupelnapro.com\/index.php\/produkt\/kulate-zrcadlo-mexen-gobi-60-cm-s-led-podsvicenim-a-vyhrivanim-9801-060-060-611-00-sezonni-sleva-43172\/\",\"name\":\"Kulat\u00e9 zrcadlo MEXEN GOBI 60 cm - s LED podsv\u00edcen\u00edm a vyh\u0159\u00edv\u00e1n\u00edm, 9801-060-060-611-00 Sez\u00f3nn\u00ed Sleva -\",\"isPartOf\":{\"@id\":\"https:\/\/www.koupelnapro.com\/#website\"},\"primaryImageOfPage\":{\"@id\":\"https:\/\/www.koupelnapro.com\/index.php\/produkt\/kulate-zrcadlo-mexen-gobi-60-cm-s-led-podsvicenim-a-vyhrivanim-9801-060-060-611-00-sezonni-sleva-43172\/#primaryimage\"},\"image\":{\"@id\":\"https:\/\/www.koupelnapro.com\/index.php\/produkt\/kulate-zrcadlo-mexen-gobi-60-cm-s-led-podsvicenim-a-vyhrivanim-9801-060-060-611-00-sezonni-sleva-43172\/#primaryimage\"},\"thumbnailUrl\":\"https:\/\/www.koupelnapro.com\/wp-content\/uploads\/2026\/SK0002695-CZ20260425-093041-0-1777080643-kulate-zrcadlo-mexen-gobi-60-cm-s-led-podsvicenim-a-vyhriva.webp\",\"datePublished\":\"2026-04-26T09:16:12+00:00\",\"breadcrumb\":{\"@id\":\"https:\/\/www.koupelnapro.com\/index.php\/produkt\/kulate-zrcadlo-mexen-gobi-60-cm-s-led-podsvicenim-a-vyhrivanim-9801-060-060-611-00-sezonni-sleva-43172\/#breadcrumb\"},\"inLanguage\":\"cs\",\"potentialAction\":[{\"@type\":\"ReadAction\",\"target\":[\"https:\/\/www.koupelnapro.com\/index.php\/produkt\/kulate-zrcadlo-mexen-gobi-60-cm-s-led-podsvicenim-a-vyhrivanim-9801-060-060-611-00-sezonni-sleva-43172\/\"]}]},{\"@type\":\"ImageObject\",\"inLanguage\":\"cs\",\"@id\":\"https:\/\/www.koupelnapro.com\/index.php\/produkt\/kulate-zrcadlo-mexen-gobi-60-cm-s-led-podsvicenim-a-vyhrivanim-9801-060-060-611-00-sezonni-sleva-43172\/#primaryimage\",\"url\":\"https:\/\/www.koupelnapro.com\/wp-content\/uploads\/2026\/SK0002695-CZ20260425-093041-0-1777080643-kulate-zrcadlo-mexen-gobi-60-cm-s-led-podsvicenim-a-vyhriva.webp\",\"contentUrl\":\"https:\/\/www.koupelnapro.com\/wp-content\/uploads\/2026\/SK0002695-CZ20260425-093041-0-1777080643-kulate-zrcadlo-mexen-gobi-60-cm-s-led-podsvicenim-a-vyhriva.webp\",\"width\":1000,\"height\":750},{\"@type\":\"BreadcrumbList\",\"@id\":\"https:\/\/www.koupelnapro.com\/index.php\/produkt\/kulate-zrcadlo-mexen-gobi-60-cm-s-led-podsvicenim-a-vyhrivanim-9801-060-060-611-00-sezonni-sleva-43172\/#breadcrumb\",\"itemListElement\":[{\"@type\":\"ListItem\",\"position\":1,\"name\":\"Home\",\"item\":\"https:\/\/www.koupelnapro.com\/\"},{\"@type\":\"ListItem\",\"position\":2,\"name\":\"Products\",\"item\":\"https:\/\/www.koupelnapro.com\/index.php\/products\/\"},{\"@type\":\"ListItem\",\"position\":3,\"name\":\"Kulat\u00e9 zrcadlo MEXEN GOBI 60 cm &#8211; s LED podsv\u00edcen\u00edm a vyh\u0159\u00edv\u00e1n\u00edm, 9801-060-060-611-00 Sez\u00f3nn\u00ed Sleva\"}]},{\"@type\":\"WebSite\",\"@id\":\"https:\/\/www.koupelnapro.com\/#website\",\"url\":\"https:\/\/www.koupelnapro.com\/\",\"name\":\"\",\"description\":\"\",\"potentialAction\":[{\"@type\":\"SearchAction\",\"target\":{\"@type\":\"EntryPoint\",\"urlTemplate\":\"https:\/\/www.koupelnapro.com\/?s={search_term_string}\"},\"query-input\":{\"@type\":\"PropertyValueSpecification\",\"valueRequired\":true,\"valueName\":\"search_term_string\"}}],\"inLanguage\":\"cs\"}]}<\/script>\n<!-- \/ Yoast SEO plugin. -->","yoast_head_json":{"title":"Kulat\u00e9 zrcadlo MEXEN GOBI 60 cm - s LED podsv\u00edcen\u00edm a vyh\u0159\u00edv\u00e1n\u00edm, 9801-060-060-611-00 Sez\u00f3nn\u00ed Sleva -","robots":{"index":"index","follow":"follow","max-snippet":"max-snippet:-1","max-image-preview":"max-image-preview:large","max-video-preview":"max-video-preview:-1"},"canonical":"https:\/\/www.koupelnapro.com\/index.php\/produkt\/kulate-zrcadlo-mexen-gobi-60-cm-s-led-podsvicenim-a-vyhrivanim-9801-060-060-611-00-sezonni-sleva-43172\/","og_locale":"cs_CZ","og_type":"article","og_title":"Kulat\u00e9 zrcadlo MEXEN GOBI 60 cm - s LED podsv\u00edcen\u00edm a vyh\u0159\u00edv\u00e1n\u00edm, 9801-060-060-611-00 Sez\u00f3nn\u00ed Sleva -","og_description":"Kulat\u00e9 zrcadlo GOBI 60 cm &#8211; s LED podsv\u00edcen\u00edm a vyh\u0159\u00edv\u00e1n\u00edm Elegantn\u00ed a jednoduch\u00e9 kulat\u00e9 zrcadlo kolekce GOBI je vybaveno LED podsv\u00edcen\u00edm, kter\u00e9 se snadno ovl\u00e1d\u00e1 pomoc\u00ed dotykov\u00e9ho tla\u010d\u00edtka p\u0159\u00edmo na plo\u0161e zrcadla. Zrcadlo je vybaveno vyh\u0159\u00edvac\u00ed podlo\u017ekou, kter\u00e1 eliminuje zaml\u017een\u00ed skla.\u00a0 Parametry:\u00a0 rozm\u011br: 60 x 60 cm\u00a0 hloubka: 25 mm\u00a0 s\u00edla skla: 4 mm\u00a0 [&hellip;]","og_url":"https:\/\/www.koupelnapro.com\/index.php\/produkt\/kulate-zrcadlo-mexen-gobi-60-cm-s-led-podsvicenim-a-vyhrivanim-9801-060-060-611-00-sezonni-sleva-43172\/","og_image":[{"width":1000,"height":750,"url":"https:\/\/www.koupelnapro.com\/wp-content\/uploads\/2026\/SK0002695-CZ20260425-093041-0-1777080643-kulate-zrcadlo-mexen-gobi-60-cm-s-led-podsvicenim-a-vyhriva.webp","type":"image\/webp"}],"twitter_card":"summary_large_image","schema":{"@context":"https:\/\/schema.org","@graph":[{"@type":"WebPage","@id":"https:\/\/www.koupelnapro.com\/index.php\/produkt\/kulate-zrcadlo-mexen-gobi-60-cm-s-led-podsvicenim-a-vyhrivanim-9801-060-060-611-00-sezonni-sleva-43172\/","url":"https:\/\/www.koupelnapro.com\/index.php\/produkt\/kulate-zrcadlo-mexen-gobi-60-cm-s-led-podsvicenim-a-vyhrivanim-9801-060-060-611-00-sezonni-sleva-43172\/","name":"Kulat\u00e9 zrcadlo MEXEN GOBI 60 cm - s LED podsv\u00edcen\u00edm a vyh\u0159\u00edv\u00e1n\u00edm, 9801-060-060-611-00 Sez\u00f3nn\u00ed Sleva -","isPartOf":{"@id":"https:\/\/www.koupelnapro.com\/#website"},"primaryImageOfPage":{"@id":"https:\/\/www.koupelnapro.com\/index.php\/produkt\/kulate-zrcadlo-mexen-gobi-60-cm-s-led-podsvicenim-a-vyhrivanim-9801-060-060-611-00-sezonni-sleva-43172\/#primaryimage"},"image":{"@id":"https:\/\/www.koupelnapro.com\/index.php\/produkt\/kulate-zrcadlo-mexen-gobi-60-cm-s-led-podsvicenim-a-vyhrivanim-9801-060-060-611-00-sezonni-sleva-43172\/#primaryimage"},"thumbnailUrl":"https:\/\/www.koupelnapro.com\/wp-content\/uploads\/2026\/SK0002695-CZ20260425-093041-0-1777080643-kulate-zrcadlo-mexen-gobi-60-cm-s-led-podsvicenim-a-vyhriva.webp","datePublished":"2026-04-26T09:16:12+00:00","breadcrumb":{"@id":"https:\/\/www.koupelnapro.com\/index.php\/produkt\/kulate-zrcadlo-mexen-gobi-60-cm-s-led-podsvicenim-a-vyhrivanim-9801-060-060-611-00-sezonni-sleva-43172\/#breadcrumb"},"inLanguage":"cs","potentialAction":[{"@type":"ReadAction","target":["https:\/\/www.koupelnapro.com\/index.php\/produkt\/kulate-zrcadlo-mexen-gobi-60-cm-s-led-podsvicenim-a-vyhrivanim-9801-060-060-611-00-sezonni-sleva-43172\/"]}]},{"@type":"ImageObject","inLanguage":"cs","@id":"https:\/\/www.koupelnapro.com\/index.php\/produkt\/kulate-zrcadlo-mexen-gobi-60-cm-s-led-podsvicenim-a-vyhrivanim-9801-060-060-611-00-sezonni-sleva-43172\/#primaryimage","url":"https:\/\/www.koupelnapro.com\/wp-content\/uploads\/2026\/SK0002695-CZ20260425-093041-0-1777080643-kulate-zrcadlo-mexen-gobi-60-cm-s-led-podsvicenim-a-vyhriva.webp","contentUrl":"https:\/\/www.koupelnapro.com\/wp-content\/uploads\/2026\/SK0002695-CZ20260425-093041-0-1777080643-kulate-zrcadlo-mexen-gobi-60-cm-s-led-podsvicenim-a-vyhriva.webp","width":1000,"height":750},{"@type":"BreadcrumbList","@id":"https:\/\/www.koupelnapro.com\/index.php\/produkt\/kulate-zrcadlo-mexen-gobi-60-cm-s-led-podsvicenim-a-vyhrivanim-9801-060-060-611-00-sezonni-sleva-43172\/#breadcrumb","itemListElement":[{"@type":"ListItem","position":1,"name":"Home","item":"https:\/\/www.koupelnapro.com\/"},{"@type":"ListItem","position":2,"name":"Products","item":"https:\/\/www.koupelnapro.com\/index.php\/products\/"},{"@type":"ListItem","position":3,"name":"Kulat\u00e9 zrcadlo MEXEN GOBI 60 cm &#8211; s LED podsv\u00edcen\u00edm a vyh\u0159\u00edv\u00e1n\u00edm, 9801-060-060-611-00 Sez\u00f3nn\u00ed Sleva"}]},{"@type":"WebSite","@id":"https:\/\/www.koupelnapro.com\/#website","url":"https:\/\/www.koupelnapro.com\/","name":"","description":"","potentialAction":[{"@type":"SearchAction","target":{"@type":"EntryPoint","urlTemplate":"https:\/\/www.koupelnapro.com\/?s={search_term_string}"},"query-input":{"@type":"PropertyValueSpecification","valueRequired":true,"valueName":"search_term_string"}}],"inLanguage":"cs"}]}},"_links":{"self":[{"href":"https:\/\/www.koupelnapro.com\/index.php\/wp-json\/wp\/v2\/product\/43172","targetHints":{"allow":["GET"]}}],"collection":[{"href":"https:\/\/www.koupelnapro.com\/index.php\/wp-json\/wp\/v2\/product"}],"about":[{"href":"https:\/\/www.koupelnapro.com\/index.php\/wp-json\/wp\/v2\/types\/product"}],"replies":[{"embeddable":true,"href":"https:\/\/www.koupelnapro.com\/index.php\/wp-json\/wp\/v2\/comments?post=43172"}],"wp:featuredmedia":[{"embeddable":true,"href":"https:\/\/www.koupelnapro.com\/index.php\/wp-json\/wp\/v2\/media\/43272"}],"wp:attachment":[{"href":"https:\/\/www.koupelnapro.com\/index.php\/wp-json\/wp\/v2\/media?parent=43172"}],"wp:term":[{"taxonomy":"product_brand","embeddable":true,"href":"https:\/\/www.koupelnapro.com\/index.php\/wp-json\/wp\/v2\/product_brand?post=43172"},{"taxonomy":"product_cat","embeddable":true,"href":"https:\/\/www.koupelnapro.com\/index.php\/wp-json\/wp\/v2\/product_cat?post=43172"},{"taxonomy":"product_tag","embeddable":true,"href":"https:\/\/www.koupelnapro.com\/index.php\/wp-json\/wp\/v2\/product_tag?post=43172"}],"curies":[{"name":"wp","href":"https:\/\/api.w.org\/{rel}","templated":true}]}}