{"id":43155,"date":"2026-04-26T09:16:12","date_gmt":"2026-04-26T09:16:12","guid":{"rendered":""},"modified":"2026-04-26T09:16:12","modified_gmt":"2026-04-26T09:16:12","slug":"keramicke-umyvadlo-maxmax-rea-luiza-42-cm-sede-matne-originalni-43155","status":"publish","type":"product","link":"https:\/\/www.koupelnapro.com\/index.php\/produkt\/keramicke-umyvadlo-maxmax-rea-luiza-42-cm-sede-matne-originalni-43155\/","title":{"rendered":"Keramick\u00e9 umyvadlo MAXMAX Rea LUIZA 42 cm &#8211; \u0161ed\u00e9 matn\u00e9 Origin\u00e1ln\u00ed"},"content":{"rendered":"<div class=\"tabs__content-outer\" id=\"tab_description\" data-hash=\"description\" data-tabindex=\"-1\">\n<div class=\"tabs__content toggle_description\" id=\"content_description\">\n<div class=\"wysiwyg-content\">\n<div class=\"product__tab product__description full-width\">\n<div class=\"container\">\n<div >\n<h3>Keramick\u00e9 umyvadlo LUIZA 42 cm &#8211; \u0161ed\u00e9 matn\u00e9<\/h3>\n<p><strong>Keramick\u00e9 umyvadlo s \u0161edou matnou glazurou<\/strong>\u00a0p\u0159in\u00e1\u0161\u00ed origin\u00e1ln\u00ed a jedine\u010dn\u00fd vzhled do Va\u0161\u00ed\u00a0<strong>koupelny<\/strong>.\u00a0<strong>Keramick\u00e1 umyvadla<\/strong>\u00a0se velmi dob\u0159e udr\u017euj\u00ed &#8211; vodn\u00ed k\u00e1men \u010di rez je nijak neovliv\u0148uj\u00ed.\u00a0<strong>Keramika<\/strong>\u00a0je nav\u00edc pevn\u00fd a st\u00e1l\u00fd materi\u00e1l odoln\u00fd v\u016f\u010di zm\u011bn\u011b barvy.<\/p>\n<p><strong>Parametry:\u00a0<\/strong><\/p>\n<ul>\n<li>Barva: \u0161ed\u00e1 matn\u00e1\u00a0<\/li>\n<li>Rozm\u011br umyvadla: 420 x 420 x 155 mm\u00a0<\/li>\n<li>Hloubka umyvadla: 80 mm\u00a0<\/li>\n<li>Otvor na baterii: 35 mm\u00a0<\/li>\n<li>Otvor na odpad: 45 mm\u00a0<\/li>\n<li>P\u0159epad: Ne\u00a0<\/li>\n<li>Instalace: na desku\u00a0<\/li>\n<li>Baterie nen\u00ed sou\u010d\u00e1st\u00ed v\u00fdrobku, ale m\u016f\u017eete ji dokoupit u n\u00e1s v eshopu\u00a0<\/li>\n<\/ul>\n<p> K tomuto umyvadlu si u n\u00e1s v eshopu m\u016f\u017eete dokoupit sifon s click\/clack\u00a0z\u00e1tkou bez p\u0159epadu. Toto \u0159e\u0161en\u00ed m\u00e1 velmi jednoduch\u00e9 ovl\u00e1d\u00e1n\u00ed, k otev\u0159en\u00ed a uzav\u0159en\u00ed sta\u010d\u00ed stisk prstem. Prvn\u00edm stisknut\u00edm krytky se v\u00fdpus\u0165 uzav\u0159e, druh\u00fdm stiskem otev\u0159e. Pro \u010dist\u011bn\u00ed odtoku lze krytku snadno od\u0161roubovat.<\/p><\/div>\n<\/p><\/div>\n<\/p><\/div>\n<\/p><\/div>\n<\/p><\/div>\n","protected":false},"excerpt":{"rendered":"<p>Keramick\u00e9 umyvadlo LUIZA 42 cm &#8211; \u0161ed\u00e9 matn\u00e9 Keramick\u00e9 umyvadlo s \u0161edou matnou glazurou\u00a0p\u0159in\u00e1\u0161\u00ed origin\u00e1ln\u00ed a jedine\u010dn\u00fd vzhled do Va\u0161\u00ed\u00a0koupelny.\u00a0Keramick\u00e1 umyvadla\u00a0se velmi dob\u0159e udr\u017euj\u00ed &#8211; vodn\u00ed k\u00e1men \u010di rez je nijak neovliv\u0148uj\u00ed.\u00a0Keramika\u00a0je nav\u00edc pevn\u00fd a st\u00e1l\u00fd materi\u00e1l odoln\u00fd v\u016f\u010di zm\u011bn\u011b barvy. Parametry:\u00a0 Barva: \u0161ed\u00e1 matn\u00e1\u00a0 Rozm\u011br umyvadla: 420 x 420 x 155 mm\u00a0 Hloubka umyvadla: [&hellip;]<\/p>\n","protected":false},"featured_media":43255,"comment_status":"open","ping_status":"open","template":"","meta":[],"product_brand":[],"product_cat":[152],"product_tag":[],"class_list":{"0":"post-43155","1":"product","2":"type-product","3":"status-publish","4":"has-post-thumbnail","6":"product_cat-koupelna","8":"first","9":"instock","10":"sale","11":"shipping-taxable","12":"purchasable","13":"product-type-simple"},"yoast_head":"<!-- This site is optimized with the Yoast SEO plugin v26.8 - https:\/\/yoast.com\/product\/yoast-seo-wordpress\/ -->\n<title>Keramick\u00e9 umyvadlo MAXMAX Rea LUIZA 42 cm - \u0161ed\u00e9 matn\u00e9 Origin\u00e1ln\u00ed -<\/title>\n<meta name=\"robots\" content=\"index, follow, max-snippet:-1, max-image-preview:large, max-video-preview:-1\" \/>\n<link rel=\"canonical\" href=\"https:\/\/www.koupelnapro.com\/index.php\/produkt\/keramicke-umyvadlo-maxmax-rea-luiza-42-cm-sede-matne-originalni-43155\/\" \/>\n<meta property=\"og:locale\" content=\"cs_CZ\" \/>\n<meta property=\"og:type\" content=\"article\" \/>\n<meta property=\"og:title\" content=\"Keramick\u00e9 umyvadlo MAXMAX Rea LUIZA 42 cm - \u0161ed\u00e9 matn\u00e9 Origin\u00e1ln\u00ed -\" \/>\n<meta property=\"og:description\" content=\"Keramick\u00e9 umyvadlo LUIZA 42 cm &#8211; \u0161ed\u00e9 matn\u00e9 Keramick\u00e9 umyvadlo s \u0161edou matnou glazurou\u00a0p\u0159in\u00e1\u0161\u00ed origin\u00e1ln\u00ed a jedine\u010dn\u00fd vzhled do Va\u0161\u00ed\u00a0koupelny.\u00a0Keramick\u00e1 umyvadla\u00a0se velmi dob\u0159e udr\u017euj\u00ed &#8211; vodn\u00ed k\u00e1men \u010di rez je nijak neovliv\u0148uj\u00ed.\u00a0Keramika\u00a0je nav\u00edc pevn\u00fd a st\u00e1l\u00fd materi\u00e1l odoln\u00fd v\u016f\u010di zm\u011bn\u011b barvy. Parametry:\u00a0 Barva: \u0161ed\u00e1 matn\u00e1\u00a0 Rozm\u011br umyvadla: 420 x 420 x 155 mm\u00a0 Hloubka umyvadla: [&hellip;]\" \/>\n<meta property=\"og:url\" content=\"https:\/\/www.koupelnapro.com\/index.php\/produkt\/keramicke-umyvadlo-maxmax-rea-luiza-42-cm-sede-matne-originalni-43155\/\" \/>\n<meta property=\"og:image\" content=\"https:\/\/www.koupelnapro.com\/wp-content\/uploads\/2026\/SK0002677-CZ20260425-093041-0-1777080643-keramicke-umyvadlo-luiza-42-cm-sede-matne_2prl-1b.webp\" \/>\n\t<meta property=\"og:image:width\" content=\"799\" \/>\n\t<meta property=\"og:image:height\" content=\"800\" \/>\n\t<meta property=\"og:image:type\" content=\"image\/webp\" \/>\n<meta name=\"twitter:card\" content=\"summary_large_image\" \/>\n<meta name=\"twitter:label1\" content=\"Odhadovan\u00e1 doba \u010dten\u00ed\" \/>\n\t<meta name=\"twitter:data1\" content=\"1 minuta\" \/>\n<script type=\"application\/ld+json\" class=\"yoast-schema-graph\">{\"@context\":\"https:\/\/schema.org\",\"@graph\":[{\"@type\":\"WebPage\",\"@id\":\"https:\/\/www.koupelnapro.com\/index.php\/produkt\/keramicke-umyvadlo-maxmax-rea-luiza-42-cm-sede-matne-originalni-43155\/\",\"url\":\"https:\/\/www.koupelnapro.com\/index.php\/produkt\/keramicke-umyvadlo-maxmax-rea-luiza-42-cm-sede-matne-originalni-43155\/\",\"name\":\"Keramick\u00e9 umyvadlo MAXMAX Rea LUIZA 42 cm - \u0161ed\u00e9 matn\u00e9 Origin\u00e1ln\u00ed -\",\"isPartOf\":{\"@id\":\"https:\/\/www.koupelnapro.com\/#website\"},\"primaryImageOfPage\":{\"@id\":\"https:\/\/www.koupelnapro.com\/index.php\/produkt\/keramicke-umyvadlo-maxmax-rea-luiza-42-cm-sede-matne-originalni-43155\/#primaryimage\"},\"image\":{\"@id\":\"https:\/\/www.koupelnapro.com\/index.php\/produkt\/keramicke-umyvadlo-maxmax-rea-luiza-42-cm-sede-matne-originalni-43155\/#primaryimage\"},\"thumbnailUrl\":\"https:\/\/www.koupelnapro.com\/wp-content\/uploads\/2026\/SK0002677-CZ20260425-093041-0-1777080643-keramicke-umyvadlo-luiza-42-cm-sede-matne_2prl-1b.webp\",\"datePublished\":\"2026-04-26T09:16:12+00:00\",\"breadcrumb\":{\"@id\":\"https:\/\/www.koupelnapro.com\/index.php\/produkt\/keramicke-umyvadlo-maxmax-rea-luiza-42-cm-sede-matne-originalni-43155\/#breadcrumb\"},\"inLanguage\":\"cs\",\"potentialAction\":[{\"@type\":\"ReadAction\",\"target\":[\"https:\/\/www.koupelnapro.com\/index.php\/produkt\/keramicke-umyvadlo-maxmax-rea-luiza-42-cm-sede-matne-originalni-43155\/\"]}]},{\"@type\":\"ImageObject\",\"inLanguage\":\"cs\",\"@id\":\"https:\/\/www.koupelnapro.com\/index.php\/produkt\/keramicke-umyvadlo-maxmax-rea-luiza-42-cm-sede-matne-originalni-43155\/#primaryimage\",\"url\":\"https:\/\/www.koupelnapro.com\/wp-content\/uploads\/2026\/SK0002677-CZ20260425-093041-0-1777080643-keramicke-umyvadlo-luiza-42-cm-sede-matne_2prl-1b.webp\",\"contentUrl\":\"https:\/\/www.koupelnapro.com\/wp-content\/uploads\/2026\/SK0002677-CZ20260425-093041-0-1777080643-keramicke-umyvadlo-luiza-42-cm-sede-matne_2prl-1b.webp\",\"width\":799,\"height\":800},{\"@type\":\"BreadcrumbList\",\"@id\":\"https:\/\/www.koupelnapro.com\/index.php\/produkt\/keramicke-umyvadlo-maxmax-rea-luiza-42-cm-sede-matne-originalni-43155\/#breadcrumb\",\"itemListElement\":[{\"@type\":\"ListItem\",\"position\":1,\"name\":\"Home\",\"item\":\"https:\/\/www.koupelnapro.com\/\"},{\"@type\":\"ListItem\",\"position\":2,\"name\":\"Products\",\"item\":\"https:\/\/www.koupelnapro.com\/index.php\/products\/\"},{\"@type\":\"ListItem\",\"position\":3,\"name\":\"Keramick\u00e9 umyvadlo MAXMAX Rea LUIZA 42 cm &#8211; \u0161ed\u00e9 matn\u00e9 Origin\u00e1ln\u00ed\"}]},{\"@type\":\"WebSite\",\"@id\":\"https:\/\/www.koupelnapro.com\/#website\",\"url\":\"https:\/\/www.koupelnapro.com\/\",\"name\":\"\",\"description\":\"\",\"potentialAction\":[{\"@type\":\"SearchAction\",\"target\":{\"@type\":\"EntryPoint\",\"urlTemplate\":\"https:\/\/www.koupelnapro.com\/?s={search_term_string}\"},\"query-input\":{\"@type\":\"PropertyValueSpecification\",\"valueRequired\":true,\"valueName\":\"search_term_string\"}}],\"inLanguage\":\"cs\"}]}<\/script>\n<!-- \/ Yoast SEO plugin. -->","yoast_head_json":{"title":"Keramick\u00e9 umyvadlo MAXMAX Rea LUIZA 42 cm - \u0161ed\u00e9 matn\u00e9 Origin\u00e1ln\u00ed -","robots":{"index":"index","follow":"follow","max-snippet":"max-snippet:-1","max-image-preview":"max-image-preview:large","max-video-preview":"max-video-preview:-1"},"canonical":"https:\/\/www.koupelnapro.com\/index.php\/produkt\/keramicke-umyvadlo-maxmax-rea-luiza-42-cm-sede-matne-originalni-43155\/","og_locale":"cs_CZ","og_type":"article","og_title":"Keramick\u00e9 umyvadlo MAXMAX Rea LUIZA 42 cm - \u0161ed\u00e9 matn\u00e9 Origin\u00e1ln\u00ed -","og_description":"Keramick\u00e9 umyvadlo LUIZA 42 cm &#8211; \u0161ed\u00e9 matn\u00e9 Keramick\u00e9 umyvadlo s \u0161edou matnou glazurou\u00a0p\u0159in\u00e1\u0161\u00ed origin\u00e1ln\u00ed a jedine\u010dn\u00fd vzhled do Va\u0161\u00ed\u00a0koupelny.\u00a0Keramick\u00e1 umyvadla\u00a0se velmi dob\u0159e udr\u017euj\u00ed &#8211; vodn\u00ed k\u00e1men \u010di rez je nijak neovliv\u0148uj\u00ed.\u00a0Keramika\u00a0je nav\u00edc pevn\u00fd a st\u00e1l\u00fd materi\u00e1l odoln\u00fd v\u016f\u010di zm\u011bn\u011b barvy. Parametry:\u00a0 Barva: \u0161ed\u00e1 matn\u00e1\u00a0 Rozm\u011br umyvadla: 420 x 420 x 155 mm\u00a0 Hloubka umyvadla: [&hellip;]","og_url":"https:\/\/www.koupelnapro.com\/index.php\/produkt\/keramicke-umyvadlo-maxmax-rea-luiza-42-cm-sede-matne-originalni-43155\/","og_image":[{"width":799,"height":800,"url":"https:\/\/www.koupelnapro.com\/wp-content\/uploads\/2026\/SK0002677-CZ20260425-093041-0-1777080643-keramicke-umyvadlo-luiza-42-cm-sede-matne_2prl-1b.webp","type":"image\/webp"}],"twitter_card":"summary_large_image","twitter_misc":{"Odhadovan\u00e1 doba \u010dten\u00ed":"1 minuta"},"schema":{"@context":"https:\/\/schema.org","@graph":[{"@type":"WebPage","@id":"https:\/\/www.koupelnapro.com\/index.php\/produkt\/keramicke-umyvadlo-maxmax-rea-luiza-42-cm-sede-matne-originalni-43155\/","url":"https:\/\/www.koupelnapro.com\/index.php\/produkt\/keramicke-umyvadlo-maxmax-rea-luiza-42-cm-sede-matne-originalni-43155\/","name":"Keramick\u00e9 umyvadlo MAXMAX Rea LUIZA 42 cm - \u0161ed\u00e9 matn\u00e9 Origin\u00e1ln\u00ed -","isPartOf":{"@id":"https:\/\/www.koupelnapro.com\/#website"},"primaryImageOfPage":{"@id":"https:\/\/www.koupelnapro.com\/index.php\/produkt\/keramicke-umyvadlo-maxmax-rea-luiza-42-cm-sede-matne-originalni-43155\/#primaryimage"},"image":{"@id":"https:\/\/www.koupelnapro.com\/index.php\/produkt\/keramicke-umyvadlo-maxmax-rea-luiza-42-cm-sede-matne-originalni-43155\/#primaryimage"},"thumbnailUrl":"https:\/\/www.koupelnapro.com\/wp-content\/uploads\/2026\/SK0002677-CZ20260425-093041-0-1777080643-keramicke-umyvadlo-luiza-42-cm-sede-matne_2prl-1b.webp","datePublished":"2026-04-26T09:16:12+00:00","breadcrumb":{"@id":"https:\/\/www.koupelnapro.com\/index.php\/produkt\/keramicke-umyvadlo-maxmax-rea-luiza-42-cm-sede-matne-originalni-43155\/#breadcrumb"},"inLanguage":"cs","potentialAction":[{"@type":"ReadAction","target":["https:\/\/www.koupelnapro.com\/index.php\/produkt\/keramicke-umyvadlo-maxmax-rea-luiza-42-cm-sede-matne-originalni-43155\/"]}]},{"@type":"ImageObject","inLanguage":"cs","@id":"https:\/\/www.koupelnapro.com\/index.php\/produkt\/keramicke-umyvadlo-maxmax-rea-luiza-42-cm-sede-matne-originalni-43155\/#primaryimage","url":"https:\/\/www.koupelnapro.com\/wp-content\/uploads\/2026\/SK0002677-CZ20260425-093041-0-1777080643-keramicke-umyvadlo-luiza-42-cm-sede-matne_2prl-1b.webp","contentUrl":"https:\/\/www.koupelnapro.com\/wp-content\/uploads\/2026\/SK0002677-CZ20260425-093041-0-1777080643-keramicke-umyvadlo-luiza-42-cm-sede-matne_2prl-1b.webp","width":799,"height":800},{"@type":"BreadcrumbList","@id":"https:\/\/www.koupelnapro.com\/index.php\/produkt\/keramicke-umyvadlo-maxmax-rea-luiza-42-cm-sede-matne-originalni-43155\/#breadcrumb","itemListElement":[{"@type":"ListItem","position":1,"name":"Home","item":"https:\/\/www.koupelnapro.com\/"},{"@type":"ListItem","position":2,"name":"Products","item":"https:\/\/www.koupelnapro.com\/index.php\/products\/"},{"@type":"ListItem","position":3,"name":"Keramick\u00e9 umyvadlo MAXMAX Rea LUIZA 42 cm &#8211; \u0161ed\u00e9 matn\u00e9 Origin\u00e1ln\u00ed"}]},{"@type":"WebSite","@id":"https:\/\/www.koupelnapro.com\/#website","url":"https:\/\/www.koupelnapro.com\/","name":"","description":"","potentialAction":[{"@type":"SearchAction","target":{"@type":"EntryPoint","urlTemplate":"https:\/\/www.koupelnapro.com\/?s={search_term_string}"},"query-input":{"@type":"PropertyValueSpecification","valueRequired":true,"valueName":"search_term_string"}}],"inLanguage":"cs"}]}},"_links":{"self":[{"href":"https:\/\/www.koupelnapro.com\/index.php\/wp-json\/wp\/v2\/product\/43155","targetHints":{"allow":["GET"]}}],"collection":[{"href":"https:\/\/www.koupelnapro.com\/index.php\/wp-json\/wp\/v2\/product"}],"about":[{"href":"https:\/\/www.koupelnapro.com\/index.php\/wp-json\/wp\/v2\/types\/product"}],"replies":[{"embeddable":true,"href":"https:\/\/www.koupelnapro.com\/index.php\/wp-json\/wp\/v2\/comments?post=43155"}],"wp:featuredmedia":[{"embeddable":true,"href":"https:\/\/www.koupelnapro.com\/index.php\/wp-json\/wp\/v2\/media\/43255"}],"wp:attachment":[{"href":"https:\/\/www.koupelnapro.com\/index.php\/wp-json\/wp\/v2\/media?parent=43155"}],"wp:term":[{"taxonomy":"product_brand","embeddable":true,"href":"https:\/\/www.koupelnapro.com\/index.php\/wp-json\/wp\/v2\/product_brand?post=43155"},{"taxonomy":"product_cat","embeddable":true,"href":"https:\/\/www.koupelnapro.com\/index.php\/wp-json\/wp\/v2\/product_cat?post=43155"},{"taxonomy":"product_tag","embeddable":true,"href":"https:\/\/www.koupelnapro.com\/index.php\/wp-json\/wp\/v2\/product_tag?post=43155"}],"curies":[{"name":"wp","href":"https:\/\/api.w.org\/{rel}","templated":true}]}}