{"id":39567,"date":"2026-04-26T09:15:54","date_gmt":"2026-04-26T09:15:54","guid":{"rendered":""},"modified":"2026-04-26T09:15:54","modified_gmt":"2026-04-26T09:15:54","slug":"znackovy-radiator-kermi-therm-x2-profil-v-typ-22-900-1200-39567","status":"publish","type":"product","link":"https:\/\/www.koupelnapro.com\/index.php\/produkt\/znackovy-radiator-kermi-therm-x2-profil-v-typ-22-900-1200-39567\/","title":{"rendered":"Zna\u010dkov\u00fd Radi\u00e1tor Kermi Therm X2 Profil-V typ 22-900\/1200"},"content":{"rendered":"<div class=\"ProductDetail-content NoFixImageContainer\" id=\"productDescription\">\n<div class=\"Heading\">\n<h2 class=\"Heading-title\">Popis produktu <span class=''>Radi\u00e1tor Kermi Therm X2 Profil-V typ 22-900\/1200<\/span><\/h2>\n<\/p><\/div>\n<div class=\"ProductDetailContent\">\n<p><strong>Dvoudeskov&yacute; radi&aacute;tor<\/strong>, p\u0159estupn&aacute; plocha, se zakrytov&aacute;n&iacute;m,&nbsp;se s&eacute;riov&yacute;m pr\u016ftokem. Profilov&eacute; ventilov&eacute; otopn&eacute; t\u011bleso therm x2 <strong>s p\u0159ipojen&iacute;m vpravo\/vlevo.<\/strong><\/p>\n<p>&nbsp;<\/p>\n<ul>\n<li>Stavebn&iacute; v&yacute;&scaron;ka (SV): 900 mm<\/li>\n<li>Stavebn&iacute; d&eacute;lka (SD): 1200 mm<\/li>\n<li>Stavebn&iacute; hloubka (SH): 100 mm<\/li>\n<li>V&yacute;kon (75\/65 C): 2754 W<\/li>\n<\/ul>\n<p>&nbsp;<\/p>\n<h2>Profilov&eacute; ventilov&eacute; otopn&eacute; t\u011bleso<\/h2>\n<div class=\"PStandard\" id=\"elem460635\" style=\"margin: 0px; padding: 0px; color: rgb(70, 70, 75); font-family: FrutigerNextW01-Condens, 'Arial W02 Narrow', 'Arial W10 Narrow', Arial, Helvetica, Verdana, sans-serif; font-size: 14px; line-height: 19px;\">\n<p><strong>Obsah dod&aacute;vky<\/strong><\/p>\n<div id=\"elem461006_intro\" style=\"color: rgb(70, 70, 75); font-family: FrutigerNextW01-Condens, 'Arial W02 Narrow', 'Arial W10 Narrow', Arial, Helvetica, Verdana, sans-serif; font-size: 14px; line-height: 19px;\">\n<p>Otopn&aacute; t\u011blesa Profil s&nbsp;&uacute;chyty, opat\u0159en&aacute; z&aacute;kladov&yacute;m lakov&aacute;n&iacute;m a pr&aacute;&scaron;kov&yacute;m lakem<br \/>Horn&iacute; a bo\u010dn&iacute; kryt, krom\u011b typu&nbsp;10 (lze sejmout p\u0159i \u010di&scaron;t\u011bn&iacute;)<br \/>Z&aacute;vrtn&eacute; konzoly, distan\u010dn&iacute; rozp\u011brky, pojistka proti vyra\u017een&iacute;, odvzdu&scaron;\u0148ovac&iacute; z&aacute;tky jsou sou\u010d&aacute;st&iacute; dod&aacute;vky bez p\u0159&iacute;platku, zaslepovac&iacute; z&aacute;tky jsou za&scaron;roubovan&eacute;.<\/p>\n<\/div>\n<p>&nbsp;<\/p>\n<p><strong>Upevn\u011bn&iacute;<\/strong><\/p>\n<div id=\"elem460635_intro\">\n<p>Upevn\u011bn&iacute; pomoc&iacute; 4&nbsp;&uacute;chyt\u016f do stavebn&iacute; d&eacute;lky 1600&nbsp;mm a 6&nbsp;&uacute;chyt\u016f od stavebn&iacute; d&eacute;lky 1800&nbsp;mm, v&nbsp;namontovan&eacute;m stavu je mo\u017en&eacute; vodorovn&eacute; i svisl&eacute; vyrovn&aacute;n&iacute;<br \/>&nbsp;<\/p>\n<\/div>\n<\/div>\n<div class=\"PStandard\" id=\"elem460810\" style=\"margin: 0px; padding: 0px; color: rgb(70, 70, 75); font-family: FrutigerNextW01-Condens, 'Arial W02 Narrow', 'Arial W10 Narrow', Arial, Helvetica, Verdana, sans-serif; font-size: 14px; line-height: 19px;\">\n<p><strong>Lak<\/strong><\/p>\n<div id=\"elem460810_intro\">\n<p>Leskl&yacute; dvouvrstv&yacute; lak, bez emis&iacute; a ekologick&yacute;, bez kapek<br \/>V&nbsp;souladu s&nbsp;DIN 55900-FWA: zbaveno mastnoty, fosf&aacute;tov&aacute;no \u017eelezem, opat\u0159eno z&aacute;kladov&yacute;m lakov&aacute;n&iacute;m pomoc&iacute; elektroforetick&eacute;ho lakov&aacute;n&iacute; (ETL) a pr&aacute;&scaron;kov&yacute;m lakem (EPS)<br \/>Standard: Kermi b&iacute;l&aacute; (podobn&aacute; RAL 9016)<br \/>Barevn&yacute; lak: barvy RAL za p\u0159&iacute;platek 30&nbsp;%, dal&scaron;&iacute; barvy na vy\u017e&aacute;d&aacute;n&iacute;<br \/>&nbsp;<\/p>\n<\/div>\n<\/div>\n<div class=\"PStandard\" id=\"elem460354\" style=\"margin: 0px; padding: 0px; color: rgb(70, 70, 75); font-family: FrutigerNextW01-Condens, 'Arial W02 Narrow', 'Arial W10 Narrow', Arial, Helvetica, Verdana, sans-serif; font-size: 14px; line-height: 19px;\">\n<p><strong>Kvalita<\/strong><\/p>\n<div id=\"elem460354_intro\">\n<p>Atest RAL<br \/>u&nbsp;v&scaron;ech otopn&yacute;ch t\u011bles se testuje t\u011bsnost<br \/>Zku&scaron;ebn&iacute; tlak: 13,0 bar<br \/>max. provozn&iacute; tlak: 10,0 bar<br \/>max. provozn&iacute; teplota: 110&deg; C<br \/>Certifikace podle DIN EN ISO 9001:2000<br \/>stavebn&iacute; proveden&iacute; spl\u0148uje p\u016fvodn&iacute; sm\u011brnice BAGUV, krom\u011b typu 10<br \/>&nbsp;<\/p>\n<\/div>\n<\/div>\n<div class=\"PStandard\" id=\"elem460305\" style=\"margin: 0px; padding: 0px; color: rgb(70, 70, 75); font-family: FrutigerNextW01-Condens, 'Arial W02 Narrow', 'Arial W10 Narrow', Arial, Helvetica, Verdana, sans-serif; font-size: 14px; line-height: 19px;\">\n<p><strong>Z&aacute;ruka<\/strong><\/p>\n<div id=\"elem460305_intro\">\n<p>Erweiterte Gew&auml;hrleistung gem&auml;&szlig; Haftungs&uuml;bernahme-Erkl&auml;rung mit dem ZVSHK<br \/>&nbsp;<\/p>\n<\/div>\n<\/div>\n<div class=\"PStandard\" id=\"elem460795\" style=\"margin: 0px; padding: 0px; color: rgb(70, 70, 75); font-family: FrutigerNextW01-Condens, 'Arial W02 Narrow', 'Arial W10 Narrow', Arial, Helvetica, Verdana, sans-serif; font-size: 14px; line-height: 19px;\">\n<p><strong>P\u0159ipojen&iacute; zleva nebo zprava<\/strong><\/p>\n<div id=\"elem460795_intro\">\n<p>Profilov&aacute; ventilov&aacute; otopn&aacute; t\u011blesa:<br \/>2 x vn\u011bj&scaron;&iacute; z&aacute;vit G 3\/4&quot; standardn\u011b<br \/>p\u0159ipojen&iacute; vpravo, na p\u0159&aacute;n&iacute;<br \/>p\u0159ipojen&iacute; vlevo bez p\u0159&iacute;platku<br \/>3 x G 1\/2&quot; vnit\u0159n&iacute; z&aacute;vit bo\u010dn&iacute;<br \/>&nbsp;<\/p>\n<\/div>\n<\/div>\n<div class=\"PStandard\" id=\"elem461030\" style=\"margin: 0px; padding: 0px; color: rgb(70, 70, 75); font-family: FrutigerNextW01-Condens, 'Arial W02 Narrow', 'Arial W10 Narrow', Arial, Helvetica, Verdana, sans-serif; font-size: 14px; line-height: 19px;\">\n<p><strong>Se st\u0159edov&yacute;m p\u0159ipojen&iacute;m<\/strong><\/p>\n<div id=\"elem461030_intro\">\n<p>2 x G 3\/4&quot; vn\u011bj&scaron;&iacute; z&aacute;vit pro up&iacute;nac&iacute; &scaron;rouben&iacute; dole uprost\u0159ed, p\u0159&iacute;vod v\u017edy vlevo nez&aacute;visle na poloze ventilu, standard = ventil vpravo (ventil vlevo lze dodat bez p\u0159&iacute;platku), \u20284 x G 1\/2&quot; vnit\u0159n&iacute; z&aacute;vit bo\u010dn&iacute; (lze pou\u017e&iacute;t rovn\u011b\u017e jako plnohodnotn&eacute; kompaktn&iacute; otopn&eacute; t\u011bleso).<br \/>&nbsp;<\/p>\n<\/div>\n<\/div>\n<div class=\"PStandard\" id=\"elem461930\" style=\"margin: 0px; padding: 0px; color: rgb(70, 70, 75); font-family: FrutigerNextW01-Condens, 'Arial W02 Narrow', 'Arial W10 Narrow', Arial, Helvetica, Verdana, sans-serif; font-size: 14px; line-height: 19px;\">\n<p><strong>Ventil<\/strong><\/p>\n<div id=\"elem461930_intro\">\n<p>Ventil p\u0159izp\u016fsoben topn&eacute;mu v&yacute;konu s&nbsp;nastavenou hodnotou kv z&nbsp;v&yacute;roby<br \/>zaslepovac&iacute; a odvzdu&scaron;\u0148ovac&iacute; z&aacute;tky namontovan&eacute; a ut\u011bsn\u011bn&eacute;<\/p>\n<\/div>\n<\/div>\n<p>&nbsp;<\/p>\n<\/p><\/div>\n<div class=\"ProductDetailContent\">                                                                    <\/div>\n<\/p><\/div>\n<\/p><\/div>\n<\/p><\/div>\n","protected":false},"excerpt":{"rendered":"<p>Popis produktu Radi\u00e1tor Kermi Therm X2 Profil-V typ 22-900\/1200 Dvoudeskov&yacute; radi&aacute;tor, p\u0159estupn&aacute; plocha, se zakrytov&aacute;n&iacute;m,&nbsp;se s&eacute;riov&yacute;m pr\u016ftokem. Profilov&eacute; ventilov&eacute; otopn&eacute; t\u011bleso therm x2 s p\u0159ipojen&iacute;m vpravo\/vlevo. &nbsp; Stavebn&iacute; v&yacute;&scaron;ka (SV): 900 mm Stavebn&iacute; d&eacute;lka (SD): 1200 mm Stavebn&iacute; hloubka (SH): 100 mm V&yacute;kon (75\/65 C): 2754 W &nbsp; Profilov&eacute; ventilov&eacute; otopn&eacute; t\u011bleso Obsah dod&aacute;vky Otopn&aacute; [&hellip;]<\/p>\n","protected":false},"featured_media":39667,"comment_status":"open","ping_status":"open","template":"","meta":[],"product_brand":[],"product_cat":[144],"product_tag":[],"class_list":{"0":"post-39567","1":"product","2":"type-product","3":"status-publish","4":"has-post-thumbnail","6":"product_cat-topeni","8":"first","9":"instock","10":"sale","11":"shipping-taxable","12":"purchasable","13":"product-type-simple"},"yoast_head":"<!-- This site is optimized with the Yoast SEO plugin v26.8 - https:\/\/yoast.com\/product\/yoast-seo-wordpress\/ -->\n<title>Zna\u010dkov\u00fd Radi\u00e1tor Kermi Therm X2 Profil-V typ 22-900\/1200 -<\/title>\n<meta name=\"robots\" content=\"index, follow, max-snippet:-1, max-image-preview:large, max-video-preview:-1\" \/>\n<link rel=\"canonical\" href=\"https:\/\/www.koupelnapro.com\/index.php\/produkt\/znackovy-radiator-kermi-therm-x2-profil-v-typ-22-900-1200-39567\/\" \/>\n<meta property=\"og:locale\" content=\"cs_CZ\" \/>\n<meta property=\"og:type\" content=\"article\" \/>\n<meta property=\"og:title\" content=\"Zna\u010dkov\u00fd Radi\u00e1tor Kermi Therm X2 Profil-V typ 22-900\/1200 -\" \/>\n<meta property=\"og:description\" content=\"Popis produktu Radi\u00e1tor Kermi Therm X2 Profil-V typ 22-900\/1200 Dvoudeskov&yacute; radi&aacute;tor, p\u0159estupn&aacute; plocha, se zakrytov&aacute;n&iacute;m,&nbsp;se s&eacute;riov&yacute;m pr\u016ftokem. Profilov&eacute; ventilov&eacute; otopn&eacute; t\u011bleso therm x2 s p\u0159ipojen&iacute;m vpravo\/vlevo. &nbsp; Stavebn&iacute; v&yacute;&scaron;ka (SV): 900 mm Stavebn&iacute; d&eacute;lka (SD): 1200 mm Stavebn&iacute; hloubka (SH): 100 mm V&yacute;kon (75\/65 C): 2754 W &nbsp; Profilov&eacute; ventilov&eacute; otopn&eacute; t\u011bleso Obsah dod&aacute;vky Otopn&aacute; [&hellip;]\" \/>\n<meta property=\"og:url\" content=\"https:\/\/www.koupelnapro.com\/index.php\/produkt\/znackovy-radiator-kermi-therm-x2-profil-v-typ-22-900-1200-39567\/\" \/>\n<meta property=\"og:image\" content=\"https:\/\/www.koupelnapro.com\/wp-content\/uploads\/2026\/SK0003355-CZ20260425-092632-0-1777080397-radiator-kermi-therm-x2-profil-v-typ-22-900-1200-1098534.jp.webp\" \/>\n\t<meta property=\"og:image:width\" content=\"600\" \/>\n\t<meta property=\"og:image:height\" content=\"500\" \/>\n\t<meta property=\"og:image:type\" content=\"image\/webp\" \/>\n<meta name=\"twitter:card\" content=\"summary_large_image\" \/>\n<meta name=\"twitter:label1\" content=\"Odhadovan\u00e1 doba \u010dten\u00ed\" \/>\n\t<meta name=\"twitter:data1\" content=\"3 minuty\" \/>\n<script type=\"application\/ld+json\" class=\"yoast-schema-graph\">{\"@context\":\"https:\/\/schema.org\",\"@graph\":[{\"@type\":\"WebPage\",\"@id\":\"https:\/\/www.koupelnapro.com\/index.php\/produkt\/znackovy-radiator-kermi-therm-x2-profil-v-typ-22-900-1200-39567\/\",\"url\":\"https:\/\/www.koupelnapro.com\/index.php\/produkt\/znackovy-radiator-kermi-therm-x2-profil-v-typ-22-900-1200-39567\/\",\"name\":\"Zna\u010dkov\u00fd Radi\u00e1tor Kermi Therm X2 Profil-V typ 22-900\/1200 -\",\"isPartOf\":{\"@id\":\"https:\/\/www.koupelnapro.com\/#website\"},\"primaryImageOfPage\":{\"@id\":\"https:\/\/www.koupelnapro.com\/index.php\/produkt\/znackovy-radiator-kermi-therm-x2-profil-v-typ-22-900-1200-39567\/#primaryimage\"},\"image\":{\"@id\":\"https:\/\/www.koupelnapro.com\/index.php\/produkt\/znackovy-radiator-kermi-therm-x2-profil-v-typ-22-900-1200-39567\/#primaryimage\"},\"thumbnailUrl\":\"https:\/\/www.koupelnapro.com\/wp-content\/uploads\/2026\/SK0003355-CZ20260425-092632-0-1777080397-radiator-kermi-therm-x2-profil-v-typ-22-900-1200-1098534.jp.webp\",\"datePublished\":\"2026-04-26T09:15:54+00:00\",\"breadcrumb\":{\"@id\":\"https:\/\/www.koupelnapro.com\/index.php\/produkt\/znackovy-radiator-kermi-therm-x2-profil-v-typ-22-900-1200-39567\/#breadcrumb\"},\"inLanguage\":\"cs\",\"potentialAction\":[{\"@type\":\"ReadAction\",\"target\":[\"https:\/\/www.koupelnapro.com\/index.php\/produkt\/znackovy-radiator-kermi-therm-x2-profil-v-typ-22-900-1200-39567\/\"]}]},{\"@type\":\"ImageObject\",\"inLanguage\":\"cs\",\"@id\":\"https:\/\/www.koupelnapro.com\/index.php\/produkt\/znackovy-radiator-kermi-therm-x2-profil-v-typ-22-900-1200-39567\/#primaryimage\",\"url\":\"https:\/\/www.koupelnapro.com\/wp-content\/uploads\/2026\/SK0003355-CZ20260425-092632-0-1777080397-radiator-kermi-therm-x2-profil-v-typ-22-900-1200-1098534.jp.webp\",\"contentUrl\":\"https:\/\/www.koupelnapro.com\/wp-content\/uploads\/2026\/SK0003355-CZ20260425-092632-0-1777080397-radiator-kermi-therm-x2-profil-v-typ-22-900-1200-1098534.jp.webp\",\"width\":600,\"height\":500},{\"@type\":\"BreadcrumbList\",\"@id\":\"https:\/\/www.koupelnapro.com\/index.php\/produkt\/znackovy-radiator-kermi-therm-x2-profil-v-typ-22-900-1200-39567\/#breadcrumb\",\"itemListElement\":[{\"@type\":\"ListItem\",\"position\":1,\"name\":\"Home\",\"item\":\"https:\/\/www.koupelnapro.com\/\"},{\"@type\":\"ListItem\",\"position\":2,\"name\":\"Products\",\"item\":\"https:\/\/www.koupelnapro.com\/index.php\/products\/\"},{\"@type\":\"ListItem\",\"position\":3,\"name\":\"Zna\u010dkov\u00fd Radi\u00e1tor Kermi Therm X2 Profil-V typ 22-900\/1200\"}]},{\"@type\":\"WebSite\",\"@id\":\"https:\/\/www.koupelnapro.com\/#website\",\"url\":\"https:\/\/www.koupelnapro.com\/\",\"name\":\"\",\"description\":\"\",\"potentialAction\":[{\"@type\":\"SearchAction\",\"target\":{\"@type\":\"EntryPoint\",\"urlTemplate\":\"https:\/\/www.koupelnapro.com\/?s={search_term_string}\"},\"query-input\":{\"@type\":\"PropertyValueSpecification\",\"valueRequired\":true,\"valueName\":\"search_term_string\"}}],\"inLanguage\":\"cs\"}]}<\/script>\n<!-- \/ Yoast SEO plugin. -->","yoast_head_json":{"title":"Zna\u010dkov\u00fd Radi\u00e1tor Kermi Therm X2 Profil-V typ 22-900\/1200 -","robots":{"index":"index","follow":"follow","max-snippet":"max-snippet:-1","max-image-preview":"max-image-preview:large","max-video-preview":"max-video-preview:-1"},"canonical":"https:\/\/www.koupelnapro.com\/index.php\/produkt\/znackovy-radiator-kermi-therm-x2-profil-v-typ-22-900-1200-39567\/","og_locale":"cs_CZ","og_type":"article","og_title":"Zna\u010dkov\u00fd Radi\u00e1tor Kermi Therm X2 Profil-V typ 22-900\/1200 -","og_description":"Popis produktu Radi\u00e1tor Kermi Therm X2 Profil-V typ 22-900\/1200 Dvoudeskov&yacute; radi&aacute;tor, p\u0159estupn&aacute; plocha, se zakrytov&aacute;n&iacute;m,&nbsp;se s&eacute;riov&yacute;m pr\u016ftokem. Profilov&eacute; ventilov&eacute; otopn&eacute; t\u011bleso therm x2 s p\u0159ipojen&iacute;m vpravo\/vlevo. &nbsp; Stavebn&iacute; v&yacute;&scaron;ka (SV): 900 mm Stavebn&iacute; d&eacute;lka (SD): 1200 mm Stavebn&iacute; hloubka (SH): 100 mm V&yacute;kon (75\/65 C): 2754 W &nbsp; Profilov&eacute; ventilov&eacute; otopn&eacute; t\u011bleso Obsah dod&aacute;vky Otopn&aacute; [&hellip;]","og_url":"https:\/\/www.koupelnapro.com\/index.php\/produkt\/znackovy-radiator-kermi-therm-x2-profil-v-typ-22-900-1200-39567\/","og_image":[{"width":600,"height":500,"url":"https:\/\/www.koupelnapro.com\/wp-content\/uploads\/2026\/SK0003355-CZ20260425-092632-0-1777080397-radiator-kermi-therm-x2-profil-v-typ-22-900-1200-1098534.jp.webp","type":"image\/webp"}],"twitter_card":"summary_large_image","twitter_misc":{"Odhadovan\u00e1 doba \u010dten\u00ed":"3 minuty"},"schema":{"@context":"https:\/\/schema.org","@graph":[{"@type":"WebPage","@id":"https:\/\/www.koupelnapro.com\/index.php\/produkt\/znackovy-radiator-kermi-therm-x2-profil-v-typ-22-900-1200-39567\/","url":"https:\/\/www.koupelnapro.com\/index.php\/produkt\/znackovy-radiator-kermi-therm-x2-profil-v-typ-22-900-1200-39567\/","name":"Zna\u010dkov\u00fd Radi\u00e1tor Kermi Therm X2 Profil-V typ 22-900\/1200 -","isPartOf":{"@id":"https:\/\/www.koupelnapro.com\/#website"},"primaryImageOfPage":{"@id":"https:\/\/www.koupelnapro.com\/index.php\/produkt\/znackovy-radiator-kermi-therm-x2-profil-v-typ-22-900-1200-39567\/#primaryimage"},"image":{"@id":"https:\/\/www.koupelnapro.com\/index.php\/produkt\/znackovy-radiator-kermi-therm-x2-profil-v-typ-22-900-1200-39567\/#primaryimage"},"thumbnailUrl":"https:\/\/www.koupelnapro.com\/wp-content\/uploads\/2026\/SK0003355-CZ20260425-092632-0-1777080397-radiator-kermi-therm-x2-profil-v-typ-22-900-1200-1098534.jp.webp","datePublished":"2026-04-26T09:15:54+00:00","breadcrumb":{"@id":"https:\/\/www.koupelnapro.com\/index.php\/produkt\/znackovy-radiator-kermi-therm-x2-profil-v-typ-22-900-1200-39567\/#breadcrumb"},"inLanguage":"cs","potentialAction":[{"@type":"ReadAction","target":["https:\/\/www.koupelnapro.com\/index.php\/produkt\/znackovy-radiator-kermi-therm-x2-profil-v-typ-22-900-1200-39567\/"]}]},{"@type":"ImageObject","inLanguage":"cs","@id":"https:\/\/www.koupelnapro.com\/index.php\/produkt\/znackovy-radiator-kermi-therm-x2-profil-v-typ-22-900-1200-39567\/#primaryimage","url":"https:\/\/www.koupelnapro.com\/wp-content\/uploads\/2026\/SK0003355-CZ20260425-092632-0-1777080397-radiator-kermi-therm-x2-profil-v-typ-22-900-1200-1098534.jp.webp","contentUrl":"https:\/\/www.koupelnapro.com\/wp-content\/uploads\/2026\/SK0003355-CZ20260425-092632-0-1777080397-radiator-kermi-therm-x2-profil-v-typ-22-900-1200-1098534.jp.webp","width":600,"height":500},{"@type":"BreadcrumbList","@id":"https:\/\/www.koupelnapro.com\/index.php\/produkt\/znackovy-radiator-kermi-therm-x2-profil-v-typ-22-900-1200-39567\/#breadcrumb","itemListElement":[{"@type":"ListItem","position":1,"name":"Home","item":"https:\/\/www.koupelnapro.com\/"},{"@type":"ListItem","position":2,"name":"Products","item":"https:\/\/www.koupelnapro.com\/index.php\/products\/"},{"@type":"ListItem","position":3,"name":"Zna\u010dkov\u00fd Radi\u00e1tor Kermi Therm X2 Profil-V typ 22-900\/1200"}]},{"@type":"WebSite","@id":"https:\/\/www.koupelnapro.com\/#website","url":"https:\/\/www.koupelnapro.com\/","name":"","description":"","potentialAction":[{"@type":"SearchAction","target":{"@type":"EntryPoint","urlTemplate":"https:\/\/www.koupelnapro.com\/?s={search_term_string}"},"query-input":{"@type":"PropertyValueSpecification","valueRequired":true,"valueName":"search_term_string"}}],"inLanguage":"cs"}]}},"_links":{"self":[{"href":"https:\/\/www.koupelnapro.com\/index.php\/wp-json\/wp\/v2\/product\/39567","targetHints":{"allow":["GET"]}}],"collection":[{"href":"https:\/\/www.koupelnapro.com\/index.php\/wp-json\/wp\/v2\/product"}],"about":[{"href":"https:\/\/www.koupelnapro.com\/index.php\/wp-json\/wp\/v2\/types\/product"}],"replies":[{"embeddable":true,"href":"https:\/\/www.koupelnapro.com\/index.php\/wp-json\/wp\/v2\/comments?post=39567"}],"wp:featuredmedia":[{"embeddable":true,"href":"https:\/\/www.koupelnapro.com\/index.php\/wp-json\/wp\/v2\/media\/39667"}],"wp:attachment":[{"href":"https:\/\/www.koupelnapro.com\/index.php\/wp-json\/wp\/v2\/media?parent=39567"}],"wp:term":[{"taxonomy":"product_brand","embeddable":true,"href":"https:\/\/www.koupelnapro.com\/index.php\/wp-json\/wp\/v2\/product_brand?post=39567"},{"taxonomy":"product_cat","embeddable":true,"href":"https:\/\/www.koupelnapro.com\/index.php\/wp-json\/wp\/v2\/product_cat?post=39567"},{"taxonomy":"product_tag","embeddable":true,"href":"https:\/\/www.koupelnapro.com\/index.php\/wp-json\/wp\/v2\/product_tag?post=39567"}],"curies":[{"name":"wp","href":"https:\/\/api.w.org\/{rel}","templated":true}]}}