{"id":37162,"date":"2026-04-26T09:15:43","date_gmt":"2026-04-26T09:15:43","guid":{"rendered":""},"modified":"2026-04-26T09:15:43","modified_gmt":"2026-04-26T09:15:43","slug":"sedatko-na-vanu-s-madlem-bila-nizka-cena-37162","status":"publish","type":"product","link":"https:\/\/www.koupelnapro.com\/produkt\/sedatko-na-vanu-s-madlem-bila-nizka-cena-37162\/","title":{"rendered":"Sed\u00e1tko na vanu s madlem, b\u00edl\u00e1 N\u00edzk\u00e1 Cena"},"content":{"rendered":"<div class=\"basic-description\">\n<h3>Detailn\u00ed popis produktu<\/h3>\n<p><span>Sed\u00e1tko na vanu, s madlem<\/span><\/p>\n<ul>\n<li>Nastaviteln\u00fd rozm\u011br: 410-600 mm<\/li>\n<li>Maxim\u00e1ln\u00ed nosnost: 150 kg<\/li>\n<\/ul>\n<p><span>&nbsp; &nbsp;Prodlou\u017een\u00e1 z\u00e1ruka&nbsp;<\/span><\/p>\n<\/p>\n<p>Technick\u00fd list ke sta\u017een\u00ed zdeOstatn\u00ed                            <\/p><\/div>\n<div class=\"extended-description\">\n<h3>Dopl\u0148kov\u00e9 parametry<\/h3>\n<table class=\"detail-parameters\">\n<tbody>\n<tr>\n<th>        <span class=\"row-header-label\">            Kategorie<span class=\"row-header-label-colon\">:<\/span>        <\/span>    <\/th>\n<td>            <\/td>\n<\/tr>\n<tr>\n<th>            <span class=\"row-header-label\">                Z\u00e1ruka<span class=\"row-header-label-colon\">:<\/span>            <\/span>        <\/th>\n<td>            36        <\/td>\n<\/tr>\n<tr>\n<th>            <span class=\"row-header-label\">                Hmotnost<span class=\"row-header-label-colon\">:<\/span>            <\/span>        <\/th>\n<td>            1.06 kg        <\/td>\n<\/tr>\n<tr class=\"productEan\">\n<th>          <span class=\"row-header-label productEan__label\">              EAN<span class=\"row-header-label-colon\">:<\/span>          <\/span>      <\/th>\n<td>          <span class=\"productEan__value\">4006956951300<\/span>      <\/td>\n<\/tr>\n<tr>\n<th>                <span class=\"row-header-label\">                                            Balen\u00ed<span class=\"row-header-label-colon\">:<\/span>                                    <\/span>            <\/th>\n<td>                                                            1 ks                                                <\/td>\n<\/tr>\n<tr>\n<th>                <span class=\"row-header-label\">                                            Barva<span class=\"row-header-label-colon\">:<\/span>                                    <\/span>            <\/th>\n<td>                                                            B\u00edl\u00e1                                                <\/td>\n<\/tr>\n<tr>\n<th>                <span class=\"row-header-label\">                                            Instalace<span class=\"row-header-label-colon\">:<\/span>                                    <\/span>            <\/th>\n<td>                                                            K zav\u011b\u0161en\u00ed                                                <\/td>\n<\/tr>\n<tr>\n<th>                <span class=\"row-header-label\">                                            Materi\u00e1l<span class=\"row-header-label-colon\">:<\/span>                                    <\/span>            <\/th>\n<td>                                                            Plast                                                <\/td>\n<\/tr>\n<tr>\n<th>                <span class=\"row-header-label\">                                            Rozm\u011br<span class=\"row-header-label-colon\">:<\/span>                                    <\/span>            <\/th>\n<td>                                                            700&#215;300 mm                                                <\/td>\n<\/tr>\n<tr>\n<th>                <span class=\"row-header-label\">                                            Tvar<span class=\"row-header-label-colon\">:<\/span>                                    <\/span>            <\/th>\n<td>                                                            Ostatn\u00ed tvary                                                <\/td>\n<\/tr>\n<tr>\n<th>                <span class=\"row-header-label\">                                            Z\u00e1ruka<span class=\"row-header-label-colon\">:<\/span>                                    <\/span>            <\/th>\n<td>                                                            3 roky                                                <\/td>\n<\/tr>\n<\/tbody>\n<\/table><\/div>\n<\/p><\/div>\n<\/p><\/div>\n","protected":false},"excerpt":{"rendered":"<p>Detailn\u00ed popis produktu Sed\u00e1tko na vanu, s madlem Nastaviteln\u00fd rozm\u011br: 410-600 mm Maxim\u00e1ln\u00ed nosnost: 150 kg &nbsp; &nbsp;Prodlou\u017een\u00e1 z\u00e1ruka&nbsp; Technick\u00fd list ke sta\u017een\u00ed zdeOstatn\u00ed Dopl\u0148kov\u00e9 parametry Kategorie: Z\u00e1ruka: 36 Hmotnost: 1.06 kg EAN: 4006956951300 Balen\u00ed: 1 ks Barva: B\u00edl\u00e1 Instalace: K zav\u011b\u0161en\u00ed Materi\u00e1l: Plast Rozm\u011br: 700&#215;300 mm Tvar: Ostatn\u00ed tvary Z\u00e1ruka: 3 roky<\/p>\n","protected":false},"featured_media":37262,"template":"","meta":[],"product_brand":[],"product_cat":[129],"product_tag":[],"class_list":{"0":"post-37162","1":"product","2":"type-product","3":"status-publish","4":"has-post-thumbnail","6":"product_cat-vany","8":"first","9":"instock","10":"sale","11":"shipping-taxable","12":"purchasable","13":"product-type-simple"},"yoast_head":"<!-- This site is optimized with the Yoast SEO plugin v26.8 - https:\/\/yoast.com\/product\/yoast-seo-wordpress\/ -->\n<title>Sed\u00e1tko na vanu s madlem, b\u00edl\u00e1 N\u00edzk\u00e1 Cena - Vybaven\u00ed pro d\u016fm<\/title>\n<meta name=\"robots\" content=\"index, follow, max-snippet:-1, max-image-preview:large, max-video-preview:-1\" \/>\n<link rel=\"canonical\" href=\"https:\/\/www.koupelnapro.com\/index.php\/produkt\/sedatko-na-vanu-s-madlem-bila-nizka-cena-37162\/\" \/>\n<meta property=\"og:locale\" content=\"cs_CZ\" \/>\n<meta property=\"og:type\" content=\"article\" \/>\n<meta property=\"og:title\" content=\"Sed\u00e1tko na vanu s madlem, b\u00edl\u00e1 N\u00edzk\u00e1 Cena - Vybaven\u00ed pro d\u016fm\" \/>\n<meta property=\"og:description\" content=\"Detailn\u00ed popis produktu Sed\u00e1tko na vanu, s madlem Nastaviteln\u00fd rozm\u011br: 410-600 mm Maxim\u00e1ln\u00ed nosnost: 150 kg &nbsp; &nbsp;Prodlou\u017een\u00e1 z\u00e1ruka&nbsp; Technick\u00fd list ke sta\u017een\u00ed zdeOstatn\u00ed Dopl\u0148kov\u00e9 parametry Kategorie: Z\u00e1ruka: 36 Hmotnost: 1.06 kg EAN: 4006956951300 Balen\u00ed: 1 ks Barva: B\u00edl\u00e1 Instalace: K zav\u011b\u0161en\u00ed Materi\u00e1l: Plast Rozm\u011br: 700&#215;300 mm Tvar: Ostatn\u00ed tvary Z\u00e1ruka: 3 roky\" \/>\n<meta property=\"og:url\" content=\"https:\/\/www.koupelnapro.com\/index.php\/produkt\/sedatko-na-vanu-s-madlem-bila-nizka-cena-37162\/\" \/>\n<meta property=\"og:site_name\" content=\"Vybaven\u00ed pro d\u016fm\" \/>\n<meta property=\"og:image\" content=\"https:\/\/www.koupelnapro.com\/wp-content\/uploads\/2026\/SK0003472-CZ20260425-092556-0-1777080363-43785_sedatko-na-vanu-s-madlem--bila.webp\" \/>\n\t<meta property=\"og:image:width\" content=\"1000\" \/>\n\t<meta property=\"og:image:height\" content=\"750\" \/>\n\t<meta property=\"og:image:type\" content=\"image\/webp\" \/>\n<meta name=\"twitter:card\" content=\"summary_large_image\" \/>\n<script type=\"application\/ld+json\" class=\"yoast-schema-graph\">{\"@context\":\"https:\/\/schema.org\",\"@graph\":[{\"@type\":\"WebPage\",\"@id\":\"https:\/\/www.koupelnapro.com\/index.php\/produkt\/sedatko-na-vanu-s-madlem-bila-nizka-cena-37162\/\",\"url\":\"https:\/\/www.koupelnapro.com\/index.php\/produkt\/sedatko-na-vanu-s-madlem-bila-nizka-cena-37162\/\",\"name\":\"Sed\u00e1tko na vanu s madlem, b\u00edl\u00e1 N\u00edzk\u00e1 Cena - Vybaven\u00ed pro d\u016fm\",\"isPartOf\":{\"@id\":\"https:\/\/www.koupelnapro.com\/#website\"},\"primaryImageOfPage\":{\"@id\":\"https:\/\/www.koupelnapro.com\/index.php\/produkt\/sedatko-na-vanu-s-madlem-bila-nizka-cena-37162\/#primaryimage\"},\"image\":{\"@id\":\"https:\/\/www.koupelnapro.com\/index.php\/produkt\/sedatko-na-vanu-s-madlem-bila-nizka-cena-37162\/#primaryimage\"},\"thumbnailUrl\":\"https:\/\/www.koupelnapro.com\/wp-content\/uploads\/2026\/SK0003472-CZ20260425-092556-0-1777080363-43785_sedatko-na-vanu-s-madlem--bila.webp\",\"datePublished\":\"2026-04-26T09:15:43+00:00\",\"breadcrumb\":{\"@id\":\"https:\/\/www.koupelnapro.com\/index.php\/produkt\/sedatko-na-vanu-s-madlem-bila-nizka-cena-37162\/#breadcrumb\"},\"inLanguage\":\"cs\",\"potentialAction\":[{\"@type\":\"ReadAction\",\"target\":[\"https:\/\/www.koupelnapro.com\/index.php\/produkt\/sedatko-na-vanu-s-madlem-bila-nizka-cena-37162\/\"]}]},{\"@type\":\"ImageObject\",\"inLanguage\":\"cs\",\"@id\":\"https:\/\/www.koupelnapro.com\/index.php\/produkt\/sedatko-na-vanu-s-madlem-bila-nizka-cena-37162\/#primaryimage\",\"url\":\"https:\/\/www.koupelnapro.com\/wp-content\/uploads\/2026\/SK0003472-CZ20260425-092556-0-1777080363-43785_sedatko-na-vanu-s-madlem--bila.webp\",\"contentUrl\":\"https:\/\/www.koupelnapro.com\/wp-content\/uploads\/2026\/SK0003472-CZ20260425-092556-0-1777080363-43785_sedatko-na-vanu-s-madlem--bila.webp\",\"width\":1000,\"height\":750},{\"@type\":\"BreadcrumbList\",\"@id\":\"https:\/\/www.koupelnapro.com\/index.php\/produkt\/sedatko-na-vanu-s-madlem-bila-nizka-cena-37162\/#breadcrumb\",\"itemListElement\":[{\"@type\":\"ListItem\",\"position\":1,\"name\":\"Home\",\"item\":\"https:\/\/www.koupelnapro.com\/\"},{\"@type\":\"ListItem\",\"position\":2,\"name\":\"Products\",\"item\":\"https:\/\/www.koupelnapro.com\/products\/\"},{\"@type\":\"ListItem\",\"position\":3,\"name\":\"Sed\u00e1tko na vanu s madlem, b\u00edl\u00e1 N\u00edzk\u00e1 Cena\"}]},{\"@type\":\"WebSite\",\"@id\":\"https:\/\/www.koupelnapro.com\/#website\",\"url\":\"https:\/\/www.koupelnapro.com\/\",\"name\":\"Vybaven\u00ed pro d\u016fm\",\"description\":\"Vybaven\u00ed pro d\u016fm\",\"publisher\":{\"@id\":\"https:\/\/www.koupelnapro.com\/#organization\"},\"potentialAction\":[{\"@type\":\"SearchAction\",\"target\":{\"@type\":\"EntryPoint\",\"urlTemplate\":\"https:\/\/www.koupelnapro.com\/?s={search_term_string}\"},\"query-input\":{\"@type\":\"PropertyValueSpecification\",\"valueRequired\":true,\"valueName\":\"search_term_string\"}}],\"inLanguage\":\"cs\"},{\"@type\":\"Organization\",\"@id\":\"https:\/\/www.koupelnapro.com\/#organization\",\"name\":\"Vybaven\u00ed pro d\u016fm\",\"url\":\"https:\/\/www.koupelnapro.com\/\",\"logo\":{\"@type\":\"ImageObject\",\"inLanguage\":\"cs\",\"@id\":\"https:\/\/www.koupelnapro.com\/#\/schema\/logo\/image\/\",\"url\":\"https:\/\/www.koupelnapro.com\/wp-content\/uploads\/2026\/04\/koupelnapro-logo-deep-green.svg\",\"contentUrl\":\"https:\/\/www.koupelnapro.com\/wp-content\/uploads\/2026\/04\/koupelnapro-logo-deep-green.svg\",\"width\":920,\"height\":160,\"caption\":\"Vybaven\u00ed pro d\u016fm\"},\"image\":{\"@id\":\"https:\/\/www.koupelnapro.com\/#\/schema\/logo\/image\/\"}}]}<\/script>\n<!-- \/ Yoast SEO plugin. -->","yoast_head_json":{"title":"Sed\u00e1tko na vanu s madlem, b\u00edl\u00e1 N\u00edzk\u00e1 Cena - Vybaven\u00ed pro d\u016fm","robots":{"index":"index","follow":"follow","max-snippet":"max-snippet:-1","max-image-preview":"max-image-preview:large","max-video-preview":"max-video-preview:-1"},"canonical":"https:\/\/www.koupelnapro.com\/index.php\/produkt\/sedatko-na-vanu-s-madlem-bila-nizka-cena-37162\/","og_locale":"cs_CZ","og_type":"article","og_title":"Sed\u00e1tko na vanu s madlem, b\u00edl\u00e1 N\u00edzk\u00e1 Cena - Vybaven\u00ed pro d\u016fm","og_description":"Detailn\u00ed popis produktu Sed\u00e1tko na vanu, s madlem Nastaviteln\u00fd rozm\u011br: 410-600 mm Maxim\u00e1ln\u00ed nosnost: 150 kg &nbsp; &nbsp;Prodlou\u017een\u00e1 z\u00e1ruka&nbsp; Technick\u00fd list ke sta\u017een\u00ed zdeOstatn\u00ed Dopl\u0148kov\u00e9 parametry Kategorie: Z\u00e1ruka: 36 Hmotnost: 1.06 kg EAN: 4006956951300 Balen\u00ed: 1 ks Barva: B\u00edl\u00e1 Instalace: K zav\u011b\u0161en\u00ed Materi\u00e1l: Plast Rozm\u011br: 700&#215;300 mm Tvar: Ostatn\u00ed tvary Z\u00e1ruka: 3 roky","og_url":"https:\/\/www.koupelnapro.com\/index.php\/produkt\/sedatko-na-vanu-s-madlem-bila-nizka-cena-37162\/","og_site_name":"Vybaven\u00ed pro d\u016fm","og_image":[{"width":1000,"height":750,"url":"https:\/\/www.koupelnapro.com\/wp-content\/uploads\/2026\/SK0003472-CZ20260425-092556-0-1777080363-43785_sedatko-na-vanu-s-madlem--bila.webp","type":"image\/webp"}],"twitter_card":"summary_large_image","schema":{"@context":"https:\/\/schema.org","@graph":[{"@type":"WebPage","@id":"https:\/\/www.koupelnapro.com\/index.php\/produkt\/sedatko-na-vanu-s-madlem-bila-nizka-cena-37162\/","url":"https:\/\/www.koupelnapro.com\/index.php\/produkt\/sedatko-na-vanu-s-madlem-bila-nizka-cena-37162\/","name":"Sed\u00e1tko na vanu s madlem, b\u00edl\u00e1 N\u00edzk\u00e1 Cena - Vybaven\u00ed pro d\u016fm","isPartOf":{"@id":"https:\/\/www.koupelnapro.com\/#website"},"primaryImageOfPage":{"@id":"https:\/\/www.koupelnapro.com\/index.php\/produkt\/sedatko-na-vanu-s-madlem-bila-nizka-cena-37162\/#primaryimage"},"image":{"@id":"https:\/\/www.koupelnapro.com\/index.php\/produkt\/sedatko-na-vanu-s-madlem-bila-nizka-cena-37162\/#primaryimage"},"thumbnailUrl":"https:\/\/www.koupelnapro.com\/wp-content\/uploads\/2026\/SK0003472-CZ20260425-092556-0-1777080363-43785_sedatko-na-vanu-s-madlem--bila.webp","datePublished":"2026-04-26T09:15:43+00:00","breadcrumb":{"@id":"https:\/\/www.koupelnapro.com\/index.php\/produkt\/sedatko-na-vanu-s-madlem-bila-nizka-cena-37162\/#breadcrumb"},"inLanguage":"cs","potentialAction":[{"@type":"ReadAction","target":["https:\/\/www.koupelnapro.com\/index.php\/produkt\/sedatko-na-vanu-s-madlem-bila-nizka-cena-37162\/"]}]},{"@type":"ImageObject","inLanguage":"cs","@id":"https:\/\/www.koupelnapro.com\/index.php\/produkt\/sedatko-na-vanu-s-madlem-bila-nizka-cena-37162\/#primaryimage","url":"https:\/\/www.koupelnapro.com\/wp-content\/uploads\/2026\/SK0003472-CZ20260425-092556-0-1777080363-43785_sedatko-na-vanu-s-madlem--bila.webp","contentUrl":"https:\/\/www.koupelnapro.com\/wp-content\/uploads\/2026\/SK0003472-CZ20260425-092556-0-1777080363-43785_sedatko-na-vanu-s-madlem--bila.webp","width":1000,"height":750},{"@type":"BreadcrumbList","@id":"https:\/\/www.koupelnapro.com\/index.php\/produkt\/sedatko-na-vanu-s-madlem-bila-nizka-cena-37162\/#breadcrumb","itemListElement":[{"@type":"ListItem","position":1,"name":"Home","item":"https:\/\/www.koupelnapro.com\/"},{"@type":"ListItem","position":2,"name":"Products","item":"https:\/\/www.koupelnapro.com\/products\/"},{"@type":"ListItem","position":3,"name":"Sed\u00e1tko na vanu s madlem, b\u00edl\u00e1 N\u00edzk\u00e1 Cena"}]},{"@type":"WebSite","@id":"https:\/\/www.koupelnapro.com\/#website","url":"https:\/\/www.koupelnapro.com\/","name":"Vybaven\u00ed pro d\u016fm","description":"Vybaven\u00ed pro d\u016fm","publisher":{"@id":"https:\/\/www.koupelnapro.com\/#organization"},"potentialAction":[{"@type":"SearchAction","target":{"@type":"EntryPoint","urlTemplate":"https:\/\/www.koupelnapro.com\/?s={search_term_string}"},"query-input":{"@type":"PropertyValueSpecification","valueRequired":true,"valueName":"search_term_string"}}],"inLanguage":"cs"},{"@type":"Organization","@id":"https:\/\/www.koupelnapro.com\/#organization","name":"Vybaven\u00ed pro d\u016fm","url":"https:\/\/www.koupelnapro.com\/","logo":{"@type":"ImageObject","inLanguage":"cs","@id":"https:\/\/www.koupelnapro.com\/#\/schema\/logo\/image\/","url":"https:\/\/www.koupelnapro.com\/wp-content\/uploads\/2026\/04\/koupelnapro-logo-deep-green.svg","contentUrl":"https:\/\/www.koupelnapro.com\/wp-content\/uploads\/2026\/04\/koupelnapro-logo-deep-green.svg","width":920,"height":160,"caption":"Vybaven\u00ed pro d\u016fm"},"image":{"@id":"https:\/\/www.koupelnapro.com\/#\/schema\/logo\/image\/"}}]}},"_links":{"self":[{"href":"https:\/\/www.koupelnapro.com\/wp-json\/wp\/v2\/product\/37162","targetHints":{"allow":["GET"]}}],"collection":[{"href":"https:\/\/www.koupelnapro.com\/wp-json\/wp\/v2\/product"}],"about":[{"href":"https:\/\/www.koupelnapro.com\/wp-json\/wp\/v2\/types\/product"}],"wp:featuredmedia":[{"embeddable":true,"href":"https:\/\/www.koupelnapro.com\/wp-json\/wp\/v2\/media\/37262"}],"wp:attachment":[{"href":"https:\/\/www.koupelnapro.com\/wp-json\/wp\/v2\/media?parent=37162"}],"wp:term":[{"taxonomy":"product_brand","embeddable":true,"href":"https:\/\/www.koupelnapro.com\/wp-json\/wp\/v2\/product_brand?post=37162"},{"taxonomy":"product_cat","embeddable":true,"href":"https:\/\/www.koupelnapro.com\/wp-json\/wp\/v2\/product_cat?post=37162"},{"taxonomy":"product_tag","embeddable":true,"href":"https:\/\/www.koupelnapro.com\/wp-json\/wp\/v2\/product_tag?post=37162"}],"curies":[{"name":"wp","href":"https:\/\/api.w.org\/{rel}","templated":true}]}}