{"id":37131,"date":"2026-04-26T09:15:43","date_gmt":"2026-04-26T09:15:43","guid":{"rendered":""},"modified":"2026-04-26T09:15:43","modified_gmt":"2026-04-26T09:15:43","slug":"nejlepsi-volba-noemi-slim-obdelnikova-vana-160x70x39cm-bila-37131","status":"publish","type":"product","link":"https:\/\/www.koupelnapro.com\/index.php\/produkt\/nejlepsi-volba-noemi-slim-obdelnikova-vana-160x70x39cm-bila-37131\/","title":{"rendered":"Nejlep\u0161\u00ed Volba NOEMI SLIM obd\u00e9ln\u00edkov\u00e1 vana 160x70x39cm, b\u00edl\u00e1"},"content":{"rendered":"<div class=\"basic-description\">\n<h3>Detailn\u00ed popis produktu<\/h3>\n<p>Tvarov\u011b poveden\u00e1 vana NOEMI klasick\u00fdch rozm\u011br\u016f 160&#215;70 cm od \u010desk\u00e9ho v\u00fdrobce Polysan je ur\u010dena do men\u0161\u00edch koupelen. Rozm\u011brov\u011b odpov\u00edd\u00e1 plechov\u00fdm van\u00e1m a proto ji lze jednodu\u0161e pou\u017e\u00edt jako n\u00e1hradu za ji\u017e nevyhovuj\u00edc\u00ed star\u00fd typ. Pro sv\u00e9 jednoduch\u00e9, modern\u00ed tvary a p\u0159\u00edznivou cenu bude jist\u011b vyhovovat \u0161irok\u00e9mu spektru z\u00e1kazn\u00edk\u016f.<\/p>\n<p>Podm\u00ednkou z\u00e1ruky na produkt je pou\u017eit\u00ed doporu\u010den\u00e9ho typu podstavce<\/p>\n<div class=\"product-explanation-item\">\n<h3>Vanu lze vyrobit v tomto barevn\u00e9m proveden\u00ed:<\/h3>\n<p><strong>P\u0159\u00edplatek 50 % k z\u00e1kladn\u011b cen\u011b v b\u00edl\u00e9m proveden\u00ed:<\/strong><\/p>\n<div style=\"float: left; width: 16%; text-align: center;\">B\u00edl\u00e1 mat<\/div>\n<div style=\"float: left; width: 16%; text-align: center;\">\u010cern\u00e1 mat<\/div>\n<div style=\"clear: both;\"><\/div>\n<p><strong>P\u0159\u00edplatek 30 % k z\u00e1kladn\u011b cen\u011b v b\u00edl\u00e9m proveden\u00ed:<\/strong><\/p>\n<div style=\"float: left; width: 16%; text-align: center;\">\u0160ed\u00e1<\/div>\n<div style=\"float: left; width: 16%; text-align: center;\">Ivory<\/div>\n<div style=\"clear: both;\"><\/div>\n<\/div>\n<div class=\"product-explanation-item\">\n<h3>Akryl\u00e1t<\/h3>\n<p style=\"text-align: justify;\">Akryl\u00e1tov\u00e9 vany a vani\u010dky jsou vyr\u00e1b\u011bny ze zna\u010dkov\u00e9ho akryl\u00e1tu. Na rozd\u00edl od koextrudovan\u00fdch akryl\u00e1tov\u00fdch desek, kter\u00e9 maj\u00ed m\u011bk\u010d\u00ed povrch a men\u0161\u00ed chemickou odolnost, se vyr\u00e1b\u00ed lit\u00edm. To mj. znamen\u00e1, \u017ee je probarven\u00fd v cel\u00e9 tlou\u0161\u0165ce, pln\u011b st\u00e1lobarevn\u00fd, nepor\u00e9zn\u00ed a s vysokou povrchovou pevnost\u00ed. M\u00e1 hladk\u00fd povrch s minim\u00e1ln\u00ed mo\u017enost\u00ed uklouznut\u00ed a dob\u0159e tlum\u00ed hluk dopadaj\u00edc\u00ed vody.<\/p>\n<\/div>\n<div class=\"product-explanation-item\">\n<h3>SLIM =  vana s n\u00edzk\u00fdm okrajem<\/h3>\n<p style=\"text-align: justify;\"><span>Vana m\u00e1 oproti standardn\u00edm van\u00e1m v\u00fd\u0161ku hrany okraje pouze 18 mm. Tato vana je ur\u010dena pouze k obezd\u011bn\u00ed, kter\u00e9 d\u00edky n\u00edzk\u00e9 hran\u011b p\u016fsob\u00ed esteti\u010dt\u011bji, nebo zapu\u0161t\u011bn\u00ed do p\u00f3dia. <\/span><span>Nelze ji instalovat s obkladov\u00fdm panelem.<\/span><\/p>\n<\/div><\/div>\n<div class=\"extended-description\">\n<h3>Dopl\u0148kov\u00e9 parametry<\/h3>\n<table class=\"detail-parameters\">\n<tbody>\n<tr>\n<th>        <span class=\"row-header-label\">            Kategorie<span class=\"row-header-label-colon\">:<\/span>        <\/span>    <\/th>\n<td>            <\/td>\n<\/tr>\n<tr>\n<th>            <span class=\"row-header-label\">                Z\u00e1ruka<span class=\"row-header-label-colon\">:<\/span>            <\/span>        <\/th>\n<td>            120        <\/td>\n<\/tr>\n<tr>\n<th>            <span class=\"row-header-label\">                Hmotnost<span class=\"row-header-label-colon\">:<\/span>            <\/span>        <\/th>\n<td>            17.004 kg        <\/td>\n<\/tr>\n<tr class=\"productEan\">\n<th>          <span class=\"row-header-label productEan__label\">              EAN<span class=\"row-header-label-colon\">:<\/span>          <\/span>      <\/th>\n<td>          <span class=\"productEan__value\">8590729084075<\/span>      <\/td>\n<\/tr>\n<tr>\n<th>                <span class=\"row-header-label\">                                            Balen\u00ed<span class=\"row-header-label-colon\">:<\/span>                                    <\/span>            <\/th>\n<td>                                                            1 ks                                                <\/td>\n<\/tr>\n<tr>\n<th>                <span class=\"row-header-label\">                                            Balen\u00ed neobsahuje<span class=\"row-header-label-colon\">:<\/span>                                    <\/span>            <\/th>\n<td>                                                            Sifon;Vanov\u00e1 souprava                                                <\/td>\n<\/tr>\n<tr>\n<th>                <span class=\"row-header-label\">                                            Barva<span class=\"row-header-label-colon\">:<\/span>                                    <\/span>            <\/th>\n<td>                                                            B\u00edl\u00e1                                                <\/td>\n<\/tr>\n<tr>\n<th>                <span class=\"row-header-label\">                                            D\u00e9lka<span class=\"row-header-label-colon\">:<\/span>                                    <\/span>            <\/th>\n<td>                                                            1600 mm                                                <\/td>\n<\/tr>\n<tr>\n<th>                <span class=\"row-header-label\">                                            Dostupnost<span class=\"row-header-label-colon\">:<\/span>                                    <\/span>            <\/th>\n<td>                                                            Dod\u00e1n\u00ed do m\u011bs\u00edce                                                <\/td>\n<\/tr>\n<tr>\n<th>                <span class=\"row-header-label\">                                            Instalace<span class=\"row-header-label-colon\">:<\/span>                                    <\/span>            <\/th>\n<td>                                                            Vestavn\u00e1 (k obezd\u011bn\u00ed)                                                <\/td>\n<\/tr>\n<tr>\n<th>                <span class=\"row-header-label\">                                            Jin\u00e9 barevn\u00e9 proveden\u00ed<span class=\"row-header-label-colon\">:<\/span>                                    <\/span>            <\/th>\n<td>                                                            Dle vzorn\u00edku                                                <\/td>\n<\/tr>\n<tr>\n<th>                <span class=\"row-header-label\">                                            Materi\u00e1l<span class=\"row-header-label-colon\">:<\/span>                                    <\/span>            <\/th>\n<td>                                                            Akryl\u00e1t                                                <\/td>\n<\/tr>\n<tr>\n<th>                <span class=\"row-header-label\">                                            Objem<span class=\"row-header-label-colon\">:<\/span>                                    <\/span>            <\/th>\n<td>                                                            183 l                                                <\/td>\n<\/tr>\n<tr>\n<th>                <span class=\"row-header-label\">                                            Pr\u016fm\u011br odpadu<span class=\"row-header-label-colon\">:<\/span>                                    <\/span>            <\/th>\n<td>                                                            52 mm                                                <\/td>\n<\/tr>\n<tr>\n<th>                <span class=\"row-header-label\">                                            Rozm\u011br<span class=\"row-header-label-colon\">:<\/span>                                    <\/span>            <\/th>\n<td>                                                            160x70x39 cm                                                <\/td>\n<\/tr>\n<tr>\n<th>                <span class=\"row-header-label\">                                            \u0160\u00ed\u0159ka<span class=\"row-header-label-colon\">:<\/span>                                    <\/span>            <\/th>\n<td>                                                            700 mm                                                <\/td>\n<\/tr>\n<tr>\n<th>                <span class=\"row-header-label\">                                            Tvar<span class=\"row-header-label-colon\">:<\/span>                                    <\/span>            <\/th>\n<td>                                                            Obd\u00e9ln\u00edkov\u00e9                                                <\/td>\n<\/tr>\n<tr>\n<th>                <span class=\"row-header-label\">                                            Vlastnosti<span class=\"row-header-label-colon\">:<\/span>                                    <\/span>            <\/th>\n<td>                                                            V\u00fd\u0161ka okraje 18 mm (SLIM)                                                <\/td>\n<\/tr>\n<tr>\n<th>                <span class=\"row-header-label\">                                            V\u00fd\u0161ka<span class=\"row-header-label-colon\">:<\/span>                                    <\/span>            <\/th>\n<td>                                                            390 mm                                                <\/td>\n<\/tr>\n<tr>\n<th>                <span class=\"row-header-label\">                                            Z\u00e1ruka<span class=\"row-header-label-colon\">:<\/span>                                    <\/span>            <\/th>\n<td>                                                            10 let                                                <\/td>\n<\/tr>\n<\/tbody>\n<\/table><\/div>\n<\/p><\/div>\n<\/p><\/div>\n","protected":false},"excerpt":{"rendered":"<p>Detailn\u00ed popis produktu Tvarov\u011b poveden\u00e1 vana NOEMI klasick\u00fdch rozm\u011br\u016f 160&#215;70 cm od \u010desk\u00e9ho v\u00fdrobce Polysan je ur\u010dena do men\u0161\u00edch koupelen. Rozm\u011brov\u011b odpov\u00edd\u00e1 plechov\u00fdm van\u00e1m a proto ji lze jednodu\u0161e pou\u017e\u00edt jako n\u00e1hradu za ji\u017e nevyhovuj\u00edc\u00ed star\u00fd typ. Pro sv\u00e9 jednoduch\u00e9, modern\u00ed tvary a p\u0159\u00edznivou cenu bude jist\u011b vyhovovat \u0161irok\u00e9mu spektru z\u00e1kazn\u00edk\u016f. Podm\u00ednkou z\u00e1ruky na produkt [&hellip;]<\/p>\n","protected":false},"featured_media":37231,"comment_status":"open","ping_status":"open","template":"","meta":[],"product_brand":[],"product_cat":[129],"product_tag":[],"class_list":{"0":"post-37131","1":"product","2":"type-product","3":"status-publish","4":"has-post-thumbnail","6":"product_cat-vany","8":"first","9":"instock","10":"sale","11":"shipping-taxable","12":"purchasable","13":"product-type-simple"},"yoast_head":"<!-- This site is optimized with the Yoast SEO plugin v26.8 - https:\/\/yoast.com\/product\/yoast-seo-wordpress\/ -->\n<title>Nejlep\u0161\u00ed Volba NOEMI SLIM obd\u00e9ln\u00edkov\u00e1 vana 160x70x39cm, b\u00edl\u00e1 -<\/title>\n<meta name=\"robots\" content=\"index, follow, max-snippet:-1, max-image-preview:large, max-video-preview:-1\" \/>\n<link rel=\"canonical\" href=\"https:\/\/www.koupelnapro.com\/index.php\/produkt\/nejlepsi-volba-noemi-slim-obdelnikova-vana-160x70x39cm-bila-37131\/\" \/>\n<meta property=\"og:locale\" content=\"cs_CZ\" \/>\n<meta property=\"og:type\" content=\"article\" \/>\n<meta property=\"og:title\" content=\"Nejlep\u0161\u00ed Volba NOEMI SLIM obd\u00e9ln\u00edkov\u00e1 vana 160x70x39cm, b\u00edl\u00e1 -\" \/>\n<meta property=\"og:description\" content=\"Detailn\u00ed popis produktu Tvarov\u011b poveden\u00e1 vana NOEMI klasick\u00fdch rozm\u011br\u016f 160&#215;70 cm od \u010desk\u00e9ho v\u00fdrobce Polysan je ur\u010dena do men\u0161\u00edch koupelen. Rozm\u011brov\u011b odpov\u00edd\u00e1 plechov\u00fdm van\u00e1m a proto ji lze jednodu\u0161e pou\u017e\u00edt jako n\u00e1hradu za ji\u017e nevyhovuj\u00edc\u00ed star\u00fd typ. Pro sv\u00e9 jednoduch\u00e9, modern\u00ed tvary a p\u0159\u00edznivou cenu bude jist\u011b vyhovovat \u0161irok\u00e9mu spektru z\u00e1kazn\u00edk\u016f. Podm\u00ednkou z\u00e1ruky na produkt [&hellip;]\" \/>\n<meta property=\"og:url\" content=\"https:\/\/www.koupelnapro.com\/index.php\/produkt\/nejlepsi-volba-noemi-slim-obdelnikova-vana-160x70x39cm-bila-37131\/\" \/>\n<meta property=\"og:image\" content=\"https:\/\/www.koupelnapro.com\/wp-content\/uploads\/2026\/SK0003441-CZ20260425-092556-0-1777080363-43266-2_71707s-167211666777136.webp\" \/>\n\t<meta property=\"og:image:width\" content=\"1000\" \/>\n\t<meta property=\"og:image:height\" content=\"750\" \/>\n\t<meta property=\"og:image:type\" content=\"image\/webp\" \/>\n<meta name=\"twitter:card\" content=\"summary_large_image\" \/>\n<meta name=\"twitter:label1\" content=\"Odhadovan\u00e1 doba \u010dten\u00ed\" \/>\n\t<meta name=\"twitter:data1\" content=\"2 minuty\" \/>\n<script type=\"application\/ld+json\" class=\"yoast-schema-graph\">{\"@context\":\"https:\/\/schema.org\",\"@graph\":[{\"@type\":\"WebPage\",\"@id\":\"https:\/\/www.koupelnapro.com\/index.php\/produkt\/nejlepsi-volba-noemi-slim-obdelnikova-vana-160x70x39cm-bila-37131\/\",\"url\":\"https:\/\/www.koupelnapro.com\/index.php\/produkt\/nejlepsi-volba-noemi-slim-obdelnikova-vana-160x70x39cm-bila-37131\/\",\"name\":\"Nejlep\u0161\u00ed Volba NOEMI SLIM obd\u00e9ln\u00edkov\u00e1 vana 160x70x39cm, b\u00edl\u00e1 -\",\"isPartOf\":{\"@id\":\"https:\/\/www.koupelnapro.com\/#website\"},\"primaryImageOfPage\":{\"@id\":\"https:\/\/www.koupelnapro.com\/index.php\/produkt\/nejlepsi-volba-noemi-slim-obdelnikova-vana-160x70x39cm-bila-37131\/#primaryimage\"},\"image\":{\"@id\":\"https:\/\/www.koupelnapro.com\/index.php\/produkt\/nejlepsi-volba-noemi-slim-obdelnikova-vana-160x70x39cm-bila-37131\/#primaryimage\"},\"thumbnailUrl\":\"https:\/\/www.koupelnapro.com\/wp-content\/uploads\/2026\/SK0003441-CZ20260425-092556-0-1777080363-43266-2_71707s-167211666777136.webp\",\"datePublished\":\"2026-04-26T09:15:43+00:00\",\"breadcrumb\":{\"@id\":\"https:\/\/www.koupelnapro.com\/index.php\/produkt\/nejlepsi-volba-noemi-slim-obdelnikova-vana-160x70x39cm-bila-37131\/#breadcrumb\"},\"inLanguage\":\"cs\",\"potentialAction\":[{\"@type\":\"ReadAction\",\"target\":[\"https:\/\/www.koupelnapro.com\/index.php\/produkt\/nejlepsi-volba-noemi-slim-obdelnikova-vana-160x70x39cm-bila-37131\/\"]}]},{\"@type\":\"ImageObject\",\"inLanguage\":\"cs\",\"@id\":\"https:\/\/www.koupelnapro.com\/index.php\/produkt\/nejlepsi-volba-noemi-slim-obdelnikova-vana-160x70x39cm-bila-37131\/#primaryimage\",\"url\":\"https:\/\/www.koupelnapro.com\/wp-content\/uploads\/2026\/SK0003441-CZ20260425-092556-0-1777080363-43266-2_71707s-167211666777136.webp\",\"contentUrl\":\"https:\/\/www.koupelnapro.com\/wp-content\/uploads\/2026\/SK0003441-CZ20260425-092556-0-1777080363-43266-2_71707s-167211666777136.webp\",\"width\":1000,\"height\":750},{\"@type\":\"BreadcrumbList\",\"@id\":\"https:\/\/www.koupelnapro.com\/index.php\/produkt\/nejlepsi-volba-noemi-slim-obdelnikova-vana-160x70x39cm-bila-37131\/#breadcrumb\",\"itemListElement\":[{\"@type\":\"ListItem\",\"position\":1,\"name\":\"Home\",\"item\":\"https:\/\/www.koupelnapro.com\/\"},{\"@type\":\"ListItem\",\"position\":2,\"name\":\"Products\",\"item\":\"https:\/\/www.koupelnapro.com\/index.php\/products\/\"},{\"@type\":\"ListItem\",\"position\":3,\"name\":\"Nejlep\u0161\u00ed Volba NOEMI SLIM obd\u00e9ln\u00edkov\u00e1 vana 160x70x39cm, b\u00edl\u00e1\"}]},{\"@type\":\"WebSite\",\"@id\":\"https:\/\/www.koupelnapro.com\/#website\",\"url\":\"https:\/\/www.koupelnapro.com\/\",\"name\":\"\",\"description\":\"\",\"potentialAction\":[{\"@type\":\"SearchAction\",\"target\":{\"@type\":\"EntryPoint\",\"urlTemplate\":\"https:\/\/www.koupelnapro.com\/?s={search_term_string}\"},\"query-input\":{\"@type\":\"PropertyValueSpecification\",\"valueRequired\":true,\"valueName\":\"search_term_string\"}}],\"inLanguage\":\"cs\"}]}<\/script>\n<!-- \/ Yoast SEO plugin. -->","yoast_head_json":{"title":"Nejlep\u0161\u00ed Volba NOEMI SLIM obd\u00e9ln\u00edkov\u00e1 vana 160x70x39cm, b\u00edl\u00e1 -","robots":{"index":"index","follow":"follow","max-snippet":"max-snippet:-1","max-image-preview":"max-image-preview:large","max-video-preview":"max-video-preview:-1"},"canonical":"https:\/\/www.koupelnapro.com\/index.php\/produkt\/nejlepsi-volba-noemi-slim-obdelnikova-vana-160x70x39cm-bila-37131\/","og_locale":"cs_CZ","og_type":"article","og_title":"Nejlep\u0161\u00ed Volba NOEMI SLIM obd\u00e9ln\u00edkov\u00e1 vana 160x70x39cm, b\u00edl\u00e1 -","og_description":"Detailn\u00ed popis produktu Tvarov\u011b poveden\u00e1 vana NOEMI klasick\u00fdch rozm\u011br\u016f 160&#215;70 cm od \u010desk\u00e9ho v\u00fdrobce Polysan je ur\u010dena do men\u0161\u00edch koupelen. Rozm\u011brov\u011b odpov\u00edd\u00e1 plechov\u00fdm van\u00e1m a proto ji lze jednodu\u0161e pou\u017e\u00edt jako n\u00e1hradu za ji\u017e nevyhovuj\u00edc\u00ed star\u00fd typ. Pro sv\u00e9 jednoduch\u00e9, modern\u00ed tvary a p\u0159\u00edznivou cenu bude jist\u011b vyhovovat \u0161irok\u00e9mu spektru z\u00e1kazn\u00edk\u016f. Podm\u00ednkou z\u00e1ruky na produkt [&hellip;]","og_url":"https:\/\/www.koupelnapro.com\/index.php\/produkt\/nejlepsi-volba-noemi-slim-obdelnikova-vana-160x70x39cm-bila-37131\/","og_image":[{"width":1000,"height":750,"url":"https:\/\/www.koupelnapro.com\/wp-content\/uploads\/2026\/SK0003441-CZ20260425-092556-0-1777080363-43266-2_71707s-167211666777136.webp","type":"image\/webp"}],"twitter_card":"summary_large_image","twitter_misc":{"Odhadovan\u00e1 doba \u010dten\u00ed":"2 minuty"},"schema":{"@context":"https:\/\/schema.org","@graph":[{"@type":"WebPage","@id":"https:\/\/www.koupelnapro.com\/index.php\/produkt\/nejlepsi-volba-noemi-slim-obdelnikova-vana-160x70x39cm-bila-37131\/","url":"https:\/\/www.koupelnapro.com\/index.php\/produkt\/nejlepsi-volba-noemi-slim-obdelnikova-vana-160x70x39cm-bila-37131\/","name":"Nejlep\u0161\u00ed Volba NOEMI SLIM obd\u00e9ln\u00edkov\u00e1 vana 160x70x39cm, b\u00edl\u00e1 -","isPartOf":{"@id":"https:\/\/www.koupelnapro.com\/#website"},"primaryImageOfPage":{"@id":"https:\/\/www.koupelnapro.com\/index.php\/produkt\/nejlepsi-volba-noemi-slim-obdelnikova-vana-160x70x39cm-bila-37131\/#primaryimage"},"image":{"@id":"https:\/\/www.koupelnapro.com\/index.php\/produkt\/nejlepsi-volba-noemi-slim-obdelnikova-vana-160x70x39cm-bila-37131\/#primaryimage"},"thumbnailUrl":"https:\/\/www.koupelnapro.com\/wp-content\/uploads\/2026\/SK0003441-CZ20260425-092556-0-1777080363-43266-2_71707s-167211666777136.webp","datePublished":"2026-04-26T09:15:43+00:00","breadcrumb":{"@id":"https:\/\/www.koupelnapro.com\/index.php\/produkt\/nejlepsi-volba-noemi-slim-obdelnikova-vana-160x70x39cm-bila-37131\/#breadcrumb"},"inLanguage":"cs","potentialAction":[{"@type":"ReadAction","target":["https:\/\/www.koupelnapro.com\/index.php\/produkt\/nejlepsi-volba-noemi-slim-obdelnikova-vana-160x70x39cm-bila-37131\/"]}]},{"@type":"ImageObject","inLanguage":"cs","@id":"https:\/\/www.koupelnapro.com\/index.php\/produkt\/nejlepsi-volba-noemi-slim-obdelnikova-vana-160x70x39cm-bila-37131\/#primaryimage","url":"https:\/\/www.koupelnapro.com\/wp-content\/uploads\/2026\/SK0003441-CZ20260425-092556-0-1777080363-43266-2_71707s-167211666777136.webp","contentUrl":"https:\/\/www.koupelnapro.com\/wp-content\/uploads\/2026\/SK0003441-CZ20260425-092556-0-1777080363-43266-2_71707s-167211666777136.webp","width":1000,"height":750},{"@type":"BreadcrumbList","@id":"https:\/\/www.koupelnapro.com\/index.php\/produkt\/nejlepsi-volba-noemi-slim-obdelnikova-vana-160x70x39cm-bila-37131\/#breadcrumb","itemListElement":[{"@type":"ListItem","position":1,"name":"Home","item":"https:\/\/www.koupelnapro.com\/"},{"@type":"ListItem","position":2,"name":"Products","item":"https:\/\/www.koupelnapro.com\/index.php\/products\/"},{"@type":"ListItem","position":3,"name":"Nejlep\u0161\u00ed Volba NOEMI SLIM obd\u00e9ln\u00edkov\u00e1 vana 160x70x39cm, b\u00edl\u00e1"}]},{"@type":"WebSite","@id":"https:\/\/www.koupelnapro.com\/#website","url":"https:\/\/www.koupelnapro.com\/","name":"","description":"","potentialAction":[{"@type":"SearchAction","target":{"@type":"EntryPoint","urlTemplate":"https:\/\/www.koupelnapro.com\/?s={search_term_string}"},"query-input":{"@type":"PropertyValueSpecification","valueRequired":true,"valueName":"search_term_string"}}],"inLanguage":"cs"}]}},"_links":{"self":[{"href":"https:\/\/www.koupelnapro.com\/index.php\/wp-json\/wp\/v2\/product\/37131","targetHints":{"allow":["GET"]}}],"collection":[{"href":"https:\/\/www.koupelnapro.com\/index.php\/wp-json\/wp\/v2\/product"}],"about":[{"href":"https:\/\/www.koupelnapro.com\/index.php\/wp-json\/wp\/v2\/types\/product"}],"replies":[{"embeddable":true,"href":"https:\/\/www.koupelnapro.com\/index.php\/wp-json\/wp\/v2\/comments?post=37131"}],"wp:featuredmedia":[{"embeddable":true,"href":"https:\/\/www.koupelnapro.com\/index.php\/wp-json\/wp\/v2\/media\/37231"}],"wp:attachment":[{"href":"https:\/\/www.koupelnapro.com\/index.php\/wp-json\/wp\/v2\/media?parent=37131"}],"wp:term":[{"taxonomy":"product_brand","embeddable":true,"href":"https:\/\/www.koupelnapro.com\/index.php\/wp-json\/wp\/v2\/product_brand?post=37131"},{"taxonomy":"product_cat","embeddable":true,"href":"https:\/\/www.koupelnapro.com\/index.php\/wp-json\/wp\/v2\/product_cat?post=37131"},{"taxonomy":"product_tag","embeddable":true,"href":"https:\/\/www.koupelnapro.com\/index.php\/wp-json\/wp\/v2\/product_tag?post=37131"}],"curies":[{"name":"wp","href":"https:\/\/api.w.org\/{rel}","templated":true}]}}