{"id":36346,"date":"2026-04-26T09:15:40","date_gmt":"2026-04-26T09:15:40","guid":{"rendered":""},"modified":"2026-04-26T09:15:40","modified_gmt":"2026-04-26T09:15:40","slug":"nosna-konstrukce-pro-hlubokou-vanicku-deep-130x75cm-odeslani-ihned-36346","status":"publish","type":"product","link":"https:\/\/www.koupelnapro.com\/produkt\/nosna-konstrukce-pro-hlubokou-vanicku-deep-130x75cm-odeslani-ihned-36346\/","title":{"rendered":"Nosn\u00e1 konstrukce pro hlubokou vani\u010dku DEEP 130x75cm Odesl\u00e1n\u00ed Ihned"},"content":{"rendered":"<div class=\"basic-description\">\n<h3>Detailn\u00ed popis produktu<\/h3>\n<\/p><\/div>\n<div class=\"extended-description\">\n<h3>Dopl\u0148kov\u00e9 parametry<\/h3>\n<table class=\"detail-parameters\">\n<tbody>\n<tr>\n<th>        <span class=\"row-header-label\">            Kategorie<span class=\"row-header-label-colon\">:<\/span>        <\/span>    <\/th>\n<td>            <\/td>\n<\/tr>\n<tr>\n<th>            <span class=\"row-header-label\">                Z\u00e1ruka<span class=\"row-header-label-colon\">:<\/span>            <\/span>        <\/th>\n<td>            24        <\/td>\n<\/tr>\n<tr>\n<th>            <span class=\"row-header-label\">                Hmotnost<span class=\"row-header-label-colon\">:<\/span>            <\/span>        <\/th>\n<td>            4 kg        <\/td>\n<\/tr>\n<tr class=\"productEan\">\n<th>          <span class=\"row-header-label productEan__label\">              EAN<span class=\"row-header-label-colon\">:<\/span>          <\/span>      <\/th>\n<td>          <span class=\"productEan__value\">8590729001201<\/span>      <\/td>\n<\/tr>\n<tr>\n<th>                <span class=\"row-header-label\">                                            Balen\u00ed<span class=\"row-header-label-colon\">:<\/span>                                    <\/span>            <\/th>\n<td>                                                            1 ks                                                <\/td>\n<\/tr>\n<tr>\n<th>                <span class=\"row-header-label\">                                            Dostupnost<span class=\"row-header-label-colon\">:<\/span>                                    <\/span>            <\/th>\n<td>                                                            Skladem                                                <\/td>\n<\/tr>\n<tr>\n<th>                <span class=\"row-header-label\">                                            Z\u00e1ruka<span class=\"row-header-label-colon\">:<\/span>                                    <\/span>            <\/th>\n<td>                                                            2 roky                                                <\/td>\n<\/tr>\n<\/tbody>\n<\/table><\/div>\n<\/p><\/div>\n<\/p><\/div>\n","protected":false},"excerpt":{"rendered":"<p>Detailn\u00ed popis produktu Dopl\u0148kov\u00e9 parametry Kategorie: Z\u00e1ruka: 24 Hmotnost: 4 kg EAN: 8590729001201 Balen\u00ed: 1 ks Dostupnost: Skladem Z\u00e1ruka: 2 roky<\/p>\n","protected":false},"featured_media":36446,"comment_status":"open","ping_status":"open","template":"","meta":[],"product_brand":[],"product_cat":[123],"product_tag":[],"class_list":{"0":"post-36346","1":"product","2":"type-product","3":"status-publish","4":"has-post-thumbnail","6":"product_cat-sprchove-vanicky","8":"first","9":"instock","10":"sale","11":"shipping-taxable","12":"purchasable","13":"product-type-simple"},"yoast_head":"<!-- This site is optimized with the Yoast SEO plugin v26.8 - https:\/\/yoast.com\/product\/yoast-seo-wordpress\/ -->\n<title>Nosn\u00e1 konstrukce pro hlubokou vani\u010dku DEEP 130x75cm Odesl\u00e1n\u00ed Ihned - Vybaven\u00ed pro d\u016fm<\/title>\n<meta name=\"robots\" content=\"index, follow, max-snippet:-1, max-image-preview:large, max-video-preview:-1\" \/>\n<link rel=\"canonical\" href=\"https:\/\/www.koupelnapro.com\/index.php\/produkt\/nosna-konstrukce-pro-hlubokou-vanicku-deep-130x75cm-odeslani-ihned-36346\/\" \/>\n<meta property=\"og:locale\" content=\"cs_CZ\" \/>\n<meta property=\"og:type\" content=\"article\" \/>\n<meta property=\"og:title\" content=\"Nosn\u00e1 konstrukce pro hlubokou vani\u010dku DEEP 130x75cm Odesl\u00e1n\u00ed Ihned - Vybaven\u00ed pro d\u016fm\" \/>\n<meta property=\"og:description\" content=\"Detailn\u00ed popis produktu Dopl\u0148kov\u00e9 parametry Kategorie: Z\u00e1ruka: 24 Hmotnost: 4 kg EAN: 8590729001201 Balen\u00ed: 1 ks Dostupnost: Skladem Z\u00e1ruka: 2 roky\" \/>\n<meta property=\"og:url\" content=\"https:\/\/www.koupelnapro.com\/index.php\/produkt\/nosna-konstrukce-pro-hlubokou-vanicku-deep-130x75cm-odeslani-ihned-36346\/\" \/>\n<meta property=\"og:site_name\" content=\"Vybaven\u00ed pro d\u016fm\" \/>\n<meta property=\"og:image\" content=\"https:\/\/www.koupelnapro.com\/wp-content\/uploads\/2026\/SK0003030-CZ20260425-092556-0-1777080363-40266-2_fr2137-143013821022356.webp\" \/>\n\t<meta property=\"og:image:width\" content=\"1000\" \/>\n\t<meta property=\"og:image:height\" content=\"750\" \/>\n\t<meta property=\"og:image:type\" content=\"image\/webp\" \/>\n<meta name=\"twitter:card\" content=\"summary_large_image\" \/>\n<script type=\"application\/ld+json\" class=\"yoast-schema-graph\">{\"@context\":\"https:\/\/schema.org\",\"@graph\":[{\"@type\":\"WebPage\",\"@id\":\"https:\/\/www.koupelnapro.com\/index.php\/produkt\/nosna-konstrukce-pro-hlubokou-vanicku-deep-130x75cm-odeslani-ihned-36346\/\",\"url\":\"https:\/\/www.koupelnapro.com\/index.php\/produkt\/nosna-konstrukce-pro-hlubokou-vanicku-deep-130x75cm-odeslani-ihned-36346\/\",\"name\":\"Nosn\u00e1 konstrukce pro hlubokou vani\u010dku DEEP 130x75cm Odesl\u00e1n\u00ed Ihned - Vybaven\u00ed pro d\u016fm\",\"isPartOf\":{\"@id\":\"https:\/\/www.koupelnapro.com\/#website\"},\"primaryImageOfPage\":{\"@id\":\"https:\/\/www.koupelnapro.com\/index.php\/produkt\/nosna-konstrukce-pro-hlubokou-vanicku-deep-130x75cm-odeslani-ihned-36346\/#primaryimage\"},\"image\":{\"@id\":\"https:\/\/www.koupelnapro.com\/index.php\/produkt\/nosna-konstrukce-pro-hlubokou-vanicku-deep-130x75cm-odeslani-ihned-36346\/#primaryimage\"},\"thumbnailUrl\":\"https:\/\/www.koupelnapro.com\/wp-content\/uploads\/2026\/SK0003030-CZ20260425-092556-0-1777080363-40266-2_fr2137-143013821022356.webp\",\"datePublished\":\"2026-04-26T09:15:40+00:00\",\"breadcrumb\":{\"@id\":\"https:\/\/www.koupelnapro.com\/index.php\/produkt\/nosna-konstrukce-pro-hlubokou-vanicku-deep-130x75cm-odeslani-ihned-36346\/#breadcrumb\"},\"inLanguage\":\"cs\",\"potentialAction\":[{\"@type\":\"ReadAction\",\"target\":[\"https:\/\/www.koupelnapro.com\/index.php\/produkt\/nosna-konstrukce-pro-hlubokou-vanicku-deep-130x75cm-odeslani-ihned-36346\/\"]}]},{\"@type\":\"ImageObject\",\"inLanguage\":\"cs\",\"@id\":\"https:\/\/www.koupelnapro.com\/index.php\/produkt\/nosna-konstrukce-pro-hlubokou-vanicku-deep-130x75cm-odeslani-ihned-36346\/#primaryimage\",\"url\":\"https:\/\/www.koupelnapro.com\/wp-content\/uploads\/2026\/SK0003030-CZ20260425-092556-0-1777080363-40266-2_fr2137-143013821022356.webp\",\"contentUrl\":\"https:\/\/www.koupelnapro.com\/wp-content\/uploads\/2026\/SK0003030-CZ20260425-092556-0-1777080363-40266-2_fr2137-143013821022356.webp\",\"width\":1000,\"height\":750},{\"@type\":\"BreadcrumbList\",\"@id\":\"https:\/\/www.koupelnapro.com\/index.php\/produkt\/nosna-konstrukce-pro-hlubokou-vanicku-deep-130x75cm-odeslani-ihned-36346\/#breadcrumb\",\"itemListElement\":[{\"@type\":\"ListItem\",\"position\":1,\"name\":\"Home\",\"item\":\"https:\/\/www.koupelnapro.com\/\"},{\"@type\":\"ListItem\",\"position\":2,\"name\":\"Products\",\"item\":\"https:\/\/www.koupelnapro.com\/products\/\"},{\"@type\":\"ListItem\",\"position\":3,\"name\":\"Nosn\u00e1 konstrukce pro hlubokou vani\u010dku DEEP 130x75cm Odesl\u00e1n\u00ed Ihned\"}]},{\"@type\":\"WebSite\",\"@id\":\"https:\/\/www.koupelnapro.com\/#website\",\"url\":\"https:\/\/www.koupelnapro.com\/\",\"name\":\"Vybaven\u00ed pro d\u016fm\",\"description\":\"Vybaven\u00ed pro d\u016fm\",\"publisher\":{\"@id\":\"https:\/\/www.koupelnapro.com\/#organization\"},\"potentialAction\":[{\"@type\":\"SearchAction\",\"target\":{\"@type\":\"EntryPoint\",\"urlTemplate\":\"https:\/\/www.koupelnapro.com\/?s={search_term_string}\"},\"query-input\":{\"@type\":\"PropertyValueSpecification\",\"valueRequired\":true,\"valueName\":\"search_term_string\"}}],\"inLanguage\":\"cs\"},{\"@type\":\"Organization\",\"@id\":\"https:\/\/www.koupelnapro.com\/#organization\",\"name\":\"Vybaven\u00ed pro d\u016fm\",\"url\":\"https:\/\/www.koupelnapro.com\/\",\"logo\":{\"@type\":\"ImageObject\",\"inLanguage\":\"cs\",\"@id\":\"https:\/\/www.koupelnapro.com\/#\/schema\/logo\/image\/\",\"url\":\"https:\/\/www.koupelnapro.com\/wp-content\/uploads\/2026\/04\/koupelnapro-logo-deep-green.svg\",\"contentUrl\":\"https:\/\/www.koupelnapro.com\/wp-content\/uploads\/2026\/04\/koupelnapro-logo-deep-green.svg\",\"width\":920,\"height\":160,\"caption\":\"Vybaven\u00ed pro d\u016fm\"},\"image\":{\"@id\":\"https:\/\/www.koupelnapro.com\/#\/schema\/logo\/image\/\"}}]}<\/script>\n<!-- \/ Yoast SEO plugin. -->","yoast_head_json":{"title":"Nosn\u00e1 konstrukce pro hlubokou vani\u010dku DEEP 130x75cm Odesl\u00e1n\u00ed Ihned - Vybaven\u00ed pro d\u016fm","robots":{"index":"index","follow":"follow","max-snippet":"max-snippet:-1","max-image-preview":"max-image-preview:large","max-video-preview":"max-video-preview:-1"},"canonical":"https:\/\/www.koupelnapro.com\/index.php\/produkt\/nosna-konstrukce-pro-hlubokou-vanicku-deep-130x75cm-odeslani-ihned-36346\/","og_locale":"cs_CZ","og_type":"article","og_title":"Nosn\u00e1 konstrukce pro hlubokou vani\u010dku DEEP 130x75cm Odesl\u00e1n\u00ed Ihned - Vybaven\u00ed pro d\u016fm","og_description":"Detailn\u00ed popis produktu Dopl\u0148kov\u00e9 parametry Kategorie: Z\u00e1ruka: 24 Hmotnost: 4 kg EAN: 8590729001201 Balen\u00ed: 1 ks Dostupnost: Skladem Z\u00e1ruka: 2 roky","og_url":"https:\/\/www.koupelnapro.com\/index.php\/produkt\/nosna-konstrukce-pro-hlubokou-vanicku-deep-130x75cm-odeslani-ihned-36346\/","og_site_name":"Vybaven\u00ed pro d\u016fm","og_image":[{"width":1000,"height":750,"url":"https:\/\/www.koupelnapro.com\/wp-content\/uploads\/2026\/SK0003030-CZ20260425-092556-0-1777080363-40266-2_fr2137-143013821022356.webp","type":"image\/webp"}],"twitter_card":"summary_large_image","schema":{"@context":"https:\/\/schema.org","@graph":[{"@type":"WebPage","@id":"https:\/\/www.koupelnapro.com\/index.php\/produkt\/nosna-konstrukce-pro-hlubokou-vanicku-deep-130x75cm-odeslani-ihned-36346\/","url":"https:\/\/www.koupelnapro.com\/index.php\/produkt\/nosna-konstrukce-pro-hlubokou-vanicku-deep-130x75cm-odeslani-ihned-36346\/","name":"Nosn\u00e1 konstrukce pro hlubokou vani\u010dku DEEP 130x75cm Odesl\u00e1n\u00ed Ihned - Vybaven\u00ed pro d\u016fm","isPartOf":{"@id":"https:\/\/www.koupelnapro.com\/#website"},"primaryImageOfPage":{"@id":"https:\/\/www.koupelnapro.com\/index.php\/produkt\/nosna-konstrukce-pro-hlubokou-vanicku-deep-130x75cm-odeslani-ihned-36346\/#primaryimage"},"image":{"@id":"https:\/\/www.koupelnapro.com\/index.php\/produkt\/nosna-konstrukce-pro-hlubokou-vanicku-deep-130x75cm-odeslani-ihned-36346\/#primaryimage"},"thumbnailUrl":"https:\/\/www.koupelnapro.com\/wp-content\/uploads\/2026\/SK0003030-CZ20260425-092556-0-1777080363-40266-2_fr2137-143013821022356.webp","datePublished":"2026-04-26T09:15:40+00:00","breadcrumb":{"@id":"https:\/\/www.koupelnapro.com\/index.php\/produkt\/nosna-konstrukce-pro-hlubokou-vanicku-deep-130x75cm-odeslani-ihned-36346\/#breadcrumb"},"inLanguage":"cs","potentialAction":[{"@type":"ReadAction","target":["https:\/\/www.koupelnapro.com\/index.php\/produkt\/nosna-konstrukce-pro-hlubokou-vanicku-deep-130x75cm-odeslani-ihned-36346\/"]}]},{"@type":"ImageObject","inLanguage":"cs","@id":"https:\/\/www.koupelnapro.com\/index.php\/produkt\/nosna-konstrukce-pro-hlubokou-vanicku-deep-130x75cm-odeslani-ihned-36346\/#primaryimage","url":"https:\/\/www.koupelnapro.com\/wp-content\/uploads\/2026\/SK0003030-CZ20260425-092556-0-1777080363-40266-2_fr2137-143013821022356.webp","contentUrl":"https:\/\/www.koupelnapro.com\/wp-content\/uploads\/2026\/SK0003030-CZ20260425-092556-0-1777080363-40266-2_fr2137-143013821022356.webp","width":1000,"height":750},{"@type":"BreadcrumbList","@id":"https:\/\/www.koupelnapro.com\/index.php\/produkt\/nosna-konstrukce-pro-hlubokou-vanicku-deep-130x75cm-odeslani-ihned-36346\/#breadcrumb","itemListElement":[{"@type":"ListItem","position":1,"name":"Home","item":"https:\/\/www.koupelnapro.com\/"},{"@type":"ListItem","position":2,"name":"Products","item":"https:\/\/www.koupelnapro.com\/products\/"},{"@type":"ListItem","position":3,"name":"Nosn\u00e1 konstrukce pro hlubokou vani\u010dku DEEP 130x75cm Odesl\u00e1n\u00ed Ihned"}]},{"@type":"WebSite","@id":"https:\/\/www.koupelnapro.com\/#website","url":"https:\/\/www.koupelnapro.com\/","name":"Vybaven\u00ed pro d\u016fm","description":"Vybaven\u00ed pro d\u016fm","publisher":{"@id":"https:\/\/www.koupelnapro.com\/#organization"},"potentialAction":[{"@type":"SearchAction","target":{"@type":"EntryPoint","urlTemplate":"https:\/\/www.koupelnapro.com\/?s={search_term_string}"},"query-input":{"@type":"PropertyValueSpecification","valueRequired":true,"valueName":"search_term_string"}}],"inLanguage":"cs"},{"@type":"Organization","@id":"https:\/\/www.koupelnapro.com\/#organization","name":"Vybaven\u00ed pro d\u016fm","url":"https:\/\/www.koupelnapro.com\/","logo":{"@type":"ImageObject","inLanguage":"cs","@id":"https:\/\/www.koupelnapro.com\/#\/schema\/logo\/image\/","url":"https:\/\/www.koupelnapro.com\/wp-content\/uploads\/2026\/04\/koupelnapro-logo-deep-green.svg","contentUrl":"https:\/\/www.koupelnapro.com\/wp-content\/uploads\/2026\/04\/koupelnapro-logo-deep-green.svg","width":920,"height":160,"caption":"Vybaven\u00ed pro d\u016fm"},"image":{"@id":"https:\/\/www.koupelnapro.com\/#\/schema\/logo\/image\/"}}]}},"_links":{"self":[{"href":"https:\/\/www.koupelnapro.com\/wp-json\/wp\/v2\/product\/36346","targetHints":{"allow":["GET"]}}],"collection":[{"href":"https:\/\/www.koupelnapro.com\/wp-json\/wp\/v2\/product"}],"about":[{"href":"https:\/\/www.koupelnapro.com\/wp-json\/wp\/v2\/types\/product"}],"replies":[{"embeddable":true,"href":"https:\/\/www.koupelnapro.com\/wp-json\/wp\/v2\/comments?post=36346"}],"wp:featuredmedia":[{"embeddable":true,"href":"https:\/\/www.koupelnapro.com\/wp-json\/wp\/v2\/media\/36446"}],"wp:attachment":[{"href":"https:\/\/www.koupelnapro.com\/wp-json\/wp\/v2\/media?parent=36346"}],"wp:term":[{"taxonomy":"product_brand","embeddable":true,"href":"https:\/\/www.koupelnapro.com\/wp-json\/wp\/v2\/product_brand?post=36346"},{"taxonomy":"product_cat","embeddable":true,"href":"https:\/\/www.koupelnapro.com\/wp-json\/wp\/v2\/product_cat?post=36346"},{"taxonomy":"product_tag","embeddable":true,"href":"https:\/\/www.koupelnapro.com\/wp-json\/wp\/v2\/product_tag?post=36346"}],"curies":[{"name":"wp","href":"https:\/\/api.w.org\/{rel}","templated":true}]}}