{"id":36149,"date":"2026-04-26T09:15:39","date_gmt":"2026-04-26T09:15:39","guid":{"rendered":""},"modified":"2026-04-26T09:15:39","modified_gmt":"2026-04-26T09:15:39","slug":"espace-otevrena-policova-skrinka-35x35x22cm-jilm-bardini-vyhodna-nabidka-36149","status":"publish","type":"product","link":"https:\/\/www.koupelnapro.com\/index.php\/produkt\/espace-otevrena-policova-skrinka-35x35x22cm-jilm-bardini-vyhodna-nabidka-36149\/","title":{"rendered":"ESPACE otev\u0159en\u00e1 policov\u00e1 sk\u0159\u00ed\u0148ka 35x35x22cm, jilm bardini V\u00fdhodn\u00e1 Nab\u00eddka"},"content":{"rendered":"<div class=\"basic-description\">\n<h3>Detailn\u00ed popis produktu<\/h3>\n<p style=\"text-align: justify;\">Charakteristick\u00fdm rysem s\u00e9rie <strong>dopl\u0148kov\u00fdch sk\u0159\u00edn\u011bk ESPACE<\/strong> je variabilita d\u00edky \u0161irok\u00e9 nab\u00eddce rozm\u011br\u016f jak dv\u00ed\u0159kov\u00fdch, tak otev\u0159en\u00fdch sk\u0159\u00edn\u011bk. S\u00e9rie ESPACE byla navr\u017eena pro kombinaci s v\u011bt\u0161inou umyvadlov\u00fdch sk\u0159\u00edn\u011bk z na\u0161\u00ed nab\u00eddky, av\u0161ak sk\u0159\u00ed\u0148ky naleznou vyu\u017eit\u00ed i v jin\u00fdch prostor\u00e1ch ne\u017e je koupelna (ob\u00fdvac\u00ed pokoj, p\u0159eds\u00ed\u0148 apod.).Sk\u0159\u00ed\u0148ky nab\u00edz\u00edme v&nbsp;barevn\u00e9m proveden\u00ed a dekorech lamina se strukturou dle vzorn\u00edku. K n\u011bkter\u00fdm sk\u0159\u00ed\u0148k\u00e1m lze dokoupit samostatnou vnit\u0159n\u00ed z\u00e1suvku, p\u0159\u00edpadn\u011b vyj\u00edmateln\u00fd a prateln\u00fd l\u00e1tkov\u00fd pr\u00e1deln\u00ed ko\u0161 na such\u00fd zip. Sk\u0159\u00ed\u0148ky lze instalovat jak s lev\u00fdm, tak s prav\u00fdm otv\u00edr\u00e1n\u00edm dv\u00ed\u0159ek \u2013 pouh\u00fdm oto\u010den\u00edm dv\u00ed\u0159ek o 180\u00b0 z\u00edsk\u00e1me pot\u0159ebnou variantu.Sk\u0159\u00ed\u0148ky jsou vybaveny syst\u00e9mem bez\u00fachytkov\u00e9ho otev\u00edr\u00e1n\u00ed BLUM&reg; TIP-ON. P\u0159i pou\u017eit\u00ed \u00fachytky se pouze neinstaluje syst\u00e9m TIP-ON uvnit\u0159 sk\u0159\u00ed\u0148ky. \u00dachytky jsou v p\u0159\u00edpad\u011b z\u00e1jmu k dokoupen\u00ed.<\/p>\n<div class=\"product-explanation-item\">\n<h3>Lze vyrobit v tomto barevn\u00e9m proveden\u00ed:<\/h3>\n<p><strong>Cenov\u00e1 skupina A  <\/strong>p\u0159\u00edplatek 0%<\/p>\n<div class=\"vzorniky-list\">\n<div class=\"vzorniky-item\">30 B\u00edl\u00e1 lesk<\/div>\n<div class=\"vzorniky-item\">11 Dub st\u0159\u00edbrn\u00fd<\/div>\n<div class=\"vzorniky-item\">16 Borovice rustik<\/div>\n<div class=\"vzorniky-item\">22 Dub alabama<\/div>\n<div class=\"vzorniky-item\">25 Dub cuneo<\/div>\n<\/div>\n<div style=\"clear: both;\"><\/div>\n<p><strong>Cenov\u00e1 skupina B:<\/strong> p\u0159\u00edplatek 30%<\/p>\n<div class=\"vzorniky-list\">\n<div class=\"vzorniky-item\">10 Dub polar<\/div>\n<div class=\"vzorniky-item\">12 Dub mocca<\/div>\n<div class=\"vzorniky-item\">20 Dub texas<\/div>\n<div class=\"vzorniky-item\">15 Dub sherwood<\/div>\n<div class=\"vzorniky-item\">13 Jilm bardini<\/div>\n<div class=\"vzorniky-item\">21 Mali wenge<\/div>\n<div class=\"vzorniky-item\">17 O\u0159ech yosemite<\/div>\n<div class=\"vzorniky-item\">18 Dub \u010dern\u00fd<\/div>\n<div class=\"vzorniky-item\">31 B\u00edl\u00e1 mat<\/div>\n<div class=\"vzorniky-item\">32 Ka\u0161m\u00edrov\u00e1 matn\u00e1<\/div>\n<div class=\"vzorniky-item\">33 \u0160ed\u00e1 matn\u00e1<\/div>\n<div class=\"vzorniky-item\">34 Antracit matn\u00fd<\/div>\n<div class=\"vzorniky-item\">35 \u010cern\u00e1 matn\u00e1<\/div>\n<\/div>\n<div style=\"clear: both;\"><\/div>\n<p>Dodac\u00ed lh\u016fta cenov\u00e9 skupiny B je 6 t\u00fddn\u016f.<\/p>\n<\/div>\n<p><b>Video ke shl\u00e9dnut\u00ed<\/b><video width=\"640\" height=\"480\" controls><source src=\"https:\/\/ubc.k2.cz\/K2FTPdata\/UBC\/video\/produkt_ostatne\/nabytek-espace.mp4\" type=\"video\/mp4\">V\u00e1\u0161 prohl\u00ed\u017ee\u010d nepodporuje video tag.<\/video>                            <\/div>\n<div class=\"extended-description\">\n<h3>Dopl\u0148kov\u00e9 parametry<\/h3>\n<table class=\"detail-parameters\">\n<tbody>\n<tr>\n<th>        <span class=\"row-header-label\">            Kategorie<span class=\"row-header-label-colon\">:<\/span>        <\/span>    <\/th>\n<td>            <\/td>\n<\/tr>\n<tr>\n<th>            <span class=\"row-header-label\">                Z\u00e1ruka<span class=\"row-header-label-colon\">:<\/span>            <\/span>        <\/th>\n<td>            24        <\/td>\n<\/tr>\n<tr>\n<th>            <span class=\"row-header-label\">                Hmotnost<span class=\"row-header-label-colon\">:<\/span>            <\/span>        <\/th>\n<td>            6.7 kg        <\/td>\n<\/tr>\n<tr class=\"productEan\">\n<th>          <span class=\"row-header-label productEan__label\">              EAN<span class=\"row-header-label-colon\">:<\/span>          <\/span>      <\/th>\n<td>          <span class=\"productEan__value\">8590913894961<\/span>      <\/td>\n<\/tr>\n<tr>\n<th>                <span class=\"row-header-label\">                                            3D model<span class=\"row-header-label-colon\">:<\/span>                                    <\/span>            <\/th>\n<td>                                                            ANO                                                <\/td>\n<\/tr>\n<tr>\n<th>                <span class=\"row-header-label\">                                            Balen\u00ed<span class=\"row-header-label-colon\">:<\/span>                                    <\/span>            <\/th>\n<td>                                                            1 ks                                                <\/td>\n<\/tr>\n<tr>\n<th>                <span class=\"row-header-label\">                                            Barva<span class=\"row-header-label-colon\">:<\/span>                                    <\/span>            <\/th>\n<td>                                                            B\u00e9\u017eov\u00e1                                                <\/td>\n<\/tr>\n<tr>\n<th>                <span class=\"row-header-label\">                                            Dekor<span class=\"row-header-label-colon\">:<\/span>                                    <\/span>            <\/th>\n<td>                                                            Jilm bardini                                                <\/td>\n<\/tr>\n<tr>\n<th>                <span class=\"row-header-label\">                                            Dostupnost<span class=\"row-header-label-colon\">:<\/span>                                    <\/span>            <\/th>\n<td>                                                            Dod\u00e1n\u00ed do 6ti t\u00fddn\u016f                                                <\/td>\n<\/tr>\n<tr>\n<th>                <span class=\"row-header-label\">                                            Hloubka<span class=\"row-header-label-colon\">:<\/span>                                    <\/span>            <\/th>\n<td>                                                            220 mm                                                <\/td>\n<\/tr>\n<tr>\n<th>                <span class=\"row-header-label\">                                            Instalace<span class=\"row-header-label-colon\">:<\/span>                                    <\/span>            <\/th>\n<td>                                                            Z\u00e1v\u011bsn\u00e9 na st\u011bnu                                                <\/td>\n<\/tr>\n<tr>\n<th>                <span class=\"row-header-label\">                                            Jin\u00e9 barevn\u00e9 proveden\u00ed<span class=\"row-header-label-colon\">:<\/span>                                    <\/span>            <\/th>\n<td>                                                            Dle vzorn\u00edku                                                <\/td>\n<\/tr>\n<tr>\n<th>                <span class=\"row-header-label\">                                            Materi\u00e1l<span class=\"row-header-label-colon\">:<\/span>                                    <\/span>            <\/th>\n<td>                                                            MDF\/lamino                                                <\/td>\n<\/tr>\n<tr>\n<th>                <span class=\"row-header-label\">                                            Rozm\u011br<span class=\"row-header-label-colon\">:<\/span>                                    <\/span>            <\/th>\n<td>                                                            35x35x22 cm                                                <\/td>\n<\/tr>\n<tr>\n<th>                <span class=\"row-header-label\">                                            \u0160\u00ed\u0159ka<span class=\"row-header-label-colon\">:<\/span>                                    <\/span>            <\/th>\n<td>                                                            350 mm                                                <\/td>\n<\/tr>\n<tr>\n<th>                <span class=\"row-header-label\">                                            Typ sk\u0159\u00ed\u0148ky<span class=\"row-header-label-colon\">:<\/span>                                    <\/span>            <\/th>\n<td>                                                            Otev\u0159en\u00e1                                                <\/td>\n<\/tr>\n<tr>\n<th>                <span class=\"row-header-label\">                                            V\u00fd\u0161ka<span class=\"row-header-label-colon\">:<\/span>                                    <\/span>            <\/th>\n<td>                                                            350 mm                                                <\/td>\n<\/tr>\n<tr>\n<th>                <span class=\"row-header-label\">                                            Z\u00e1ruka<span class=\"row-header-label-colon\">:<\/span>                                    <\/span>            <\/th>\n<td>                                                            2 roky                                                <\/td>\n<\/tr>\n<\/tbody>\n<\/table><\/div>\n<\/p><\/div>\n<\/p><\/div>\n","protected":false},"excerpt":{"rendered":"<p>Detailn\u00ed popis produktu Charakteristick\u00fdm rysem s\u00e9rie dopl\u0148kov\u00fdch sk\u0159\u00edn\u011bk ESPACE je variabilita d\u00edky \u0161irok\u00e9 nab\u00eddce rozm\u011br\u016f jak dv\u00ed\u0159kov\u00fdch, tak otev\u0159en\u00fdch sk\u0159\u00edn\u011bk. S\u00e9rie ESPACE byla navr\u017eena pro kombinaci s v\u011bt\u0161inou umyvadlov\u00fdch sk\u0159\u00edn\u011bk z na\u0161\u00ed nab\u00eddky, av\u0161ak sk\u0159\u00ed\u0148ky naleznou vyu\u017eit\u00ed i v jin\u00fdch prostor\u00e1ch ne\u017e je koupelna (ob\u00fdvac\u00ed pokoj, p\u0159eds\u00ed\u0148 apod.).Sk\u0159\u00ed\u0148ky nab\u00edz\u00edme v&nbsp;barevn\u00e9m proveden\u00ed a dekorech lamina se [&hellip;]<\/p>\n","protected":false},"featured_media":36249,"comment_status":"open","ping_status":"open","template":"","meta":[],"product_brand":[],"product_cat":[128],"product_tag":[],"class_list":{"0":"post-36149","1":"product","2":"type-product","3":"status-publish","4":"has-post-thumbnail","6":"product_cat-koupelnovy-nabytek","8":"first","9":"instock","10":"sale","11":"shipping-taxable","12":"purchasable","13":"product-type-simple"},"yoast_head":"<!-- This site is optimized with the Yoast SEO plugin v26.8 - https:\/\/yoast.com\/product\/yoast-seo-wordpress\/ -->\n<title>ESPACE otev\u0159en\u00e1 policov\u00e1 sk\u0159\u00ed\u0148ka 35x35x22cm, jilm bardini V\u00fdhodn\u00e1 Nab\u00eddka -<\/title>\n<meta name=\"robots\" content=\"index, follow, max-snippet:-1, max-image-preview:large, max-video-preview:-1\" \/>\n<link rel=\"canonical\" href=\"https:\/\/www.koupelnapro.com\/index.php\/produkt\/espace-otevrena-policova-skrinka-35x35x22cm-jilm-bardini-vyhodna-nabidka-36149\/\" \/>\n<meta property=\"og:locale\" content=\"cs_CZ\" \/>\n<meta property=\"og:type\" content=\"article\" \/>\n<meta property=\"og:title\" content=\"ESPACE otev\u0159en\u00e1 policov\u00e1 sk\u0159\u00ed\u0148ka 35x35x22cm, jilm bardini V\u00fdhodn\u00e1 Nab\u00eddka -\" \/>\n<meta property=\"og:description\" content=\"Detailn\u00ed popis produktu Charakteristick\u00fdm rysem s\u00e9rie dopl\u0148kov\u00fdch sk\u0159\u00edn\u011bk ESPACE je variabilita d\u00edky \u0161irok\u00e9 nab\u00eddce rozm\u011br\u016f jak dv\u00ed\u0159kov\u00fdch, tak otev\u0159en\u00fdch sk\u0159\u00edn\u011bk. S\u00e9rie ESPACE byla navr\u017eena pro kombinaci s v\u011bt\u0161inou umyvadlov\u00fdch sk\u0159\u00edn\u011bk z na\u0161\u00ed nab\u00eddky, av\u0161ak sk\u0159\u00ed\u0148ky naleznou vyu\u017eit\u00ed i v jin\u00fdch prostor\u00e1ch ne\u017e je koupelna (ob\u00fdvac\u00ed pokoj, p\u0159eds\u00ed\u0148 apod.).Sk\u0159\u00ed\u0148ky nab\u00edz\u00edme v&nbsp;barevn\u00e9m proveden\u00ed a dekorech lamina se [&hellip;]\" \/>\n<meta property=\"og:url\" content=\"https:\/\/www.koupelnapro.com\/index.php\/produkt\/espace-otevrena-policova-skrinka-35x35x22cm-jilm-bardini-vyhodna-nabidka-36149\/\" \/>\n<meta property=\"og:image\" content=\"https:\/\/www.koupelnapro.com\/wp-content\/uploads\/2026\/SK0002933-CZ20260425-092556-0-1777080363-39553-3_esc150-1313-153785599000613.webp\" \/>\n\t<meta property=\"og:image:width\" content=\"1000\" \/>\n\t<meta property=\"og:image:height\" content=\"750\" \/>\n\t<meta property=\"og:image:type\" content=\"image\/webp\" \/>\n<meta name=\"twitter:card\" content=\"summary_large_image\" \/>\n<meta name=\"twitter:label1\" content=\"Odhadovan\u00e1 doba \u010dten\u00ed\" \/>\n\t<meta name=\"twitter:data1\" content=\"2 minuty\" \/>\n<script type=\"application\/ld+json\" class=\"yoast-schema-graph\">{\"@context\":\"https:\/\/schema.org\",\"@graph\":[{\"@type\":\"WebPage\",\"@id\":\"https:\/\/www.koupelnapro.com\/index.php\/produkt\/espace-otevrena-policova-skrinka-35x35x22cm-jilm-bardini-vyhodna-nabidka-36149\/\",\"url\":\"https:\/\/www.koupelnapro.com\/index.php\/produkt\/espace-otevrena-policova-skrinka-35x35x22cm-jilm-bardini-vyhodna-nabidka-36149\/\",\"name\":\"ESPACE otev\u0159en\u00e1 policov\u00e1 sk\u0159\u00ed\u0148ka 35x35x22cm, jilm bardini V\u00fdhodn\u00e1 Nab\u00eddka -\",\"isPartOf\":{\"@id\":\"https:\/\/www.koupelnapro.com\/#website\"},\"primaryImageOfPage\":{\"@id\":\"https:\/\/www.koupelnapro.com\/index.php\/produkt\/espace-otevrena-policova-skrinka-35x35x22cm-jilm-bardini-vyhodna-nabidka-36149\/#primaryimage\"},\"image\":{\"@id\":\"https:\/\/www.koupelnapro.com\/index.php\/produkt\/espace-otevrena-policova-skrinka-35x35x22cm-jilm-bardini-vyhodna-nabidka-36149\/#primaryimage\"},\"thumbnailUrl\":\"https:\/\/www.koupelnapro.com\/wp-content\/uploads\/2026\/SK0002933-CZ20260425-092556-0-1777080363-39553-3_esc150-1313-153785599000613.webp\",\"datePublished\":\"2026-04-26T09:15:39+00:00\",\"breadcrumb\":{\"@id\":\"https:\/\/www.koupelnapro.com\/index.php\/produkt\/espace-otevrena-policova-skrinka-35x35x22cm-jilm-bardini-vyhodna-nabidka-36149\/#breadcrumb\"},\"inLanguage\":\"cs\",\"potentialAction\":[{\"@type\":\"ReadAction\",\"target\":[\"https:\/\/www.koupelnapro.com\/index.php\/produkt\/espace-otevrena-policova-skrinka-35x35x22cm-jilm-bardini-vyhodna-nabidka-36149\/\"]}]},{\"@type\":\"ImageObject\",\"inLanguage\":\"cs\",\"@id\":\"https:\/\/www.koupelnapro.com\/index.php\/produkt\/espace-otevrena-policova-skrinka-35x35x22cm-jilm-bardini-vyhodna-nabidka-36149\/#primaryimage\",\"url\":\"https:\/\/www.koupelnapro.com\/wp-content\/uploads\/2026\/SK0002933-CZ20260425-092556-0-1777080363-39553-3_esc150-1313-153785599000613.webp\",\"contentUrl\":\"https:\/\/www.koupelnapro.com\/wp-content\/uploads\/2026\/SK0002933-CZ20260425-092556-0-1777080363-39553-3_esc150-1313-153785599000613.webp\",\"width\":1000,\"height\":750},{\"@type\":\"BreadcrumbList\",\"@id\":\"https:\/\/www.koupelnapro.com\/index.php\/produkt\/espace-otevrena-policova-skrinka-35x35x22cm-jilm-bardini-vyhodna-nabidka-36149\/#breadcrumb\",\"itemListElement\":[{\"@type\":\"ListItem\",\"position\":1,\"name\":\"Home\",\"item\":\"https:\/\/www.koupelnapro.com\/\"},{\"@type\":\"ListItem\",\"position\":2,\"name\":\"Products\",\"item\":\"https:\/\/www.koupelnapro.com\/index.php\/products\/\"},{\"@type\":\"ListItem\",\"position\":3,\"name\":\"ESPACE otev\u0159en\u00e1 policov\u00e1 sk\u0159\u00ed\u0148ka 35x35x22cm, jilm bardini V\u00fdhodn\u00e1 Nab\u00eddka\"}]},{\"@type\":\"WebSite\",\"@id\":\"https:\/\/www.koupelnapro.com\/#website\",\"url\":\"https:\/\/www.koupelnapro.com\/\",\"name\":\"\",\"description\":\"\",\"potentialAction\":[{\"@type\":\"SearchAction\",\"target\":{\"@type\":\"EntryPoint\",\"urlTemplate\":\"https:\/\/www.koupelnapro.com\/?s={search_term_string}\"},\"query-input\":{\"@type\":\"PropertyValueSpecification\",\"valueRequired\":true,\"valueName\":\"search_term_string\"}}],\"inLanguage\":\"cs\"}]}<\/script>\n<!-- \/ Yoast SEO plugin. -->","yoast_head_json":{"title":"ESPACE otev\u0159en\u00e1 policov\u00e1 sk\u0159\u00ed\u0148ka 35x35x22cm, jilm bardini V\u00fdhodn\u00e1 Nab\u00eddka -","robots":{"index":"index","follow":"follow","max-snippet":"max-snippet:-1","max-image-preview":"max-image-preview:large","max-video-preview":"max-video-preview:-1"},"canonical":"https:\/\/www.koupelnapro.com\/index.php\/produkt\/espace-otevrena-policova-skrinka-35x35x22cm-jilm-bardini-vyhodna-nabidka-36149\/","og_locale":"cs_CZ","og_type":"article","og_title":"ESPACE otev\u0159en\u00e1 policov\u00e1 sk\u0159\u00ed\u0148ka 35x35x22cm, jilm bardini V\u00fdhodn\u00e1 Nab\u00eddka -","og_description":"Detailn\u00ed popis produktu Charakteristick\u00fdm rysem s\u00e9rie dopl\u0148kov\u00fdch sk\u0159\u00edn\u011bk ESPACE je variabilita d\u00edky \u0161irok\u00e9 nab\u00eddce rozm\u011br\u016f jak dv\u00ed\u0159kov\u00fdch, tak otev\u0159en\u00fdch sk\u0159\u00edn\u011bk. S\u00e9rie ESPACE byla navr\u017eena pro kombinaci s v\u011bt\u0161inou umyvadlov\u00fdch sk\u0159\u00edn\u011bk z na\u0161\u00ed nab\u00eddky, av\u0161ak sk\u0159\u00ed\u0148ky naleznou vyu\u017eit\u00ed i v jin\u00fdch prostor\u00e1ch ne\u017e je koupelna (ob\u00fdvac\u00ed pokoj, p\u0159eds\u00ed\u0148 apod.).Sk\u0159\u00ed\u0148ky nab\u00edz\u00edme v&nbsp;barevn\u00e9m proveden\u00ed a dekorech lamina se [&hellip;]","og_url":"https:\/\/www.koupelnapro.com\/index.php\/produkt\/espace-otevrena-policova-skrinka-35x35x22cm-jilm-bardini-vyhodna-nabidka-36149\/","og_image":[{"width":1000,"height":750,"url":"https:\/\/www.koupelnapro.com\/wp-content\/uploads\/2026\/SK0002933-CZ20260425-092556-0-1777080363-39553-3_esc150-1313-153785599000613.webp","type":"image\/webp"}],"twitter_card":"summary_large_image","twitter_misc":{"Odhadovan\u00e1 doba \u010dten\u00ed":"2 minuty"},"schema":{"@context":"https:\/\/schema.org","@graph":[{"@type":"WebPage","@id":"https:\/\/www.koupelnapro.com\/index.php\/produkt\/espace-otevrena-policova-skrinka-35x35x22cm-jilm-bardini-vyhodna-nabidka-36149\/","url":"https:\/\/www.koupelnapro.com\/index.php\/produkt\/espace-otevrena-policova-skrinka-35x35x22cm-jilm-bardini-vyhodna-nabidka-36149\/","name":"ESPACE otev\u0159en\u00e1 policov\u00e1 sk\u0159\u00ed\u0148ka 35x35x22cm, jilm bardini V\u00fdhodn\u00e1 Nab\u00eddka -","isPartOf":{"@id":"https:\/\/www.koupelnapro.com\/#website"},"primaryImageOfPage":{"@id":"https:\/\/www.koupelnapro.com\/index.php\/produkt\/espace-otevrena-policova-skrinka-35x35x22cm-jilm-bardini-vyhodna-nabidka-36149\/#primaryimage"},"image":{"@id":"https:\/\/www.koupelnapro.com\/index.php\/produkt\/espace-otevrena-policova-skrinka-35x35x22cm-jilm-bardini-vyhodna-nabidka-36149\/#primaryimage"},"thumbnailUrl":"https:\/\/www.koupelnapro.com\/wp-content\/uploads\/2026\/SK0002933-CZ20260425-092556-0-1777080363-39553-3_esc150-1313-153785599000613.webp","datePublished":"2026-04-26T09:15:39+00:00","breadcrumb":{"@id":"https:\/\/www.koupelnapro.com\/index.php\/produkt\/espace-otevrena-policova-skrinka-35x35x22cm-jilm-bardini-vyhodna-nabidka-36149\/#breadcrumb"},"inLanguage":"cs","potentialAction":[{"@type":"ReadAction","target":["https:\/\/www.koupelnapro.com\/index.php\/produkt\/espace-otevrena-policova-skrinka-35x35x22cm-jilm-bardini-vyhodna-nabidka-36149\/"]}]},{"@type":"ImageObject","inLanguage":"cs","@id":"https:\/\/www.koupelnapro.com\/index.php\/produkt\/espace-otevrena-policova-skrinka-35x35x22cm-jilm-bardini-vyhodna-nabidka-36149\/#primaryimage","url":"https:\/\/www.koupelnapro.com\/wp-content\/uploads\/2026\/SK0002933-CZ20260425-092556-0-1777080363-39553-3_esc150-1313-153785599000613.webp","contentUrl":"https:\/\/www.koupelnapro.com\/wp-content\/uploads\/2026\/SK0002933-CZ20260425-092556-0-1777080363-39553-3_esc150-1313-153785599000613.webp","width":1000,"height":750},{"@type":"BreadcrumbList","@id":"https:\/\/www.koupelnapro.com\/index.php\/produkt\/espace-otevrena-policova-skrinka-35x35x22cm-jilm-bardini-vyhodna-nabidka-36149\/#breadcrumb","itemListElement":[{"@type":"ListItem","position":1,"name":"Home","item":"https:\/\/www.koupelnapro.com\/"},{"@type":"ListItem","position":2,"name":"Products","item":"https:\/\/www.koupelnapro.com\/index.php\/products\/"},{"@type":"ListItem","position":3,"name":"ESPACE otev\u0159en\u00e1 policov\u00e1 sk\u0159\u00ed\u0148ka 35x35x22cm, jilm bardini V\u00fdhodn\u00e1 Nab\u00eddka"}]},{"@type":"WebSite","@id":"https:\/\/www.koupelnapro.com\/#website","url":"https:\/\/www.koupelnapro.com\/","name":"","description":"","potentialAction":[{"@type":"SearchAction","target":{"@type":"EntryPoint","urlTemplate":"https:\/\/www.koupelnapro.com\/?s={search_term_string}"},"query-input":{"@type":"PropertyValueSpecification","valueRequired":true,"valueName":"search_term_string"}}],"inLanguage":"cs"}]}},"_links":{"self":[{"href":"https:\/\/www.koupelnapro.com\/index.php\/wp-json\/wp\/v2\/product\/36149","targetHints":{"allow":["GET"]}}],"collection":[{"href":"https:\/\/www.koupelnapro.com\/index.php\/wp-json\/wp\/v2\/product"}],"about":[{"href":"https:\/\/www.koupelnapro.com\/index.php\/wp-json\/wp\/v2\/types\/product"}],"replies":[{"embeddable":true,"href":"https:\/\/www.koupelnapro.com\/index.php\/wp-json\/wp\/v2\/comments?post=36149"}],"wp:featuredmedia":[{"embeddable":true,"href":"https:\/\/www.koupelnapro.com\/index.php\/wp-json\/wp\/v2\/media\/36249"}],"wp:attachment":[{"href":"https:\/\/www.koupelnapro.com\/index.php\/wp-json\/wp\/v2\/media?parent=36149"}],"wp:term":[{"taxonomy":"product_brand","embeddable":true,"href":"https:\/\/www.koupelnapro.com\/index.php\/wp-json\/wp\/v2\/product_brand?post=36149"},{"taxonomy":"product_cat","embeddable":true,"href":"https:\/\/www.koupelnapro.com\/index.php\/wp-json\/wp\/v2\/product_cat?post=36149"},{"taxonomy":"product_tag","embeddable":true,"href":"https:\/\/www.koupelnapro.com\/index.php\/wp-json\/wp\/v2\/product_tag?post=36149"}],"curies":[{"name":"wp","href":"https:\/\/api.w.org\/{rel}","templated":true}]}}