{"id":32583,"date":"2026-04-26T09:15:21","date_gmt":"2026-04-26T09:15:21","guid":{"rendered":""},"modified":"2026-04-26T09:15:21","modified_gmt":"2026-04-26T09:15:21","slug":"dulux-colours-of-the-world-nocni-obloha-2-5-l-super-cena-32583","status":"publish","type":"product","link":"https:\/\/www.koupelnapro.com\/index.php\/produkt\/dulux-colours-of-the-world-nocni-obloha-2-5-l-super-cena-32583\/","title":{"rendered":"Dulux Colours of the World no\u010dn\u00ed obloha 2,5 l Super Cena"},"content":{"rendered":"<div class=\"filters-tab-box__left\">\n<h2>Dulux CoW<\/h2>\n<p><b>Vodou \u0159editeln\u00e1 barva s\u00e9rie 45 odst\u00edn\u016f <\/b> pro malov\u00e1n\u00ed st\u011bn a strop\u016f v interi\u00e9ru. Barva si dlouhodob\u011b <b>zachov\u00e1v\u00e1 sv\u016fj odst\u00edn<\/b>. Vyzna\u010duje se<b> vysokou kryvost\u00ed, lehkou rozt\u00edratelnost\u00ed a rychl\u00fdm schnut\u00edm<\/b>. N\u00e1t\u011br je <b>paropropustn\u00fd, ot\u011bruvzdorn\u00fd a omyvateln\u00fd<\/b>. Zasych\u00e1 ji\u017e po 4 hodin\u00e1ch od aplikace. Doporu\u010dujeme barvu aplikovat ve 2 vrstv\u00e1ch.<\/p>\n<h3>Kl\u00ed\u010dov\u00e9 vlastnosti<\/h3>\n<ul class=\"vlastnosti\">\n<li><b>Vodou \u0159editeln\u00e1 barva s\u00e9rie 45 odst\u00edn\u016f <\/b> pro malov\u00e1n\u00ed st\u011bn a strop\u016f v interi\u00e9ru<\/li>\n<li>Dlouhodob\u00e1 <b>st\u00e1lost odst\u00ednu<\/b><\/li>\n<li><b>Vysok\u00e1 kryvost, lehk\u00e1 rozt\u00edratelnost a rychl\u00e9 schnut\u00ed<\/b><\/li>\n<li><b>Paropropustn\u00e1, ot\u011bruvzdorn\u00e1 a omyvateln\u00e1<\/b><\/li>\n<li>Such\u00e1 po 2 &#8211; 4 hod. od aplikace<\/li>\n<li>Aplikovat ve 2 vrstv\u00e1ch<\/li>\n<\/ul>\n<h3>Pou\u017eit\u00ed<\/h3>\n<ul class=\"pouziti\">\n<li>Nat\u00edran\u00fd povrch mus\u00ed b\u00fdt hladk\u00fd a \u010dist\u00fd<\/li>\n<li>Doporu\u010dujeme pou\u017e\u00edt penetraci<\/li>\n<li>Barvu d\u016fkladn\u011b prom\u00edchejte<\/li>\n<li>Nan\u00e1\u0161ejte<b> \u0161tetcem nebo v\u00e1le\u010dkem<\/b><\/li>\n<li>Nechte zaschnout 2 &#8211; 4 hod. a pak aplikujte 2. vrstvu<\/li>\n<li>Pou\u017eit\u00e9 n\u00e1\u0159ad\u00ed o\u010dist\u011bte vodou<\/li>\n<li>Aplika\u010dn\u00ed teplota 15 &#8211; 25 \u00b0C<\/li>\n<li><b><span style=\"color: #FF0000\">P\u0159ed samotn\u00fdm nat\u00edr\u00e1n\u00edm prove\u010fte kontrolu odst\u00ednu<\/span><\/b><\/li>\n<\/ul>\n<h3>Doporu\u010den\u00e9 podklady<\/h3>\n<ul class=\"podklady\">\n<li>Om\u00edtky<\/li>\n<li>S\u00e1drokartonov\u00e9 desky<\/li>\n<li>Pap\u00edrov\u00e9 a sklovl\u00e1knit\u00e9 tapety<\/li>\n<\/ul><\/div>\n<div class=\"filters-tab-box__right\">\n<h2>Parametry<\/h2>\n<table>\n<tbody>\n<tr>\n<td>Barva (n&#225;zev)                                            :                                        <\/td>\n<td>                                            lasturov\u011b b&#237;l&#225;                                        <\/td>\n<\/tr>\n<tr>\n<td>V&#253;robce                                            :                                        <\/td>\n<td>                                            Dulux                                        <\/td>\n<\/tr>\n<tr>\n<td>Vydatnost                                            :                                        <\/td>\n<td>                                            17 m2 \/ l                                        <\/td>\n<\/tr>\n<tr>\n<td>Balen&#237;                                            :                                        <\/td>\n<td>                                            2,5 l                                        <\/td>\n<\/tr>\n<tr>\n<td>Vzorkovnice                                            :                                        <\/td>\n<td>Dulux                                        <\/td>\n<\/tr>\n<tr>\n<td>Objem                                            :                                        <\/td>\n<td>2,5 l                                        <\/td>\n<\/tr>\n<\/tbody>\n<\/table><\/div>\n<\/p><\/div>\n","protected":false},"excerpt":{"rendered":"<p>Dulux CoW Vodou \u0159editeln\u00e1 barva s\u00e9rie 45 odst\u00edn\u016f pro malov\u00e1n\u00ed st\u011bn a strop\u016f v interi\u00e9ru. Barva si dlouhodob\u011b zachov\u00e1v\u00e1 sv\u016fj odst\u00edn. Vyzna\u010duje se vysokou kryvost\u00ed, lehkou rozt\u00edratelnost\u00ed a rychl\u00fdm schnut\u00edm. N\u00e1t\u011br je paropropustn\u00fd, ot\u011bruvzdorn\u00fd a omyvateln\u00fd. Zasych\u00e1 ji\u017e po 4 hodin\u00e1ch od aplikace. Doporu\u010dujeme barvu aplikovat ve 2 vrstv\u00e1ch. Kl\u00ed\u010dov\u00e9 vlastnosti Vodou \u0159editeln\u00e1 barva s\u00e9rie [&hellip;]<\/p>\n","protected":false},"featured_media":32683,"comment_status":"open","ping_status":"open","template":"","meta":[],"product_brand":[],"product_cat":[44],"product_tag":[],"class_list":{"0":"post-32583","1":"product","2":"type-product","3":"status-publish","4":"has-post-thumbnail","6":"product_cat-nejlepsi-prodejci","8":"first","9":"instock","10":"sale","11":"shipping-taxable","12":"purchasable","13":"product-type-simple"},"yoast_head":"<!-- This site is optimized with the Yoast SEO plugin v26.8 - https:\/\/yoast.com\/product\/yoast-seo-wordpress\/ -->\n<title>Dulux Colours of the World no\u010dn\u00ed obloha 2,5 l Super Cena -<\/title>\n<meta name=\"robots\" content=\"index, follow, max-snippet:-1, max-image-preview:large, max-video-preview:-1\" \/>\n<link rel=\"canonical\" href=\"https:\/\/www.koupelnapro.com\/index.php\/produkt\/dulux-colours-of-the-world-nocni-obloha-2-5-l-super-cena-32583\/\" \/>\n<meta property=\"og:locale\" content=\"cs_CZ\" \/>\n<meta property=\"og:type\" content=\"article\" \/>\n<meta property=\"og:title\" content=\"Dulux Colours of the World no\u010dn\u00ed obloha 2,5 l Super Cena -\" \/>\n<meta property=\"og:description\" content=\"Dulux CoW Vodou \u0159editeln\u00e1 barva s\u00e9rie 45 odst\u00edn\u016f pro malov\u00e1n\u00ed st\u011bn a strop\u016f v interi\u00e9ru. Barva si dlouhodob\u011b zachov\u00e1v\u00e1 sv\u016fj odst\u00edn. Vyzna\u010duje se vysokou kryvost\u00ed, lehkou rozt\u00edratelnost\u00ed a rychl\u00fdm schnut\u00edm. N\u00e1t\u011br je paropropustn\u00fd, ot\u011bruvzdorn\u00fd a omyvateln\u00fd. Zasych\u00e1 ji\u017e po 4 hodin\u00e1ch od aplikace. Doporu\u010dujeme barvu aplikovat ve 2 vrstv\u00e1ch. Kl\u00ed\u010dov\u00e9 vlastnosti Vodou \u0159editeln\u00e1 barva s\u00e9rie [&hellip;]\" \/>\n<meta property=\"og:url\" content=\"https:\/\/www.koupelnapro.com\/index.php\/produkt\/dulux-colours-of-the-world-nocni-obloha-2-5-l-super-cena-32583\/\" \/>\n<meta property=\"og:image\" content=\"https:\/\/www.koupelnapro.com\/wp-content\/uploads\/2026\/SK0003355-CZ20260425-092455-0-1777080297-image_of_object.webp\" \/>\n\t<meta property=\"og:image:width\" content=\"400\" \/>\n\t<meta property=\"og:image:height\" content=\"300\" \/>\n\t<meta property=\"og:image:type\" content=\"image\/webp\" \/>\n<meta name=\"twitter:card\" content=\"summary_large_image\" \/>\n<meta name=\"twitter:label1\" content=\"Odhadovan\u00e1 doba \u010dten\u00ed\" \/>\n\t<meta name=\"twitter:data1\" content=\"1 minuta\" \/>\n<script type=\"application\/ld+json\" class=\"yoast-schema-graph\">{\"@context\":\"https:\/\/schema.org\",\"@graph\":[{\"@type\":\"WebPage\",\"@id\":\"https:\/\/www.koupelnapro.com\/index.php\/produkt\/dulux-colours-of-the-world-nocni-obloha-2-5-l-super-cena-32583\/\",\"url\":\"https:\/\/www.koupelnapro.com\/index.php\/produkt\/dulux-colours-of-the-world-nocni-obloha-2-5-l-super-cena-32583\/\",\"name\":\"Dulux Colours of the World no\u010dn\u00ed obloha 2,5 l Super Cena -\",\"isPartOf\":{\"@id\":\"https:\/\/www.koupelnapro.com\/#website\"},\"primaryImageOfPage\":{\"@id\":\"https:\/\/www.koupelnapro.com\/index.php\/produkt\/dulux-colours-of-the-world-nocni-obloha-2-5-l-super-cena-32583\/#primaryimage\"},\"image\":{\"@id\":\"https:\/\/www.koupelnapro.com\/index.php\/produkt\/dulux-colours-of-the-world-nocni-obloha-2-5-l-super-cena-32583\/#primaryimage\"},\"thumbnailUrl\":\"https:\/\/www.koupelnapro.com\/wp-content\/uploads\/2026\/SK0003355-CZ20260425-092455-0-1777080297-image_of_object.webp\",\"datePublished\":\"2026-04-26T09:15:21+00:00\",\"breadcrumb\":{\"@id\":\"https:\/\/www.koupelnapro.com\/index.php\/produkt\/dulux-colours-of-the-world-nocni-obloha-2-5-l-super-cena-32583\/#breadcrumb\"},\"inLanguage\":\"cs\",\"potentialAction\":[{\"@type\":\"ReadAction\",\"target\":[\"https:\/\/www.koupelnapro.com\/index.php\/produkt\/dulux-colours-of-the-world-nocni-obloha-2-5-l-super-cena-32583\/\"]}]},{\"@type\":\"ImageObject\",\"inLanguage\":\"cs\",\"@id\":\"https:\/\/www.koupelnapro.com\/index.php\/produkt\/dulux-colours-of-the-world-nocni-obloha-2-5-l-super-cena-32583\/#primaryimage\",\"url\":\"https:\/\/www.koupelnapro.com\/wp-content\/uploads\/2026\/SK0003355-CZ20260425-092455-0-1777080297-image_of_object.webp\",\"contentUrl\":\"https:\/\/www.koupelnapro.com\/wp-content\/uploads\/2026\/SK0003355-CZ20260425-092455-0-1777080297-image_of_object.webp\",\"width\":400,\"height\":300},{\"@type\":\"BreadcrumbList\",\"@id\":\"https:\/\/www.koupelnapro.com\/index.php\/produkt\/dulux-colours-of-the-world-nocni-obloha-2-5-l-super-cena-32583\/#breadcrumb\",\"itemListElement\":[{\"@type\":\"ListItem\",\"position\":1,\"name\":\"Home\",\"item\":\"https:\/\/www.koupelnapro.com\/\"},{\"@type\":\"ListItem\",\"position\":2,\"name\":\"Products\",\"item\":\"https:\/\/www.koupelnapro.com\/index.php\/products\/\"},{\"@type\":\"ListItem\",\"position\":3,\"name\":\"Dulux Colours of the World no\u010dn\u00ed obloha 2,5 l Super Cena\"}]},{\"@type\":\"WebSite\",\"@id\":\"https:\/\/www.koupelnapro.com\/#website\",\"url\":\"https:\/\/www.koupelnapro.com\/\",\"name\":\"\",\"description\":\"\",\"potentialAction\":[{\"@type\":\"SearchAction\",\"target\":{\"@type\":\"EntryPoint\",\"urlTemplate\":\"https:\/\/www.koupelnapro.com\/?s={search_term_string}\"},\"query-input\":{\"@type\":\"PropertyValueSpecification\",\"valueRequired\":true,\"valueName\":\"search_term_string\"}}],\"inLanguage\":\"cs\"}]}<\/script>\n<!-- \/ Yoast SEO plugin. -->","yoast_head_json":{"title":"Dulux Colours of the World no\u010dn\u00ed obloha 2,5 l Super Cena -","robots":{"index":"index","follow":"follow","max-snippet":"max-snippet:-1","max-image-preview":"max-image-preview:large","max-video-preview":"max-video-preview:-1"},"canonical":"https:\/\/www.koupelnapro.com\/index.php\/produkt\/dulux-colours-of-the-world-nocni-obloha-2-5-l-super-cena-32583\/","og_locale":"cs_CZ","og_type":"article","og_title":"Dulux Colours of the World no\u010dn\u00ed obloha 2,5 l Super Cena -","og_description":"Dulux CoW Vodou \u0159editeln\u00e1 barva s\u00e9rie 45 odst\u00edn\u016f pro malov\u00e1n\u00ed st\u011bn a strop\u016f v interi\u00e9ru. Barva si dlouhodob\u011b zachov\u00e1v\u00e1 sv\u016fj odst\u00edn. Vyzna\u010duje se vysokou kryvost\u00ed, lehkou rozt\u00edratelnost\u00ed a rychl\u00fdm schnut\u00edm. N\u00e1t\u011br je paropropustn\u00fd, ot\u011bruvzdorn\u00fd a omyvateln\u00fd. Zasych\u00e1 ji\u017e po 4 hodin\u00e1ch od aplikace. Doporu\u010dujeme barvu aplikovat ve 2 vrstv\u00e1ch. Kl\u00ed\u010dov\u00e9 vlastnosti Vodou \u0159editeln\u00e1 barva s\u00e9rie [&hellip;]","og_url":"https:\/\/www.koupelnapro.com\/index.php\/produkt\/dulux-colours-of-the-world-nocni-obloha-2-5-l-super-cena-32583\/","og_image":[{"width":400,"height":300,"url":"https:\/\/www.koupelnapro.com\/wp-content\/uploads\/2026\/SK0003355-CZ20260425-092455-0-1777080297-image_of_object.webp","type":"image\/webp"}],"twitter_card":"summary_large_image","twitter_misc":{"Odhadovan\u00e1 doba \u010dten\u00ed":"1 minuta"},"schema":{"@context":"https:\/\/schema.org","@graph":[{"@type":"WebPage","@id":"https:\/\/www.koupelnapro.com\/index.php\/produkt\/dulux-colours-of-the-world-nocni-obloha-2-5-l-super-cena-32583\/","url":"https:\/\/www.koupelnapro.com\/index.php\/produkt\/dulux-colours-of-the-world-nocni-obloha-2-5-l-super-cena-32583\/","name":"Dulux Colours of the World no\u010dn\u00ed obloha 2,5 l Super Cena -","isPartOf":{"@id":"https:\/\/www.koupelnapro.com\/#website"},"primaryImageOfPage":{"@id":"https:\/\/www.koupelnapro.com\/index.php\/produkt\/dulux-colours-of-the-world-nocni-obloha-2-5-l-super-cena-32583\/#primaryimage"},"image":{"@id":"https:\/\/www.koupelnapro.com\/index.php\/produkt\/dulux-colours-of-the-world-nocni-obloha-2-5-l-super-cena-32583\/#primaryimage"},"thumbnailUrl":"https:\/\/www.koupelnapro.com\/wp-content\/uploads\/2026\/SK0003355-CZ20260425-092455-0-1777080297-image_of_object.webp","datePublished":"2026-04-26T09:15:21+00:00","breadcrumb":{"@id":"https:\/\/www.koupelnapro.com\/index.php\/produkt\/dulux-colours-of-the-world-nocni-obloha-2-5-l-super-cena-32583\/#breadcrumb"},"inLanguage":"cs","potentialAction":[{"@type":"ReadAction","target":["https:\/\/www.koupelnapro.com\/index.php\/produkt\/dulux-colours-of-the-world-nocni-obloha-2-5-l-super-cena-32583\/"]}]},{"@type":"ImageObject","inLanguage":"cs","@id":"https:\/\/www.koupelnapro.com\/index.php\/produkt\/dulux-colours-of-the-world-nocni-obloha-2-5-l-super-cena-32583\/#primaryimage","url":"https:\/\/www.koupelnapro.com\/wp-content\/uploads\/2026\/SK0003355-CZ20260425-092455-0-1777080297-image_of_object.webp","contentUrl":"https:\/\/www.koupelnapro.com\/wp-content\/uploads\/2026\/SK0003355-CZ20260425-092455-0-1777080297-image_of_object.webp","width":400,"height":300},{"@type":"BreadcrumbList","@id":"https:\/\/www.koupelnapro.com\/index.php\/produkt\/dulux-colours-of-the-world-nocni-obloha-2-5-l-super-cena-32583\/#breadcrumb","itemListElement":[{"@type":"ListItem","position":1,"name":"Home","item":"https:\/\/www.koupelnapro.com\/"},{"@type":"ListItem","position":2,"name":"Products","item":"https:\/\/www.koupelnapro.com\/index.php\/products\/"},{"@type":"ListItem","position":3,"name":"Dulux Colours of the World no\u010dn\u00ed obloha 2,5 l Super Cena"}]},{"@type":"WebSite","@id":"https:\/\/www.koupelnapro.com\/#website","url":"https:\/\/www.koupelnapro.com\/","name":"","description":"","potentialAction":[{"@type":"SearchAction","target":{"@type":"EntryPoint","urlTemplate":"https:\/\/www.koupelnapro.com\/?s={search_term_string}"},"query-input":{"@type":"PropertyValueSpecification","valueRequired":true,"valueName":"search_term_string"}}],"inLanguage":"cs"}]}},"_links":{"self":[{"href":"https:\/\/www.koupelnapro.com\/index.php\/wp-json\/wp\/v2\/product\/32583","targetHints":{"allow":["GET"]}}],"collection":[{"href":"https:\/\/www.koupelnapro.com\/index.php\/wp-json\/wp\/v2\/product"}],"about":[{"href":"https:\/\/www.koupelnapro.com\/index.php\/wp-json\/wp\/v2\/types\/product"}],"replies":[{"embeddable":true,"href":"https:\/\/www.koupelnapro.com\/index.php\/wp-json\/wp\/v2\/comments?post=32583"}],"wp:featuredmedia":[{"embeddable":true,"href":"https:\/\/www.koupelnapro.com\/index.php\/wp-json\/wp\/v2\/media\/32683"}],"wp:attachment":[{"href":"https:\/\/www.koupelnapro.com\/index.php\/wp-json\/wp\/v2\/media?parent=32583"}],"wp:term":[{"taxonomy":"product_brand","embeddable":true,"href":"https:\/\/www.koupelnapro.com\/index.php\/wp-json\/wp\/v2\/product_brand?post=32583"},{"taxonomy":"product_cat","embeddable":true,"href":"https:\/\/www.koupelnapro.com\/index.php\/wp-json\/wp\/v2\/product_cat?post=32583"},{"taxonomy":"product_tag","embeddable":true,"href":"https:\/\/www.koupelnapro.com\/index.php\/wp-json\/wp\/v2\/product_tag?post=32583"}],"curies":[{"name":"wp","href":"https:\/\/api.w.org\/{rel}","templated":true}]}}