{"id":31533,"date":"2026-04-26T09:15:14","date_gmt":"2026-04-26T09:15:14","guid":{"rendered":""},"modified":"2026-04-26T09:15:14","modified_gmt":"2026-04-26T09:15:14","slug":"zlevneny-radex-primer-na-celni-skla-30-ml-31533","status":"publish","type":"product","link":"https:\/\/www.koupelnapro.com\/index.php\/produkt\/zlevneny-radex-primer-na-celni-skla-30-ml-31533\/","title":{"rendered":"Zlevn\u011bn\u00fd RADEX PRIMER na \u010deln\u00ed skla 30 ml"},"content":{"rendered":"<div class=\"filters-tab-box__left\">\n<h2>RADEX primer na \u010deln\u00ed skla<\/h2>\n<p>RADEX primer je \u010dern\u00fd z\u00e1kladn\u00ed n\u00e1t\u011br speci\u00e1ln\u011b navr\u017een\u00fd pro keramick\u00fd p\u00e1sek na skle vozidla. <b>Zaji\u0161\u0165uje \u00faplnou ochranu lepidla vytvo\u0159en\u00edm bari\u00e9ry proti \u0161kodliv\u00fdm UV paprsk\u016fm<\/b>, kter\u00e9 mohou v\u00e9st k degradaci lepidla. Pou\u017e\u00edv\u00e1 se tak\u00e9 jako <b>promotor adheze<\/b>. K pou\u017eit\u00ed ve spojen\u00ed s RADEX Cleaner\/activator.<\/p>\n<h3>Kl\u00ed\u010dov\u00e9 vlastnosti<\/h3>\n<ul class=\"vlastnosti\">\n<li>\u010cern\u00fd primer pro keramick\u00fd p\u00e1sek na skle vozidla<\/li>\n<li><b>\u00dapln\u00e1 ochrana lepidla proti \u0161kodliv\u00fdm UV paprsk\u016fm, kter\u00e9 degraduj\u00ed lepidlo<\/b><\/li>\n<li><b>Promotor adheze<\/b><\/li>\n<li>K pou\u017eit\u00ed ve spojen\u00ed s RADEX Cleaner\/activator<\/li>\n<\/ul>\n<h3>Pou\u017eit\u00ed<\/h3>\n<ul class=\"pouziti\">\n<li>O\u0161et\u0159ovan\u00fd povrch mus\u00ed b\u00fdt dokonale \u010dist\u00fd, such\u00fd, zbaven\u00fd prachu a mastnoty<\/li>\n<li>Aplikujte primer a\u017e po \u00fapln\u00e9m vy\u010di\u0161t\u011bn\u00ed lepen\u00e9 plochy pomoc\u00ed Radex Cleaner\/Activator<\/li>\n<li>P\u0159ed aplikac\u00ed lahvi\u010dku dob\u0159e prot\u0159epejte (alespo\u0148 1 min.), dokud neusly\u0161\u00edte hluk kovov\u00fdch kuli\u010dek obsa\u017een\u00fdch v lahvi\u010dce<\/li>\n<li>Aplikujte produkt pomoc\u00ed plst\u011bn\u00e9ho aplik\u00e1toru<\/li>\n<li>Po pou\u017eit\u00ed ihned uzav\u0159ete, proto\u017ee produkt se velmi rychle odpa\u0159uje<\/li>\n<li>P\u0159ed pokra\u010dov\u00e1n\u00edm se ujist\u011bte, \u017ee z\u00e1kladn\u00ed n\u00e1t\u011br je nelepiv\u00fd<\/li>\n<\/ul><\/div>\n<div class=\"filters-tab-box__right\">\n<h2>Parametry<\/h2>\n<table>\n<tbody>\n<tr>\n<td>V&#253;robce                                            :                                        <\/td>\n<td>                                            Radex                                        <\/td>\n<\/tr>\n<tr>\n<td>Balen&#237;                                            :                                        <\/td>\n<td>                                            RADEX PRIMER (30 ml)                                        <\/td>\n<\/tr>\n<tr>\n<td>Objem                                            :                                        <\/td>\n<td>30 ml                                        <\/td>\n<\/tr>\n<\/tbody>\n<\/table><\/div>\n<\/p><\/div>\n","protected":false},"excerpt":{"rendered":"<p>RADEX primer na \u010deln\u00ed skla RADEX primer je \u010dern\u00fd z\u00e1kladn\u00ed n\u00e1t\u011br speci\u00e1ln\u011b navr\u017een\u00fd pro keramick\u00fd p\u00e1sek na skle vozidla. Zaji\u0161\u0165uje \u00faplnou ochranu lepidla vytvo\u0159en\u00edm bari\u00e9ry proti \u0161kodliv\u00fdm UV paprsk\u016fm, kter\u00e9 mohou v\u00e9st k degradaci lepidla. Pou\u017e\u00edv\u00e1 se tak\u00e9 jako promotor adheze. K pou\u017eit\u00ed ve spojen\u00ed s RADEX Cleaner\/activator. Kl\u00ed\u010dov\u00e9 vlastnosti \u010cern\u00fd primer pro keramick\u00fd p\u00e1sek [&hellip;]<\/p>\n","protected":false},"featured_media":31633,"comment_status":"open","ping_status":"open","template":"","meta":[],"product_brand":[],"product_cat":[113],"product_tag":[],"class_list":{"0":"post-31533","1":"product","2":"type-product","3":"status-publish","4":"has-post-thumbnail","6":"product_cat-barvy-a-laky","8":"first","9":"instock","10":"sale","11":"shipping-taxable","12":"purchasable","13":"product-type-simple"},"yoast_head":"<!-- This site is optimized with the Yoast SEO plugin v26.8 - https:\/\/yoast.com\/product\/yoast-seo-wordpress\/ -->\n<title>Zlevn\u011bn\u00fd RADEX PRIMER na \u010deln\u00ed skla 30 ml -<\/title>\n<meta name=\"robots\" content=\"index, follow, max-snippet:-1, max-image-preview:large, max-video-preview:-1\" \/>\n<link rel=\"canonical\" href=\"https:\/\/www.koupelnapro.com\/index.php\/produkt\/zlevneny-radex-primer-na-celni-skla-30-ml-31533\/\" \/>\n<meta property=\"og:locale\" content=\"cs_CZ\" \/>\n<meta property=\"og:type\" content=\"article\" \/>\n<meta property=\"og:title\" content=\"Zlevn\u011bn\u00fd RADEX PRIMER na \u010deln\u00ed skla 30 ml -\" \/>\n<meta property=\"og:description\" content=\"RADEX primer na \u010deln\u00ed skla RADEX primer je \u010dern\u00fd z\u00e1kladn\u00ed n\u00e1t\u011br speci\u00e1ln\u011b navr\u017een\u00fd pro keramick\u00fd p\u00e1sek na skle vozidla. Zaji\u0161\u0165uje \u00faplnou ochranu lepidla vytvo\u0159en\u00edm bari\u00e9ry proti \u0161kodliv\u00fdm UV paprsk\u016fm, kter\u00e9 mohou v\u00e9st k degradaci lepidla. Pou\u017e\u00edv\u00e1 se tak\u00e9 jako promotor adheze. K pou\u017eit\u00ed ve spojen\u00ed s RADEX Cleaner\/activator. Kl\u00ed\u010dov\u00e9 vlastnosti \u010cern\u00fd primer pro keramick\u00fd p\u00e1sek [&hellip;]\" \/>\n<meta property=\"og:url\" content=\"https:\/\/www.koupelnapro.com\/index.php\/produkt\/zlevneny-radex-primer-na-celni-skla-30-ml-31533\/\" \/>\n<meta property=\"og:image\" content=\"https:\/\/www.koupelnapro.com\/wp-content\/uploads\/2026\/SK0002793-CZ20260425-092455-0-1777080297-image_of_object.webp\" \/>\n\t<meta property=\"og:image:width\" content=\"400\" \/>\n\t<meta property=\"og:image:height\" content=\"300\" \/>\n\t<meta property=\"og:image:type\" content=\"image\/webp\" \/>\n<meta name=\"twitter:card\" content=\"summary_large_image\" \/>\n<meta name=\"twitter:label1\" content=\"Odhadovan\u00e1 doba \u010dten\u00ed\" \/>\n\t<meta name=\"twitter:data1\" content=\"1 minuta\" \/>\n<script type=\"application\/ld+json\" class=\"yoast-schema-graph\">{\"@context\":\"https:\/\/schema.org\",\"@graph\":[{\"@type\":\"WebPage\",\"@id\":\"https:\/\/www.koupelnapro.com\/index.php\/produkt\/zlevneny-radex-primer-na-celni-skla-30-ml-31533\/\",\"url\":\"https:\/\/www.koupelnapro.com\/index.php\/produkt\/zlevneny-radex-primer-na-celni-skla-30-ml-31533\/\",\"name\":\"Zlevn\u011bn\u00fd RADEX PRIMER na \u010deln\u00ed skla 30 ml -\",\"isPartOf\":{\"@id\":\"https:\/\/www.koupelnapro.com\/#website\"},\"primaryImageOfPage\":{\"@id\":\"https:\/\/www.koupelnapro.com\/index.php\/produkt\/zlevneny-radex-primer-na-celni-skla-30-ml-31533\/#primaryimage\"},\"image\":{\"@id\":\"https:\/\/www.koupelnapro.com\/index.php\/produkt\/zlevneny-radex-primer-na-celni-skla-30-ml-31533\/#primaryimage\"},\"thumbnailUrl\":\"https:\/\/www.koupelnapro.com\/wp-content\/uploads\/2026\/SK0002793-CZ20260425-092455-0-1777080297-image_of_object.webp\",\"datePublished\":\"2026-04-26T09:15:14+00:00\",\"breadcrumb\":{\"@id\":\"https:\/\/www.koupelnapro.com\/index.php\/produkt\/zlevneny-radex-primer-na-celni-skla-30-ml-31533\/#breadcrumb\"},\"inLanguage\":\"cs\",\"potentialAction\":[{\"@type\":\"ReadAction\",\"target\":[\"https:\/\/www.koupelnapro.com\/index.php\/produkt\/zlevneny-radex-primer-na-celni-skla-30-ml-31533\/\"]}]},{\"@type\":\"ImageObject\",\"inLanguage\":\"cs\",\"@id\":\"https:\/\/www.koupelnapro.com\/index.php\/produkt\/zlevneny-radex-primer-na-celni-skla-30-ml-31533\/#primaryimage\",\"url\":\"https:\/\/www.koupelnapro.com\/wp-content\/uploads\/2026\/SK0002793-CZ20260425-092455-0-1777080297-image_of_object.webp\",\"contentUrl\":\"https:\/\/www.koupelnapro.com\/wp-content\/uploads\/2026\/SK0002793-CZ20260425-092455-0-1777080297-image_of_object.webp\",\"width\":400,\"height\":300},{\"@type\":\"BreadcrumbList\",\"@id\":\"https:\/\/www.koupelnapro.com\/index.php\/produkt\/zlevneny-radex-primer-na-celni-skla-30-ml-31533\/#breadcrumb\",\"itemListElement\":[{\"@type\":\"ListItem\",\"position\":1,\"name\":\"Home\",\"item\":\"https:\/\/www.koupelnapro.com\/\"},{\"@type\":\"ListItem\",\"position\":2,\"name\":\"Products\",\"item\":\"https:\/\/www.koupelnapro.com\/index.php\/products\/\"},{\"@type\":\"ListItem\",\"position\":3,\"name\":\"Zlevn\u011bn\u00fd RADEX PRIMER na \u010deln\u00ed skla 30 ml\"}]},{\"@type\":\"WebSite\",\"@id\":\"https:\/\/www.koupelnapro.com\/#website\",\"url\":\"https:\/\/www.koupelnapro.com\/\",\"name\":\"\",\"description\":\"\",\"potentialAction\":[{\"@type\":\"SearchAction\",\"target\":{\"@type\":\"EntryPoint\",\"urlTemplate\":\"https:\/\/www.koupelnapro.com\/?s={search_term_string}\"},\"query-input\":{\"@type\":\"PropertyValueSpecification\",\"valueRequired\":true,\"valueName\":\"search_term_string\"}}],\"inLanguage\":\"cs\"}]}<\/script>\n<!-- \/ Yoast SEO plugin. -->","yoast_head_json":{"title":"Zlevn\u011bn\u00fd RADEX PRIMER na \u010deln\u00ed skla 30 ml -","robots":{"index":"index","follow":"follow","max-snippet":"max-snippet:-1","max-image-preview":"max-image-preview:large","max-video-preview":"max-video-preview:-1"},"canonical":"https:\/\/www.koupelnapro.com\/index.php\/produkt\/zlevneny-radex-primer-na-celni-skla-30-ml-31533\/","og_locale":"cs_CZ","og_type":"article","og_title":"Zlevn\u011bn\u00fd RADEX PRIMER na \u010deln\u00ed skla 30 ml -","og_description":"RADEX primer na \u010deln\u00ed skla RADEX primer je \u010dern\u00fd z\u00e1kladn\u00ed n\u00e1t\u011br speci\u00e1ln\u011b navr\u017een\u00fd pro keramick\u00fd p\u00e1sek na skle vozidla. Zaji\u0161\u0165uje \u00faplnou ochranu lepidla vytvo\u0159en\u00edm bari\u00e9ry proti \u0161kodliv\u00fdm UV paprsk\u016fm, kter\u00e9 mohou v\u00e9st k degradaci lepidla. Pou\u017e\u00edv\u00e1 se tak\u00e9 jako promotor adheze. K pou\u017eit\u00ed ve spojen\u00ed s RADEX Cleaner\/activator. Kl\u00ed\u010dov\u00e9 vlastnosti \u010cern\u00fd primer pro keramick\u00fd p\u00e1sek [&hellip;]","og_url":"https:\/\/www.koupelnapro.com\/index.php\/produkt\/zlevneny-radex-primer-na-celni-skla-30-ml-31533\/","og_image":[{"width":400,"height":300,"url":"https:\/\/www.koupelnapro.com\/wp-content\/uploads\/2026\/SK0002793-CZ20260425-092455-0-1777080297-image_of_object.webp","type":"image\/webp"}],"twitter_card":"summary_large_image","twitter_misc":{"Odhadovan\u00e1 doba \u010dten\u00ed":"1 minuta"},"schema":{"@context":"https:\/\/schema.org","@graph":[{"@type":"WebPage","@id":"https:\/\/www.koupelnapro.com\/index.php\/produkt\/zlevneny-radex-primer-na-celni-skla-30-ml-31533\/","url":"https:\/\/www.koupelnapro.com\/index.php\/produkt\/zlevneny-radex-primer-na-celni-skla-30-ml-31533\/","name":"Zlevn\u011bn\u00fd RADEX PRIMER na \u010deln\u00ed skla 30 ml -","isPartOf":{"@id":"https:\/\/www.koupelnapro.com\/#website"},"primaryImageOfPage":{"@id":"https:\/\/www.koupelnapro.com\/index.php\/produkt\/zlevneny-radex-primer-na-celni-skla-30-ml-31533\/#primaryimage"},"image":{"@id":"https:\/\/www.koupelnapro.com\/index.php\/produkt\/zlevneny-radex-primer-na-celni-skla-30-ml-31533\/#primaryimage"},"thumbnailUrl":"https:\/\/www.koupelnapro.com\/wp-content\/uploads\/2026\/SK0002793-CZ20260425-092455-0-1777080297-image_of_object.webp","datePublished":"2026-04-26T09:15:14+00:00","breadcrumb":{"@id":"https:\/\/www.koupelnapro.com\/index.php\/produkt\/zlevneny-radex-primer-na-celni-skla-30-ml-31533\/#breadcrumb"},"inLanguage":"cs","potentialAction":[{"@type":"ReadAction","target":["https:\/\/www.koupelnapro.com\/index.php\/produkt\/zlevneny-radex-primer-na-celni-skla-30-ml-31533\/"]}]},{"@type":"ImageObject","inLanguage":"cs","@id":"https:\/\/www.koupelnapro.com\/index.php\/produkt\/zlevneny-radex-primer-na-celni-skla-30-ml-31533\/#primaryimage","url":"https:\/\/www.koupelnapro.com\/wp-content\/uploads\/2026\/SK0002793-CZ20260425-092455-0-1777080297-image_of_object.webp","contentUrl":"https:\/\/www.koupelnapro.com\/wp-content\/uploads\/2026\/SK0002793-CZ20260425-092455-0-1777080297-image_of_object.webp","width":400,"height":300},{"@type":"BreadcrumbList","@id":"https:\/\/www.koupelnapro.com\/index.php\/produkt\/zlevneny-radex-primer-na-celni-skla-30-ml-31533\/#breadcrumb","itemListElement":[{"@type":"ListItem","position":1,"name":"Home","item":"https:\/\/www.koupelnapro.com\/"},{"@type":"ListItem","position":2,"name":"Products","item":"https:\/\/www.koupelnapro.com\/index.php\/products\/"},{"@type":"ListItem","position":3,"name":"Zlevn\u011bn\u00fd RADEX PRIMER na \u010deln\u00ed skla 30 ml"}]},{"@type":"WebSite","@id":"https:\/\/www.koupelnapro.com\/#website","url":"https:\/\/www.koupelnapro.com\/","name":"","description":"","potentialAction":[{"@type":"SearchAction","target":{"@type":"EntryPoint","urlTemplate":"https:\/\/www.koupelnapro.com\/?s={search_term_string}"},"query-input":{"@type":"PropertyValueSpecification","valueRequired":true,"valueName":"search_term_string"}}],"inLanguage":"cs"}]}},"_links":{"self":[{"href":"https:\/\/www.koupelnapro.com\/index.php\/wp-json\/wp\/v2\/product\/31533","targetHints":{"allow":["GET"]}}],"collection":[{"href":"https:\/\/www.koupelnapro.com\/index.php\/wp-json\/wp\/v2\/product"}],"about":[{"href":"https:\/\/www.koupelnapro.com\/index.php\/wp-json\/wp\/v2\/types\/product"}],"replies":[{"embeddable":true,"href":"https:\/\/www.koupelnapro.com\/index.php\/wp-json\/wp\/v2\/comments?post=31533"}],"wp:featuredmedia":[{"embeddable":true,"href":"https:\/\/www.koupelnapro.com\/index.php\/wp-json\/wp\/v2\/media\/31633"}],"wp:attachment":[{"href":"https:\/\/www.koupelnapro.com\/index.php\/wp-json\/wp\/v2\/media?parent=31533"}],"wp:term":[{"taxonomy":"product_brand","embeddable":true,"href":"https:\/\/www.koupelnapro.com\/index.php\/wp-json\/wp\/v2\/product_brand?post=31533"},{"taxonomy":"product_cat","embeddable":true,"href":"https:\/\/www.koupelnapro.com\/index.php\/wp-json\/wp\/v2\/product_cat?post=31533"},{"taxonomy":"product_tag","embeddable":true,"href":"https:\/\/www.koupelnapro.com\/index.php\/wp-json\/wp\/v2\/product_tag?post=31533"}],"curies":[{"name":"wp","href":"https:\/\/api.w.org\/{rel}","templated":true}]}}