{"id":29171,"date":"2026-04-26T09:15:00","date_gmt":"2026-04-26T09:15:00","guid":{"rendered":""},"modified":"2026-04-26T09:15:00","modified_gmt":"2026-04-26T09:15:00","slug":"znackovy-osmo-uv-ochranny-olej-natural-polomatny-429-s-ochranou-nateru-0-125l-29171","status":"publish","type":"product","link":"https:\/\/www.koupelnapro.com\/index.php\/produkt\/znackovy-osmo-uv-ochranny-olej-natural-polomatny-429-s-ochranou-nateru-0-125l-29171\/","title":{"rendered":"Zna\u010dkov\u00fd Osmo (UV ochrann\u00fd olej-natural polomatn\u00fd\u00a0 429 s ochranou n\u00e1t\u011bru) 0,125L"},"content":{"rendered":"<div class=\"basic-description\">\n<h3>Detailn\u00ed popis produktu<\/h3>\n<p style=\"text-align: justify;\"><span 12pt=\"\"><span class=\"show-tooltip\" title=\"OSMO jsou n\u00e1t\u011bry na d\u0159evo, kter\u00e9 prov\u011b\u0159il \u010das, zku\u0161enost a moudrost.Jsou vyrobeny na b\u00e1zi p\u0159\u00edrodn\u00edch olej\u016f a vosk\u016f. Chr\u00e1n\u00ed d\u0159evo zevnit\u0159 i z vn\u011bj\u0161ku, nevytv\u00e1\u0159\u00ed film ale vytvo\u0159\u00ed ochrann\u00fd povrch s otev\u0159en\u00fdmi p\u00f3ry, d\u00edky kter\u00e9mu m\u016f\u017ee d\u0159evo d\u00fdchat.&amp;hellip;\">Osmo<\/span> UV OCHRANN\u00dd OLEJ barevn\u00fd je<strong> polomatn\u00fd ochrann\u00fd n\u00e1t\u011br<\/strong> na d\u0159evo na olejov\u00e9 b\u00e1zi s <strong>lehk\u00fdm pigmentem<\/strong>. Olej se skv\u011ble hod\u00ed pro <strong>v\u0161echny svisl\u00e9 d\u0159ev\u011bn\u00e9 povrchy<\/strong> a objekty v exteri\u00e9ru ( okna, okenice, dve\u0159e, p\u0159\u00edst\u0159e\u0161ky pro auta, d\u0159ev\u011bn\u00e9 fas\u00e1dy, ploty, apod.) Jeho mikropor\u00e9zn\u00ed vlastnosti umo\u017e\u0148uj\u00ed d\u0159evu d\u00fdchat, zabra\u0148uje bobtn\u00e1n\u00ed a sesych\u00e1n\u00ed d\u0159eva. <strong>N\u00e1t\u011brem vytvo\u0159\u00edte vod\u011bodoln\u00fd povrch<\/strong>, kter\u00fd neprask\u00e1 a neloupe se. Rovn\u011b\u017e nevytv\u00e1\u0159\u00ed \u0161upinky.&nbsp;<\/span><\/p>\n<p style=\"text-align: justify;\"><span style=\"font-size: 12pt;\">P\u0159i pou\u017eit\u00ed tohoto produktu jako\u017eto fin\u00e1ln\u00edho n\u00e1t\u011bru zajist\u00edte zna\u010dn\u00e9 <strong>prodlou\u017een\u00ed pro dal\u0161\u00ed renovaci<\/strong>. N\u00e1t\u011br zabra\u0148uje <span class=\"show-tooltip\" title=\"UV \u2013 z\u00e1\u0159en\u00ed p\u0159em\u011b\u0148uje lignin fotochemicky na l\u00e1tku rozpustnou ve vod\u011b, co\u017e vede postupn\u011b k blednut\u00ed a pozd\u011bji k za\u0161ednut\u00ed povrchu d\u0159eva. Krom\u011b vzhledu nem\u00e1 za\u0161ednut\u00ed \u017e\u00e1dn\u00fd vliv na technick\u00e9 vlastnosti d\u0159eva (ub\u00fdvaj\u00edc\u00ed lignin ji\u017e ano \u2013 d\u0159evo ztr\u00e1c\u00ed&amp;hellip;\">za\u0161ednut\u00ed<\/span> d\u0159eva na svisl\u00fdch ploch\u00e1ch d\u00edky <strong>UV ochrann\u00e9mu faktoru 12<\/strong>. N\u00e1t\u011br obsahuje \u00fa\u010dinn\u00e9 l\u00e1tky, kter\u00e9 chr\u00e1n\u00ed d\u0159evo p\u0159ed <strong>pl\u00edsn\u011bmi, \u0159asami nebo d\u0159evokazn\u00fdmi houbami.&nbsp;<\/strong><\/span><\/p>\n<p style=\"text-align: justify;\"><span style=\"font-size: 12pt;\">Olej lze pou\u017e\u00edt na d\u0159evo, je\u017e nebylo p\u0159edt\u00edm obrou\u0161eno. Olej je <strong>snadno aplikovateln\u00fd<\/strong> a jednodu\u0161e p\u0159et\u00edrateln\u00fd.&nbsp;<\/span><\/p>\n<p style=\"text-align: justify;\"><span style=\"font-size: 12pt;\">Povrch by m\u011bl b\u00fdt p\u0159ed aplikac\u00ed <strong>such\u00fd, \u010dist\u00fd, zbaven\u00fd v\u0161ech ne\u010distot a mastnoty<\/strong>. Olej je p\u0159ipraven k p\u0159\u00edm\u00e9mu pou\u017eit\u00ed, nen\u00ed pot\u0159eba jej d\u00e1le \u0159edit. Star\u00e9m n\u00e1t\u011bry a laky d\u016fkladn\u011b odstra\u0148te.<\/span><\/p>\n<p style=\"text-align: justify;\"><span style=\"font-size: 12pt;\">Doba <span class=\"show-tooltip\" title=\"Impregnov\u00e1n\u00ed, lazurov\u00e1n\u00ed a&amp;nbsp;lakov\u00e1n\u00ed mus\u00ed b\u00fdt prov\u00e1d\u011bno v\u017edy ve sm\u011bru vl\u00e1ken, aby aplikovan\u00e1 vrstva pat\u0159i\u010dn\u011b pronikla do hloubky d\u0159eva. D\u016fle\u017eit\u00e9 je tak\u00e9 d\u016fkladn\u00e9 p\u0159ekryt\u00ed hran a&amp;nbsp;vrcholk\u016f d\u0159ev\u011bn\u00fdch prvk\u016f (p\u0159\u00ed\u010dn\u00e9 \u0159ezy). P\u0159i n\u00e1t\u011bru oblo\u017een\u00ed,&amp;hellip;\">schnut\u00ed<\/span> je cca<strong> 12 hodin p\u0159i teplot\u011b vzduchu 23\u00b0C<\/strong> a <strong>relativn\u00ed vlhkosti 50%.<\/strong> P\u0159i ni\u017e\u0161\u00edch teplot\u00e1ch a vy\u0161\u0161\u00ed vlhkosti se doba schnut\u00ed prodlu\u017euje.<\/span><\/p>\n<p><span style=\"font-size: 12pt;\"><strong>V\u00fdhody n\u00e1t\u011bru Osmo UV-OCHRANN\u00dd OLEJ:<\/strong><\/span><\/p>\n<p><span style=\"font-size: 12pt;\">D\u00edky mikropor\u00e9zn\u00edm vlastnostem ned\u011bl\u00e1 \u0161upinky, neprask\u00e1.&nbsp;<\/span><\/p>\n<p><span style=\"font-size: 12pt;\">Snadn\u00e9 pou\u017eit\u00ed.<\/span><\/p>\n<p><span style=\"font-size: 12pt;\">Vyroben na b\u00e1zi p\u0159\u00edrodn\u00edch olej\u016f.<\/span><\/p>\n<p><span style=\"font-size: 12pt;\">Vrchn\u00ed n\u00e1t\u011br chr\u00e1n\u00ed p\u0159ed napaden\u00edm pl\u00edsn\u00ed, houbami a \u0159asami.<\/span><\/p>\n<p><span style=\"font-size: 12pt;\">Mimo\u0159\u00e1dn\u011b odoln\u00fd v\u016f\u010di UV z\u00e1\u0159en\u00ed a pov\u011btrnostn\u00edm podm\u00ednk\u00e1m.<\/span><\/p>\n<p><span style=\"font-size: 12pt;\">Ne\u0159ed\u00ed se.<\/span><\/p>\n<p><span style=\"font-size: 12pt;\"><strong><strong>Osmo&nbsp;<\/strong><\/strong><meta charset=\"utf-8\" \/><strong>UV-OCHRANN\u00dd OLEJ pou\u017eijte na n\u00e1t\u011br na ve\u0161ker\u00fdch svisl\u00fdch d\u0159ev\u011bn\u00fdch objekt\u016f a ploch v exteri\u00e9ru:<\/strong><\/span><\/p>\n<ul>\n<li><span style=\"font-size: 12pt;\">okna, okenn\u00ed r\u00e1my a dve\u0159e (rozm\u011brov\u011b st\u00e1l\u00e9 d\u0159ev\u011bn\u00e9 prvky)<\/span><\/li>\n<li><span style=\"font-size: 12pt;\">p\u0159\u00edst\u0159e\u0161ky,&nbsp;d\u0159ev\u011bn\u00e9 fas\u00e1dy,&nbsp;balk\u00f3ny,&nbsp;pergoly<\/span><\/li>\n<li><span style=\"font-size: 12pt;\"><span class=\"show-tooltip\" title=\"D\u0159evo z&amp;nbsp;Ak\u00e1tu je vhodn\u00e9 na d\u0159ev\u011bn\u00fd n\u00e1bytek a p\u00edskovi\u0161t\u011b. D\u0159evina stejn\u00e9 kategorie jako dub-trvanliv\u00e1 d\u0159evina pro exteri\u00e9r. Obsahuje velk\u00e9 mno\u017estv\u00ed kyseliny t\u0159\u00edslov\u00e9. V&amp;nbsp;exteri\u00e9ru se nedoporu\u010duje impregnovat p\u0159i pou\u017eit\u00ed olejov\u00e9ho n\u00e1t\u011bru.&amp;hellip;\">zahradn\u00ed n\u00e1bytek<\/span> a zahradn\u00ed domky<\/span><\/li>\n<\/ul>\n<p><span style=\"font-size: 12pt;\">&nbsp;<\/span><\/p>\n<p><span style=\"font-size: 12pt;\">&nbsp;<\/span><\/p>\n<p style=\"text-align: center;\"><span style=\"font-size: 12pt;\"><strong>Pr\u00e1ci s olejem zvl\u00e1dne ka\u017ed\u00fd kutil a \u0159emesln\u00edk<\/strong><\/span><\/p>\n<p style=\"text-align: center;\"><span style=\"font-size: 12pt;\">Podklad&nbsp;pro nat\u00edr\u00e1n\u00ed by m\u011bl m\u00edt&nbsp;maxim\u00e1ln\u00ed vlhkost 20 %<\/span><br \/><span style=\"font-size: 12pt;\"> Je- li d\u0159ev\u011bn\u00fd obklad z \u010derstv\u00e9ho d\u0159eva, rad\u011bji po\u010dkejte a\u017e 6 t\u00fddn\u016f a nechte ho lehce zv\u011btrat. Olej se do takov\u00e9ho d\u0159eva bude l\u00e9pe vsakovat a n\u00e1t\u011br l\u00e9pe p\u0159ilne.<\/span><br \/><span style=\"font-size: 12pt;\"> Povrch&nbsp;d\u0159eva mus\u00ed b\u00fdt&nbsp;such\u00fd,&nbsp;\u010dist\u00fd&nbsp;a&nbsp;nesm\u00ed b\u00fdt vystaven mrazu.<\/span><br \/><span style=\"font-size: 12pt;\"> Jestli je povrch d\u0159eva u\u017e ze\u0161edl\u00fd (m\u00e1 patinu), doporu\u010dujeme pou\u017e\u00edt OSMO od\u0161e\u010fova\u010d.<\/span><br \/><span style=\"font-size: 12pt;\"> Star\u00e9 n\u00e1t\u011bry, lakov\u00e9 n\u00e1t\u011bry a barvy d\u016fkladn\u011b o\u010dist\u011bte.<\/span><br \/><span style=\"font-size: 12pt;\"> Povrchy d\u0159eva bruste brusn\u00fdm pap\u00edrem &#8211; maxim\u00e1lne zrnitost\u00ed P120 jemn\u011bj\u0161\u00ed zrnitost nen\u00ed \u017e\u00e1douc\u00ed.<\/span><\/p>\n<p style=\"text-align: center;\"><span style=\"font-size: 12pt;\"><strong>Vyb\u00edrat m\u016f\u017eete z n\u011bkolika barevn\u00fdch odst\u00edn\u016f dle Va\u0161\u00ed libosti.&nbsp;VZORN\u00cdK SI M\u016e\u017dETE OBJEDNAT nebo ZAP\u016eJ\u010cIT&nbsp;ZDE.<\/strong><\/span><\/p>\n<p><span style=\"font-size: 12pt;\">&nbsp;<\/span><\/p>\n<p style=\"text-align: center;\"><span style=\"font-size: 12pt;\">Jestli\u017ee si chcete barvu t\u00e9to ochrann\u00e9 olejov\u00e9 <span class=\"show-tooltip\" title=\"Tenkovrstv\u00e1 lazura nezanech\u00e1v\u00e1 na povrchu d\u0159eva film. Zv\u00fdraz\u0148uje jeho strukturu a&amp;nbsp;kresbu letokruh\u016f. Silnovrstv\u00e1 lazura oproti tenkovrstv\u00e9 lazu\u0159e vytv\u00e1\u0159\u00ed na povrchu film v&amp;nbsp;z\u00e1vislosti na pod\u00edlu pevn\u00fdch \u010d\u00e1stic v&amp;nbsp;n\u00ed obsa\u017een\u00fdch. St\u00e1le v\u0161ak&amp;hellip;\">lazury<\/span> vyzkou\u0161et p\u0159\u00edmo na Va\u0161em druhu d\u0159eva, nab\u00edz\u00edme k zakoupen\u00ed i <strong>vzorov\u00e9 s\u00e1\u010dky<\/strong>.<\/span><\/p>\n<p><span style=\"font-size: 12pt;\"><strong>&nbsp;<\/strong><\/span><\/p>\n<p><span style=\"font-size: 12pt;\"><strong>&nbsp;<\/strong><\/span><\/p>\n<p><span style=\"font-size: 12pt;\"><strong>Postup pr\u00e1ce<\/strong><\/span><\/p>\n<ul>\n<li><span style=\"font-size: 12pt;\">Po otev\u0159en\u00ed plechovky tekut\u00fd obsah dob\u0159e prom\u00edchejte.<\/span><\/li>\n<li><span style=\"font-size: 12pt;\">Olej je p\u0159ipraven ihned k pou\u017eit\u00ed \u2013 ne\u0159ed\u00ed se.<\/span><\/li>\n<li><span style=\"font-size: 12pt;\">Chcete-li o\u0161et\u0159it d\u0159evo proti&nbsp; proti modr\u00e1n\u00ed, hnilob\u011b a napaden\u00ed d\u0159evokazn\u00fdm hmyzem, doporu\u010dujeme&nbsp;nat\u0159\u00edt d\u0159evo ze v\u0161ech stran <strong>OSMO impregnac\u00ed<\/strong>.<\/span><\/li>\n<li><span style=\"font-size: 12pt;\">Olej nan\u00e1\u0161ejte pomoc\u00ed&nbsp;<strong>ploch\u00e9ho \u0161t\u011btce&nbsp;<\/strong>nebo <strong>v\u00e1le\u010dku z mikrovl\u00e1ken<\/strong> tence&nbsp;ve sm\u011bru vl\u00e1ken d\u0159eva&nbsp;a rovnom\u011brn\u011b rozet\u0159ete.<\/span><\/li>\n<li><span style=\"font-size: 12pt;\">Doba schnut\u00ed prvn\u00ed <span class=\"show-tooltip\" title=\"P\u0159i ur\u010den\u00ed nezbytn\u00e9ho po\u010dtu vrstev a&amp;nbsp;jejich tlou\u0161\u0165ky je nutno postupovat v&amp;nbsp;souladu s&amp;nbsp;pokyny v\u00fdrobce u&amp;nbsp;jednotliv\u00fdch produkt\u016f. P\u0159\u00edli\u0161 mal\u00e9 mno\u017estv\u00ed aplikovan\u00e9 vrstvy zkracuje ochrannou lh\u016ftu, p\u0159\u00edli\u0161 velk\u00e9 mno\u017estv\u00ed m\u016f\u017ee zp\u016fsobit&amp;hellip;\">vrstvy<\/span> je cca 12 hodin&nbsp;(p\u0159i optim\u00e1ln\u00edch vlhkostn\u00edch a teplotn\u00edch podm\u00ednk\u00e1ch).<\/span><\/li>\n<li><span style=\"font-size: 12pt;\">Po \u00fapln\u00e9m zaschnut\u00ed aplikujte druhou vrstvu, kterou tak\u00e9 nechte zaschnout cca 12 hodin.<\/span><\/li>\n<li><span style=\"font-size: 12pt;\">K p\u0159et\u0159en\u00ed ji\u017e barevn\u011b upraven\u00e9ho povrchu nebo p\u0159i renovaci sta\u010d\u00ed 1 n\u00e1t\u011br na o\u010di\u0161t\u011bnou plochu.<\/span><\/li>\n<li><span style=\"font-size: 12pt;\">N\u00e1\u0159ad\u00ed pou\u017eit\u00e9 p\u0159i pr\u00e1ci ihned po skon\u010den\u00ed o\u010dist\u011bte&nbsp;<strong>Osmo \u010disti\u010dem \u0161t\u011btc\u016f.<\/strong><\/span><\/li>\n<li><span style=\"font-size: 12pt;\">Vydatnost jednoho n\u00e1t\u011bru je 18m2\/1L<\/span><\/li>\n<\/ul>\n<p><span style=\"font-size: 12pt;\"><strong>Pokud v\u00e1m z\u016fstane n\u00e1t\u011br jak jej skladovat ?<\/strong><\/span><\/p>\n<ul>\n<li><span style=\"font-size: 12pt;\">Skladujte v suchu v d\u016fkladn\u011b uzav\u0159en\u00e9m origin\u00e1ln\u00edm obalu a chra\u0148te p\u0159ed mrazem.<\/span><\/li>\n<\/ul>\n<p><span style=\"font-size: 12pt;\">Mal\u00fd zbytek nevyu\u017eit\u00e9ho prost\u0159edku p\u0159el\u00edt do men\u0161\u00ed n\u00e1doby, aby se zabr\u00e1nilo rosolovat\u011bn\u00ed.<\/span><br \/><span style=\"font-size: 12pt;\"> Kdy\u017e v\u00e1m barva zbyde, plechovku pe\u010dliv\u011b zav\u0159ete a oto\u010dte ji dnem vzh\u016fru, aby se zamezilo p\u0159\u00edsunu vzduchu. M\u016f\u017eete si ji tak bez starost\u00ed schovat na p\u0159\u00ed\u0161t\u00ed rok.<\/span><\/p>\n<p><span style=\"font-size: 12pt;\">N\u00e1\u0159ad\u00ed pou\u017eit\u00e9 p\u0159i pr\u00e1ci&nbsp;ihned po skon\u010den\u00ed omyjte&nbsp;\u010disti\u010dem na \u0161t\u011btc\u016f Osmo&nbsp;<\/span><\/p>\n<p><span style=\"font-size: 12pt;\"><strong>Jak v\u00e1m zbo\u017e\u00ed p\u0159ijde zabalen\u00e9 ?<\/strong><\/span><\/p>\n<p><span style=\"font-size: 12pt;\">Zbo\u017e\u00ed pe\u010dliv\u011b bal\u00edme do speci\u00e1ln\u011b vyroben\u00fdch 3 vrstv\u00fdch kartonov\u00fdch krabic. Voln\u00fd prostor vypl\u0148ujeme kartonovou vlnou, cel\u00e9 balen\u00ed je jednodu\u0161e recyklovateln\u00e9.<\/span><\/p>\n<ul>\n<li><span style=\"font-size: 12pt;\">V\u011bt\u0161inu zbo\u017e\u00ed m\u00e1me skladem a odes\u00edl\u00e1me ihned po objedn\u00e1n\u00ed<\/span><\/li>\n<\/ul>\n<p><span style=\"font-size: 12pt;\">&nbsp;<\/span><\/p>\n<p><span style=\"font-size: 12pt;\"><strong>V\u011bt\u0161inu olej\u016f, lazur, barev a lak\u016f m\u00e1me skladem a odes\u00edl\u00e1me ihned<\/strong><\/span><\/p>\n<p><span style=\"font-size: 12pt;\"> Informace o jednotliv\u00fdch p\u0159epravn\u00edch&nbsp;spole\u010dnostech (DPD,PPL,Geis a \u010cesk\u00e1 Po\u0161ta) a odb\u011brov\u00fdch m\u00edstech jsou na str\u00e1nce&nbsp;P\u0159eprava.<\/span><\/p>\n<p>&nbsp;<\/p>\n<p><span style=\"font-size: 12pt;\"><strong>Sign\u00e1ln\u00ed slovo: Odpad\u00e1<\/strong><\/span><\/p>\n<div><span style=\"font-size: 12pt;\"><strong>\u00dadaje o nebezpe\u010dnosti&nbsp;<\/strong><meta charset=\"UTF-8\" \/><\/span><\/div>\n<div class=\"page\" title=\"Page 1\">\n<div class=\"layoutArea\">\n<div class=\"column\">\n<p><span style=\"font-size: 12pt;\">H412 S\u030ckodlivy\u0301 pro vodni\u0301 organismy, s dlouhodoby\u0301mi u\u0301c\u030cinky.<\/span><\/p>\n<\/div>\n<\/div>\n<\/div>\n<div><span style=\"font-size: 12pt;\"><strong>Bezpe\u010dnostn\u00ed pokyny<\/strong><\/span><\/div>\n<div><span style=\"font-size: 12pt;\"><meta charset=\"UTF-8\" \/><\/span><\/div>\n<div class=\"page\" title=\"Page 1\">\n<div class=\"layoutArea\">\n<div class=\"column\">\n<div><span style=\"font-size: 12pt;\">P101 Je-li nutna\u0301 le\u0301kar\u030cska\u0301 pomoc, me\u030cjte po ruce obal nebo s\u030cti\u0301tek vy\u0301robku. <\/span><\/div>\n<div><span style=\"font-size: 12pt;\">P102 Uchova\u0301vejte mimo dosah de\u030cti\u0301.<\/span><\/div>\n<div><span style=\"font-size: 12pt;\"><meta charset=\"UTF-8\" \/><\/span><\/div>\n<div class=\"page\" title=\"Page 2\">\n<div class=\"section\">\n<div class=\"layoutArea\">\n<div class=\"column\">\n<p><span style=\"font-size: 12pt;\">P262 Zabran\u030cte styku s oc\u030cima, ku\u030az\u030ci\u0301 nebo ode\u030cvem.<br \/>P271 Pouz\u030ci\u0301vejte pouze venku nebo v dobr\u030ce ve\u030ctrany\u0301ch prostora\u0301ch.<br \/>P273 Zabran\u030cte uvolne\u030cni\u0301 do z\u030civotni\u0301ho prostr\u030cedi\u0301.<br \/>P501 Odstran\u030cte obsah\/obal v souladu s mi\u0301stni\u0301mi\/regiona\u0301lni\u0301mi\/ na\u0301rodni\u0301mi\/mezina\u0301rodni\u0301mi pr\u030cedpisy.<\/span><\/p>\n<\/div>\n<\/div>\n<\/div>\n<\/div>\n<\/div>\n<\/div>\n<\/div>\n<p style=\"text-align: justify;\"><span style=\"color: #008000; font-size: 14pt;\"><strong><\/strong><\/span><\/p>\n<\/p><\/div>\n","protected":false},"excerpt":{"rendered":"<p>Detailn\u00ed popis produktu Osmo UV OCHRANN\u00dd OLEJ barevn\u00fd je polomatn\u00fd ochrann\u00fd n\u00e1t\u011br na d\u0159evo na olejov\u00e9 b\u00e1zi s lehk\u00fdm pigmentem. Olej se skv\u011ble hod\u00ed pro v\u0161echny svisl\u00e9 d\u0159ev\u011bn\u00e9 povrchy a objekty v exteri\u00e9ru ( okna, okenice, dve\u0159e, p\u0159\u00edst\u0159e\u0161ky pro auta, d\u0159ev\u011bn\u00e9 fas\u00e1dy, ploty, apod.) Jeho mikropor\u00e9zn\u00ed vlastnosti umo\u017e\u0148uj\u00ed d\u0159evu d\u00fdchat, zabra\u0148uje bobtn\u00e1n\u00ed a sesych\u00e1n\u00ed d\u0159eva. [&hellip;]<\/p>\n","protected":false},"featured_media":29271,"comment_status":"open","ping_status":"open","template":"","meta":[],"product_brand":[],"product_cat":[110],"product_tag":[],"class_list":{"0":"post-29171","1":"product","2":"type-product","3":"status-publish","4":"has-post-thumbnail","6":"product_cat-vyrobci","8":"first","9":"instock","10":"sale","11":"shipping-taxable","12":"purchasable","13":"product-type-simple"},"yoast_head":"<!-- This site is optimized with the Yoast SEO plugin v26.8 - https:\/\/yoast.com\/product\/yoast-seo-wordpress\/ -->\n<title>Zna\u010dkov\u00fd Osmo (UV ochrann\u00fd olej-natural polomatn\u00fd\u00a0 429 s ochranou n\u00e1t\u011bru) 0,125L -<\/title>\n<meta name=\"robots\" content=\"index, follow, max-snippet:-1, max-image-preview:large, max-video-preview:-1\" \/>\n<link rel=\"canonical\" href=\"https:\/\/www.koupelnapro.com\/index.php\/produkt\/znackovy-osmo-uv-ochranny-olej-natural-polomatny-429-s-ochranou-nateru-0-125l-29171\/\" \/>\n<meta property=\"og:locale\" content=\"cs_CZ\" \/>\n<meta property=\"og:type\" content=\"article\" \/>\n<meta property=\"og:title\" content=\"Zna\u010dkov\u00fd Osmo (UV ochrann\u00fd olej-natural polomatn\u00fd\u00a0 429 s ochranou n\u00e1t\u011bru) 0,125L -\" \/>\n<meta property=\"og:description\" content=\"Detailn\u00ed popis produktu Osmo UV OCHRANN\u00dd OLEJ barevn\u00fd je polomatn\u00fd ochrann\u00fd n\u00e1t\u011br na d\u0159evo na olejov\u00e9 b\u00e1zi s lehk\u00fdm pigmentem. Olej se skv\u011ble hod\u00ed pro v\u0161echny svisl\u00e9 d\u0159ev\u011bn\u00e9 povrchy a objekty v exteri\u00e9ru ( okna, okenice, dve\u0159e, p\u0159\u00edst\u0159e\u0161ky pro auta, d\u0159ev\u011bn\u00e9 fas\u00e1dy, ploty, apod.) Jeho mikropor\u00e9zn\u00ed vlastnosti umo\u017e\u0148uj\u00ed d\u0159evu d\u00fdchat, zabra\u0148uje bobtn\u00e1n\u00ed a sesych\u00e1n\u00ed d\u0159eva. [&hellip;]\" \/>\n<meta property=\"og:url\" content=\"https:\/\/www.koupelnapro.com\/index.php\/produkt\/znackovy-osmo-uv-ochranny-olej-natural-polomatny-429-s-ochranou-nateru-0-125l-29171\/\" \/>\n<meta property=\"og:image\" content=\"https:\/\/www.koupelnapro.com\/wp-content\/uploads\/2026\/SK0003081-CZ20260425-092420-0-1777080261-3190130_natural.webp\" \/>\n\t<meta property=\"og:image:width\" content=\"1000\" \/>\n\t<meta property=\"og:image:height\" content=\"750\" \/>\n\t<meta property=\"og:image:type\" content=\"image\/webp\" \/>\n<meta name=\"twitter:card\" content=\"summary_large_image\" \/>\n<meta name=\"twitter:label1\" content=\"Odhadovan\u00e1 doba \u010dten\u00ed\" \/>\n\t<meta name=\"twitter:data1\" content=\"5 minut\" \/>\n<script type=\"application\/ld+json\" class=\"yoast-schema-graph\">{\"@context\":\"https:\/\/schema.org\",\"@graph\":[{\"@type\":\"WebPage\",\"@id\":\"https:\/\/www.koupelnapro.com\/index.php\/produkt\/znackovy-osmo-uv-ochranny-olej-natural-polomatny-429-s-ochranou-nateru-0-125l-29171\/\",\"url\":\"https:\/\/www.koupelnapro.com\/index.php\/produkt\/znackovy-osmo-uv-ochranny-olej-natural-polomatny-429-s-ochranou-nateru-0-125l-29171\/\",\"name\":\"Zna\u010dkov\u00fd Osmo (UV ochrann\u00fd olej-natural polomatn\u00fd\u00a0 429 s ochranou n\u00e1t\u011bru) 0,125L -\",\"isPartOf\":{\"@id\":\"https:\/\/www.koupelnapro.com\/#website\"},\"primaryImageOfPage\":{\"@id\":\"https:\/\/www.koupelnapro.com\/index.php\/produkt\/znackovy-osmo-uv-ochranny-olej-natural-polomatny-429-s-ochranou-nateru-0-125l-29171\/#primaryimage\"},\"image\":{\"@id\":\"https:\/\/www.koupelnapro.com\/index.php\/produkt\/znackovy-osmo-uv-ochranny-olej-natural-polomatny-429-s-ochranou-nateru-0-125l-29171\/#primaryimage\"},\"thumbnailUrl\":\"https:\/\/www.koupelnapro.com\/wp-content\/uploads\/2026\/SK0003081-CZ20260425-092420-0-1777080261-3190130_natural.webp\",\"datePublished\":\"2026-04-26T09:15:00+00:00\",\"breadcrumb\":{\"@id\":\"https:\/\/www.koupelnapro.com\/index.php\/produkt\/znackovy-osmo-uv-ochranny-olej-natural-polomatny-429-s-ochranou-nateru-0-125l-29171\/#breadcrumb\"},\"inLanguage\":\"cs\",\"potentialAction\":[{\"@type\":\"ReadAction\",\"target\":[\"https:\/\/www.koupelnapro.com\/index.php\/produkt\/znackovy-osmo-uv-ochranny-olej-natural-polomatny-429-s-ochranou-nateru-0-125l-29171\/\"]}]},{\"@type\":\"ImageObject\",\"inLanguage\":\"cs\",\"@id\":\"https:\/\/www.koupelnapro.com\/index.php\/produkt\/znackovy-osmo-uv-ochranny-olej-natural-polomatny-429-s-ochranou-nateru-0-125l-29171\/#primaryimage\",\"url\":\"https:\/\/www.koupelnapro.com\/wp-content\/uploads\/2026\/SK0003081-CZ20260425-092420-0-1777080261-3190130_natural.webp\",\"contentUrl\":\"https:\/\/www.koupelnapro.com\/wp-content\/uploads\/2026\/SK0003081-CZ20260425-092420-0-1777080261-3190130_natural.webp\",\"width\":1000,\"height\":750},{\"@type\":\"BreadcrumbList\",\"@id\":\"https:\/\/www.koupelnapro.com\/index.php\/produkt\/znackovy-osmo-uv-ochranny-olej-natural-polomatny-429-s-ochranou-nateru-0-125l-29171\/#breadcrumb\",\"itemListElement\":[{\"@type\":\"ListItem\",\"position\":1,\"name\":\"Home\",\"item\":\"https:\/\/www.koupelnapro.com\/\"},{\"@type\":\"ListItem\",\"position\":2,\"name\":\"Products\",\"item\":\"https:\/\/www.koupelnapro.com\/index.php\/products\/\"},{\"@type\":\"ListItem\",\"position\":3,\"name\":\"Zna\u010dkov\u00fd Osmo (UV ochrann\u00fd olej-natural polomatn\u00fd\u00a0 429 s ochranou n\u00e1t\u011bru) 0,125L\"}]},{\"@type\":\"WebSite\",\"@id\":\"https:\/\/www.koupelnapro.com\/#website\",\"url\":\"https:\/\/www.koupelnapro.com\/\",\"name\":\"\",\"description\":\"\",\"potentialAction\":[{\"@type\":\"SearchAction\",\"target\":{\"@type\":\"EntryPoint\",\"urlTemplate\":\"https:\/\/www.koupelnapro.com\/?s={search_term_string}\"},\"query-input\":{\"@type\":\"PropertyValueSpecification\",\"valueRequired\":true,\"valueName\":\"search_term_string\"}}],\"inLanguage\":\"cs\"}]}<\/script>\n<!-- \/ Yoast SEO plugin. -->","yoast_head_json":{"title":"Zna\u010dkov\u00fd Osmo (UV ochrann\u00fd olej-natural polomatn\u00fd\u00a0 429 s ochranou n\u00e1t\u011bru) 0,125L -","robots":{"index":"index","follow":"follow","max-snippet":"max-snippet:-1","max-image-preview":"max-image-preview:large","max-video-preview":"max-video-preview:-1"},"canonical":"https:\/\/www.koupelnapro.com\/index.php\/produkt\/znackovy-osmo-uv-ochranny-olej-natural-polomatny-429-s-ochranou-nateru-0-125l-29171\/","og_locale":"cs_CZ","og_type":"article","og_title":"Zna\u010dkov\u00fd Osmo (UV ochrann\u00fd olej-natural polomatn\u00fd\u00a0 429 s ochranou n\u00e1t\u011bru) 0,125L -","og_description":"Detailn\u00ed popis produktu Osmo UV OCHRANN\u00dd OLEJ barevn\u00fd je polomatn\u00fd ochrann\u00fd n\u00e1t\u011br na d\u0159evo na olejov\u00e9 b\u00e1zi s lehk\u00fdm pigmentem. Olej se skv\u011ble hod\u00ed pro v\u0161echny svisl\u00e9 d\u0159ev\u011bn\u00e9 povrchy a objekty v exteri\u00e9ru ( okna, okenice, dve\u0159e, p\u0159\u00edst\u0159e\u0161ky pro auta, d\u0159ev\u011bn\u00e9 fas\u00e1dy, ploty, apod.) Jeho mikropor\u00e9zn\u00ed vlastnosti umo\u017e\u0148uj\u00ed d\u0159evu d\u00fdchat, zabra\u0148uje bobtn\u00e1n\u00ed a sesych\u00e1n\u00ed d\u0159eva. [&hellip;]","og_url":"https:\/\/www.koupelnapro.com\/index.php\/produkt\/znackovy-osmo-uv-ochranny-olej-natural-polomatny-429-s-ochranou-nateru-0-125l-29171\/","og_image":[{"width":1000,"height":750,"url":"https:\/\/www.koupelnapro.com\/wp-content\/uploads\/2026\/SK0003081-CZ20260425-092420-0-1777080261-3190130_natural.webp","type":"image\/webp"}],"twitter_card":"summary_large_image","twitter_misc":{"Odhadovan\u00e1 doba \u010dten\u00ed":"5 minut"},"schema":{"@context":"https:\/\/schema.org","@graph":[{"@type":"WebPage","@id":"https:\/\/www.koupelnapro.com\/index.php\/produkt\/znackovy-osmo-uv-ochranny-olej-natural-polomatny-429-s-ochranou-nateru-0-125l-29171\/","url":"https:\/\/www.koupelnapro.com\/index.php\/produkt\/znackovy-osmo-uv-ochranny-olej-natural-polomatny-429-s-ochranou-nateru-0-125l-29171\/","name":"Zna\u010dkov\u00fd Osmo (UV ochrann\u00fd olej-natural polomatn\u00fd\u00a0 429 s ochranou n\u00e1t\u011bru) 0,125L -","isPartOf":{"@id":"https:\/\/www.koupelnapro.com\/#website"},"primaryImageOfPage":{"@id":"https:\/\/www.koupelnapro.com\/index.php\/produkt\/znackovy-osmo-uv-ochranny-olej-natural-polomatny-429-s-ochranou-nateru-0-125l-29171\/#primaryimage"},"image":{"@id":"https:\/\/www.koupelnapro.com\/index.php\/produkt\/znackovy-osmo-uv-ochranny-olej-natural-polomatny-429-s-ochranou-nateru-0-125l-29171\/#primaryimage"},"thumbnailUrl":"https:\/\/www.koupelnapro.com\/wp-content\/uploads\/2026\/SK0003081-CZ20260425-092420-0-1777080261-3190130_natural.webp","datePublished":"2026-04-26T09:15:00+00:00","breadcrumb":{"@id":"https:\/\/www.koupelnapro.com\/index.php\/produkt\/znackovy-osmo-uv-ochranny-olej-natural-polomatny-429-s-ochranou-nateru-0-125l-29171\/#breadcrumb"},"inLanguage":"cs","potentialAction":[{"@type":"ReadAction","target":["https:\/\/www.koupelnapro.com\/index.php\/produkt\/znackovy-osmo-uv-ochranny-olej-natural-polomatny-429-s-ochranou-nateru-0-125l-29171\/"]}]},{"@type":"ImageObject","inLanguage":"cs","@id":"https:\/\/www.koupelnapro.com\/index.php\/produkt\/znackovy-osmo-uv-ochranny-olej-natural-polomatny-429-s-ochranou-nateru-0-125l-29171\/#primaryimage","url":"https:\/\/www.koupelnapro.com\/wp-content\/uploads\/2026\/SK0003081-CZ20260425-092420-0-1777080261-3190130_natural.webp","contentUrl":"https:\/\/www.koupelnapro.com\/wp-content\/uploads\/2026\/SK0003081-CZ20260425-092420-0-1777080261-3190130_natural.webp","width":1000,"height":750},{"@type":"BreadcrumbList","@id":"https:\/\/www.koupelnapro.com\/index.php\/produkt\/znackovy-osmo-uv-ochranny-olej-natural-polomatny-429-s-ochranou-nateru-0-125l-29171\/#breadcrumb","itemListElement":[{"@type":"ListItem","position":1,"name":"Home","item":"https:\/\/www.koupelnapro.com\/"},{"@type":"ListItem","position":2,"name":"Products","item":"https:\/\/www.koupelnapro.com\/index.php\/products\/"},{"@type":"ListItem","position":3,"name":"Zna\u010dkov\u00fd Osmo (UV ochrann\u00fd olej-natural polomatn\u00fd\u00a0 429 s ochranou n\u00e1t\u011bru) 0,125L"}]},{"@type":"WebSite","@id":"https:\/\/www.koupelnapro.com\/#website","url":"https:\/\/www.koupelnapro.com\/","name":"","description":"","potentialAction":[{"@type":"SearchAction","target":{"@type":"EntryPoint","urlTemplate":"https:\/\/www.koupelnapro.com\/?s={search_term_string}"},"query-input":{"@type":"PropertyValueSpecification","valueRequired":true,"valueName":"search_term_string"}}],"inLanguage":"cs"}]}},"_links":{"self":[{"href":"https:\/\/www.koupelnapro.com\/index.php\/wp-json\/wp\/v2\/product\/29171","targetHints":{"allow":["GET"]}}],"collection":[{"href":"https:\/\/www.koupelnapro.com\/index.php\/wp-json\/wp\/v2\/product"}],"about":[{"href":"https:\/\/www.koupelnapro.com\/index.php\/wp-json\/wp\/v2\/types\/product"}],"replies":[{"embeddable":true,"href":"https:\/\/www.koupelnapro.com\/index.php\/wp-json\/wp\/v2\/comments?post=29171"}],"wp:featuredmedia":[{"embeddable":true,"href":"https:\/\/www.koupelnapro.com\/index.php\/wp-json\/wp\/v2\/media\/29271"}],"wp:attachment":[{"href":"https:\/\/www.koupelnapro.com\/index.php\/wp-json\/wp\/v2\/media?parent=29171"}],"wp:term":[{"taxonomy":"product_brand","embeddable":true,"href":"https:\/\/www.koupelnapro.com\/index.php\/wp-json\/wp\/v2\/product_brand?post=29171"},{"taxonomy":"product_cat","embeddable":true,"href":"https:\/\/www.koupelnapro.com\/index.php\/wp-json\/wp\/v2\/product_cat?post=29171"},{"taxonomy":"product_tag","embeddable":true,"href":"https:\/\/www.koupelnapro.com\/index.php\/wp-json\/wp\/v2\/product_tag?post=29171"}],"curies":[{"name":"wp","href":"https:\/\/api.w.org\/{rel}","templated":true}]}}