{"id":1108,"date":"2026-04-26T09:13:08","date_gmt":"2026-04-26T09:13:08","guid":{"rendered":""},"modified":"2026-04-26T09:13:08","modified_gmt":"2026-04-26T09:13:08","slug":"led-pasek-accento-pro-20w-300-led-m-100w-4000k-6300lm-ra90-120d-ip20-24vdc-century-overeny-1108","status":"publish","type":"product","link":"https:\/\/www.koupelnapro.com\/index.php\/produkt\/led-pasek-accento-pro-20w-300-led-m-100w-4000k-6300lm-ra90-120d-ip20-24vdc-century-overeny-1108\/","title":{"rendered":"LED p\u00e1sek ACCENTO PRO 20W 300 led\/m 100W 4000K 6300Lm Ra90 120d IP20 24VDC &#8211; CENTURY Ov\u011b\u0159en\u00fd"},"content":{"rendered":"<h3 class=\"product-h3\">Popis produktu<\/h3>\n<p><p>  Mo\u017enosti charakterizovat dom\u00e1c\u00ed nebo komer\u010dn\u00ed prost\u0159ed\u00ed jsou prakticky nekone\u010dn\u00e9 d\u00edky na\u0161im  profesion\u00e1ln\u00edm LED p\u00e1sk\u016fm .  <\/p>\n<h2> Pln\u011b modul\u00e1rn\u00ed <\/h2>\n<p> 5m c\u00edvka je d\u011bliteln\u00e1 na moduly a lze ji p\u0159ipojit. Je mo\u017en\u00e9 vyniknout a osv\u011btlit jak\u00fdkoli prostor: od soklov\u00e9 desky ke stropu, od n\u00e1st\u011bnn\u00e9 jednotky ke schod\u016fm. <\/p>\n<h2> Acc\u00e8nto PRO je budoucnost p\u00e1s\u016f LED <\/h2>\n<p> V\u00edce v\u00fdkon, v\u00edce sv\u011btla, CRI90 pro optim\u00e1ln\u00ed pod\u00e1n\u00ed barev a 3M VHB lepidlo, kter\u00e9 poskytuje vynikaj\u00edc\u00ed t\u011bsn\u011bn\u00ed a spole\u010dn\u011b s dvouvrstvou m\u011bd\u011bnou PCB pom\u00e1h\u00e1 l\u00e9pe odv\u00e1d\u011bt teplo. <\/p>\n<h2> Vlo\u017ete prou\u017eky do na\u0161eho PROFILU Sady. Dop\u0159ejte si fantazii. <\/h2>\n<p>   Objevte PROFILY <\/p>\n<\/p><\/div>\n<div class=\"product-left-popis-vyrobce\">\n<div class='col-xs-12'>\n<h1>Century &ndash; LED \u017e&aacute;rovky<\/h1>\n<p>Sv\u011btlo pot\u0159ebujeme v ka\u017ed&eacute;m interi&eacute;ru. Sv&iacute;tidlo je sice d\u016fle\u017eit&eacute;, ale podstatn&eacute; jsou tak&eacute; sv\u011bteln&eacute; zdroje. Ty ur\u010duj&iacute; do zna\u010dn&eacute; m&iacute;ry intenzitu i barvu sv\u011btla. Od vyn&aacute;lezu prvn&iacute; \u017e&aacute;rovky u\u017e technologie zna\u010dn\u011b pokro\u010dily, klasick&eacute; \u017e&aacute;rovky se u\u017e nepou\u017e&iacute;vaj&iacute;, nyn&iacute; jsou je&scaron;t\u011b k dost&aacute;n&iacute; &uacute;sporn&eacute; \u017e&aacute;rovky, halogenov&eacute; \u017e&aacute;rovky \u010di z&aacute;\u0159ivky, ale zdaleka nejv&iacute;ce se pou\u017e&iacute;vaj&iacute; <strong>LED \u017e&aacute;rovky<\/strong>. Ty jsou dnes ji\u017e pom\u011brn\u011b dostupn&eacute; d&iacute;ky n&iacute;zk&yacute;m po\u0159izovac&iacute;m n&aacute;klad\u016fm, z&aacute;rove\u0148 se vyzna\u010duj&iacute; dlouhou \u017eivotnost&iacute; a n&iacute;zkou spot\u0159ebou energie. Jsou tedy zat&iacute;m nejekologi\u010dt\u011bj&scaron;&iacute;m zdrojem sv\u011btla. Proto se <strong>italsk&aacute; firma Century<\/strong> zab&yacute;v&aacute; <strong>v&yacute;robou a prodejem<\/strong> pr&aacute;v\u011b t\u011bchto <strong>LED \u017e&aacute;rovek<\/strong>. Ty jsou vhodn&eacute; pro nejb\u011b\u017en\u011bj&scaron;&iacute; pou\u017eit&iacute; v soukrom&yacute;ch i komer\u010dn&iacute;ch prostor&aacute;ch. <strong>LED sv\u011bteln&eacute; zdroje<\/strong> jsou nav&iacute;c d&iacute;ky sv&eacute; konstrukci zna\u010dn\u011b variabiln&iacute;, prod&aacute;vaj&iacute; se LED \u017e&aacute;rovky r\u016fzn&yacute;ch tvar\u016f a velikost&iacute; s paticemi E14 a E27 (sv&iacute;\u010dkov&eacute;, klasick&eacute;, plam&iacute;nky, R50, R63, R80, Globe, PAR30, matn&aacute; i \u010dir&aacute; skla), GU10, GU5,3, G9, G4, R7s, stm&iacute;vateln&eacute; i nestm&iacute;vateln&eacute;.<\/p>\n<\/p><\/div>\n<\/p><\/div>\n<\/p><\/div>\n<p><\/p>\n<div class=\"top-params\">\n<h3 class=\"product-h3 collapse-header \" data-toggle=\"collapse\" data-target=\"#collapseOne\" aria-expanded=\"true\" aria-controls=\"collapseOne\">Parametry<\/h3>\n<div id=\"collapseOne\" class=\"collapse show\" aria-labelledby=\"headingOne\" data-parent=\"#product-info-accordion1\">\n<table class=\"table-striped\">\n<tr>\n<td>                V\u00fd\u0161ka v mm            <\/td>\n<td>                1            <\/td>\n<\/tr>\n<tr>\n<td>                \u00dahel z\u00e1\u0159en\u00ed            <\/td>\n<td>                120\u00b0            <\/td>\n<\/tr>\n<tr>\n<td>                Stm\u00edvateln\u00e9            <\/td>\n<td>                ne            <\/td>\n<\/tr>\n<tr>\n<td>                \u017divotnost            <\/td>\n<td>                50000h            <\/td>\n<\/tr>\n<tr>\n<td>                Hmotnost g            <\/td>\n<td>                123            <\/td>\n<\/tr>\n<tr>\n<td>                Energetick\u00e1 \u00fa\u010dinnost            <\/td>\n<td>                F            <\/td>\n<\/tr>\n<tr>\n<td>                \u0160\u00ed\u0159ka v mm            <\/td>\n<td>                10            <\/td>\n<\/tr>\n<tr>\n<td>                D\u00e9lka v mm            <\/td>\n<td>                5000            <\/td>\n<\/tr>\n<tr>\n<td>                Ochrana IP            <\/td>\n<td>                IP20            <\/td>\n<\/tr>\n<tr>\n<td>                Sv\u011bteln\u00fd tok            <\/td>\n<td>                1260lm            <\/td>\n<\/tr>\n<tr>\n<td>                Teplota barvy sv\u011btla            <\/td>\n<td>                4000K            <\/td>\n<\/tr>\n<tr>\n<td>                Max. p\u0159\u00edkon sv\u011bteln\u00e9ho zdroje            <\/td>\n<td>                100W            <\/td>\n<\/tr>\n<tr>\n<td>                Nap\u00e1jec\u00ed nap\u011bt\u00ed            <\/td>\n<td>                24V            <\/td>\n<\/tr>\n<tr>\n<td>                Patice            <\/td>\n<td>                LED            <\/td>\n<\/tr>\n<tr>\n<td>                Proudov\u00e9 zat\u00ed\u017een\u00ed            <\/td>\n<td>                833mA            <\/td>\n<\/tr>\n<tr>\n<td>                V\u010detn\u011b sv\u011bteln\u00e9ho zdroje            <\/td>\n<td>                ano            <\/td>\n<\/tr>\n<tr>\n<td>                Barva            <\/td>\n<td>                b\u00edl\u00e1            <\/td>\n<\/tr>\n<tr>\n<td>                Kolekce            <\/td>\n<td>                ACC\u00c8NTO PRO            <\/td>\n<\/tr>\n<tr>\n<td>                Okoln\u00ed teplota            <\/td>\n<td>                -20 +50 \u00b0C            <\/td>\n<\/tr>\n<tr>\n<td>                V\u00fdrobce            <\/td>\n<td>                CENTURY            <\/td>\n<\/tr>\n<tr>\n<td>                Index pod\u00e1n\u00ed barev            <\/td>\n<td>                90            <\/td>\n<\/tr>\n<\/table>\n<\/div><\/div>\n<\/div>\n<div class=\"accordion\" id=\"product-info-accordion2\">\n","protected":false},"excerpt":{"rendered":"<p>Popis produktu Mo\u017enosti charakterizovat dom\u00e1c\u00ed nebo komer\u010dn\u00ed prost\u0159ed\u00ed jsou prakticky nekone\u010dn\u00e9 d\u00edky na\u0161im profesion\u00e1ln\u00edm LED p\u00e1sk\u016fm . Pln\u011b modul\u00e1rn\u00ed 5m c\u00edvka je d\u011bliteln\u00e1 na moduly a lze ji p\u0159ipojit. Je mo\u017en\u00e9 vyniknout a osv\u011btlit jak\u00fdkoli prostor: od soklov\u00e9 desky ke stropu, od n\u00e1st\u011bnn\u00e9 jednotky ke schod\u016fm. Acc\u00e8nto PRO je budoucnost p\u00e1s\u016f LED V\u00edce v\u00fdkon, v\u00edce [&hellip;]<\/p>\n","protected":false},"featured_media":1208,"comment_status":"open","ping_status":"open","template":"","meta":[],"product_brand":[],"product_cat":[31],"product_tag":[],"class_list":{"0":"post-1108","1":"product","2":"type-product","3":"status-publish","4":"has-post-thumbnail","6":"product_cat-interierova-svitidla","8":"first","9":"instock","10":"sale","11":"shipping-taxable","12":"purchasable","13":"product-type-simple"},"yoast_head":"<!-- This site is optimized with the Yoast SEO plugin v26.8 - https:\/\/yoast.com\/product\/yoast-seo-wordpress\/ -->\n<title>LED p\u00e1sek ACCENTO PRO 20W 300 led\/m 100W 4000K 6300Lm Ra90 120d IP20 24VDC - CENTURY Ov\u011b\u0159en\u00fd -<\/title>\n<meta name=\"robots\" content=\"index, follow, max-snippet:-1, max-image-preview:large, max-video-preview:-1\" \/>\n<link rel=\"canonical\" href=\"https:\/\/www.koupelnapro.com\/index.php\/produkt\/led-pasek-accento-pro-20w-300-led-m-100w-4000k-6300lm-ra90-120d-ip20-24vdc-century-overeny-1108\/\" \/>\n<meta property=\"og:locale\" content=\"cs_CZ\" \/>\n<meta property=\"og:type\" content=\"article\" \/>\n<meta property=\"og:title\" content=\"LED p\u00e1sek ACCENTO PRO 20W 300 led\/m 100W 4000K 6300Lm Ra90 120d IP20 24VDC - CENTURY Ov\u011b\u0159en\u00fd -\" \/>\n<meta property=\"og:description\" content=\"Popis produktu Mo\u017enosti charakterizovat dom\u00e1c\u00ed nebo komer\u010dn\u00ed prost\u0159ed\u00ed jsou prakticky nekone\u010dn\u00e9 d\u00edky na\u0161im profesion\u00e1ln\u00edm LED p\u00e1sk\u016fm . Pln\u011b modul\u00e1rn\u00ed 5m c\u00edvka je d\u011bliteln\u00e1 na moduly a lze ji p\u0159ipojit. Je mo\u017en\u00e9 vyniknout a osv\u011btlit jak\u00fdkoli prostor: od soklov\u00e9 desky ke stropu, od n\u00e1st\u011bnn\u00e9 jednotky ke schod\u016fm. Acc\u00e8nto PRO je budoucnost p\u00e1s\u016f LED V\u00edce v\u00fdkon, v\u00edce [&hellip;]\" \/>\n<meta property=\"og:url\" content=\"https:\/\/www.koupelnapro.com\/index.php\/produkt\/led-pasek-accento-pro-20w-300-led-m-100w-4000k-6300lm-ra90-120d-ip20-24vdc-century-overeny-1108\/\" \/>\n<meta property=\"og:image\" content=\"https:\/\/www.koupelnapro.com\/wp-content\/uploads\/2026\/SK0005241-CZ20260425-091535-0-1777079743-CEN-AC90-2030040.webp\" \/>\n\t<meta property=\"og:image:width\" content=\"1000\" \/>\n\t<meta property=\"og:image:height\" content=\"391\" \/>\n\t<meta property=\"og:image:type\" content=\"image\/webp\" \/>\n<meta name=\"twitter:card\" content=\"summary_large_image\" \/>\n<meta name=\"twitter:label1\" content=\"Odhadovan\u00e1 doba \u010dten\u00ed\" \/>\n\t<meta name=\"twitter:data1\" content=\"3 minuty\" \/>\n<script type=\"application\/ld+json\" class=\"yoast-schema-graph\">{\"@context\":\"https:\/\/schema.org\",\"@graph\":[{\"@type\":\"WebPage\",\"@id\":\"https:\/\/www.koupelnapro.com\/index.php\/produkt\/led-pasek-accento-pro-20w-300-led-m-100w-4000k-6300lm-ra90-120d-ip20-24vdc-century-overeny-1108\/\",\"url\":\"https:\/\/www.koupelnapro.com\/index.php\/produkt\/led-pasek-accento-pro-20w-300-led-m-100w-4000k-6300lm-ra90-120d-ip20-24vdc-century-overeny-1108\/\",\"name\":\"LED p\u00e1sek ACCENTO PRO 20W 300 led\/m 100W 4000K 6300Lm Ra90 120d IP20 24VDC - CENTURY Ov\u011b\u0159en\u00fd -\",\"isPartOf\":{\"@id\":\"https:\/\/www.koupelnapro.com\/#website\"},\"primaryImageOfPage\":{\"@id\":\"https:\/\/www.koupelnapro.com\/index.php\/produkt\/led-pasek-accento-pro-20w-300-led-m-100w-4000k-6300lm-ra90-120d-ip20-24vdc-century-overeny-1108\/#primaryimage\"},\"image\":{\"@id\":\"https:\/\/www.koupelnapro.com\/index.php\/produkt\/led-pasek-accento-pro-20w-300-led-m-100w-4000k-6300lm-ra90-120d-ip20-24vdc-century-overeny-1108\/#primaryimage\"},\"thumbnailUrl\":\"https:\/\/www.koupelnapro.com\/wp-content\/uploads\/2026\/SK0005241-CZ20260425-091535-0-1777079743-CEN-AC90-2030040.webp\",\"datePublished\":\"2026-04-26T09:13:08+00:00\",\"breadcrumb\":{\"@id\":\"https:\/\/www.koupelnapro.com\/index.php\/produkt\/led-pasek-accento-pro-20w-300-led-m-100w-4000k-6300lm-ra90-120d-ip20-24vdc-century-overeny-1108\/#breadcrumb\"},\"inLanguage\":\"cs\",\"potentialAction\":[{\"@type\":\"ReadAction\",\"target\":[\"https:\/\/www.koupelnapro.com\/index.php\/produkt\/led-pasek-accento-pro-20w-300-led-m-100w-4000k-6300lm-ra90-120d-ip20-24vdc-century-overeny-1108\/\"]}]},{\"@type\":\"ImageObject\",\"inLanguage\":\"cs\",\"@id\":\"https:\/\/www.koupelnapro.com\/index.php\/produkt\/led-pasek-accento-pro-20w-300-led-m-100w-4000k-6300lm-ra90-120d-ip20-24vdc-century-overeny-1108\/#primaryimage\",\"url\":\"https:\/\/www.koupelnapro.com\/wp-content\/uploads\/2026\/SK0005241-CZ20260425-091535-0-1777079743-CEN-AC90-2030040.webp\",\"contentUrl\":\"https:\/\/www.koupelnapro.com\/wp-content\/uploads\/2026\/SK0005241-CZ20260425-091535-0-1777079743-CEN-AC90-2030040.webp\",\"width\":1000,\"height\":391},{\"@type\":\"BreadcrumbList\",\"@id\":\"https:\/\/www.koupelnapro.com\/index.php\/produkt\/led-pasek-accento-pro-20w-300-led-m-100w-4000k-6300lm-ra90-120d-ip20-24vdc-century-overeny-1108\/#breadcrumb\",\"itemListElement\":[{\"@type\":\"ListItem\",\"position\":1,\"name\":\"Home\",\"item\":\"https:\/\/www.koupelnapro.com\/\"},{\"@type\":\"ListItem\",\"position\":2,\"name\":\"Products\",\"item\":\"https:\/\/www.koupelnapro.com\/index.php\/products\/\"},{\"@type\":\"ListItem\",\"position\":3,\"name\":\"LED p\u00e1sek ACCENTO PRO 20W 300 led\/m 100W 4000K 6300Lm Ra90 120d IP20 24VDC &#8211; CENTURY Ov\u011b\u0159en\u00fd\"}]},{\"@type\":\"WebSite\",\"@id\":\"https:\/\/www.koupelnapro.com\/#website\",\"url\":\"https:\/\/www.koupelnapro.com\/\",\"name\":\"\",\"description\":\"\",\"potentialAction\":[{\"@type\":\"SearchAction\",\"target\":{\"@type\":\"EntryPoint\",\"urlTemplate\":\"https:\/\/www.koupelnapro.com\/?s={search_term_string}\"},\"query-input\":{\"@type\":\"PropertyValueSpecification\",\"valueRequired\":true,\"valueName\":\"search_term_string\"}}],\"inLanguage\":\"cs\"}]}<\/script>\n<!-- \/ Yoast SEO plugin. -->","yoast_head_json":{"title":"LED p\u00e1sek ACCENTO PRO 20W 300 led\/m 100W 4000K 6300Lm Ra90 120d IP20 24VDC - CENTURY Ov\u011b\u0159en\u00fd -","robots":{"index":"index","follow":"follow","max-snippet":"max-snippet:-1","max-image-preview":"max-image-preview:large","max-video-preview":"max-video-preview:-1"},"canonical":"https:\/\/www.koupelnapro.com\/index.php\/produkt\/led-pasek-accento-pro-20w-300-led-m-100w-4000k-6300lm-ra90-120d-ip20-24vdc-century-overeny-1108\/","og_locale":"cs_CZ","og_type":"article","og_title":"LED p\u00e1sek ACCENTO PRO 20W 300 led\/m 100W 4000K 6300Lm Ra90 120d IP20 24VDC - CENTURY Ov\u011b\u0159en\u00fd -","og_description":"Popis produktu Mo\u017enosti charakterizovat dom\u00e1c\u00ed nebo komer\u010dn\u00ed prost\u0159ed\u00ed jsou prakticky nekone\u010dn\u00e9 d\u00edky na\u0161im profesion\u00e1ln\u00edm LED p\u00e1sk\u016fm . Pln\u011b modul\u00e1rn\u00ed 5m c\u00edvka je d\u011bliteln\u00e1 na moduly a lze ji p\u0159ipojit. Je mo\u017en\u00e9 vyniknout a osv\u011btlit jak\u00fdkoli prostor: od soklov\u00e9 desky ke stropu, od n\u00e1st\u011bnn\u00e9 jednotky ke schod\u016fm. Acc\u00e8nto PRO je budoucnost p\u00e1s\u016f LED V\u00edce v\u00fdkon, v\u00edce [&hellip;]","og_url":"https:\/\/www.koupelnapro.com\/index.php\/produkt\/led-pasek-accento-pro-20w-300-led-m-100w-4000k-6300lm-ra90-120d-ip20-24vdc-century-overeny-1108\/","og_image":[{"width":1000,"height":391,"url":"https:\/\/www.koupelnapro.com\/wp-content\/uploads\/2026\/SK0005241-CZ20260425-091535-0-1777079743-CEN-AC90-2030040.webp","type":"image\/webp"}],"twitter_card":"summary_large_image","twitter_misc":{"Odhadovan\u00e1 doba \u010dten\u00ed":"3 minuty"},"schema":{"@context":"https:\/\/schema.org","@graph":[{"@type":"WebPage","@id":"https:\/\/www.koupelnapro.com\/index.php\/produkt\/led-pasek-accento-pro-20w-300-led-m-100w-4000k-6300lm-ra90-120d-ip20-24vdc-century-overeny-1108\/","url":"https:\/\/www.koupelnapro.com\/index.php\/produkt\/led-pasek-accento-pro-20w-300-led-m-100w-4000k-6300lm-ra90-120d-ip20-24vdc-century-overeny-1108\/","name":"LED p\u00e1sek ACCENTO PRO 20W 300 led\/m 100W 4000K 6300Lm Ra90 120d IP20 24VDC - CENTURY Ov\u011b\u0159en\u00fd -","isPartOf":{"@id":"https:\/\/www.koupelnapro.com\/#website"},"primaryImageOfPage":{"@id":"https:\/\/www.koupelnapro.com\/index.php\/produkt\/led-pasek-accento-pro-20w-300-led-m-100w-4000k-6300lm-ra90-120d-ip20-24vdc-century-overeny-1108\/#primaryimage"},"image":{"@id":"https:\/\/www.koupelnapro.com\/index.php\/produkt\/led-pasek-accento-pro-20w-300-led-m-100w-4000k-6300lm-ra90-120d-ip20-24vdc-century-overeny-1108\/#primaryimage"},"thumbnailUrl":"https:\/\/www.koupelnapro.com\/wp-content\/uploads\/2026\/SK0005241-CZ20260425-091535-0-1777079743-CEN-AC90-2030040.webp","datePublished":"2026-04-26T09:13:08+00:00","breadcrumb":{"@id":"https:\/\/www.koupelnapro.com\/index.php\/produkt\/led-pasek-accento-pro-20w-300-led-m-100w-4000k-6300lm-ra90-120d-ip20-24vdc-century-overeny-1108\/#breadcrumb"},"inLanguage":"cs","potentialAction":[{"@type":"ReadAction","target":["https:\/\/www.koupelnapro.com\/index.php\/produkt\/led-pasek-accento-pro-20w-300-led-m-100w-4000k-6300lm-ra90-120d-ip20-24vdc-century-overeny-1108\/"]}]},{"@type":"ImageObject","inLanguage":"cs","@id":"https:\/\/www.koupelnapro.com\/index.php\/produkt\/led-pasek-accento-pro-20w-300-led-m-100w-4000k-6300lm-ra90-120d-ip20-24vdc-century-overeny-1108\/#primaryimage","url":"https:\/\/www.koupelnapro.com\/wp-content\/uploads\/2026\/SK0005241-CZ20260425-091535-0-1777079743-CEN-AC90-2030040.webp","contentUrl":"https:\/\/www.koupelnapro.com\/wp-content\/uploads\/2026\/SK0005241-CZ20260425-091535-0-1777079743-CEN-AC90-2030040.webp","width":1000,"height":391},{"@type":"BreadcrumbList","@id":"https:\/\/www.koupelnapro.com\/index.php\/produkt\/led-pasek-accento-pro-20w-300-led-m-100w-4000k-6300lm-ra90-120d-ip20-24vdc-century-overeny-1108\/#breadcrumb","itemListElement":[{"@type":"ListItem","position":1,"name":"Home","item":"https:\/\/www.koupelnapro.com\/"},{"@type":"ListItem","position":2,"name":"Products","item":"https:\/\/www.koupelnapro.com\/index.php\/products\/"},{"@type":"ListItem","position":3,"name":"LED p\u00e1sek ACCENTO PRO 20W 300 led\/m 100W 4000K 6300Lm Ra90 120d IP20 24VDC &#8211; CENTURY Ov\u011b\u0159en\u00fd"}]},{"@type":"WebSite","@id":"https:\/\/www.koupelnapro.com\/#website","url":"https:\/\/www.koupelnapro.com\/","name":"","description":"","potentialAction":[{"@type":"SearchAction","target":{"@type":"EntryPoint","urlTemplate":"https:\/\/www.koupelnapro.com\/?s={search_term_string}"},"query-input":{"@type":"PropertyValueSpecification","valueRequired":true,"valueName":"search_term_string"}}],"inLanguage":"cs"}]}},"_links":{"self":[{"href":"https:\/\/www.koupelnapro.com\/index.php\/wp-json\/wp\/v2\/product\/1108","targetHints":{"allow":["GET"]}}],"collection":[{"href":"https:\/\/www.koupelnapro.com\/index.php\/wp-json\/wp\/v2\/product"}],"about":[{"href":"https:\/\/www.koupelnapro.com\/index.php\/wp-json\/wp\/v2\/types\/product"}],"replies":[{"embeddable":true,"href":"https:\/\/www.koupelnapro.com\/index.php\/wp-json\/wp\/v2\/comments?post=1108"}],"wp:featuredmedia":[{"embeddable":true,"href":"https:\/\/www.koupelnapro.com\/index.php\/wp-json\/wp\/v2\/media\/1208"}],"wp:attachment":[{"href":"https:\/\/www.koupelnapro.com\/index.php\/wp-json\/wp\/v2\/media?parent=1108"}],"wp:term":[{"taxonomy":"product_brand","embeddable":true,"href":"https:\/\/www.koupelnapro.com\/index.php\/wp-json\/wp\/v2\/product_brand?post=1108"},{"taxonomy":"product_cat","embeddable":true,"href":"https:\/\/www.koupelnapro.com\/index.php\/wp-json\/wp\/v2\/product_cat?post=1108"},{"taxonomy":"product_tag","embeddable":true,"href":"https:\/\/www.koupelnapro.com\/index.php\/wp-json\/wp\/v2\/product_tag?post=1108"}],"curies":[{"name":"wp","href":"https:\/\/api.w.org\/{rel}","templated":true}]}}